{"id":164783,"date":"2023-11-01T15:03:16","date_gmt":"2023-11-01T15:03:16","guid":{"rendered":"https:\/\/www.one.org\/fr\/?page_id=164783"},"modified":"2023-11-01T15:05:06","modified_gmt":"2023-11-01T15:05:06","slug":"dans-les-medias","status":"publish","type":"page","link":"https:\/\/www.one.org\/fr\/dans-les-medias\/","title":{"rendered":"ONE dans les m\u00e9dias"},"content":{"rendered":"\n<div id=\"block_632267b28665f980e4842ac7ec16916a\" class=\"oneorg-block oneorg-promo flush is-style-bottom  has-text-align-left  \">\n\n\t\t\t    \n\n\t\t\t<div class=\"oneorg-promo__wrapper\">\n\t\t\t\t<div class=\"oneorg-promo__inner\">   \n\n\t\t\t\t<div class=\"oneorg-promo__content\">\n\t\t\t\t\t<div class=\"acf-innerblocks-container\">\n\n<p class=\"oneorg-section-title\"><\/p>\n\n\n\n<h2 class=\"wp-block-heading\" id=\"h-one-dans-les-medias\">ONE dans les m\u00e9dias<\/h2>\n\n\n\n<\/div>\n\t\t\t\t<\/div>\n\t\t\t\t\n\t\t\t\t<\/div>\n\t\t\t<\/div>\n\n<\/div>\n\n\n\n<div class=\"wp-block-group oneorg-block-group oneorg-block-group-cards is-layout-flow wp-block-group-is-layout-flow\">\n<div class=\"wp-block-group is-layout-flow wp-block-group-is-layout-flow\">\n<h2 class=\"wp-block-heading\">Retrouvez nos derni\u00e8res prises de parole dans la presse, \u00e0 la radio et \u00e0 la t\u00e9l\u00e9vision.<\/h2>\n\n\n\n<div class=\"wp-block-columns is-layout-flex wp-container-core-columns-is-layout-28f84493 wp-block-columns-is-layout-flex\">\n<div class=\"wp-block-column is-layout-flow wp-block-column-is-layout-flow\">\n<figure class=\"wp-block-image size-full size-large\"><img loading=\"lazy\" decoding=\"async\" width=\"800\" height=\"800\" src=\"https:\/\/www.one.org\/fr\/wp-content\/uploads\/sites\/4\/2021\/12\/MediaAppearances_2021_800x800_2-100.jpg\" alt=\"\" class=\"wp-image-163025\" srcset=\"https:\/\/www.one.org\/fr\/wp-content\/uploads\/sites\/4\/2021\/12\/MediaAppearances_2021_800x800_2-100.jpg 800w, https:\/\/www.one.org\/fr\/wp-content\/uploads\/sites\/4\/2021\/12\/MediaAppearances_2021_800x800_2-100-300x300.jpg 300w, https:\/\/www.one.org\/fr\/wp-content\/uploads\/sites\/4\/2021\/12\/MediaAppearances_2021_800x800_2-100-150x150.jpg 150w, https:\/\/www.one.org\/fr\/wp-content\/uploads\/sites\/4\/2021\/12\/MediaAppearances_2021_800x800_2-100-768x768.jpg 768w, https:\/\/www.one.org\/fr\/wp-content\/uploads\/sites\/4\/2021\/12\/MediaAppearances_2021_800x800_2-100-16x16.jpg 16w, https:\/\/www.one.org\/fr\/wp-content\/uploads\/sites\/4\/2021\/12\/MediaAppearances_2021_800x800_2-100-320x320.jpg 320w, https:\/\/www.one.org\/fr\/wp-content\/uploads\/sites\/4\/2021\/12\/MediaAppearances_2021_800x800_2-100-640x640.jpg 640w, https:\/\/www.one.org\/fr\/wp-content\/uploads\/sites\/4\/2021\/12\/MediaAppearances_2021_800x800_2-100-630x630.jpg 630w\" sizes=\"auto, (max-width: 800px) 100vw, 800px\" \/><\/figure>\n\n\n\n<h3 class=\"wp-block-heading\">ONE \u00e0 la TV<\/h3>\n\n\n\n<div class=\"wp-block-button\"><a class=\"wp-block-button__link wp-element-button\" href=\"https:\/\/www.one.org\/fr\/actualites\/one-a-la-tv\/\">Visionner<\/a><\/div>\n<\/div>\n\n\n\n<div class=\"wp-block-column is-layout-flow wp-block-column-is-layout-flow\">\n<figure class=\"wp-block-image size-full size-large\"><img loading=\"lazy\" decoding=\"async\" width=\"800\" height=\"800\" src=\"https:\/\/www.one.org\/fr\/wp-content\/uploads\/sites\/4\/2021\/12\/MediaAppearances_2021_800x800_1-100.jpg\" alt=\"\" class=\"wp-image-163023\" srcset=\"https:\/\/www.one.org\/fr\/wp-content\/uploads\/sites\/4\/2021\/12\/MediaAppearances_2021_800x800_1-100.jpg 800w, https:\/\/www.one.org\/fr\/wp-content\/uploads\/sites\/4\/2021\/12\/MediaAppearances_2021_800x800_1-100-300x300.jpg 300w, https:\/\/www.one.org\/fr\/wp-content\/uploads\/sites\/4\/2021\/12\/MediaAppearances_2021_800x800_1-100-150x150.jpg 150w, https:\/\/www.one.org\/fr\/wp-content\/uploads\/sites\/4\/2021\/12\/MediaAppearances_2021_800x800_1-100-768x768.jpg 768w, https:\/\/www.one.org\/fr\/wp-content\/uploads\/sites\/4\/2021\/12\/MediaAppearances_2021_800x800_1-100-16x16.jpg 16w, https:\/\/www.one.org\/fr\/wp-content\/uploads\/sites\/4\/2021\/12\/MediaAppearances_2021_800x800_1-100-320x320.jpg 320w, https:\/\/www.one.org\/fr\/wp-content\/uploads\/sites\/4\/2021\/12\/MediaAppearances_2021_800x800_1-100-640x640.jpg 640w, https:\/\/www.one.org\/fr\/wp-content\/uploads\/sites\/4\/2021\/12\/MediaAppearances_2021_800x800_1-100-630x630.jpg 630w\" sizes=\"auto, (max-width: 800px) 100vw, 800px\" \/><\/figure>\n\n\n\n<h3 class=\"wp-block-heading\">ONE dans la presse<\/h3>\n\n\n\n<div class=\"wp-block-button\"><a class=\"wp-block-button__link wp-element-button\" href=\"https:\/\/www.one.org\/fr\/actualites\/one-dans-la-presse\/\">En savoir plus<\/a><\/div>\n<\/div>\n\n\n\n<div class=\"wp-block-column is-layout-flow wp-block-column-is-layout-flow\">\n<figure class=\"wp-block-image size-full size-large\"><img loading=\"lazy\" decoding=\"async\" width=\"800\" height=\"800\" src=\"https:\/\/www.one.org\/fr\/wp-content\/uploads\/sites\/4\/2021\/12\/MediaAppearances_2021_800x800_3-100.jpg\" alt=\"\" class=\"wp-image-163027\" srcset=\"https:\/\/www.one.org\/fr\/wp-content\/uploads\/sites\/4\/2021\/12\/MediaAppearances_2021_800x800_3-100.jpg 800w, https:\/\/www.one.org\/fr\/wp-content\/uploads\/sites\/4\/2021\/12\/MediaAppearances_2021_800x800_3-100-300x300.jpg 300w, https:\/\/www.one.org\/fr\/wp-content\/uploads\/sites\/4\/2021\/12\/MediaAppearances_2021_800x800_3-100-150x150.jpg 150w, https:\/\/www.one.org\/fr\/wp-content\/uploads\/sites\/4\/2021\/12\/MediaAppearances_2021_800x800_3-100-768x768.jpg 768w, https:\/\/www.one.org\/fr\/wp-content\/uploads\/sites\/4\/2021\/12\/MediaAppearances_2021_800x800_3-100-16x16.jpg 16w, https:\/\/www.one.org\/fr\/wp-content\/uploads\/sites\/4\/2021\/12\/MediaAppearances_2021_800x800_3-100-320x320.jpg 320w, https:\/\/www.one.org\/fr\/wp-content\/uploads\/sites\/4\/2021\/12\/MediaAppearances_2021_800x800_3-100-640x640.jpg 640w, https:\/\/www.one.org\/fr\/wp-content\/uploads\/sites\/4\/2021\/12\/MediaAppearances_2021_800x800_3-100-630x630.jpg 630w\" sizes=\"auto, (max-width: 800px) 100vw, 800px\" \/><\/figure>\n\n\n\n<h3 class=\"wp-block-heading\">ONE \u00e0 la radio<\/h3>\n\n\n\n<div class=\"wp-block-button\"><a class=\"wp-block-button__link wp-element-button\" href=\"https:\/\/www.one.org\/fr\/actualites\/one-a-la-radio\/\">\u00e9coute maintenant<\/a><\/div>\n<\/div>\n<\/div>\n<\/div>\n<\/div>\n<div class=\"buffer\"><\/div>","protected":false},"excerpt":{"rendered":"<p>Retrouvez nos derni\u00e8res prises de parole dans la presse, \u00e0 la radio et \u00e0 la t\u00e9l\u00e9vision. ONE \u00e0 la TV ONE dans la presse ONE \u00e0 la radio<\/p>\n","protected":false},"author":3,"featured_media":0,"parent":0,"menu_order":0,"comment_status":"closed","ping_status":"closed","template":"","meta":{"_acf_changed":false,"_relevanssi_hide_post":"","_relevanssi_hide_content":"","_relevanssi_pin_for_all":"","_relevanssi_pin_keywords":"","_relevanssi_unpin_keywords":"","_relevanssi_related_keywords":"","_relevanssi_related_include_ids":"","_relevanssi_related_exclude_ids":"","_relevanssi_related_no_append":"","_relevanssi_related_not_related":"","_relevanssi_related_posts":"162499,162507,162669,162622,162492,162437","_relevanssi_noindex_reason":"","footnotes":""},"class_list":["post-164783","page","type-page","status-publish","hentry"],"acf":[],"yoast_head":"<!-- This site is optimized with the Yoast SEO Premium plugin v27.1 (Yoast SEO v27.1.1) - https:\/\/yoast.com\/product\/yoast-seo-premium-wordpress\/ -->\n<title>ONE dans les m\u00e9dias - ONE.org France<\/title>\n<meta name=\"description\" content=\"\u00c0 travers ce podcast, nous cherchons \u00e0 donner de la visibilit\u00e9 aux acteurs de la solidarit\u00e9 internationale et \u00e0 informer, sensibiliser et faire le point sur les avanc\u00e9es et les reculs en mati\u00e8re de lutte contre l\u2019extr\u00eame pauvret\u00e9.\" \/>\n<meta name=\"robots\" content=\"index, follow, max-snippet:-1, max-image-preview:large, max-video-preview:-1\" \/>\n<link rel=\"canonical\" href=\"https:\/\/www.one.org\/fr\/dans-les-medias\/\" \/>\n<meta property=\"og:locale\" content=\"fr_FR\" \/>\n<meta property=\"og:type\" content=\"article\" \/>\n<meta property=\"og:title\" content=\"ONE dans les m\u00e9dias\" \/>\n<meta property=\"og:description\" content=\"\u00c0 travers ce podcast, nous cherchons \u00e0 donner de la visibilit\u00e9 aux acteurs de la solidarit\u00e9 internationale et \u00e0 informer, sensibiliser et faire le point sur les avanc\u00e9es et les reculs en mati\u00e8re de lutte contre l\u2019extr\u00eame pauvret\u00e9.\" \/>\n<meta property=\"og:url\" content=\"https:\/\/www.one.org\/fr\/dans-les-medias\/\" \/>\n<meta property=\"og:site_name\" content=\"ONE.org France\" \/>\n<meta property=\"article:publisher\" content=\"https:\/\/www.facebook.com\/ONE.Fr\" \/>\n<meta property=\"article:modified_time\" content=\"2023-11-01T15:05:06+00:00\" \/>\n<meta property=\"og:image\" content=\"https:\/\/www.one.org\/fr\/wp-content\/uploads\/sites\/4\/2021\/12\/MediaAppearances_2021_800x800_2-100.jpg\" \/>\n<meta name=\"twitter:card\" content=\"summary_large_image\" \/>\n<meta name=\"twitter:site\" content=\"@one_fr\" \/>\n<meta name=\"twitter:label1\" content=\"Est. reading time\" \/>\n\t<meta name=\"twitter:data1\" content=\"1 minute\" \/>\n<script type=\"application\/ld+json\" class=\"yoast-schema-graph\">{\"@context\":\"https:\/\/schema.org\",\"@graph\":[{\"@type\":\"WebPage\",\"@id\":\"https:\/\/www.one.org\/fr\/dans-les-medias\/\",\"url\":\"https:\/\/www.one.org\/fr\/dans-les-medias\/\",\"name\":\"ONE dans les m\u00e9dias - ONE.org France\",\"isPartOf\":{\"@id\":\"https:\/\/www.one.org\/fr\/#website\"},\"primaryImageOfPage\":{\"@id\":\"https:\/\/www.one.org\/fr\/dans-les-medias\/#primaryimage\"},\"image\":{\"@id\":\"https:\/\/www.one.org\/fr\/dans-les-medias\/#primaryimage\"},\"thumbnailUrl\":\"https:\/\/www.one.org\/fr\/wp-content\/uploads\/sites\/4\/2021\/12\/MediaAppearances_2021_800x800_2-100.jpg\",\"datePublished\":\"2023-11-01T15:03:16+00:00\",\"dateModified\":\"2023-11-01T15:05:06+00:00\",\"description\":\"\u00c0 travers ce podcast, nous cherchons \u00e0 donner de la visibilit\u00e9 aux acteurs de la solidarit\u00e9 internationale et \u00e0 informer, sensibiliser et faire le point sur les avanc\u00e9es et les reculs en mati\u00e8re de lutte contre l\u2019extr\u00eame pauvret\u00e9.\",\"breadcrumb\":{\"@id\":\"https:\/\/www.one.org\/fr\/dans-les-medias\/#breadcrumb\"},\"inLanguage\":\"fr-FR\",\"potentialAction\":[{\"@type\":\"ReadAction\",\"target\":[\"https:\/\/www.one.org\/fr\/dans-les-medias\/\"]}]},{\"@type\":\"ImageObject\",\"inLanguage\":\"fr-FR\",\"@id\":\"https:\/\/www.one.org\/fr\/dans-les-medias\/#primaryimage\",\"url\":\"https:\/\/www.one.org\/fr\/wp-content\/uploads\/sites\/4\/2021\/12\/MediaAppearances_2021_800x800_2-100.jpg\",\"contentUrl\":\"https:\/\/www.one.org\/fr\/wp-content\/uploads\/sites\/4\/2021\/12\/MediaAppearances_2021_800x800_2-100.jpg\",\"width\":800,\"height\":800},{\"@type\":\"BreadcrumbList\",\"@id\":\"https:\/\/www.one.org\/fr\/dans-les-medias\/#breadcrumb\",\"itemListElement\":[{\"@type\":\"ListItem\",\"position\":1,\"name\":\"Home\",\"item\":\"https:\/\/www.one.org\/fr\/\"},{\"@type\":\"ListItem\",\"position\":2,\"name\":\"ONE dans les m\u00e9dias\"}]},{\"@type\":\"WebSite\",\"@id\":\"https:\/\/www.one.org\/fr\/#website\",\"url\":\"https:\/\/www.one.org\/fr\/\",\"name\":\"ONE.org\",\"description\":\"Cr\u00e9er des opportunit\u00e9s \u00e9conomiques et am\u00e9liorer la sant\u00e9 en Afrique\",\"potentialAction\":[{\"@type\":\"SearchAction\",\"target\":{\"@type\":\"EntryPoint\",\"urlTemplate\":\"https:\/\/www.one.org\/fr\/?s={search_term_string}\"},\"query-input\":{\"@type\":\"PropertyValueSpecification\",\"valueRequired\":true,\"valueName\":\"search_term_string\"}}],\"inLanguage\":\"fr-FR\"}]}<\/script>\n<!-- \/ Yoast SEO Premium plugin. -->","yoast_head_json":{"title":"ONE dans les m\u00e9dias - ONE.org France","description":"\u00c0 travers ce podcast, nous cherchons \u00e0 donner de la visibilit\u00e9 aux acteurs de la solidarit\u00e9 internationale et \u00e0 informer, sensibiliser et faire le point sur les avanc\u00e9es et les reculs en mati\u00e8re de lutte contre l\u2019extr\u00eame pauvret\u00e9.","robots":{"index":"index","follow":"follow","max-snippet":"max-snippet:-1","max-image-preview":"max-image-preview:large","max-video-preview":"max-video-preview:-1"},"canonical":"https:\/\/www.one.org\/fr\/dans-les-medias\/","og_locale":"fr_FR","og_type":"article","og_title":"ONE dans les m\u00e9dias","og_description":"\u00c0 travers ce podcast, nous cherchons \u00e0 donner de la visibilit\u00e9 aux acteurs de la solidarit\u00e9 internationale et \u00e0 informer, sensibiliser et faire le point sur les avanc\u00e9es et les reculs en mati\u00e8re de lutte contre l\u2019extr\u00eame pauvret\u00e9.","og_url":"https:\/\/www.one.org\/fr\/dans-les-medias\/","og_site_name":"ONE.org France","article_publisher":"https:\/\/www.facebook.com\/ONE.Fr","article_modified_time":"2023-11-01T15:05:06+00:00","og_image":[{"url":"https:\/\/www.one.org\/fr\/wp-content\/uploads\/sites\/4\/2021\/12\/MediaAppearances_2021_800x800_2-100.jpg","type":"","width":"","height":""}],"twitter_card":"summary_large_image","twitter_site":"@one_fr","twitter_misc":{"Est. reading time":"1 minute"},"schema":{"@context":"https:\/\/schema.org","@graph":[{"@type":"WebPage","@id":"https:\/\/www.one.org\/fr\/dans-les-medias\/","url":"https:\/\/www.one.org\/fr\/dans-les-medias\/","name":"ONE dans les m\u00e9dias - ONE.org France","isPartOf":{"@id":"https:\/\/www.one.org\/fr\/#website"},"primaryImageOfPage":{"@id":"https:\/\/www.one.org\/fr\/dans-les-medias\/#primaryimage"},"image":{"@id":"https:\/\/www.one.org\/fr\/dans-les-medias\/#primaryimage"},"thumbnailUrl":"https:\/\/www.one.org\/fr\/wp-content\/uploads\/sites\/4\/2021\/12\/MediaAppearances_2021_800x800_2-100.jpg","datePublished":"2023-11-01T15:03:16+00:00","dateModified":"2023-11-01T15:05:06+00:00","description":"\u00c0 travers ce podcast, nous cherchons \u00e0 donner de la visibilit\u00e9 aux acteurs de la solidarit\u00e9 internationale et \u00e0 informer, sensibiliser et faire le point sur les avanc\u00e9es et les reculs en mati\u00e8re de lutte contre l\u2019extr\u00eame pauvret\u00e9.","breadcrumb":{"@id":"https:\/\/www.one.org\/fr\/dans-les-medias\/#breadcrumb"},"inLanguage":"fr-FR","potentialAction":[{"@type":"ReadAction","target":["https:\/\/www.one.org\/fr\/dans-les-medias\/"]}]},{"@type":"ImageObject","inLanguage":"fr-FR","@id":"https:\/\/www.one.org\/fr\/dans-les-medias\/#primaryimage","url":"https:\/\/www.one.org\/fr\/wp-content\/uploads\/sites\/4\/2021\/12\/MediaAppearances_2021_800x800_2-100.jpg","contentUrl":"https:\/\/www.one.org\/fr\/wp-content\/uploads\/sites\/4\/2021\/12\/MediaAppearances_2021_800x800_2-100.jpg","width":800,"height":800},{"@type":"BreadcrumbList","@id":"https:\/\/www.one.org\/fr\/dans-les-medias\/#breadcrumb","itemListElement":[{"@type":"ListItem","position":1,"name":"Home","item":"https:\/\/www.one.org\/fr\/"},{"@type":"ListItem","position":2,"name":"ONE dans les m\u00e9dias"}]},{"@type":"WebSite","@id":"https:\/\/www.one.org\/fr\/#website","url":"https:\/\/www.one.org\/fr\/","name":"ONE.org","description":"Cr\u00e9er des opportunit\u00e9s \u00e9conomiques et am\u00e9liorer la sant\u00e9 en Afrique","potentialAction":[{"@type":"SearchAction","target":{"@type":"EntryPoint","urlTemplate":"https:\/\/www.one.org\/fr\/?s={search_term_string}"},"query-input":{"@type":"PropertyValueSpecification","valueRequired":true,"valueName":"search_term_string"}}],"inLanguage":"fr-FR"}]}},"distributor_meta":false,"distributor_terms":false,"distributor_media":false,"distributor_original_site_name":"ONE.org France","distributor_original_site_url":"https:\/\/www.one.org\/fr","push-errors":false,"_links":{"self":[{"href":"https:\/\/www.one.org\/fr\/wp-json\/wp\/v2\/pages\/164783","targetHints":{"allow":["GET"]}}],"collection":[{"href":"https:\/\/www.one.org\/fr\/wp-json\/wp\/v2\/pages"}],"about":[{"href":"https:\/\/www.one.org\/fr\/wp-json\/wp\/v2\/types\/page"}],"author":[{"embeddable":true,"href":"https:\/\/www.one.org\/fr\/wp-json\/wp\/v2\/users\/3"}],"replies":[{"embeddable":true,"href":"https:\/\/www.one.org\/fr\/wp-json\/wp\/v2\/comments?post=164783"}],"version-history":[{"count":0,"href":"https:\/\/www.one.org\/fr\/wp-json\/wp\/v2\/pages\/164783\/revisions"}],"wp:attachment":[{"href":"https:\/\/www.one.org\/fr\/wp-json\/wp\/v2\/media?parent=164783"}],"curies":[{"name":"wp","href":"https:\/\/api.w.org\/{rel}","templated":true}]}}