{"id":164706,"date":"2023-10-31T09:45:28","date_gmt":"2023-10-31T09:45:28","guid":{"rendered":"https:\/\/www.one.org\/fr\/?page_id=164706"},"modified":"2024-02-19T10:53:38","modified_gmt":"2024-02-19T10:53:38","slug":"podcast","status":"publish","type":"page","link":"https:\/\/www.one.org\/fr\/podcast\/","title":{"rendered":"Podcast"},"content":{"rendered":"\n<div id=\"block_e24287977655cb6e0bc6fb715a55d857\" class=\"oneorg-block oneorg-promo flush is-style-bottom  has-text-align-left  \">\n\n\t\t\t    \n\n\t\t\t<div class=\"oneorg-promo__wrapper\">\n\t\t\t\t<div class=\"oneorg-promo__inner\">   \n\n\t\t\t\t<div class=\"oneorg-promo__content\">\n\t\t\t\t\t<div class=\"acf-innerblocks-container\">\n\n<p class=\"oneorg-section-title\">Bienvenue sur le podcast ONE World !<\/p>\n\n\n\n<h2 class=\"wp-block-heading\" id=\"h-podcast-one-world\">Podcast &#8211; ONE World<\/h2>\n\n\n\n<\/div>\n\t\t\t\t<\/div>\n\t\t\t\t\n\t\t\t\t<\/div>\n\t\t\t<\/div>\n\n<\/div>\n\n\n\n<div style=\"height:25px\" aria-hidden=\"true\" class=\"wp-block-spacer\"><\/div>\n\n\n\n<p>Depuis 20 ans, ONE m\u00e8ne campagne pour sensibiliser le plus grand nombre de citoyens sur les enjeux de d\u00e9veloppement. <\/p>\n\n\n\n<p>\u00c0 travers ce podcast, nous cherchons \u00e0 donner de la visibilit\u00e9 aux acteurs de la solidarit\u00e9 internationale et \u00e0 informer, sensibiliser et faire le point sur les avanc\u00e9es et les reculs en mati\u00e8re de lutte contre l\u2019extr\u00eame pauvret\u00e9. Au fil des \u00e9pisodes, ONE vous propose un podcast \u00e0 notre image&nbsp;: des discussions franches entre nos invit\u00e9s et notre directrice France, Najat Vallaud-Belkacem, pour d\u00e9couvrir leurs travaux, leurs engagements et leurs combats. Chez ONE, on ne demande pas votre argent, mais votre voix.<\/p>\n\n\n\n<p><\/p>\n\n\n<div id=\"block_7e9c277824846bbab51634d40b581b33\" class=\"oneorg-block oneorg-cards \">\n\n\t<div class=\"oneorg-cards__content\">\n\n\t\t\t\t\t<div class=\"acf-innerblocks-container\">\n\n<h2 class=\"wp-block-heading oneorg-section-title\" id=\"h-ecoutez-nos-episodes-ci-dessous-bienvenue-dans-one-world\"><strong>Ecoutez nos \u00e9pisodes ci-dessous. Bienvenue dans ONE World !<\/strong><\/h2>\n\n\n<div class=\"oneorg-cards__grid oneorg-cards__grid--44\">\n\t<div class=\"oneorg-card oneorg-card--latest has-image card-1\" data-url=\"https:\/\/www.one.org\/fr\/actualites\/le-feminisme-vu-dafrique\/\"> \n\t<div class=\"oneorg-card__inner\">\n\t\n\t\t\t\t<figure class=\"oneorg-card__image\">\n\t\t  <picture>\n\t\t\t\t\t\t<img decoding=\"async\" src=\"https:\/\/www.one.org\/fr\/wp-content\/uploads\/sites\/4\/2024\/02\/Podcast-Ndeye-Fatou-Kane-640x628.png\" alt=\"\" loading=\"lazy\" \/>\n\t\t\t\t\t  <\/picture>\n\t\t<\/figure>\n\t\t\t\t\n\t\t<div class=\"oneorg-card__content stack\">\n\t\t\t<h3 class=\"oneorg-card__heading\">Le f\u00e9minisme vu d&#8217;Afrique<\/h3>\n\t\t\t\t\t\t  \n\t\t<\/div>\n\t\t\n\t<\/div>\n<\/div>\n<div class=\"oneorg-card oneorg-card--latest has-image card-2\" data-url=\"https:\/\/www.one.org\/fr\/actualites\/les-questions-de-genre-senegal\/\"> \n\t<div class=\"oneorg-card__inner\">\n\t\n\t\t\t\t<figure class=\"oneorg-card__image\">\n\t\t  <picture>\n\t\t\t\t\t\t<img decoding=\"async\" src=\"https:\/\/www.one.org\/fr\/wp-content\/uploads\/sites\/4\/2024\/01\/Podcast-Marieme-Ndiaye-640x628.png\" alt=\"\" loading=\"lazy\" \/>\n\t\t\t\t\t  <\/picture>\n\t\t<\/figure>\n\t\t\t\t\n\t\t<div class=\"oneorg-card__content stack\">\n\t\t\t<h3 class=\"oneorg-card__heading\">Droits des femmes, avortement, homosexualit\u00e9&#8230; les questions de genre au S\u00e9n\u00e9gal<\/h3>\n\t\t\t\t\t\t  \n\t\t<\/div>\n\t\t\n\t<\/div>\n<\/div>\n<div class=\"oneorg-card oneorg-card--latest has-image card-3\" data-url=\"https:\/\/www.one.org\/fr\/actualites\/taxer-la-speculation-et-reduire-le-temps-de-travail\/\"> \n\t<div class=\"oneorg-card__inner\">\n\t\n\t\t\t\t<figure class=\"oneorg-card__image\">\n\t\t  <picture>\n\t\t\t\t\t\t<img decoding=\"async\" src=\"https:\/\/www.one.org\/fr\/wp-content\/uploads\/sites\/4\/2023\/07\/600x600bb.png\" alt=\"\" loading=\"lazy\" \/>\n\t\t\t\t\t  <\/picture>\n\t\t<\/figure>\n\t\t\t\t\n\t\t<div class=\"oneorg-card__content stack\">\n\t\t\t<h3 class=\"oneorg-card__heading\">Taxer la sp\u00e9culation et r\u00e9duire le temps de travail<\/h3>\n\t\t\t\t\t\t  \n\t\t<\/div>\n\t\t\n\t<\/div>\n<\/div>\n<div class=\"oneorg-card oneorg-card--latest has-image card-4\" data-url=\"https:\/\/www.one.org\/fr\/actualites\/plongee-au-quai-dorsay-avec-aurelien-lechevallier-dans-les-coulisses-du-sommet-pour-un-nouveau-pacte-financier-mondial\/\"> \n\t<div class=\"oneorg-card__inner\">\n\t\n\t\t\t\t<figure class=\"oneorg-card__image\">\n\t\t  <picture>\n\t\t\t\t\t\t<img decoding=\"async\" src=\"https:\/\/www.one.org\/fr\/wp-content\/uploads\/sites\/4\/2023\/06\/600x600bb-1.png\" alt=\"\" loading=\"lazy\" \/>\n\t\t\t\t\t  <\/picture>\n\t\t<\/figure>\n\t\t\t\t\n\t\t<div class=\"oneorg-card__content stack\">\n\t\t\t<h3 class=\"oneorg-card__heading\">Dans les coulisses du Sommet pour un &#8220;Nouveau pacte financier mondial&#8221;<\/h3>\n\t\t\t\t\t\t  \n\t\t<\/div>\n\t\t\n\t<\/div>\n<\/div>\n<div class=\"oneorg-card oneorg-card--latest has-image card-5\" data-url=\"https:\/\/www.one.org\/fr\/actualites\/au-dela-de-laide-au-developpement-une-jeunesse-engagee-pour-lafrique\/\"> \n\t<div class=\"oneorg-card__inner\">\n\t\n\t\t\t\t<figure class=\"oneorg-card__image\">\n\t\t  <picture>\n\t\t\t\t\t\t<img decoding=\"async\" src=\"https:\/\/www.one.org\/fr\/wp-content\/uploads\/sites\/4\/2023\/05\/Podcast-JMA.png\" alt=\"\" loading=\"lazy\" \/>\n\t\t\t\t\t  <\/picture>\n\t\t<\/figure>\n\t\t\t\t\n\t\t<div class=\"oneorg-card__content stack\">\n\t\t\t<h3 class=\"oneorg-card__heading\">Au-del\u00e0 de l\u2019aide au d\u00e9veloppement, une jeunesse engag\u00e9e pour l&#8217;Afrique<\/h3>\n\t\t\t\t\t\t  \n\t\t<\/div>\n\t\t\n\t<\/div>\n<\/div>\n<div class=\"oneorg-card oneorg-card--latest has-image card-6\" data-url=\"https:\/\/www.one.org\/fr\/actualites\/pour-une-ecologie-sociale-et-solidaire-la-seconde-main-comme-avenir\/\"> \n\t<div class=\"oneorg-card__inner\">\n\t\n\t\t\t\t<figure class=\"oneorg-card__image\">\n\t\t  <picture>\n\t\t\t\t\t\t<img decoding=\"async\" src=\"https:\/\/www.one.org\/fr\/wp-content\/uploads\/sites\/4\/2023\/04\/Podcast-Maud-Sarda.png\" alt=\"\" loading=\"lazy\" \/>\n\t\t\t\t\t  <\/picture>\n\t\t<\/figure>\n\t\t\t\t\n\t\t<div class=\"oneorg-card__content stack\">\n\t\t\t<h3 class=\"oneorg-card__heading\">Pour une \u00e9cologie sociale et solidaire, la seconde main comme avenir<\/h3>\n\t\t\t\t\t\t  \n\t\t<\/div>\n\t\t\n\t<\/div>\n<\/div>\n<div class=\"oneorg-card oneorg-card--latest has-image card-7\" data-url=\"https:\/\/www.one.org\/fr\/actualites\/face-a-la-violence-ou-a-la-maladie-laurence-fischer-propose-le-sport-comme-therapie\/\"> \n\t<div class=\"oneorg-card__inner\">\n\t\n\t\t\t\t<figure class=\"oneorg-card__image\">\n\t\t  <picture>\n\t\t\t\t\t\t<img decoding=\"async\" src=\"https:\/\/www.one.org\/fr\/wp-content\/uploads\/sites\/4\/2022\/12\/Podcast-Laurence-Fischer.png\" alt=\"\" loading=\"lazy\" \/>\n\t\t\t\t\t  <\/picture>\n\t\t<\/figure>\n\t\t\t\t\n\t\t<div class=\"oneorg-card__content stack\">\n\t\t\t<h3 class=\"oneorg-card__heading\">Face \u00e0 la violence ou \u00e0 la maladie, le sport comme th\u00e9rapie<\/h3>\n\t\t\t\t\t\t  \n\t\t<\/div>\n\t\t\n\t<\/div>\n<\/div>\n<div class=\"oneorg-card oneorg-card--latest has-image card-8\" data-url=\"https:\/\/www.one.org\/fr\/actualites\/les-dessous-de-la-coupe-du-monde-au-qatar\/\"> \n\t<div class=\"oneorg-card__inner\">\n\t\n\t\t\t\t<figure class=\"oneorg-card__image\">\n\t\t  <picture>\n\t\t\t\t\t\t<img decoding=\"async\" src=\"https:\/\/www.one.org\/fr\/wp-content\/uploads\/sites\/4\/2022\/11\/Podcast-Quentin-Muller.png\" alt=\"\" loading=\"lazy\" \/>\n\t\t\t\t\t  <\/picture>\n\t\t<\/figure>\n\t\t\t\t\n\t\t<div class=\"oneorg-card__content stack\">\n\t\t\t<h3 class=\"oneorg-card__heading\">Esclavagisme moderne et catastrophe climatique : les dessous de la Coupe du Monde au Qatar<\/h3>\n\t\t\t\t\t\t  \n\t\t<\/div>\n\t\t\n\t<\/div>\n<\/div>\n<div class=\"oneorg-card oneorg-card--latest has-image card-9\" data-url=\"https:\/\/www.one.org\/fr\/actualites\/les-faux-medicaments-une-plaie-en-afrique\/\"> \n\t<div class=\"oneorg-card__inner\">\n\t\n\t\t\t\t<figure class=\"oneorg-card__image\">\n\t\t  <picture>\n\t\t\t\t\t\t<img decoding=\"async\" src=\"https:\/\/www.one.org\/fr\/wp-content\/uploads\/sites\/4\/2022\/10\/Podcast-Marc-Gentilini.png\" alt=\"\" loading=\"lazy\" \/>\n\t\t\t\t\t  <\/picture>\n\t\t<\/figure>\n\t\t\t\t\n\t\t<div class=\"oneorg-card__content stack\">\n\t\t\t<h3 class=\"oneorg-card__heading\">Les faux m\u00e9dicaments, une plaie en Afrique<\/h3>\n\t\t\t\t\t\t  \n\t\t<\/div>\n\t\t\n\t<\/div>\n<\/div>\n<div class=\"oneorg-card oneorg-card--latest has-image card-10\" data-url=\"https:\/\/www.one.org\/fr\/actualites\/vih-obesite-diabete\/\"> \n\t<div class=\"oneorg-card__inner\">\n\t\n\t\t\t\t<figure class=\"oneorg-card__image\">\n\t\t  <picture>\n\t\t\t\t\t\t<img decoding=\"async\" src=\"https:\/\/www.one.org\/fr\/wp-content\/uploads\/sites\/4\/2022\/10\/Podcast-Ikambere.png\" alt=\"\" loading=\"lazy\" \/>\n\t\t\t\t\t  <\/picture>\n\t\t<\/figure>\n\t\t\t\t\n\t\t<div class=\"oneorg-card__content stack\">\n\t\t\t<h3 class=\"oneorg-card__heading\">VIH, ob\u00e9sit\u00e9, diab\u00e8te : l&#8217;association Ikambere aide les femmes \u00e0 d\u00e9passer leur maladie<\/h3>\n\t\t\t\t\t\t  \n\t\t<\/div>\n\t\t\n\t<\/div>\n<\/div>\n<div class=\"oneorg-card oneorg-card--latest has-image card-11\" data-url=\"https:\/\/www.one.org\/fr\/actualites\/episode-33-dont-look-up-avec-cyril-dion\/\"> \n\t<div class=\"oneorg-card__inner\">\n\t\n\t\t\t\t<figure class=\"oneorg-card__image\">\n\t\t  <picture>\n\t\t\t\t\t\t<img decoding=\"async\" src=\"https:\/\/www.one.org\/fr\/wp-content\/uploads\/sites\/4\/2022\/06\/Podcast-Cyril-Dion.png\" alt=\"\" loading=\"lazy\" \/>\n\t\t\t\t\t  <\/picture>\n\t\t<\/figure>\n\t\t\t\t\n\t\t<div class=\"oneorg-card__content stack\">\n\t\t\t<h3 class=\"oneorg-card__heading\">Le pouvoir citoyen pour un avenir \u00e9cologique<\/h3>\n\t\t\t\t\t\t  \n\t\t<\/div>\n\t\t\n\t<\/div>\n<\/div>\n<div class=\"oneorg-card oneorg-card--latest has-image card-12\" data-url=\"https:\/\/www.one.org\/fr\/actualites\/episode-32-dont-look-up-avec-cyril-dion\/\"> \n\t<div class=\"oneorg-card__inner\">\n\t\n\t\t\t\t<figure class=\"oneorg-card__image\">\n\t\t  <picture>\n\t\t\t\t\t\t<img decoding=\"async\" src=\"https:\/\/www.one.org\/fr\/wp-content\/uploads\/sites\/4\/2022\/06\/Podcast-Cyril-Dion.png\" alt=\"\" loading=\"lazy\" \/>\n\t\t\t\t\t  <\/picture>\n\t\t<\/figure>\n\t\t\t\t\n\t\t<div class=\"oneorg-card__content stack\">\n\t\t\t<h3 class=\"oneorg-card__heading\">Premi\u00e8re g\u00e9n\u00e9ration \u201cDon\u2019t look up\u201d<\/h3>\n\t\t\t\t\t\t  \n\t\t<\/div>\n\t\t\n\t<\/div>\n<\/div>\n<div class=\"oneorg-card oneorg-card--latest has-image card-13\" data-url=\"https:\/\/www.one.org\/fr\/actualites\/episode-31\/\"> \n\t<div class=\"oneorg-card__inner\">\n\t\n\t\t\t\t<figure class=\"oneorg-card__image\">\n\t\t  <picture>\n\t\t\t\t\t\t<img decoding=\"async\" src=\"https:\/\/www.one.org\/fr\/wp-content\/uploads\/sites\/4\/2022\/06\/Podcast-Ramata-Kapo-640x640.png\" alt=\"\" loading=\"lazy\" \/>\n\t\t\t\t\t  <\/picture>\n\t\t<\/figure>\n\t\t\t\t\n\t\t<div class=\"oneorg-card__content stack\">\n\t\t\t<h3 class=\"oneorg-card__heading\">L\u2019excision nous concerne toutes et tous<\/h3>\n\t\t\t\t\t\t  \n\t\t<\/div>\n\t\t\n\t<\/div>\n<\/div>\n<div class=\"oneorg-card oneorg-card--latest has-image card-14\" data-url=\"https:\/\/www.one.org\/fr\/actualites\/episode-30\/\"> \n\t<div class=\"oneorg-card__inner\">\n\t\n\t\t\t\t<figure class=\"oneorg-card__image\">\n\t\t  <picture>\n\t\t\t\t\t\t<img decoding=\"async\" src=\"https:\/\/www.one.org\/fr\/wp-content\/uploads\/sites\/4\/2022\/06\/Podcast-Benedicte-Florin-640x640.png\" alt=\"\" loading=\"lazy\" \/>\n\t\t\t\t\t  <\/picture>\n\t\t<\/figure>\n\t\t\t\t\n\t\t<div class=\"oneorg-card__content stack\">\n\t\t\t<h3 class=\"oneorg-card__heading\">O\u00f9 finissent nos d\u00e9chets ? Tour du monde des d\u00e9charges et des in\u00e9galit\u00e9s<\/h3>\n\t\t\t\t\t\t  \n\t\t<\/div>\n\t\t\n\t<\/div>\n<\/div>\n<div class=\"oneorg-card oneorg-card--latest has-image card-15\" data-url=\"https:\/\/www.one.org\/fr\/actualites\/episode-29\/\"> \n\t<div class=\"oneorg-card__inner\">\n\t\n\t\t\t\t<figure class=\"oneorg-card__image\">\n\t\t  <picture>\n\t\t\t\t\t\t<img decoding=\"async\" src=\"https:\/\/www.one.org\/fr\/wp-content\/uploads\/sites\/4\/2022\/05\/Podcast-Yamina-Saheb-640x640.png\" alt=\"\" loading=\"lazy\" \/>\n\t\t\t\t\t  <\/picture>\n\t\t<\/figure>\n\t\t\t\t\n\t\t<div class=\"oneorg-card__content stack\">\n\t\t\t<h3 class=\"oneorg-card__heading\">Dans les coulisses du GIEC : les d\u00e9fis climatiques de demain<\/h3>\n\t\t\t\t\t\t  \n\t\t<\/div>\n\t\t\n\t<\/div>\n<\/div>\n<div class=\"oneorg-card oneorg-card--latest has-image card-16\" data-url=\"https:\/\/www.one.org\/fr\/actualites\/episode-28\/\"> \n\t<div class=\"oneorg-card__inner\">\n\t\n\t\t\t\t<figure class=\"oneorg-card__image\">\n\t\t  <picture>\n\t\t\t\t\t\t<img decoding=\"async\" src=\"https:\/\/www.one.org\/fr\/wp-content\/uploads\/sites\/4\/2022\/05\/Podcast-Brigitte-Enriques-640x640.png\" alt=\"\" loading=\"lazy\" \/>\n\t\t\t\t\t  <\/picture>\n\t\t<\/figure>\n\t\t\t\t\n\t\t<div class=\"oneorg-card__content stack\">\n\t\t\t<h3 class=\"oneorg-card__heading\">Dans les plus hautes sph\u00e8res du sport fran\u00e7ais<\/h3>\n\t\t\t\t\t\t  \n\t\t<\/div>\n\t\t\n\t<\/div>\n<\/div>\n<div class=\"oneorg-card oneorg-card--latest has-image card-17\" data-url=\"https:\/\/www.one.org\/fr\/actualites\/ukraine-soudan-ces-refugies-qui-fuient-la-guerre\/\"> \n\t<div class=\"oneorg-card__inner\">\n\t\n\t\t\t\t<figure class=\"oneorg-card__image\">\n\t\t  <picture>\n\t\t\t\t\t\t<img decoding=\"async\" src=\"https:\/\/www.one.org\/fr\/wp-content\/uploads\/sites\/4\/2022\/05\/Podcast-Celine-Schmitt-640x640.png\" alt=\"\" loading=\"lazy\" \/>\n\t\t\t\t\t  <\/picture>\n\t\t<\/figure>\n\t\t\t\t\n\t\t<div class=\"oneorg-card__content stack\">\n\t\t\t<h3 class=\"oneorg-card__heading\">Ukraine &amp; Soudan : Ces r\u00e9fugi\u00e9s qui fuient la guerre<\/h3>\n\t\t\t\t\t\t  \n\t\t<\/div>\n\t\t\n\t<\/div>\n<\/div>\n<div class=\"oneorg-card oneorg-card--latest has-image card-18\" data-url=\"https:\/\/www.one.org\/fr\/actualites\/episode-26-histoire-coloniale\/\"> \n\t<div class=\"oneorg-card__inner\">\n\t\n\t\t\t\t<figure class=\"oneorg-card__image\">\n\t\t  <picture>\n\t\t\t\t\t\t<img decoding=\"async\" src=\"https:\/\/www.one.org\/fr\/wp-content\/uploads\/sites\/4\/2022\/05\/Podcast-Pascal-Blanchard-640x640.png\" alt=\"\" loading=\"lazy\" \/>\n\t\t\t\t\t  <\/picture>\n\t\t<\/figure>\n\t\t\t\t\n\t\t<div class=\"oneorg-card__content stack\">\n\t\t\t<h3 class=\"oneorg-card__heading\">Comment sont choisis les noms des rues ?<\/h3>\n\t\t\t\t\t\t  \n\t\t<\/div>\n\t\t\n\t<\/div>\n<\/div>\n<div class=\"oneorg-card oneorg-card--latest has-image card-19\" data-url=\"https:\/\/www.one.org\/fr\/actualites\/episode-25\/\"> \n\t<div class=\"oneorg-card__inner\">\n\t\n\t\t\t\t<figure class=\"oneorg-card__image\">\n\t\t  <picture>\n\t\t\t\t\t\t<img decoding=\"async\" src=\"https:\/\/www.one.org\/fr\/wp-content\/uploads\/sites\/4\/2022\/05\/Podcast-Laurence-Dumont-640x640.png\" alt=\"\" loading=\"lazy\" \/>\n\t\t\t\t\t  <\/picture>\n\t\t<\/figure>\n\t\t\t\t\n\t\t<div class=\"oneorg-card__content stack\">\n\t\t\t<h3 class=\"oneorg-card__heading\">Les enfants fant\u00f4mes<\/h3>\n\t\t\t\t\t\t  \n\t\t<\/div>\n\t\t\n\t<\/div>\n<\/div>\n<div class=\"oneorg-card oneorg-card--latest has-image card-20\" data-url=\"https:\/\/www.one.org\/fr\/actualites\/episode-24\/\"> \n\t<div class=\"oneorg-card__inner\">\n\t\n\t\t\t\t<figure class=\"oneorg-card__image\">\n\t\t  <picture>\n\t\t\t\t\t\t<img decoding=\"async\" src=\"https:\/\/www.one.org\/fr\/wp-content\/uploads\/sites\/4\/2022\/04\/Podcast-Christian-Eckert-1-640x628.png\" alt=\"\" loading=\"lazy\" \/>\n\t\t\t\t\t  <\/picture>\n\t\t<\/figure>\n\t\t\t\t\n\t\t<div class=\"oneorg-card__content stack\">\n\t\t\t<h3 class=\"oneorg-card__heading\">Transparence des multinationales et lobbying : les sujets qui comptent<\/h3>\n\t\t\t\t\t\t  \n\t\t<\/div>\n\t\t\n\t<\/div>\n<\/div>\n<div class=\"oneorg-card oneorg-card--latest has-image card-21\" data-url=\"https:\/\/www.one.org\/fr\/actualites\/ep-23\/\"> \n\t<div class=\"oneorg-card__inner\">\n\t\n\t\t\t\t<figure class=\"oneorg-card__image\">\n\t\t  <picture>\n\t\t\t\t\t\t<img decoding=\"async\" src=\"https:\/\/www.one.org\/fr\/wp-content\/uploads\/sites\/4\/2022\/04\/Podcast-Karim-Ben-Khelifa-1-640x628.png\" alt=\"\" loading=\"lazy\" \/>\n\t\t\t\t\t  <\/picture>\n\t\t<\/figure>\n\t\t\t\t\n\t\t<div class=\"oneorg-card__content stack\">\n\t\t\t<h3 class=\"oneorg-card__heading\">T\u00e9moignage d\u2019un photojournaliste de guerre<\/h3>\n\t\t\t\t\t\t  \n\t\t<\/div>\n\t\t\n\t<\/div>\n<\/div>\n<div class=\"oneorg-card oneorg-card--latest has-image card-22\" data-url=\"https:\/\/www.one.org\/fr\/actualites\/ep-22\/\"> \n\t<div class=\"oneorg-card__inner\">\n\t\n\t\t\t\t<figure class=\"oneorg-card__image\">\n\t\t  <picture>\n\t\t\t\t\t\t<img decoding=\"async\" src=\"https:\/\/www.one.org\/fr\/wp-content\/uploads\/sites\/4\/2022\/04\/Podcast-Coumba-Kane-1-640x628.png\" alt=\"\" loading=\"lazy\" \/>\n\t\t\t\t\t  <\/picture>\n\t\t<\/figure>\n\t\t\t\t\n\t\t<div class=\"oneorg-card__content stack\">\n\t\t\t<h3 class=\"oneorg-card__heading\">La libert\u00e9 de la presse et l\u2019influence russe en Afrique<\/h3>\n\t\t\t\t\t\t  \n\t\t<\/div>\n\t\t\n\t<\/div>\n<\/div>\n<div class=\"oneorg-card oneorg-card--latest has-image card-23\" data-url=\"https:\/\/www.one.org\/fr\/actualites\/ep-21\/\"> \n\t<div class=\"oneorg-card__inner\">\n\t\n\t\t\t\t<figure class=\"oneorg-card__image\">\n\t\t  <picture>\n\t\t\t\t\t\t<img decoding=\"async\" src=\"https:\/\/www.one.org\/fr\/wp-content\/uploads\/sites\/4\/2022\/03\/Podcast-Albane-Godard-640x640.png\" alt=\"\" loading=\"lazy\" \/>\n\t\t\t\t\t  <\/picture>\n\t\t<\/figure>\n\t\t\t\t\n\t\t<div class=\"oneorg-card__content stack\">\n\t\t\t<h3 class=\"oneorg-card__heading\">Quel avenir pour le nucl\u00e9aire, la jeunesse et l\u2019influence ?<\/h3>\n\t\t\t\t\t\t  \n\t\t<\/div>\n\t\t\n\t<\/div>\n<\/div>\n<div class=\"oneorg-card oneorg-card--latest has-image card-24\" data-url=\"https:\/\/www.one.org\/fr\/actualites\/ep-20\/\"> \n\t<div class=\"oneorg-card__inner\">\n\t\n\t\t\t\t<figure class=\"oneorg-card__image\">\n\t\t  <picture>\n\t\t\t\t\t\t<img decoding=\"async\" src=\"https:\/\/www.one.org\/fr\/wp-content\/uploads\/sites\/4\/2022\/03\/Podcast-Felix-Atchade-1-640x628.png\" alt=\"\" loading=\"lazy\" \/>\n\t\t\t\t\t  <\/picture>\n\t\t<\/figure>\n\t\t\t\t\n\t\t<div class=\"oneorg-card__content stack\">\n\t\t\t<h3 class=\"oneorg-card__heading\">Stop au d\u00e9veloppement ultralib\u00e9ral avec le porte-parole de Fabien Roussel<\/h3>\n\t\t\t\t\t\t  \n\t\t<\/div>\n\t\t\n\t<\/div>\n<\/div>\n<div class=\"oneorg-card oneorg-card--latest has-image card-25\" data-url=\"https:\/\/www.one.org\/fr\/actualites\/ep-19\/\"> \n\t<div class=\"oneorg-card__inner\">\n\t\n\t\t\t\t<figure class=\"oneorg-card__image\">\n\t\t  <picture>\n\t\t\t\t\t\t<img decoding=\"async\" src=\"https:\/\/www.one.org\/fr\/wp-content\/uploads\/sites\/4\/2022\/03\/Podcast-Juliette-Renaud-640x628.png\" alt=\"\" loading=\"lazy\" \/>\n\t\t\t\t\t  <\/picture>\n\t\t<\/figure>\n\t\t\t\t\n\t\t<div class=\"oneorg-card__content stack\">\n\t\t\t<h3 class=\"oneorg-card__heading\">Les violations des droits humains dans l\u2019industrie extractive<\/h3>\n\t\t\t\t\t\t  \n\t\t<\/div>\n\t\t\n\t<\/div>\n<\/div>\n<div class=\"oneorg-card oneorg-card--latest has-image card-26\" data-url=\"https:\/\/www.one.org\/fr\/actualites\/ep-18\/\"> \n\t<div class=\"oneorg-card__inner\">\n\t\n\t\t\t\t<figure class=\"oneorg-card__image\">\n\t\t  <picture>\n\t\t\t\t\t\t<img decoding=\"async\" src=\"https:\/\/www.one.org\/fr\/wp-content\/uploads\/sites\/4\/2022\/03\/Podcast-Eric-Andrieu-640x628.png\" alt=\"\" loading=\"lazy\" \/>\n\t\t\t\t\t  <\/picture>\n\t\t<\/figure>\n\t\t\t\t\n\t\t<div class=\"oneorg-card__content stack\">\n\t\t\t<h3 class=\"oneorg-card__heading\">Repenser notre relation \u00e0 l\u2019Afrique avec le porte-parole d\u2019Anne Hidalgo<\/h3>\n\t\t\t\t\t\t  \n\t\t<\/div>\n\t\t\n\t<\/div>\n<\/div>\n<div class=\"oneorg-card oneorg-card--latest has-image card-27\" data-url=\"https:\/\/www.one.org\/fr\/actualites\/ep-17\/\"> \n\t<div class=\"oneorg-card__inner\">\n\t\n\t\t\t\t<figure class=\"oneorg-card__image\">\n\t\t  <picture>\n\t\t\t\t\t\t<img decoding=\"async\" src=\"https:\/\/www.one.org\/fr\/wp-content\/uploads\/sites\/4\/2022\/03\/Podcast-Fanny-Petitbon-1-640x628.png\" alt=\"\" loading=\"lazy\" \/>\n\t\t\t\t\t  <\/picture>\n\t\t<\/figure>\n\t\t\t\t\n\t\t<div class=\"oneorg-card__content stack\">\n\t\t\t<h3 class=\"oneorg-card__heading\">Les femmes africaines, premi\u00e8res victimes de l\u2019inaction climatique<\/h3>\n\t\t\t\t\t\t  \n\t\t<\/div>\n\t\t\n\t<\/div>\n<\/div>\n<div class=\"oneorg-card oneorg-card--latest has-image card-28\" data-url=\"https:\/\/www.one.org\/fr\/actualites\/ep-16\/\"> \n\t<div class=\"oneorg-card__inner\">\n\t\n\t\t\t\t<figure class=\"oneorg-card__image\">\n\t\t  <picture>\n\t\t\t\t\t\t<img decoding=\"async\" src=\"https:\/\/www.one.org\/fr\/wp-content\/uploads\/sites\/4\/2022\/02\/Podcast-Francois-Jay-640x628.png\" alt=\"\" loading=\"lazy\" \/>\n\t\t\t\t\t  <\/picture>\n\t\t<\/figure>\n\t\t\t\t\n\t\t<div class=\"oneorg-card__content stack\">\n\t\t\t<h3 class=\"oneorg-card__heading\">Multinationales, migrations et sant\u00e9 mondiale avec le porte-parole de Val\u00e9rie P\u00e9cresse<\/h3>\n\t\t\t\t\t\t  \n\t\t<\/div>\n\t\t\n\t<\/div>\n<\/div>\n<div class=\"oneorg-card oneorg-card--latest has-image card-29\" data-url=\"https:\/\/www.one.org\/fr\/actualites\/ep-15\/\"> \n\t<div class=\"oneorg-card__inner\">\n\t\n\t\t\t\t<figure class=\"oneorg-card__image\">\n\t\t  <picture>\n\t\t\t\t\t\t<img decoding=\"async\" src=\"https:\/\/www.one.org\/fr\/wp-content\/uploads\/sites\/4\/2022\/02\/Podcast-Hubert-Julien-Laferriere-640x640.png\" alt=\"\" loading=\"lazy\" \/>\n\t\t\t\t\t  <\/picture>\n\t\t<\/figure>\n\t\t\t\t\n\t\t<div class=\"oneorg-card__content stack\">\n\t\t\t<h3 class=\"oneorg-card__heading\">Le d\u00e9put\u00e9 Hubert Julien-Laferri\u00e8re en campagne contre les in\u00e9galit\u00e9s<\/h3>\n\t\t\t\t\t\t  \n\t\t<\/div>\n\t\t\n\t<\/div>\n<\/div>\n<div class=\"oneorg-card oneorg-card--latest has-image card-30\" data-url=\"https:\/\/www.one.org\/fr\/actualites\/ep-14\/\"> \n\t<div class=\"oneorg-card__inner\">\n\t\n\t\t\t\t<figure class=\"oneorg-card__image\">\n\t\t  <picture>\n\t\t\t\t\t\t<img decoding=\"async\" src=\"https:\/\/www.one.org\/fr\/wp-content\/uploads\/sites\/4\/2022\/01\/Podcast-Bruno-Rivalan-640x628.png\" alt=\"\" loading=\"lazy\" \/>\n\t\t\t\t\t  <\/picture>\n\t\t<\/figure>\n\t\t\t\t\n\t\t<div class=\"oneorg-card__content stack\">\n\t\t\t<h3 class=\"oneorg-card__heading\">L\u2019impact de la pand\u00e9mie sur les femmes et les enfants<\/h3>\n\t\t\t\t\t\t  \n\t\t<\/div>\n\t\t\n\t<\/div>\n<\/div>\n<div class=\"oneorg-card oneorg-card--latest has-image card-31\" data-url=\"https:\/\/www.one.org\/fr\/actualites\/ep-13\/\"> \n\t<div class=\"oneorg-card__inner\">\n\t\n\t\t\t\t<figure class=\"oneorg-card__image\">\n\t\t  <picture>\n\t\t\t\t\t\t<img decoding=\"async\" src=\"https:\/\/www.one.org\/fr\/wp-content\/uploads\/sites\/4\/2022\/01\/Podcast-Julia-Faure-640x628.png\" alt=\"\" loading=\"lazy\" \/>\n\t\t\t\t\t  <\/picture>\n\t\t<\/figure>\n\t\t\t\t\n\t\t<div class=\"oneorg-card__content stack\">\n\t\t\t<h3 class=\"oneorg-card__heading\">La fast-fashion, catastrophe sociale et climatique du 21e si\u00e8cle<\/h3>\n\t\t\t\t\t\t  \n\t\t<\/div>\n\t\t\n\t<\/div>\n<\/div>\n<div class=\"oneorg-card oneorg-card--latest has-image card-32\" data-url=\"https:\/\/www.one.org\/fr\/actualites\/episode-12-avec-herve-berville\/\"> \n\t<div class=\"oneorg-card__inner\">\n\t\n\t\t\t\t<figure class=\"oneorg-card__image\">\n\t\t  <picture>\n\t\t\t\t\t\t<img decoding=\"async\" src=\"https:\/\/www.one.org\/fr\/wp-content\/uploads\/sites\/4\/2021\/12\/Podcast-Herve-Berville-640x628.png\" alt=\"\" loading=\"lazy\" \/>\n\t\t\t\t\t  <\/picture>\n\t\t<\/figure>\n\t\t\t\t\n\t\t<div class=\"oneorg-card__content stack\">\n\t\t\t<h3 class=\"oneorg-card__heading\">Le d\u00e9put\u00e9 Herv\u00e9 Berville et la loi contre les in\u00e9galit\u00e9s mondiales<\/h3>\n\t\t\t\t\t\t  \n\t\t<\/div>\n\t\t\n\t<\/div>\n<\/div>\n<div class=\"oneorg-card oneorg-card--latest has-image card-33\" data-url=\"https:\/\/www.one.org\/fr\/actualites\/episode-11-une-chirurgienne-au-kenya-avec-neema-kaseje\/\"> \n\t<div class=\"oneorg-card__inner\">\n\t\n\t\t\t\t<figure class=\"oneorg-card__image\">\n\t\t  <picture>\n\t\t\t\t\t\t<img decoding=\"async\" src=\"https:\/\/www.one.org\/fr\/wp-content\/uploads\/sites\/4\/2021\/11\/Podcast-Neema-Kaseje-640x628.png\" alt=\"\" loading=\"lazy\" \/>\n\t\t\t\t\t  <\/picture>\n\t\t<\/figure>\n\t\t\t\t\n\t\t<div class=\"oneorg-card__content stack\">\n\t\t\t<h3 class=\"oneorg-card__heading\">\u00catre chirurgienne au Kenya<\/h3>\n\t\t\t\t\t\t  \n\t\t<\/div>\n\t\t\n\t<\/div>\n<\/div>\n<div class=\"oneorg-card oneorg-card--latest has-image card-34\" data-url=\"https:\/\/www.one.org\/fr\/actualites\/episode-10-artiste-et-solidaire\/\"> \n\t<div class=\"oneorg-card__inner\">\n\t\n\t\t\t\t<figure class=\"oneorg-card__image\">\n\t\t  <picture>\n\t\t\t\t\t\t<img decoding=\"async\" src=\"https:\/\/www.one.org\/fr\/wp-content\/uploads\/sites\/4\/2021\/11\/Podcast-Cali-640x628.png\" alt=\"\" loading=\"lazy\" \/>\n\t\t\t\t\t  <\/picture>\n\t\t<\/figure>\n\t\t\t\t\n\t\t<div class=\"oneorg-card__content stack\">\n\t\t\t<h3 class=\"oneorg-card__heading\">Cali, chanteur, artiste et solidaire<\/h3>\n\t\t\t\t\t\t  \n\t\t<\/div>\n\t\t\n\t<\/div>\n<\/div>\n<div class=\"oneorg-card oneorg-card--latest has-image card-35\" data-url=\"https:\/\/www.one.org\/fr\/actualites\/episode-9-le-double-jeu-de-laide-au-developpement-francaise-avec-philippe-marchesin\/\"> \n\t<div class=\"oneorg-card__inner\">\n\t\n\t\t\t\t<figure class=\"oneorg-card__image\">\n\t\t  <picture>\n\t\t\t\t\t\t<img decoding=\"async\" src=\"https:\/\/www.one.org\/fr\/wp-content\/uploads\/sites\/4\/2021\/11\/Podcast-Philippe-Marchesin-640x628.png\" alt=\"\" loading=\"lazy\" \/>\n\t\t\t\t\t  <\/picture>\n\t\t<\/figure>\n\t\t\t\t\n\t\t<div class=\"oneorg-card__content stack\">\n\t\t\t<h3 class=\"oneorg-card__heading\">Le double jeu de l\u2019aide au d\u00e9veloppement fran\u00e7aise<\/h3>\n\t\t\t\t\t\t  \n\t\t<\/div>\n\t\t\n\t<\/div>\n<\/div>\n<div class=\"oneorg-card oneorg-card--latest has-image card-36\" data-url=\"https:\/\/www.one.org\/fr\/actualites\/episode-8-migrations-au-feminin-avec-camille-schmoll\/\"> \n\t<div class=\"oneorg-card__inner\">\n\t\n\t\t\t\t<figure class=\"oneorg-card__image\">\n\t\t  <picture>\n\t\t\t\t\t\t<img decoding=\"async\" src=\"https:\/\/www.one.org\/fr\/wp-content\/uploads\/sites\/4\/2021\/10\/Podcast-Camille-Schmoll-640x628.png\" alt=\"\" loading=\"lazy\" \/>\n\t\t\t\t\t  <\/picture>\n\t\t<\/figure>\n\t\t\t\t\n\t\t<div class=\"oneorg-card__content stack\">\n\t\t\t<h3 class=\"oneorg-card__heading\">Femmes migrantes : invisibles et en danger<\/h3>\n\t\t\t\t\t\t  \n\t\t<\/div>\n\t\t\n\t<\/div>\n<\/div>\n<div class=\"oneorg-card oneorg-card--latest has-image card-37\" data-url=\"https:\/\/www.one.org\/fr\/actualites\/episode-7-hesitation-vaccinale-en-afrique-et-ailleurs-avec-alice-desclaux\/\"> \n\t<div class=\"oneorg-card__inner\">\n\t\n\t\t\t\t<figure class=\"oneorg-card__image\">\n\t\t  <picture>\n\t\t\t\t\t\t<img decoding=\"async\" src=\"https:\/\/www.one.org\/fr\/wp-content\/uploads\/sites\/4\/2021\/10\/Podcast-Alice-Desclaux-640x628.png\" alt=\"\" loading=\"lazy\" \/>\n\t\t\t\t\t  <\/picture>\n\t\t<\/figure>\n\t\t\t\t\n\t\t<div class=\"oneorg-card__content stack\">\n\t\t\t<h3 class=\"oneorg-card__heading\">L\u2019h\u00e9sitation vaccinale en Afrique<\/h3>\n\t\t\t\t\t\t  \n\t\t<\/div>\n\t\t\n\t<\/div>\n<\/div>\n<div class=\"oneorg-card oneorg-card--latest has-image card-38\" data-url=\"https:\/\/www.one.org\/fr\/actualites\/episode-6-multilateralisme-et-geographie-du-developpement-avec-mario-pezzini\/\"> \n\t<div class=\"oneorg-card__inner\">\n\t\n\t\t\t\t<figure class=\"oneorg-card__image\">\n\t\t  <picture>\n\t\t\t\t\t\t<img decoding=\"async\" src=\"https:\/\/www.one.org\/fr\/wp-content\/uploads\/sites\/4\/2021\/10\/Podcast-Mario-Pezzini-640x628.png\" alt=\"\" loading=\"lazy\" \/>\n\t\t\t\t\t  <\/picture>\n\t\t<\/figure>\n\t\t\t\t\n\t\t<div class=\"oneorg-card__content stack\">\n\t\t\t<h3 class=\"oneorg-card__heading\">Les d\u00e9faillances du multilat\u00e9ralisme<\/h3>\n\t\t\t\t\t\t  \n\t\t<\/div>\n\t\t\n\t<\/div>\n<\/div>\n<div class=\"oneorg-card oneorg-card--latest has-image card-39\" data-url=\"https:\/\/www.one.org\/fr\/actualites\/episode-5-guerre-pauvrete-et-migrations-avec-alice-barbe\/\"> \n\t<div class=\"oneorg-card__inner\">\n\t\n\t\t\t\t<figure class=\"oneorg-card__image\">\n\t\t  <picture>\n\t\t\t\t\t\t<img decoding=\"async\" src=\"https:\/\/www.one.org\/fr\/wp-content\/uploads\/sites\/4\/2021\/10\/Podcast-Alice-Barbe-640x628.png\" alt=\"\" loading=\"lazy\" \/>\n\t\t\t\t\t  <\/picture>\n\t\t<\/figure>\n\t\t\t\t\n\t\t<div class=\"oneorg-card__content stack\">\n\t\t\t<h3 class=\"oneorg-card__heading\">Afghanistan : Le 21\u00e8me si\u00e8cle a commenc\u00e9 le 15 ao\u00fbt 2021<\/h3>\n\t\t\t\t\t\t  \n\t\t<\/div>\n\t\t\n\t<\/div>\n<\/div>\n<div class=\"oneorg-card oneorg-card--latest has-image card-40\" data-url=\"https:\/\/www.one.org\/fr\/actualites\/episode-4-fiscalite-et-transparence-avec-gabriel-zucman\/\"> \n\t<div class=\"oneorg-card__inner\">\n\t\n\t\t\t\t<figure class=\"oneorg-card__image\">\n\t\t  <picture>\n\t\t\t\t\t\t<img decoding=\"async\" src=\"https:\/\/www.one.org\/fr\/wp-content\/uploads\/sites\/4\/2021\/09\/Podcast-Gabriel-Zucman-640x628.png\" alt=\"\" loading=\"lazy\" \/>\n\t\t\t\t\t  <\/picture>\n\t\t<\/figure>\n\t\t\t\t\n\t\t<div class=\"oneorg-card__content stack\">\n\t\t\t<h3 class=\"oneorg-card__heading\">La justice fiscale pour les multinationales<\/h3>\n\t\t\t\t\t\t  \n\t\t<\/div>\n\t\t\n\t<\/div>\n<\/div>\n<div class=\"oneorg-card oneorg-card--latest has-image card-41\" data-url=\"https:\/\/www.one.org\/fr\/actualites\/episode-3-campagne-contre-les-violences-sexistes-au-senegal-avec-francis-bassene\/\"> \n\t<div class=\"oneorg-card__inner\">\n\t\n\t\t\t\t<figure class=\"oneorg-card__image\">\n\t\t  <picture>\n\t\t\t\t\t\t<img decoding=\"async\" src=\"https:\/\/www.one.org\/fr\/wp-content\/uploads\/sites\/4\/2021\/09\/Podcast-Francis-Bassene-640x628.png\" alt=\"\" loading=\"lazy\" \/>\n\t\t\t\t\t  <\/picture>\n\t\t<\/figure>\n\t\t\t\t\n\t\t<div class=\"oneorg-card__content stack\">\n\t\t\t<h3 class=\"oneorg-card__heading\">Les violences sexuelles au S\u00e9n\u00e9gal<\/h3>\n\t\t\t\t\t\t  \n\t\t<\/div>\n\t\t\n\t<\/div>\n<\/div>\n<div class=\"oneorg-card oneorg-card--latest has-image card-42\" data-url=\"https:\/\/www.one.org\/fr\/actualites\/episode-2-inegalites-dacces-aux-vaccins-avec-arnaud-zacharie\/\"> \n\t<div class=\"oneorg-card__inner\">\n\t\n\t\t\t\t<figure class=\"oneorg-card__image\">\n\t\t  <picture>\n\t\t\t\t\t\t<img decoding=\"async\" src=\"https:\/\/www.one.org\/fr\/wp-content\/uploads\/sites\/4\/2021\/09\/Podcast-Arnaud-Zacharie-640x628.png\" alt=\"\" loading=\"lazy\" \/>\n\t\t\t\t\t  <\/picture>\n\t\t<\/figure>\n\t\t\t\t\n\t\t<div class=\"oneorg-card__content stack\">\n\t\t\t<h3 class=\"oneorg-card__heading\">In\u00e9galit\u00e9s vaccinales, qui en profite ?<\/h3>\n\t\t\t\t\t\t  \n\t\t<\/div>\n\t\t\n\t<\/div>\n<\/div>\n<div class=\"oneorg-card oneorg-card--latest has-image card-43\" data-url=\"https:\/\/www.one.org\/fr\/actualites\/episode-1-les-jeunes-qui-sengagent-avec-marion-abonnenc\/\"> \n\t<div class=\"oneorg-card__inner\">\n\t\n\t\t\t\t<figure class=\"oneorg-card__image\">\n\t\t  <picture>\n\t\t\t\t\t\t<img decoding=\"async\" src=\"https:\/\/www.one.org\/fr\/wp-content\/uploads\/sites\/4\/2021\/09\/Podcast-Marion-Abonnenc-640x628.png\" alt=\"\" loading=\"lazy\" \/>\n\t\t\t\t\t  <\/picture>\n\t\t<\/figure>\n\t\t\t\t\n\t\t<div class=\"oneorg-card__content stack\">\n\t\t\t<h3 class=\"oneorg-card__heading\">La jeunesse changera le monde<\/h3>\n\t\t\t\t\t\t  \n\t\t<\/div>\n\t\t\n\t<\/div>\n<\/div>\n<div class=\"oneorg-card oneorg-card--latest has-image card-44\" data-url=\"https:\/\/www.one.org\/fr\/actualites\/episode-dintroduction\/\"> \n\t<div class=\"oneorg-card__inner\">\n\t\n\t\t\t\t<figure class=\"oneorg-card__image\">\n\t\t  <picture>\n\t\t\t\t\t\t<img decoding=\"async\" src=\"https:\/\/www.one.org\/fr\/wp-content\/uploads\/sites\/4\/2021\/10\/OneWorldPodcast_2021_featured_2_800x800-640x640.png\" alt=\"\" loading=\"lazy\" \/>\n\t\t\t\t\t  <\/picture>\n\t\t<\/figure>\n\t\t\t\t\n\t\t<div class=\"oneorg-card__content stack\">\n\t\t\t<h3 class=\"oneorg-card__heading\">\u00c9pisode d\u2019introduction<\/h3>\n\t\t\t\t\t\t  \n\t\t<\/div>\n\t\t\n\t<\/div>\n<\/div>\n<\/div>\n\n\n<\/div>\n\t\t\t\n\t<\/div>\n\n<\/div><div class=\"buffer\"><\/div>","protected":false},"excerpt":{"rendered":"<p>Depuis 20 ans, ONE m\u00e8ne campagne pour sensibiliser le plus grand nombre de citoyens sur les enjeux de d\u00e9veloppement. \u00c0 travers ce podcast, nous cherchons \u00e0 donner de la visibilit\u00e9 aux acteurs de la solidarit\u00e9 internationale et \u00e0 informer, sensibiliser et faire le point sur les avanc\u00e9es et les reculs en mati\u00e8re de lutte contre [&hellip;]<\/p>\n","protected":false},"author":3,"featured_media":0,"parent":0,"menu_order":0,"comment_status":"closed","ping_status":"closed","template":"","meta":{"_acf_changed":false,"_relevanssi_hide_post":"","_relevanssi_hide_content":"","_relevanssi_pin_for_all":"","_relevanssi_pin_keywords":"","_relevanssi_unpin_keywords":"","_relevanssi_related_keywords":"","_relevanssi_related_include_ids":"","_relevanssi_related_exclude_ids":"","_relevanssi_related_no_append":"","_relevanssi_related_not_related":"","_relevanssi_related_posts":"162687,162574,162649,163392,162562,162621","_relevanssi_noindex_reason":"","footnotes":""},"class_list":["post-164706","page","type-page","status-publish","hentry"],"acf":[],"yoast_head":"<!-- This site is optimized with the Yoast SEO Premium plugin v27.1 (Yoast SEO v27.1.1) - https:\/\/yoast.com\/product\/yoast-seo-premium-wordpress\/ -->\n<title>Podcast - ONE.org France<\/title>\n<meta name=\"description\" content=\"\u00c0 travers ce podcast, nous cherchons \u00e0 donner de la visibilit\u00e9 aux acteurs de la solidarit\u00e9 internationale.\" \/>\n<meta name=\"robots\" content=\"index, follow, max-snippet:-1, max-image-preview:large, max-video-preview:-1\" \/>\n<link rel=\"canonical\" href=\"https:\/\/www.one.org\/fr\/podcast\/\" \/>\n<meta property=\"og:locale\" content=\"fr_FR\" \/>\n<meta property=\"og:type\" content=\"article\" \/>\n<meta property=\"og:title\" content=\"Podcast\" \/>\n<meta property=\"og:description\" content=\"\u00c0 travers ce podcast, nous cherchons \u00e0 donner de la visibilit\u00e9 aux acteurs de la solidarit\u00e9 internationale.\" \/>\n<meta property=\"og:url\" content=\"https:\/\/www.one.org\/fr\/podcast\/\" \/>\n<meta property=\"og:site_name\" content=\"ONE.org France\" \/>\n<meta property=\"article:publisher\" content=\"https:\/\/www.facebook.com\/ONE.Fr\" \/>\n<meta property=\"article:modified_time\" content=\"2024-02-19T10:53:38+00:00\" \/>\n<meta property=\"og:image\" content=\"https:\/\/www.one.org\/fr\/wp-content\/uploads\/sites\/4\/2023\/09\/GA_share_1200x628-768x402-1.png\" \/>\n\t<meta property=\"og:image:width\" content=\"768\" \/>\n\t<meta property=\"og:image:height\" content=\"402\" \/>\n\t<meta property=\"og:image:type\" content=\"image\/png\" \/>\n<meta name=\"twitter:card\" content=\"summary_large_image\" \/>\n<meta name=\"twitter:site\" content=\"@one_fr\" \/>\n<meta name=\"twitter:label1\" content=\"Est. reading time\" \/>\n\t<meta name=\"twitter:data1\" content=\"1 minute\" \/>\n<script type=\"application\/ld+json\" class=\"yoast-schema-graph\">{\"@context\":\"https:\/\/schema.org\",\"@graph\":[{\"@type\":\"WebPage\",\"@id\":\"https:\/\/www.one.org\/fr\/podcast\/\",\"url\":\"https:\/\/www.one.org\/fr\/podcast\/\",\"name\":\"Podcast - ONE.org France\",\"isPartOf\":{\"@id\":\"https:\/\/www.one.org\/fr\/#website\"},\"datePublished\":\"2023-10-31T09:45:28+00:00\",\"dateModified\":\"2024-02-19T10:53:38+00:00\",\"description\":\"\u00c0 travers ce podcast, nous cherchons \u00e0 donner de la visibilit\u00e9 aux acteurs de la solidarit\u00e9 internationale.\",\"breadcrumb\":{\"@id\":\"https:\/\/www.one.org\/fr\/podcast\/#breadcrumb\"},\"inLanguage\":\"fr-FR\",\"potentialAction\":[{\"@type\":\"ReadAction\",\"target\":[\"https:\/\/www.one.org\/fr\/podcast\/\"]}]},{\"@type\":\"BreadcrumbList\",\"@id\":\"https:\/\/www.one.org\/fr\/podcast\/#breadcrumb\",\"itemListElement\":[{\"@type\":\"ListItem\",\"position\":1,\"name\":\"Home\",\"item\":\"https:\/\/www.one.org\/fr\/\"},{\"@type\":\"ListItem\",\"position\":2,\"name\":\"Podcast\"}]},{\"@type\":\"WebSite\",\"@id\":\"https:\/\/www.one.org\/fr\/#website\",\"url\":\"https:\/\/www.one.org\/fr\/\",\"name\":\"ONE.org\",\"description\":\"Cr\u00e9er des opportunit\u00e9s \u00e9conomiques et am\u00e9liorer la sant\u00e9 en Afrique\",\"potentialAction\":[{\"@type\":\"SearchAction\",\"target\":{\"@type\":\"EntryPoint\",\"urlTemplate\":\"https:\/\/www.one.org\/fr\/?s={search_term_string}\"},\"query-input\":{\"@type\":\"PropertyValueSpecification\",\"valueRequired\":true,\"valueName\":\"search_term_string\"}}],\"inLanguage\":\"fr-FR\"}]}<\/script>\n<!-- \/ Yoast SEO Premium plugin. -->","yoast_head_json":{"title":"Podcast - ONE.org France","description":"\u00c0 travers ce podcast, nous cherchons \u00e0 donner de la visibilit\u00e9 aux acteurs de la solidarit\u00e9 internationale.","robots":{"index":"index","follow":"follow","max-snippet":"max-snippet:-1","max-image-preview":"max-image-preview:large","max-video-preview":"max-video-preview:-1"},"canonical":"https:\/\/www.one.org\/fr\/podcast\/","og_locale":"fr_FR","og_type":"article","og_title":"Podcast","og_description":"\u00c0 travers ce podcast, nous cherchons \u00e0 donner de la visibilit\u00e9 aux acteurs de la solidarit\u00e9 internationale.","og_url":"https:\/\/www.one.org\/fr\/podcast\/","og_site_name":"ONE.org France","article_publisher":"https:\/\/www.facebook.com\/ONE.Fr","article_modified_time":"2024-02-19T10:53:38+00:00","og_image":[{"width":768,"height":402,"url":"https:\/\/www.one.org\/fr\/wp-content\/uploads\/sites\/4\/2023\/09\/GA_share_1200x628-768x402-1.png","type":"image\/png"}],"twitter_card":"summary_large_image","twitter_site":"@one_fr","twitter_misc":{"Est. reading time":"1 minute"},"schema":{"@context":"https:\/\/schema.org","@graph":[{"@type":"WebPage","@id":"https:\/\/www.one.org\/fr\/podcast\/","url":"https:\/\/www.one.org\/fr\/podcast\/","name":"Podcast - ONE.org France","isPartOf":{"@id":"https:\/\/www.one.org\/fr\/#website"},"datePublished":"2023-10-31T09:45:28+00:00","dateModified":"2024-02-19T10:53:38+00:00","description":"\u00c0 travers ce podcast, nous cherchons \u00e0 donner de la visibilit\u00e9 aux acteurs de la solidarit\u00e9 internationale.","breadcrumb":{"@id":"https:\/\/www.one.org\/fr\/podcast\/#breadcrumb"},"inLanguage":"fr-FR","potentialAction":[{"@type":"ReadAction","target":["https:\/\/www.one.org\/fr\/podcast\/"]}]},{"@type":"BreadcrumbList","@id":"https:\/\/www.one.org\/fr\/podcast\/#breadcrumb","itemListElement":[{"@type":"ListItem","position":1,"name":"Home","item":"https:\/\/www.one.org\/fr\/"},{"@type":"ListItem","position":2,"name":"Podcast"}]},{"@type":"WebSite","@id":"https:\/\/www.one.org\/fr\/#website","url":"https:\/\/www.one.org\/fr\/","name":"ONE.org","description":"Cr\u00e9er des opportunit\u00e9s \u00e9conomiques et am\u00e9liorer la sant\u00e9 en Afrique","potentialAction":[{"@type":"SearchAction","target":{"@type":"EntryPoint","urlTemplate":"https:\/\/www.one.org\/fr\/?s={search_term_string}"},"query-input":{"@type":"PropertyValueSpecification","valueRequired":true,"valueName":"search_term_string"}}],"inLanguage":"fr-FR"}]}},"distributor_meta":false,"distributor_terms":false,"distributor_media":false,"distributor_original_site_name":"ONE.org France","distributor_original_site_url":"https:\/\/www.one.org\/fr","push-errors":false,"_links":{"self":[{"href":"https:\/\/www.one.org\/fr\/wp-json\/wp\/v2\/pages\/164706","targetHints":{"allow":["GET"]}}],"collection":[{"href":"https:\/\/www.one.org\/fr\/wp-json\/wp\/v2\/pages"}],"about":[{"href":"https:\/\/www.one.org\/fr\/wp-json\/wp\/v2\/types\/page"}],"author":[{"embeddable":true,"href":"https:\/\/www.one.org\/fr\/wp-json\/wp\/v2\/users\/3"}],"replies":[{"embeddable":true,"href":"https:\/\/www.one.org\/fr\/wp-json\/wp\/v2\/comments?post=164706"}],"version-history":[{"count":0,"href":"https:\/\/www.one.org\/fr\/wp-json\/wp\/v2\/pages\/164706\/revisions"}],"wp:attachment":[{"href":"https:\/\/www.one.org\/fr\/wp-json\/wp\/v2\/media?parent=164706"}],"curies":[{"name":"wp","href":"https:\/\/api.w.org\/{rel}","templated":true}]}}