{"id":166108,"date":"2025-07-28T15:08:35","date_gmt":"2025-07-28T15:08:35","guid":{"rendered":"https:\/\/www.one.org\/fr\/?post_type=one_policy&#038;p=166108"},"modified":"2026-02-09T17:50:32","modified_gmt":"2026-02-09T17:50:32","slug":"quel-est-le-lien-entre-les-taxes-solidaires-et-laide-au-developpement","status":"publish","type":"one_policy","link":"https:\/\/www.one.org\/fr\/policy\/quel-est-le-lien-entre-les-taxes-solidaires-et-laide-au-developpement\/","title":{"rendered":"Quel est le lien entre les taxes solidaires et l&#8217;aide au d\u00e9veloppement ?"},"content":{"rendered":"\n<p>Les taxes solidaires fran\u00e7aises (taxe sur les billets d&#8217;avion et taxe sur les transactions financi\u00e8res) ont \u00e9t\u00e9 cr\u00e9\u00e9es pour financer directement le budget fran\u00e7ais de solidarit\u00e9 internationale. Derri\u00e8re cette affection, un principe cl\u00e9 : <strong>les b\u00e9n\u00e9ficiaires de la mondialisation doivent contribuer au d\u00e9veloppement international, et tant le secteur a\u00e9rien que celui des march\u00e9s financiers ont un impact sur la pauvret\u00e9 et les in\u00e9galit\u00e9s dans les pays pauvres<\/strong>. <\/p>\n\n\n\n<p>Explication dans cette note.<\/p>\n\n\n\n<div data-wp-interactive=\"core\/file\" class=\"wp-block-file\"><object data-wp-bind--hidden=\"!state.hasPdfPreview\" hidden class=\"wp-block-file__embed\" data=\"https:\/\/www.one.org\/fr\/wp-content\/uploads\/sites\/4\/2025\/07\/lien-taxes-solidaires-APD-blog-V2.pdf\" type=\"application\/pdf\" style=\"width:100%;height:600px\" aria-label=\"Embed of Lien taxes solidaires - APD.\"><\/object><a id=\"wp-block-file--media-f068f37a-0266-411a-8064-d43d8aba8870\" href=\"https:\/\/www.one.org\/fr\/wp-content\/uploads\/sites\/4\/2025\/07\/lien-taxes-solidaires-APD-blog-V2.pdf\">Lien taxes solidaires &#8211; APD<\/a><a href=\"https:\/\/www.one.org\/fr\/wp-content\/uploads\/sites\/4\/2025\/07\/lien-taxes-solidaires-APD-blog-V2.pdf\" class=\"wp-block-file__button wp-element-button\" download aria-describedby=\"wp-block-file--media-f068f37a-0266-411a-8064-d43d8aba8870\">T\u00e9l\u00e9charger<\/a><\/div>\n\n\n\n<p><\/p>\n<div class=\"buffer\"><\/div>","protected":false},"excerpt":{"rendered":"<p>Les taxes solidaires fran\u00e7aises (taxe sur les billets d\u2019avion et taxe sur les transactions financi\u00e8res) ont \u00e9t\u00e9 cr\u00e9\u00e9es pour financer directement le budget fran\u00e7ais de solidarit\u00e9 internationale. Derri\u00e8re cette affection, un principe cl\u00e9 : les b\u00e9n\u00e9ficiaires de la mondialisation doivent contribuer au d\u00e9veloppement international, et tant le secteur a\u00e9rien que celui des march\u00e9s financiers ont un impact sur la pauvret\u00e9 et les in\u00e9galit\u00e9s dans les pays pauvres. Explication dans cette note.<\/p>\n","protected":false},"author":61,"featured_media":0,"template":"","meta":{"_acf_changed":false,"_relevanssi_hide_post":"","_relevanssi_hide_content":"","_relevanssi_pin_for_all":"","_relevanssi_pin_keywords":"","_relevanssi_unpin_keywords":"","_relevanssi_related_keywords":"","_relevanssi_related_include_ids":"","_relevanssi_related_exclude_ids":"","_relevanssi_related_no_append":"","_relevanssi_related_not_related":"","_relevanssi_related_posts":"162466,166033,162671,163476,162471,162626","_relevanssi_noindex_reason":"","footnotes":""},"class_list":["post-166108","one_policy","type-one_policy","status-publish","hentry"],"acf":[],"yoast_head":"<!-- This site is optimized with the Yoast SEO Premium plugin v27.1 (Yoast SEO v27.1.1) - https:\/\/yoast.com\/product\/yoast-seo-premium-wordpress\/ -->\n<title>Quel est le lien entre les taxes solidaires et l&#039;aide au d\u00e9veloppement?<\/title>\n<meta name=\"description\" content=\"Les taxes solidaires fran\u00e7aises ont \u00e9t\u00e9 cr\u00e9\u00e9es pour financer directement le budget fran\u00e7ais de solidarit\u00e9 internationale. Explication dans cette note.\" \/>\n<meta name=\"robots\" content=\"index, follow, max-snippet:-1, max-image-preview:large, max-video-preview:-1\" \/>\n<link rel=\"canonical\" href=\"https:\/\/www.one.org\/fr\/policy\/quel-est-le-lien-entre-les-taxes-solidaires-et-laide-au-developpement\/\" \/>\n<meta property=\"og:locale\" content=\"fr_FR\" \/>\n<meta property=\"og:type\" content=\"article\" \/>\n<meta property=\"og:title\" content=\"Quel est le lien entre les taxes solidaires et l&#039;aide au d\u00e9veloppement ?\" \/>\n<meta property=\"og:description\" content=\"Les taxes solidaires fran\u00e7aises ont \u00e9t\u00e9 cr\u00e9\u00e9es pour financer directement le budget fran\u00e7ais de solidarit\u00e9 internationale. Explication dans cette note.\" \/>\n<meta property=\"og:url\" content=\"https:\/\/www.one.org\/fr\/policy\/quel-est-le-lien-entre-les-taxes-solidaires-et-laide-au-developpement\/\" \/>\n<meta property=\"og:site_name\" content=\"ONE.org France\" \/>\n<meta property=\"article:publisher\" content=\"https:\/\/www.facebook.com\/ONE.Fr\" \/>\n<meta property=\"article:modified_time\" content=\"2026-02-09T17:50:32+00:00\" \/>\n<meta property=\"og:image\" content=\"https:\/\/www.one.org\/fr\/wp-content\/uploads\/sites\/4\/2023\/09\/GA_share_1200x628-768x402-1.png\" \/>\n\t<meta property=\"og:image:width\" content=\"768\" \/>\n\t<meta property=\"og:image:height\" content=\"402\" \/>\n\t<meta property=\"og:image:type\" content=\"image\/png\" \/>\n<meta name=\"twitter:card\" content=\"summary_large_image\" \/>\n<meta name=\"twitter:site\" content=\"@one_fr\" \/>\n<meta name=\"twitter:label1\" content=\"Est. reading time\" \/>\n\t<meta name=\"twitter:data1\" content=\"1 minute\" \/>\n<script type=\"application\/ld+json\" class=\"yoast-schema-graph\">{\"@context\":\"https:\/\/schema.org\",\"@graph\":[{\"@type\":[\"Article\",\"Report\"],\"@id\":\"https:\/\/www.one.org\/fr\/policy\/quel-est-le-lien-entre-les-taxes-solidaires-et-laide-au-developpement\/#article\",\"isPartOf\":{\"@id\":\"https:\/\/www.one.org\/fr\/policy\/quel-est-le-lien-entre-les-taxes-solidaires-et-laide-au-developpement\/\"},\"author\":{\"name\":\"anaismagliocco\",\"@id\":\"https:\/\/www.one.org\/fr\/#\/schema\/person\/560dac97443426097181dfd3d6a45eb1\"},\"headline\":\"Quel est le lien entre les taxes solidaires et l&#8217;aide au d\u00e9veloppement ?\",\"datePublished\":\"2025-07-28T15:08:35+00:00\",\"dateModified\":\"2026-02-09T17:50:32+00:00\",\"mainEntityOfPage\":{\"@id\":\"https:\/\/www.one.org\/fr\/policy\/quel-est-le-lien-entre-les-taxes-solidaires-et-laide-au-developpement\/\"},\"wordCount\":105,\"inLanguage\":\"fr-FR\"},{\"@type\":\"WebPage\",\"@id\":\"https:\/\/www.one.org\/fr\/policy\/quel-est-le-lien-entre-les-taxes-solidaires-et-laide-au-developpement\/\",\"url\":\"https:\/\/www.one.org\/fr\/policy\/quel-est-le-lien-entre-les-taxes-solidaires-et-laide-au-developpement\/\",\"name\":\"Quel est le lien entre les taxes solidaires et l'aide au d\u00e9veloppement?\",\"isPartOf\":{\"@id\":\"https:\/\/www.one.org\/fr\/#website\"},\"datePublished\":\"2025-07-28T15:08:35+00:00\",\"dateModified\":\"2026-02-09T17:50:32+00:00\",\"description\":\"Les taxes solidaires fran\u00e7aises ont \u00e9t\u00e9 cr\u00e9\u00e9es pour financer directement le budget fran\u00e7ais de solidarit\u00e9 internationale. Explication dans cette note.\",\"breadcrumb\":{\"@id\":\"https:\/\/www.one.org\/fr\/policy\/quel-est-le-lien-entre-les-taxes-solidaires-et-laide-au-developpement\/#breadcrumb\"},\"inLanguage\":\"fr-FR\",\"potentialAction\":[{\"@type\":\"ReadAction\",\"target\":[\"https:\/\/www.one.org\/fr\/policy\/quel-est-le-lien-entre-les-taxes-solidaires-et-laide-au-developpement\/\"]}]},{\"@type\":\"BreadcrumbList\",\"@id\":\"https:\/\/www.one.org\/fr\/policy\/quel-est-le-lien-entre-les-taxes-solidaires-et-laide-au-developpement\/#breadcrumb\",\"itemListElement\":[{\"@type\":\"ListItem\",\"position\":1,\"name\":\"Home\",\"item\":\"https:\/\/www.one.org\/fr\/\"},{\"@type\":\"ListItem\",\"position\":2,\"name\":\"Quel est le lien entre les taxes solidaires et l&#8217;aide au d\u00e9veloppement ?\"}]},{\"@type\":\"WebSite\",\"@id\":\"https:\/\/www.one.org\/fr\/#website\",\"url\":\"https:\/\/www.one.org\/fr\/\",\"name\":\"ONE.org\",\"description\":\"Cr\u00e9er des opportunit\u00e9s \u00e9conomiques et am\u00e9liorer la sant\u00e9 en Afrique\",\"potentialAction\":[{\"@type\":\"SearchAction\",\"target\":{\"@type\":\"EntryPoint\",\"urlTemplate\":\"https:\/\/www.one.org\/fr\/?s={search_term_string}\"},\"query-input\":{\"@type\":\"PropertyValueSpecification\",\"valueRequired\":true,\"valueName\":\"search_term_string\"}}],\"inLanguage\":\"fr-FR\"},{\"@type\":\"Person\",\"@id\":\"https:\/\/www.one.org\/fr\/#\/schema\/person\/560dac97443426097181dfd3d6a45eb1\",\"name\":\"anaismagliocco\",\"image\":{\"@type\":\"ImageObject\",\"inLanguage\":\"fr-FR\",\"@id\":\"https:\/\/www.one.org\/fr\/#\/schema\/person\/image\/\",\"url\":\"https:\/\/secure.gravatar.com\/avatar\/46e4f7ca5708934a7a5825a225bccc2b431f238b8b38d4ad7be44e9af7d6a483?s=96&d=mm&r=g\",\"contentUrl\":\"https:\/\/secure.gravatar.com\/avatar\/46e4f7ca5708934a7a5825a225bccc2b431f238b8b38d4ad7be44e9af7d6a483?s=96&d=mm&r=g\",\"caption\":\"anaismagliocco\"},\"url\":\"https:\/\/www.one.org\/fr\/actualites\/author\/anaismagliocco\/\"}]}<\/script>\n<!-- \/ Yoast SEO Premium plugin. -->","yoast_head_json":{"title":"Quel est le lien entre les taxes solidaires et l'aide au d\u00e9veloppement?","description":"Les taxes solidaires fran\u00e7aises ont \u00e9t\u00e9 cr\u00e9\u00e9es pour financer directement le budget fran\u00e7ais de solidarit\u00e9 internationale. Explication dans cette note.","robots":{"index":"index","follow":"follow","max-snippet":"max-snippet:-1","max-image-preview":"max-image-preview:large","max-video-preview":"max-video-preview:-1"},"canonical":"https:\/\/www.one.org\/fr\/policy\/quel-est-le-lien-entre-les-taxes-solidaires-et-laide-au-developpement\/","og_locale":"fr_FR","og_type":"article","og_title":"Quel est le lien entre les taxes solidaires et l'aide au d\u00e9veloppement ?","og_description":"Les taxes solidaires fran\u00e7aises ont \u00e9t\u00e9 cr\u00e9\u00e9es pour financer directement le budget fran\u00e7ais de solidarit\u00e9 internationale. Explication dans cette note.","og_url":"https:\/\/www.one.org\/fr\/policy\/quel-est-le-lien-entre-les-taxes-solidaires-et-laide-au-developpement\/","og_site_name":"ONE.org France","article_publisher":"https:\/\/www.facebook.com\/ONE.Fr","article_modified_time":"2026-02-09T17:50:32+00:00","og_image":[{"width":768,"height":402,"url":"https:\/\/www.one.org\/fr\/wp-content\/uploads\/sites\/4\/2023\/09\/GA_share_1200x628-768x402-1.png","type":"image\/png"}],"twitter_card":"summary_large_image","twitter_site":"@one_fr","twitter_misc":{"Est. reading time":"1 minute"},"schema":{"@context":"https:\/\/schema.org","@graph":[{"@type":["Article","Report"],"@id":"https:\/\/www.one.org\/fr\/policy\/quel-est-le-lien-entre-les-taxes-solidaires-et-laide-au-developpement\/#article","isPartOf":{"@id":"https:\/\/www.one.org\/fr\/policy\/quel-est-le-lien-entre-les-taxes-solidaires-et-laide-au-developpement\/"},"author":{"name":"anaismagliocco","@id":"https:\/\/www.one.org\/fr\/#\/schema\/person\/560dac97443426097181dfd3d6a45eb1"},"headline":"Quel est le lien entre les taxes solidaires et l&#8217;aide au d\u00e9veloppement ?","datePublished":"2025-07-28T15:08:35+00:00","dateModified":"2026-02-09T17:50:32+00:00","mainEntityOfPage":{"@id":"https:\/\/www.one.org\/fr\/policy\/quel-est-le-lien-entre-les-taxes-solidaires-et-laide-au-developpement\/"},"wordCount":105,"inLanguage":"fr-FR"},{"@type":"WebPage","@id":"https:\/\/www.one.org\/fr\/policy\/quel-est-le-lien-entre-les-taxes-solidaires-et-laide-au-developpement\/","url":"https:\/\/www.one.org\/fr\/policy\/quel-est-le-lien-entre-les-taxes-solidaires-et-laide-au-developpement\/","name":"Quel est le lien entre les taxes solidaires et l'aide au d\u00e9veloppement?","isPartOf":{"@id":"https:\/\/www.one.org\/fr\/#website"},"datePublished":"2025-07-28T15:08:35+00:00","dateModified":"2026-02-09T17:50:32+00:00","description":"Les taxes solidaires fran\u00e7aises ont \u00e9t\u00e9 cr\u00e9\u00e9es pour financer directement le budget fran\u00e7ais de solidarit\u00e9 internationale. Explication dans cette note.","breadcrumb":{"@id":"https:\/\/www.one.org\/fr\/policy\/quel-est-le-lien-entre-les-taxes-solidaires-et-laide-au-developpement\/#breadcrumb"},"inLanguage":"fr-FR","potentialAction":[{"@type":"ReadAction","target":["https:\/\/www.one.org\/fr\/policy\/quel-est-le-lien-entre-les-taxes-solidaires-et-laide-au-developpement\/"]}]},{"@type":"BreadcrumbList","@id":"https:\/\/www.one.org\/fr\/policy\/quel-est-le-lien-entre-les-taxes-solidaires-et-laide-au-developpement\/#breadcrumb","itemListElement":[{"@type":"ListItem","position":1,"name":"Home","item":"https:\/\/www.one.org\/fr\/"},{"@type":"ListItem","position":2,"name":"Quel est le lien entre les taxes solidaires et l&#8217;aide au d\u00e9veloppement ?"}]},{"@type":"WebSite","@id":"https:\/\/www.one.org\/fr\/#website","url":"https:\/\/www.one.org\/fr\/","name":"ONE.org","description":"Cr\u00e9er des opportunit\u00e9s \u00e9conomiques et am\u00e9liorer la sant\u00e9 en Afrique","potentialAction":[{"@type":"SearchAction","target":{"@type":"EntryPoint","urlTemplate":"https:\/\/www.one.org\/fr\/?s={search_term_string}"},"query-input":{"@type":"PropertyValueSpecification","valueRequired":true,"valueName":"search_term_string"}}],"inLanguage":"fr-FR"},{"@type":"Person","@id":"https:\/\/www.one.org\/fr\/#\/schema\/person\/560dac97443426097181dfd3d6a45eb1","name":"anaismagliocco","image":{"@type":"ImageObject","inLanguage":"fr-FR","@id":"https:\/\/www.one.org\/fr\/#\/schema\/person\/image\/","url":"https:\/\/secure.gravatar.com\/avatar\/46e4f7ca5708934a7a5825a225bccc2b431f238b8b38d4ad7be44e9af7d6a483?s=96&d=mm&r=g","contentUrl":"https:\/\/secure.gravatar.com\/avatar\/46e4f7ca5708934a7a5825a225bccc2b431f238b8b38d4ad7be44e9af7d6a483?s=96&d=mm&r=g","caption":"anaismagliocco"},"url":"https:\/\/www.one.org\/fr\/actualites\/author\/anaismagliocco\/"}]}},"distributor_meta":false,"distributor_terms":false,"distributor_media":false,"distributor_original_site_name":"ONE.org France","distributor_original_site_url":"https:\/\/www.one.org\/fr","push-errors":false,"_links":{"self":[{"href":"https:\/\/www.one.org\/fr\/wp-json\/wp\/v2\/one_policy\/166108","targetHints":{"allow":["GET"]}}],"collection":[{"href":"https:\/\/www.one.org\/fr\/wp-json\/wp\/v2\/one_policy"}],"about":[{"href":"https:\/\/www.one.org\/fr\/wp-json\/wp\/v2\/types\/one_policy"}],"author":[{"embeddable":true,"href":"https:\/\/www.one.org\/fr\/wp-json\/wp\/v2\/users\/61"}],"version-history":[{"count":0,"href":"https:\/\/www.one.org\/fr\/wp-json\/wp\/v2\/one_policy\/166108\/revisions"}],"wp:attachment":[{"href":"https:\/\/www.one.org\/fr\/wp-json\/wp\/v2\/media?parent=166108"}],"curies":[{"name":"wp","href":"https:\/\/api.w.org\/{rel}","templated":true}]}}