{"id":165869,"date":"2025-02-18T10:39:26","date_gmt":"2025-02-18T10:39:26","guid":{"rendered":"https:\/\/www.one.org\/fr\/?post_type=one_policy&#038;p=165869"},"modified":"2025-05-05T14:56:43","modified_gmt":"2025-05-05T14:56:43","slug":"sante-mondiale-pour-les-nuls","status":"publish","type":"one_policy","link":"https:\/\/www.one.org\/fr\/policy\/sante-mondiale-pour-les-nuls\/","title":{"rendered":"La sant\u00e9 mondiale pour les nuls"},"content":{"rendered":"\n<p>La sant\u00e9 est un droit fondamental de l\u2019\u00eatre humain : elle est la condition primordiale d\u2019une vie digne. Pourtant, ce droit est menac\u00e9. Des in\u00e9galit\u00e9s d\u2019acc\u00e8s aux soins les plus basiques persistent, et dans de trop nombreux pays, les populations ne peuvent pas se soigner \u00e0 cause des barri\u00e8res financi\u00e8res, du manque de personnel ou de l\u2019\u00e9loignement des \u00e9tablissements de sant\u00e9.<\/p>\n\n\n\n<p>Ce manque d\u2019acc\u00e8s aux soin est un scandale \u00e9thique, mais cela repr\u00e9sente aussi un co\u00fbt \u00e9norme pour nos soci\u00e9t\u00e9s : garantir une vie en bonne sant\u00e9 pour toutes et tous favorise l\u2019\u00e9mergence de soci\u00e9t\u00e9s apais\u00e9es et d\u2019\u00e9conomies saines.<\/p>\n\n\n\n<p>Ces questions peuvent sembler lointaines, et pourtant elles nous concernent toutes et tous et ont un impact sur notre quotidien. Dans un monde de plus en plus interconnect\u00e9, la sant\u00e9 des Fran\u00e7aises et des Fran\u00e7ais d\u00e9pend de mani\u00e8re croissante de l\u2019\u00e9tat de sant\u00e9 des autres citoyens de la plan\u00e8te. Comme l\u2019a d\u00e9montr\u00e9 la pand\u00e9mie de COVID-19, les virus ne s\u2019arr\u00eatent pas aux fronti\u00e8res et il devient de moins en moins efficace d\u2019\u00e9laborer des politiques de sant\u00e9 concentr\u00e9es uniquement sur le niveau national. Les menaces sanitaires \u00e9tant de plus en plus mondialis\u00e9es, <strong>le co\u00fbt de l\u2019inaction est de plus en plus lourd<\/strong>. <\/p>\n\n\n\n<p>Alors que nous sortons d\u2019une pand\u00e9mie mondiale d\u00e9vastatrice, la part de l&#8217;aide publique au d\u00e9veloppement (APD) mondiale consacr\u00e9e \u00e0 la sant\u00e9 est au plus bas depuis 10 ans. Entre 2022 et 2023, l\u2019APD mondiale pour la sant\u00e9 a \u00e9t\u00e9 r\u00e9duite de 36 % et l\u2019APD fran\u00e7aise pour la sant\u00e9 de 20 %. Pour atteindre les objectifs fix\u00e9s par la communaut\u00e9 internationale dans l\u2019ODD 3, l\u2019OMS estime entre 200 et 328 milliards de dollars par an le montant \u00e0 allouer jusqu\u2019en 2030 \u00e0 destination des pays en d\u00e9veloppement. <strong>Il est donc urgent d\u2019acc\u00e9l\u00e9rer nos efforts et nos investissements<\/strong> afin de garantir \u00e0 toutes et tous le droit \u00e0 la sant\u00e9 et de prot\u00e9ger les populations de la plan\u00e8te des maladies du pass\u00e9 et des pand\u00e9mies futures.<\/p>\n\n\n\n<p>2025 sera une ann\u00e9e charni\u00e8re : de nombreux fonds multilat\u00e9raux qui oeuvrent en faveur de la sant\u00e9 mondiale organisent cette ann\u00e9e leur conf\u00e9rence de reconstitution des ressources. Le succ\u00e8s ou l\u2019\u00e9chec de celles-ci d\u00e9terminera notre capacit\u00e9 \u00e0 am\u00e9liorer l\u2019acc\u00e8s aux soins de sant\u00e9 d\u2019ici \u00e0 2030. <strong>La France doit prendre sa juste part et \u00eatre au rendez-vous<\/strong>.<\/p>\n\n\n\n<p>La France a toujours \u00e9t\u00e9 un leader en mati\u00e8re de sant\u00e9 mondiale. Elle a jou\u00e9 un r\u00f4le historique en faveur de la lutte contre les pand\u00e9mies et a \u00e9t\u00e9 pionni\u00e8re dans la mise en place de financements innovants pour la coop\u00e9ration internationale, notamment en sant\u00e9. Nous devons poursuivre cet engagement de longue date qui permet de sauver des millions de vie chaque ann\u00e9e. Rien qu\u2019en 2023, notre APD a permis <strong>d\u2019am\u00e9liorer l\u2019acc\u00e8s \u00e0 la sant\u00e9 de plus de 15 millions de personnes<\/strong>.<\/p>\n\n\n\n<p>ONE et ses partenaires demandent que les contributions financi\u00e8res de la France aux fonds multilat\u00e9raux en sant\u00e9 pour 2026-2030 soient au moins \u00e9gales \u00e0 celles de la p\u00e9riode pr\u00e9c\u00e9dente (2021-2025), <strong>soit environ 4,5 milliards d\u2019euros<\/strong>.<\/p>\n\n\n\n<h2 class=\"wp-block-heading\" id=\"h-pour-en-savoir-plus-sur-nos-demandes-concretes-telechargez-notre-livret-la-sante-mondiale-pour-les-nuls\">Pour en savoir plus sur nos demandes concr\u00e8tes, <a href=\"https:\/\/www.one.org\/fr\/wp-content\/uploads\/sites\/4\/2025\/02\/La-sante-mondiale-pour-les-nuls.pdf\">t\u00e9l\u00e9chargez notre livret La sant\u00e9 mondiale pour les nuls<\/a>.<strong> <\/strong><\/h2>\n\n\n\n<div data-wp-interactive=\"core\/file\" class=\"wp-block-file\"><object data-wp-bind--hidden=\"!state.hasPdfPreview\" hidden class=\"wp-block-file__embed\" data=\"https:\/\/www.one.org\/fr\/wp-content\/uploads\/sites\/4\/2025\/02\/La-sante-mondiale-pour-les-nuls.pdf\" type=\"application\/pdf\" style=\"width:100%;height:600px\" aria-label=\"Embed of La sant\u00e9 mondiale pour les nuls.\"><\/object><a id=\"wp-block-file--media-d05aa47c-f6fa-4d85-afb0-563b5ea9faac\" href=\"https:\/\/www.one.org\/fr\/wp-content\/uploads\/sites\/4\/2025\/02\/La-sante-mondiale-pour-les-nuls.pdf\">La sant\u00e9 mondiale pour les nuls<\/a><a href=\"https:\/\/www.one.org\/fr\/wp-content\/uploads\/sites\/4\/2025\/02\/La-sante-mondiale-pour-les-nuls.pdf\" class=\"wp-block-file__button wp-element-button\" download aria-describedby=\"wp-block-file--media-d05aa47c-f6fa-4d85-afb0-563b5ea9faac\">T\u00e9l\u00e9charger<\/a><\/div>\n<div class=\"buffer\"><\/div>","protected":false},"excerpt":{"rendered":"<p>La sant\u00e9 est un droit fondamental de l\u2019\u00eatre humain : elle est la condition primordiale d\u2019une vie digne. Pourtant, ce droit est menac\u00e9. Des in\u00e9galit\u00e9s d\u2019acc\u00e8s aux soins les plus basiques persistent, et dans de trop nombreux pays, les populations ne peuvent pas se soigner \u00e0 cause des barri\u00e8res financi\u00e8res, du manque de personnel ou de l\u2019\u00e9loignement des \u00e9tablissements de sant\u00e9. 2025 sera une ann\u00e9e charni\u00e8re : de nombreux fonds multilat\u00e9raux qui oeuvrent en faveur de la sant\u00e9 mondiale organisent cette ann\u00e9e leur conf\u00e9rence de reconstitution des ressources. Le succ\u00e8s ou l\u2019\u00e9chec de celles-ci d\u00e9terminera notre capacit\u00e9 \u00e0 am\u00e9liorer l\u2019acc\u00e8s aux soins de sant\u00e9 d\u2019ici \u00e0 2030. La France doit prendre sa juste part et \u00eatre au rendez-vous.<\/p>\n","protected":false},"author":24,"featured_media":165871,"template":"","meta":{"_acf_changed":false,"_relevanssi_hide_post":"","_relevanssi_hide_content":"","_relevanssi_pin_for_all":"","_relevanssi_pin_keywords":"","_relevanssi_unpin_keywords":"","_relevanssi_related_keywords":"","_relevanssi_related_include_ids":"","_relevanssi_related_exclude_ids":"","_relevanssi_related_no_append":"","_relevanssi_related_not_related":"","_relevanssi_related_posts":"162625,162504,162524,162583,162462,162432","_relevanssi_noindex_reason":"","footnotes":""},"class_list":["post-165869","one_policy","type-one_policy","status-publish","has-post-thumbnail","hentry"],"acf":[],"yoast_head":"<!-- This site is optimized with the Yoast SEO Premium plugin v27.1 (Yoast SEO v27.1.1) - https:\/\/yoast.com\/product\/yoast-seo-premium-wordpress\/ -->\n<title>La sant\u00e9 mondiale pour les nuls - ONE.org France<\/title>\n<meta name=\"description\" content=\"De nombreux fonds multilat\u00e9raux \u0153uvrant en faveur de la sant\u00e9 mondiale organisent en 2025 leur conf\u00e9rence de reconstitution des ressources.\" \/>\n<meta name=\"robots\" content=\"index, follow, max-snippet:-1, max-image-preview:large, max-video-preview:-1\" \/>\n<link rel=\"canonical\" href=\"https:\/\/www.one.org\/fr\/policy\/sante-mondiale-pour-les-nuls\/\" \/>\n<meta property=\"og:locale\" content=\"fr_FR\" \/>\n<meta property=\"og:type\" content=\"article\" \/>\n<meta property=\"og:title\" content=\"La sant\u00e9 mondiale pour les nuls\" \/>\n<meta property=\"og:description\" content=\"De nombreux fonds multilat\u00e9raux \u0153uvrant en faveur de la sant\u00e9 mondiale organisent en 2025 leur conf\u00e9rence de reconstitution des ressources.\" \/>\n<meta property=\"og:url\" content=\"https:\/\/www.one.org\/fr\/policy\/sante-mondiale-pour-les-nuls\/\" \/>\n<meta property=\"og:site_name\" content=\"ONE.org France\" \/>\n<meta property=\"article:publisher\" content=\"https:\/\/www.facebook.com\/ONE.Fr\" \/>\n<meta property=\"article:modified_time\" content=\"2025-05-05T14:56:43+00:00\" \/>\n<meta property=\"og:image\" content=\"https:\/\/www.one.org\/fr\/wp-content\/uploads\/sites\/4\/2025\/02\/Capture-1.png\" \/>\n\t<meta property=\"og:image:width\" content=\"1137\" \/>\n\t<meta property=\"og:image:height\" content=\"520\" \/>\n\t<meta property=\"og:image:type\" content=\"image\/png\" \/>\n<meta name=\"twitter:card\" content=\"summary_large_image\" \/>\n<meta name=\"twitter:description\" content=\"De nombreux fonds multilat\u00e9raux \u0153uvrant en faveur de la sant\u00e9 mondiale organisent en 2025 leur conf\u00e9rence de reconstitution des ressources.\" \/>\n<meta name=\"twitter:site\" content=\"@one_fr\" \/>\n<meta name=\"twitter:label1\" content=\"Est. reading time\" \/>\n\t<meta name=\"twitter:data1\" content=\"3 minutes\" \/>\n<script type=\"application\/ld+json\" class=\"yoast-schema-graph\">{\"@context\":\"https:\/\/schema.org\",\"@graph\":[{\"@type\":[\"Article\",\"Report\"],\"@id\":\"https:\/\/www.one.org\/fr\/policy\/sante-mondiale-pour-les-nuls\/#article\",\"isPartOf\":{\"@id\":\"https:\/\/www.one.org\/fr\/policy\/sante-mondiale-pour-les-nuls\/\"},\"author\":{\"name\":\"Dana Khalil\",\"@id\":\"https:\/\/www.one.org\/fr\/#\/schema\/person\/cf1f30f9800f0592ec3d61940be82003\"},\"headline\":\"La sant\u00e9 mondiale pour les nuls\",\"datePublished\":\"2025-02-18T10:39:26+00:00\",\"dateModified\":\"2025-05-05T14:56:43+00:00\",\"mainEntityOfPage\":{\"@id\":\"https:\/\/www.one.org\/fr\/policy\/sante-mondiale-pour-les-nuls\/\"},\"wordCount\":592,\"image\":{\"@id\":\"https:\/\/www.one.org\/fr\/policy\/sante-mondiale-pour-les-nuls\/#primaryimage\"},\"thumbnailUrl\":\"https:\/\/www.one.org\/fr\/wp-content\/uploads\/sites\/4\/2025\/02\/Capture-1.png\",\"inLanguage\":\"fr-FR\"},{\"@type\":\"WebPage\",\"@id\":\"https:\/\/www.one.org\/fr\/policy\/sante-mondiale-pour-les-nuls\/\",\"url\":\"https:\/\/www.one.org\/fr\/policy\/sante-mondiale-pour-les-nuls\/\",\"name\":\"La sant\u00e9 mondiale pour les nuls - ONE.org France\",\"isPartOf\":{\"@id\":\"https:\/\/www.one.org\/fr\/#website\"},\"primaryImageOfPage\":{\"@id\":\"https:\/\/www.one.org\/fr\/policy\/sante-mondiale-pour-les-nuls\/#primaryimage\"},\"image\":{\"@id\":\"https:\/\/www.one.org\/fr\/policy\/sante-mondiale-pour-les-nuls\/#primaryimage\"},\"thumbnailUrl\":\"https:\/\/www.one.org\/fr\/wp-content\/uploads\/sites\/4\/2025\/02\/Capture-1.png\",\"datePublished\":\"2025-02-18T10:39:26+00:00\",\"dateModified\":\"2025-05-05T14:56:43+00:00\",\"description\":\"De nombreux fonds multilat\u00e9raux \u0153uvrant en faveur de la sant\u00e9 mondiale organisent en 2025 leur conf\u00e9rence de reconstitution des ressources.\",\"breadcrumb\":{\"@id\":\"https:\/\/www.one.org\/fr\/policy\/sante-mondiale-pour-les-nuls\/#breadcrumb\"},\"inLanguage\":\"fr-FR\",\"potentialAction\":[{\"@type\":\"ReadAction\",\"target\":[\"https:\/\/www.one.org\/fr\/policy\/sante-mondiale-pour-les-nuls\/\"]}]},{\"@type\":\"ImageObject\",\"inLanguage\":\"fr-FR\",\"@id\":\"https:\/\/www.one.org\/fr\/policy\/sante-mondiale-pour-les-nuls\/#primaryimage\",\"url\":\"https:\/\/www.one.org\/fr\/wp-content\/uploads\/sites\/4\/2025\/02\/Capture-1.png\",\"contentUrl\":\"https:\/\/www.one.org\/fr\/wp-content\/uploads\/sites\/4\/2025\/02\/Capture-1.png\",\"width\":1137,\"height\":520},{\"@type\":\"BreadcrumbList\",\"@id\":\"https:\/\/www.one.org\/fr\/policy\/sante-mondiale-pour-les-nuls\/#breadcrumb\",\"itemListElement\":[{\"@type\":\"ListItem\",\"position\":1,\"name\":\"Home\",\"item\":\"https:\/\/www.one.org\/fr\/\"},{\"@type\":\"ListItem\",\"position\":2,\"name\":\"La sant\u00e9 mondiale pour les nuls\"}]},{\"@type\":\"WebSite\",\"@id\":\"https:\/\/www.one.org\/fr\/#website\",\"url\":\"https:\/\/www.one.org\/fr\/\",\"name\":\"ONE.org\",\"description\":\"Cr\u00e9er des opportunit\u00e9s \u00e9conomiques et am\u00e9liorer la sant\u00e9 en Afrique\",\"potentialAction\":[{\"@type\":\"SearchAction\",\"target\":{\"@type\":\"EntryPoint\",\"urlTemplate\":\"https:\/\/www.one.org\/fr\/?s={search_term_string}\"},\"query-input\":{\"@type\":\"PropertyValueSpecification\",\"valueRequired\":true,\"valueName\":\"search_term_string\"}}],\"inLanguage\":\"fr-FR\"},{\"@type\":\"Person\",\"@id\":\"https:\/\/www.one.org\/fr\/#\/schema\/person\/cf1f30f9800f0592ec3d61940be82003\",\"name\":\"Dana Khalil\",\"image\":{\"@type\":\"ImageObject\",\"inLanguage\":\"fr-FR\",\"@id\":\"https:\/\/www.one.org\/fr\/#\/schema\/person\/image\/\",\"url\":\"https:\/\/secure.gravatar.com\/avatar\/b0da536f00ccefadcc7aae4e64855977a5249adb1ac04162a69474e53a8d4c40?s=96&d=mm&r=g\",\"contentUrl\":\"https:\/\/secure.gravatar.com\/avatar\/b0da536f00ccefadcc7aae4e64855977a5249adb1ac04162a69474e53a8d4c40?s=96&d=mm&r=g\",\"caption\":\"Dana Khalil\"},\"url\":\"https:\/\/www.one.org\/fr\/actualites\/author\/danakhalil\/\"}]}<\/script>\n<!-- \/ Yoast SEO Premium plugin. -->","yoast_head_json":{"title":"La sant\u00e9 mondiale pour les nuls - ONE.org France","description":"De nombreux fonds multilat\u00e9raux \u0153uvrant en faveur de la sant\u00e9 mondiale organisent en 2025 leur conf\u00e9rence de reconstitution des ressources.","robots":{"index":"index","follow":"follow","max-snippet":"max-snippet:-1","max-image-preview":"max-image-preview:large","max-video-preview":"max-video-preview:-1"},"canonical":"https:\/\/www.one.org\/fr\/policy\/sante-mondiale-pour-les-nuls\/","og_locale":"fr_FR","og_type":"article","og_title":"La sant\u00e9 mondiale pour les nuls","og_description":"De nombreux fonds multilat\u00e9raux \u0153uvrant en faveur de la sant\u00e9 mondiale organisent en 2025 leur conf\u00e9rence de reconstitution des ressources.","og_url":"https:\/\/www.one.org\/fr\/policy\/sante-mondiale-pour-les-nuls\/","og_site_name":"ONE.org France","article_publisher":"https:\/\/www.facebook.com\/ONE.Fr","article_modified_time":"2025-05-05T14:56:43+00:00","og_image":[{"width":1137,"height":520,"url":"https:\/\/www.one.org\/fr\/wp-content\/uploads\/sites\/4\/2025\/02\/Capture-1.png","type":"image\/png"}],"twitter_card":"summary_large_image","twitter_description":"De nombreux fonds multilat\u00e9raux \u0153uvrant en faveur de la sant\u00e9 mondiale organisent en 2025 leur conf\u00e9rence de reconstitution des ressources.","twitter_site":"@one_fr","twitter_misc":{"Est. reading time":"3 minutes"},"schema":{"@context":"https:\/\/schema.org","@graph":[{"@type":["Article","Report"],"@id":"https:\/\/www.one.org\/fr\/policy\/sante-mondiale-pour-les-nuls\/#article","isPartOf":{"@id":"https:\/\/www.one.org\/fr\/policy\/sante-mondiale-pour-les-nuls\/"},"author":{"name":"Dana Khalil","@id":"https:\/\/www.one.org\/fr\/#\/schema\/person\/cf1f30f9800f0592ec3d61940be82003"},"headline":"La sant\u00e9 mondiale pour les nuls","datePublished":"2025-02-18T10:39:26+00:00","dateModified":"2025-05-05T14:56:43+00:00","mainEntityOfPage":{"@id":"https:\/\/www.one.org\/fr\/policy\/sante-mondiale-pour-les-nuls\/"},"wordCount":592,"image":{"@id":"https:\/\/www.one.org\/fr\/policy\/sante-mondiale-pour-les-nuls\/#primaryimage"},"thumbnailUrl":"https:\/\/www.one.org\/fr\/wp-content\/uploads\/sites\/4\/2025\/02\/Capture-1.png","inLanguage":"fr-FR"},{"@type":"WebPage","@id":"https:\/\/www.one.org\/fr\/policy\/sante-mondiale-pour-les-nuls\/","url":"https:\/\/www.one.org\/fr\/policy\/sante-mondiale-pour-les-nuls\/","name":"La sant\u00e9 mondiale pour les nuls - ONE.org France","isPartOf":{"@id":"https:\/\/www.one.org\/fr\/#website"},"primaryImageOfPage":{"@id":"https:\/\/www.one.org\/fr\/policy\/sante-mondiale-pour-les-nuls\/#primaryimage"},"image":{"@id":"https:\/\/www.one.org\/fr\/policy\/sante-mondiale-pour-les-nuls\/#primaryimage"},"thumbnailUrl":"https:\/\/www.one.org\/fr\/wp-content\/uploads\/sites\/4\/2025\/02\/Capture-1.png","datePublished":"2025-02-18T10:39:26+00:00","dateModified":"2025-05-05T14:56:43+00:00","description":"De nombreux fonds multilat\u00e9raux \u0153uvrant en faveur de la sant\u00e9 mondiale organisent en 2025 leur conf\u00e9rence de reconstitution des ressources.","breadcrumb":{"@id":"https:\/\/www.one.org\/fr\/policy\/sante-mondiale-pour-les-nuls\/#breadcrumb"},"inLanguage":"fr-FR","potentialAction":[{"@type":"ReadAction","target":["https:\/\/www.one.org\/fr\/policy\/sante-mondiale-pour-les-nuls\/"]}]},{"@type":"ImageObject","inLanguage":"fr-FR","@id":"https:\/\/www.one.org\/fr\/policy\/sante-mondiale-pour-les-nuls\/#primaryimage","url":"https:\/\/www.one.org\/fr\/wp-content\/uploads\/sites\/4\/2025\/02\/Capture-1.png","contentUrl":"https:\/\/www.one.org\/fr\/wp-content\/uploads\/sites\/4\/2025\/02\/Capture-1.png","width":1137,"height":520},{"@type":"BreadcrumbList","@id":"https:\/\/www.one.org\/fr\/policy\/sante-mondiale-pour-les-nuls\/#breadcrumb","itemListElement":[{"@type":"ListItem","position":1,"name":"Home","item":"https:\/\/www.one.org\/fr\/"},{"@type":"ListItem","position":2,"name":"La sant\u00e9 mondiale pour les nuls"}]},{"@type":"WebSite","@id":"https:\/\/www.one.org\/fr\/#website","url":"https:\/\/www.one.org\/fr\/","name":"ONE.org","description":"Cr\u00e9er des opportunit\u00e9s \u00e9conomiques et am\u00e9liorer la sant\u00e9 en Afrique","potentialAction":[{"@type":"SearchAction","target":{"@type":"EntryPoint","urlTemplate":"https:\/\/www.one.org\/fr\/?s={search_term_string}"},"query-input":{"@type":"PropertyValueSpecification","valueRequired":true,"valueName":"search_term_string"}}],"inLanguage":"fr-FR"},{"@type":"Person","@id":"https:\/\/www.one.org\/fr\/#\/schema\/person\/cf1f30f9800f0592ec3d61940be82003","name":"Dana Khalil","image":{"@type":"ImageObject","inLanguage":"fr-FR","@id":"https:\/\/www.one.org\/fr\/#\/schema\/person\/image\/","url":"https:\/\/secure.gravatar.com\/avatar\/b0da536f00ccefadcc7aae4e64855977a5249adb1ac04162a69474e53a8d4c40?s=96&d=mm&r=g","contentUrl":"https:\/\/secure.gravatar.com\/avatar\/b0da536f00ccefadcc7aae4e64855977a5249adb1ac04162a69474e53a8d4c40?s=96&d=mm&r=g","caption":"Dana Khalil"},"url":"https:\/\/www.one.org\/fr\/actualites\/author\/danakhalil\/"}]}},"distributor_meta":false,"distributor_terms":false,"distributor_media":false,"distributor_original_site_name":"ONE.org France","distributor_original_site_url":"https:\/\/www.one.org\/fr","push-errors":false,"_links":{"self":[{"href":"https:\/\/www.one.org\/fr\/wp-json\/wp\/v2\/one_policy\/165869","targetHints":{"allow":["GET"]}}],"collection":[{"href":"https:\/\/www.one.org\/fr\/wp-json\/wp\/v2\/one_policy"}],"about":[{"href":"https:\/\/www.one.org\/fr\/wp-json\/wp\/v2\/types\/one_policy"}],"author":[{"embeddable":true,"href":"https:\/\/www.one.org\/fr\/wp-json\/wp\/v2\/users\/24"}],"version-history":[{"count":0,"href":"https:\/\/www.one.org\/fr\/wp-json\/wp\/v2\/one_policy\/165869\/revisions"}],"wp:featuredmedia":[{"embeddable":true,"href":"https:\/\/www.one.org\/fr\/wp-json\/wp\/v2\/media\/165871"}],"wp:attachment":[{"href":"https:\/\/www.one.org\/fr\/wp-json\/wp\/v2\/media?parent=165869"}],"curies":[{"name":"wp","href":"https:\/\/api.w.org\/{rel}","templated":true}]}}