{"id":165614,"date":"2024-05-15T12:54:18","date_gmt":"2024-05-15T12:54:18","guid":{"rendered":"https:\/\/www.one.org\/fr\/?post_type=one_policy&#038;p=165614"},"modified":"2024-05-15T12:54:21","modified_gmt":"2024-05-15T12:54:21","slug":"rapport-sensibilisation-objectifs-developpement-durable","status":"publish","type":"one_policy","link":"https:\/\/www.one.org\/fr\/policy\/rapport-sensibilisation-objectifs-developpement-durable\/","title":{"rendered":"Comment am\u00e9liorer la sensibilisation du grand public aux Objectifs de d\u00e9veloppement durable"},"content":{"rendered":"\n<p>Les jeunes Ambassadeurs et Ambassadrices de ONE (promotion 2023) ont r\u00e9dig\u00e9 un rapport destin\u00e9 au minist\u00e8re de l&#8217;Europe et des Affaires \u00e9trang\u00e8res afin d&#8217;\u00e9laborer plusieurs propositions visant \u00e0 am\u00e9liorer la sensibilisation des citoyen\u00b7ne\u00b7s fran\u00e7ais\u00b7e\u00b7s aux Objectifs de d\u00e9veloppement durable (ODD). Ce rapport a \u00e9t\u00e9 pr\u00e9sent\u00e9 et remis \u00e0 Chrysoula Zacharopoulou, Secr\u00e9taire d&#8217;Etat charg\u00e9e du d\u00e9veloppement et des partenariats internationaux, le 24 avril 2024.<\/p>\n\n\n\n<p><strong><u>Contexte et Objectif <\/u>:<\/strong> L&#8217;Agenda 2030 est un plan d&#8217;action mondial adopt\u00e9 par l&#8217;ONU en 2015, visant \u00e0 prot\u00e9ger la plan\u00e8te et mettre fin \u00e0 l&#8217;extr\u00eame pauvret\u00e9. Il est divis\u00e9 en 17 Objectifs de d\u00e9veloppement durable (ODD) couvrant un large \u00e9ventail de domaines. Cependant, il reste moins de sept ann\u00e9es pour atteindre ces objectifs et les r\u00e9centes crises ont an\u00e9anti les progr\u00e8s r\u00e9alis\u00e9s. Ce rapport, r\u00e9dig\u00e9 par de jeunes b\u00e9n\u00e9voles de l\u2019ONG ONE, vise \u00e0 mobiliser la soci\u00e9t\u00e9 civile, en particulier les jeunes, pour atteindre ces objectifs en les sensibilisant et en les incitant \u00e0 agir.<\/p>\n\n\n\n<p><strong><u>Conviction<\/u><\/strong> : Chacun\u00b7e peut contribuer aux ODD \u00e0 son \u00e9chelle et une mobilisation de tous les acteurs est n\u00e9cessaire, \u00e0 l\u2019\u00e9chelle nationale et internationale. Des progr\u00e8s ont d\u00e9j\u00e0 \u00e9t\u00e9 r\u00e9alis\u00e9s sur certains ODD, mais il reste encore beaucoup \u00e0 faire pour atteindre les cibles fix\u00e9es pour 2030.<\/p>\n\n\n\n<p><strong><u>Approche<\/u><\/strong><strong> :<\/strong> Ce rapport propose plusieurs initiatives pour sensibiliser la population aux ODD, notamment des strat\u00e9gies de communication sur les r\u00e9seaux sociaux, l&#8217;installation de dispositifs artistiques dans l&#8217;espace public et la sensibilisation de la jeunesse. Des partenariats avec les mairies, les ambassades fran\u00e7aises \u00e0 l&#8217;\u00e9tranger, les associations et les organisations internationales sont envisag\u00e9s pour rendre ces initiatives possibles.<\/p>\n\n\n\n<p><strong><u>Proposition 1 &#8211; Installation\/Exposition<\/u><\/strong><strong> :<\/strong> Trois projets d&#8217;installations interactives et accessibles dans l&#8217;espace public sont propos\u00e9s, chacun adapt\u00e9 \u00e0 un budget diff\u00e9rent. Le premier, &#8220;La travers\u00e9e lumineuse des ODD&#8221;, est un jeu ludique destin\u00e9 aux enfants et aux adultes pour d\u00e9couvrir les ODD. Le deuxi\u00e8me, &#8220;Les ODD : un d\u00e9fi plan\u00e9taire, une aventure humaine&#8221;, met l&#8217;accent sur l&#8217;expression artistique ou t\u00e9moignages pour favoriser le partage d&#8217;exp\u00e9rience et susciter l&#8217;empathie. Le troisi\u00e8me, &#8220;Les ODD, une vision du monde \u00e0 partager&#8221;, est une installation informative utilisant un panneau avec des <em>flip cards<\/em> pour renforcer les connaissances du public sur les ODD.<\/p>\n\n\n\n<p><strong><u>Proposition 2 &#8211; Organisation d&#8217;\u00e9v\u00e9nement<\/u> :<\/strong> L&#8217;id\u00e9e est d&#8217;organiser un &#8220;Tour de France des ODD&#8221; avec une caravane itin\u00e9rante se d\u00e9pla\u00e7ant dans diff\u00e9rentes villes de France pour sensibiliser les habitant\u00b7e\u00b7s aux ODD. Des panels de discussion, des ateliers pratiques, des expositions interactives et des stands d&#8217;initiatives locales seront propos\u00e9s lors de ces \u00e9v\u00e9nements. Un \u00e9cran anim\u00e9 sera \u00e9galement mis \u00e0 disposition pour que les participants puissent dessiner ce que leur \u00e9voque l&#8217;ODD en relation avec leur ville.<\/p>\n\n\n\n<p><strong><u>Proposition 3 &#8211; Sensibilisation de la jeunesse<\/u> :<\/strong> Des ateliers de sensibilisation aux ODD pourraient \u00eatre organis\u00e9s dans les \u00e9tablissements scolaires et les universit\u00e9s. Ces ateliers seront adapt\u00e9s \u00e0 l&#8217;\u00e2ge et aux particularit\u00e9s des publics et utiliseront des m\u00e9thodes p\u00e9dagogiques, coop\u00e9ratives et cr\u00e9atives. Un concours de la meilleure fresque sur les ODD pourrait \u00e9galement \u00eatre organis\u00e9, avec des places de concert \u00e0 gagner pour les jeunes.<\/p>\n\n\n\n<p><strong><u>Proposition 4 &#8211; R\u00e9seaux sociaux et influence<span style=\"text-decoration: underline\"> :<\/span><\/u><\/strong> Il est propos\u00e9 de concentrer les efforts sur Instagram, Snapchat et TikTok, en cr\u00e9ant un compte sp\u00e9cifique pour les ODD. Des formats vari\u00e9s tels que des vid\u00e9os informatives, des d\u00e9fis interactifs et des micro-trottoirs sont des alternatifs pour rendre les ODD attrayants. L&#8217;implication d&#8217;influenceurs et influenceuses cr\u00e9dibles ainsi que de m\u00e9dias engag\u00e9s est envisag\u00e9e pour \u00e9tendre la port\u00e9e des messages.<\/p>\n\n\n\n<p><strong><u>Conclusion<\/u> :<\/strong> Le rapport propose des initiatives concr\u00e8tes pour sensibiliser le grand public aux ODD et inciter \u00e0 l&#8217;action. Il est essentiel de poursuivre les efforts pour atteindre ces objectifs, en tenant compte des impacts du COVID-19 et en renfor\u00e7ant la r\u00e9silience des populations face aux crises. Chacun peut y participer en adoptant des gestes responsables au quotidien, en s&#8217;informant sur les enjeux du d\u00e9veloppement durable, en soutenant les initiatives locales ou internationales et en faisant entendre sa voix aupr\u00e8s des d\u00e9cideurs politiques.<\/p>\n\n\n\n<p><strong>Pour lire le rapport dans son int\u00e9gralit\u00e9, <a href=\"https:\/\/www.one.org\/fr\/wp-content\/uploads\/sites\/4\/2024\/05\/Rapport-JA-MEAE-PDF-VF.pdf\">cliquez ici<\/a> ou sur le bouton &#8220;T\u00e9l\u00e9charger&#8221; ci-dessous.<\/strong><\/p>\n\n\n\n<div data-wp-interactive=\"core\/file\" class=\"wp-block-file\"><object aria-label=\"PDF embed\" data-wp-bind--hidden=\"!state.hasPdfPreview\" hidden><\/object><a id=\"wp-block-file--media-1ebf5603-e51b-4a8a-b0f5-5cf794128460\" href=\"https:\/\/www.one.org\/fr\/wp-content\/uploads\/sites\/4\/2024\/05\/Rapport-JA-MEAE-PDF-VF.pdf\">Rapport ODD<\/a><a href=\"https:\/\/www.one.org\/fr\/wp-content\/uploads\/sites\/4\/2024\/05\/Rapport-JA-MEAE-PDF-VF.pdf\" class=\"wp-block-file__button wp-element-button\" download aria-describedby=\"wp-block-file--media-1ebf5603-e51b-4a8a-b0f5-5cf794128460\">T\u00e9l\u00e9charger<\/a><\/div>\n<div class=\"buffer\"><\/div>","protected":false},"excerpt":{"rendered":"<p>Les jeunes Ambassadeurs et Ambassadrices de ONE (promotion 2023) ont r\u00e9dig\u00e9 un rapport destin\u00e9 au minist\u00e8re de l&#8217;Europe et des Affaires \u00e9trang\u00e8res afin d&#8217;\u00e9laborer plusieurs propositions visant \u00e0 am\u00e9liorer la sensibilisation des citoyen\u00b7ne\u00b7s fran\u00e7ais\u00b7e\u00b7s aux Objectifs de d\u00e9veloppement durable (ODD). Ce rapport a \u00e9t\u00e9 pr\u00e9sent\u00e9 et remis \u00e0 Chrysoula Zacharopoulou, Secr\u00e9taire d&#8217;Etat charg\u00e9e du d\u00e9veloppement et des partenariats internationaux, le 24 avril 2024.<\/p>\n","protected":false},"author":24,"featured_media":165618,"template":"","meta":{"_acf_changed":false,"_relevanssi_hide_post":"","_relevanssi_hide_content":"","_relevanssi_pin_for_all":"","_relevanssi_pin_keywords":"","_relevanssi_unpin_keywords":"","_relevanssi_related_keywords":"","_relevanssi_related_include_ids":"","_relevanssi_related_exclude_ids":"","_relevanssi_related_no_append":"","_relevanssi_related_not_related":"","_relevanssi_related_posts":"162692,163341,162636,162588,162617,162496","_relevanssi_noindex_reason":"","footnotes":""},"class_list":["post-165614","one_policy","type-one_policy","status-publish","has-post-thumbnail","hentry"],"acf":[],"yoast_head":"<!-- This site is optimized with the Yoast SEO Premium plugin v27.1 (Yoast SEO v27.1.1) - https:\/\/yoast.com\/product\/yoast-seo-premium-wordpress\/ -->\n<title>Comment am\u00e9liorer la sensibilisation du grand public aux Objectifs de d\u00e9veloppement durable - ONE.org France<\/title>\n<meta name=\"description\" content=\"Ce rapport sur la sensibilisation aux Objectifs de d\u00e9veloppement durable a \u00e9t\u00e9 r\u00e9dig\u00e9 par les jeunes Ambassadeurs et Ambassadrices de ONE.\" \/>\n<meta name=\"robots\" content=\"index, follow, max-snippet:-1, max-image-preview:large, max-video-preview:-1\" \/>\n<link rel=\"canonical\" href=\"https:\/\/www.one.org\/fr\/policy\/rapport-sensibilisation-objectifs-developpement-durable\/\" \/>\n<meta property=\"og:locale\" content=\"fr_FR\" \/>\n<meta property=\"og:type\" content=\"article\" \/>\n<meta property=\"og:title\" content=\"Comment am\u00e9liorer la sensibilisation du grand public aux Objectifs de d\u00e9veloppement durable\" \/>\n<meta property=\"og:description\" content=\"Ce rapport sur la sensibilisation aux Objectifs de d\u00e9veloppement durable a \u00e9t\u00e9 r\u00e9dig\u00e9 par les jeunes Ambassadeurs et Ambassadrices de ONE.\" \/>\n<meta property=\"og:url\" content=\"https:\/\/www.one.org\/fr\/policy\/rapport-sensibilisation-objectifs-developpement-durable\/\" \/>\n<meta property=\"og:site_name\" content=\"ONE.org France\" \/>\n<meta property=\"article:publisher\" content=\"https:\/\/www.facebook.com\/ONE.Fr\" \/>\n<meta property=\"article:modified_time\" content=\"2024-05-15T12:54:21+00:00\" \/>\n<meta property=\"og:image\" content=\"https:\/\/www.one.org\/fr\/wp-content\/uploads\/sites\/4\/2024\/05\/53676018103_968ffb76cf_o-scaled.jpg\" \/>\n\t<meta property=\"og:image:width\" content=\"2560\" \/>\n\t<meta property=\"og:image:height\" content=\"1707\" \/>\n\t<meta property=\"og:image:type\" content=\"image\/jpeg\" \/>\n<meta name=\"twitter:card\" content=\"summary_large_image\" \/>\n<meta name=\"twitter:description\" content=\"Ce rapport sur la sensibilisation aux Objectifs de d\u00e9veloppement durable a \u00e9t\u00e9 r\u00e9dig\u00e9 par les jeunes Ambassadeurs et Ambassadrices de ONE.\" \/>\n<meta name=\"twitter:site\" content=\"@one_fr\" \/>\n<meta name=\"twitter:label1\" content=\"Est. reading time\" \/>\n\t<meta name=\"twitter:data1\" content=\"4 minutes\" \/>\n<script type=\"application\/ld+json\" class=\"yoast-schema-graph\">{\"@context\":\"https:\/\/schema.org\",\"@graph\":[{\"@type\":[\"Article\",\"Report\"],\"@id\":\"https:\/\/www.one.org\/fr\/policy\/rapport-sensibilisation-objectifs-developpement-durable\/#article\",\"isPartOf\":{\"@id\":\"https:\/\/www.one.org\/fr\/policy\/rapport-sensibilisation-objectifs-developpement-durable\/\"},\"author\":{\"name\":\"Dana Khalil\",\"@id\":\"https:\/\/www.one.org\/fr\/#\/schema\/person\/cf1f30f9800f0592ec3d61940be82003\"},\"headline\":\"Comment am\u00e9liorer la sensibilisation du grand public aux Objectifs de d\u00e9veloppement durable\",\"datePublished\":\"2024-05-15T12:54:18+00:00\",\"dateModified\":\"2024-05-15T12:54:21+00:00\",\"mainEntityOfPage\":{\"@id\":\"https:\/\/www.one.org\/fr\/policy\/rapport-sensibilisation-objectifs-developpement-durable\/\"},\"wordCount\":771,\"image\":{\"@id\":\"https:\/\/www.one.org\/fr\/policy\/rapport-sensibilisation-objectifs-developpement-durable\/#primaryimage\"},\"thumbnailUrl\":\"https:\/\/www.one.org\/fr\/wp-content\/uploads\/sites\/4\/2024\/05\/53676018103_968ffb76cf_o-scaled.jpg\",\"inLanguage\":\"fr-FR\"},{\"@type\":\"WebPage\",\"@id\":\"https:\/\/www.one.org\/fr\/policy\/rapport-sensibilisation-objectifs-developpement-durable\/\",\"url\":\"https:\/\/www.one.org\/fr\/policy\/rapport-sensibilisation-objectifs-developpement-durable\/\",\"name\":\"Comment am\u00e9liorer la sensibilisation du grand public aux Objectifs de d\u00e9veloppement durable - ONE.org France\",\"isPartOf\":{\"@id\":\"https:\/\/www.one.org\/fr\/#website\"},\"primaryImageOfPage\":{\"@id\":\"https:\/\/www.one.org\/fr\/policy\/rapport-sensibilisation-objectifs-developpement-durable\/#primaryimage\"},\"image\":{\"@id\":\"https:\/\/www.one.org\/fr\/policy\/rapport-sensibilisation-objectifs-developpement-durable\/#primaryimage\"},\"thumbnailUrl\":\"https:\/\/www.one.org\/fr\/wp-content\/uploads\/sites\/4\/2024\/05\/53676018103_968ffb76cf_o-scaled.jpg\",\"datePublished\":\"2024-05-15T12:54:18+00:00\",\"dateModified\":\"2024-05-15T12:54:21+00:00\",\"description\":\"Ce rapport sur la sensibilisation aux Objectifs de d\u00e9veloppement durable a \u00e9t\u00e9 r\u00e9dig\u00e9 par les jeunes Ambassadeurs et Ambassadrices de ONE.\",\"breadcrumb\":{\"@id\":\"https:\/\/www.one.org\/fr\/policy\/rapport-sensibilisation-objectifs-developpement-durable\/#breadcrumb\"},\"inLanguage\":\"fr-FR\",\"potentialAction\":[{\"@type\":\"ReadAction\",\"target\":[\"https:\/\/www.one.org\/fr\/policy\/rapport-sensibilisation-objectifs-developpement-durable\/\"]}]},{\"@type\":\"ImageObject\",\"inLanguage\":\"fr-FR\",\"@id\":\"https:\/\/www.one.org\/fr\/policy\/rapport-sensibilisation-objectifs-developpement-durable\/#primaryimage\",\"url\":\"https:\/\/www.one.org\/fr\/wp-content\/uploads\/sites\/4\/2024\/05\/53676018103_968ffb76cf_o-scaled.jpg\",\"contentUrl\":\"https:\/\/www.one.org\/fr\/wp-content\/uploads\/sites\/4\/2024\/05\/53676018103_968ffb76cf_o-scaled.jpg\",\"width\":2560,\"height\":1707,\"caption\":\"\u00a9 Jonathan Sarago \/ MEAE\"},{\"@type\":\"BreadcrumbList\",\"@id\":\"https:\/\/www.one.org\/fr\/policy\/rapport-sensibilisation-objectifs-developpement-durable\/#breadcrumb\",\"itemListElement\":[{\"@type\":\"ListItem\",\"position\":1,\"name\":\"Home\",\"item\":\"https:\/\/www.one.org\/fr\/\"},{\"@type\":\"ListItem\",\"position\":2,\"name\":\"Comment am\u00e9liorer la sensibilisation du grand public aux Objectifs de d\u00e9veloppement durable\"}]},{\"@type\":\"WebSite\",\"@id\":\"https:\/\/www.one.org\/fr\/#website\",\"url\":\"https:\/\/www.one.org\/fr\/\",\"name\":\"ONE.org\",\"description\":\"Cr\u00e9er des opportunit\u00e9s \u00e9conomiques et am\u00e9liorer la sant\u00e9 en Afrique\",\"potentialAction\":[{\"@type\":\"SearchAction\",\"target\":{\"@type\":\"EntryPoint\",\"urlTemplate\":\"https:\/\/www.one.org\/fr\/?s={search_term_string}\"},\"query-input\":{\"@type\":\"PropertyValueSpecification\",\"valueRequired\":true,\"valueName\":\"search_term_string\"}}],\"inLanguage\":\"fr-FR\"},{\"@type\":\"Person\",\"@id\":\"https:\/\/www.one.org\/fr\/#\/schema\/person\/cf1f30f9800f0592ec3d61940be82003\",\"name\":\"Dana Khalil\",\"image\":{\"@type\":\"ImageObject\",\"inLanguage\":\"fr-FR\",\"@id\":\"https:\/\/www.one.org\/fr\/#\/schema\/person\/image\/\",\"url\":\"https:\/\/secure.gravatar.com\/avatar\/b0da536f00ccefadcc7aae4e64855977a5249adb1ac04162a69474e53a8d4c40?s=96&d=mm&r=g\",\"contentUrl\":\"https:\/\/secure.gravatar.com\/avatar\/b0da536f00ccefadcc7aae4e64855977a5249adb1ac04162a69474e53a8d4c40?s=96&d=mm&r=g\",\"caption\":\"Dana Khalil\"},\"url\":\"https:\/\/www.one.org\/fr\/actualites\/author\/danakhalil\/\"}]}<\/script>\n<!-- \/ Yoast SEO Premium plugin. -->","yoast_head_json":{"title":"Comment am\u00e9liorer la sensibilisation du grand public aux Objectifs de d\u00e9veloppement durable - ONE.org France","description":"Ce rapport sur la sensibilisation aux Objectifs de d\u00e9veloppement durable a \u00e9t\u00e9 r\u00e9dig\u00e9 par les jeunes Ambassadeurs et Ambassadrices de ONE.","robots":{"index":"index","follow":"follow","max-snippet":"max-snippet:-1","max-image-preview":"max-image-preview:large","max-video-preview":"max-video-preview:-1"},"canonical":"https:\/\/www.one.org\/fr\/policy\/rapport-sensibilisation-objectifs-developpement-durable\/","og_locale":"fr_FR","og_type":"article","og_title":"Comment am\u00e9liorer la sensibilisation du grand public aux Objectifs de d\u00e9veloppement durable","og_description":"Ce rapport sur la sensibilisation aux Objectifs de d\u00e9veloppement durable a \u00e9t\u00e9 r\u00e9dig\u00e9 par les jeunes Ambassadeurs et Ambassadrices de ONE.","og_url":"https:\/\/www.one.org\/fr\/policy\/rapport-sensibilisation-objectifs-developpement-durable\/","og_site_name":"ONE.org France","article_publisher":"https:\/\/www.facebook.com\/ONE.Fr","article_modified_time":"2024-05-15T12:54:21+00:00","og_image":[{"width":2560,"height":1707,"url":"https:\/\/www.one.org\/fr\/wp-content\/uploads\/sites\/4\/2024\/05\/53676018103_968ffb76cf_o-scaled.jpg","type":"image\/jpeg"}],"twitter_card":"summary_large_image","twitter_description":"Ce rapport sur la sensibilisation aux Objectifs de d\u00e9veloppement durable a \u00e9t\u00e9 r\u00e9dig\u00e9 par les jeunes Ambassadeurs et Ambassadrices de ONE.","twitter_site":"@one_fr","twitter_misc":{"Est. reading time":"4 minutes"},"schema":{"@context":"https:\/\/schema.org","@graph":[{"@type":["Article","Report"],"@id":"https:\/\/www.one.org\/fr\/policy\/rapport-sensibilisation-objectifs-developpement-durable\/#article","isPartOf":{"@id":"https:\/\/www.one.org\/fr\/policy\/rapport-sensibilisation-objectifs-developpement-durable\/"},"author":{"name":"Dana Khalil","@id":"https:\/\/www.one.org\/fr\/#\/schema\/person\/cf1f30f9800f0592ec3d61940be82003"},"headline":"Comment am\u00e9liorer la sensibilisation du grand public aux Objectifs de d\u00e9veloppement durable","datePublished":"2024-05-15T12:54:18+00:00","dateModified":"2024-05-15T12:54:21+00:00","mainEntityOfPage":{"@id":"https:\/\/www.one.org\/fr\/policy\/rapport-sensibilisation-objectifs-developpement-durable\/"},"wordCount":771,"image":{"@id":"https:\/\/www.one.org\/fr\/policy\/rapport-sensibilisation-objectifs-developpement-durable\/#primaryimage"},"thumbnailUrl":"https:\/\/www.one.org\/fr\/wp-content\/uploads\/sites\/4\/2024\/05\/53676018103_968ffb76cf_o-scaled.jpg","inLanguage":"fr-FR"},{"@type":"WebPage","@id":"https:\/\/www.one.org\/fr\/policy\/rapport-sensibilisation-objectifs-developpement-durable\/","url":"https:\/\/www.one.org\/fr\/policy\/rapport-sensibilisation-objectifs-developpement-durable\/","name":"Comment am\u00e9liorer la sensibilisation du grand public aux Objectifs de d\u00e9veloppement durable - ONE.org France","isPartOf":{"@id":"https:\/\/www.one.org\/fr\/#website"},"primaryImageOfPage":{"@id":"https:\/\/www.one.org\/fr\/policy\/rapport-sensibilisation-objectifs-developpement-durable\/#primaryimage"},"image":{"@id":"https:\/\/www.one.org\/fr\/policy\/rapport-sensibilisation-objectifs-developpement-durable\/#primaryimage"},"thumbnailUrl":"https:\/\/www.one.org\/fr\/wp-content\/uploads\/sites\/4\/2024\/05\/53676018103_968ffb76cf_o-scaled.jpg","datePublished":"2024-05-15T12:54:18+00:00","dateModified":"2024-05-15T12:54:21+00:00","description":"Ce rapport sur la sensibilisation aux Objectifs de d\u00e9veloppement durable a \u00e9t\u00e9 r\u00e9dig\u00e9 par les jeunes Ambassadeurs et Ambassadrices de ONE.","breadcrumb":{"@id":"https:\/\/www.one.org\/fr\/policy\/rapport-sensibilisation-objectifs-developpement-durable\/#breadcrumb"},"inLanguage":"fr-FR","potentialAction":[{"@type":"ReadAction","target":["https:\/\/www.one.org\/fr\/policy\/rapport-sensibilisation-objectifs-developpement-durable\/"]}]},{"@type":"ImageObject","inLanguage":"fr-FR","@id":"https:\/\/www.one.org\/fr\/policy\/rapport-sensibilisation-objectifs-developpement-durable\/#primaryimage","url":"https:\/\/www.one.org\/fr\/wp-content\/uploads\/sites\/4\/2024\/05\/53676018103_968ffb76cf_o-scaled.jpg","contentUrl":"https:\/\/www.one.org\/fr\/wp-content\/uploads\/sites\/4\/2024\/05\/53676018103_968ffb76cf_o-scaled.jpg","width":2560,"height":1707,"caption":"\u00a9 Jonathan Sarago \/ MEAE"},{"@type":"BreadcrumbList","@id":"https:\/\/www.one.org\/fr\/policy\/rapport-sensibilisation-objectifs-developpement-durable\/#breadcrumb","itemListElement":[{"@type":"ListItem","position":1,"name":"Home","item":"https:\/\/www.one.org\/fr\/"},{"@type":"ListItem","position":2,"name":"Comment am\u00e9liorer la sensibilisation du grand public aux Objectifs de d\u00e9veloppement durable"}]},{"@type":"WebSite","@id":"https:\/\/www.one.org\/fr\/#website","url":"https:\/\/www.one.org\/fr\/","name":"ONE.org","description":"Cr\u00e9er des opportunit\u00e9s \u00e9conomiques et am\u00e9liorer la sant\u00e9 en Afrique","potentialAction":[{"@type":"SearchAction","target":{"@type":"EntryPoint","urlTemplate":"https:\/\/www.one.org\/fr\/?s={search_term_string}"},"query-input":{"@type":"PropertyValueSpecification","valueRequired":true,"valueName":"search_term_string"}}],"inLanguage":"fr-FR"},{"@type":"Person","@id":"https:\/\/www.one.org\/fr\/#\/schema\/person\/cf1f30f9800f0592ec3d61940be82003","name":"Dana Khalil","image":{"@type":"ImageObject","inLanguage":"fr-FR","@id":"https:\/\/www.one.org\/fr\/#\/schema\/person\/image\/","url":"https:\/\/secure.gravatar.com\/avatar\/b0da536f00ccefadcc7aae4e64855977a5249adb1ac04162a69474e53a8d4c40?s=96&d=mm&r=g","contentUrl":"https:\/\/secure.gravatar.com\/avatar\/b0da536f00ccefadcc7aae4e64855977a5249adb1ac04162a69474e53a8d4c40?s=96&d=mm&r=g","caption":"Dana Khalil"},"url":"https:\/\/www.one.org\/fr\/actualites\/author\/danakhalil\/"}]}},"distributor_meta":false,"distributor_terms":false,"distributor_media":false,"distributor_original_site_name":"ONE.org France","distributor_original_site_url":"https:\/\/www.one.org\/fr","push-errors":false,"_links":{"self":[{"href":"https:\/\/www.one.org\/fr\/wp-json\/wp\/v2\/one_policy\/165614","targetHints":{"allow":["GET"]}}],"collection":[{"href":"https:\/\/www.one.org\/fr\/wp-json\/wp\/v2\/one_policy"}],"about":[{"href":"https:\/\/www.one.org\/fr\/wp-json\/wp\/v2\/types\/one_policy"}],"author":[{"embeddable":true,"href":"https:\/\/www.one.org\/fr\/wp-json\/wp\/v2\/users\/24"}],"version-history":[{"count":0,"href":"https:\/\/www.one.org\/fr\/wp-json\/wp\/v2\/one_policy\/165614\/revisions"}],"wp:featuredmedia":[{"embeddable":true,"href":"https:\/\/www.one.org\/fr\/wp-json\/wp\/v2\/media\/165618"}],"wp:attachment":[{"href":"https:\/\/www.one.org\/fr\/wp-json\/wp\/v2\/media?parent=165614"}],"curies":[{"name":"wp","href":"https:\/\/api.w.org\/{rel}","templated":true}]}}