{"id":157918,"date":"2022-01-20T14:01:01","date_gmt":"2022-01-20T14:01:01","guid":{"rendered":"https:\/\/www.one.org\/fr\/?post_type=one_policy&#038;p=157918"},"modified":"2024-01-09T12:58:59","modified_gmt":"2024-01-09T12:58:59","slug":"presidentielle-2022-un-programme-pour-la-sante-mondiale","status":"publish","type":"one_policy","link":"https:\/\/www.one.org\/fr\/policy\/presidentielle-2022-un-programme-pour-la-sante-mondiale\/","title":{"rendered":"Pr\u00e9sidentielle 2022 : un programme pour la sant\u00e9 mondiale"},"content":{"rendered":"<p>Malgr\u00e9 une mobilisation internationale sans pr\u00e9c\u00e9dent pour d\u00e9velopper, produire et distribuer des outils m\u00e9dicaux de lutte contre le COVID-19 en un temps record, de nombreuses entraves au droit \u00e0 la sant\u00e9 persistent. Plus d\u2019un an apr\u00e8s l\u2019administration de la premi\u00e8re dose de vaccin contre le COVID-19, le monde est fractur\u00e9. La pand\u00e9mie de COVID-19 a remis en lumi\u00e8re un syst\u00e8me \u00e0 deux vitesses, dans lequel les plus vuln\u00e9rables se voient nier leurs droits fondamentaux. Alors que la recherche des vaccins contre le COVID-19 a \u00e9t\u00e9 majoritairement financ\u00e9e par le public, les firmes pharmaceutiques usent de leur position dominante, monopolistique pour vendre leur vaccin au prix fort, bien audel\u00e0 de leur co\u00fbt de production, excluant de fait l\u2019acc\u00e8s aux pays en d\u00e9veloppement.<\/p>\n<p>Si nous voulons pr\u00e9server les progr\u00e8s obtenus ces vingt derni\u00e8res ann\u00e9es dans la lutte contre les maladies infectieuses et dans l\u2019acc\u00e8s \u00e0 la vaccination, si nous voulons faire avancer la lutte contre les in\u00e9galit\u00e9s mondiales en sant\u00e9 et ne pas s\u2019enfermer constamment dans les erreurs du pass\u00e9, si nous voulons combattre efficacement et rapidement la pand\u00e9mie de COVID-19, et si nous voulons r\u00e9ellement prot\u00e9ger les Fran\u00e7ais\u00b7e\u00b7s contre les futures menaces sanitaires, que 71% d\u2019entre eux redoutent aujourd\u2019hui, la sant\u00e9 mondiale doit \u00eatre au c\u0153ur de l\u2019agenda des d\u00e9bats pr\u00e9sidentiels.<\/p>\n<p><em>Recommendations du Collectif Sant\u00e9 Mondiale. Le Collectif Sant\u00e9 Mondiale <\/em><em>est un collectif d\u2019associations engag\u00e9es en faveur de la solidarit\u00e9 internationale et la r\u00e9alisation du droit \u00e0 la sant\u00e9 partout dans le monde.<\/em><\/p>\n<p><a class=\"btn\" href=\"https:\/\/cdn.one.org\/fr\/wp-content\/uploads\/2022\/01\/20135821\/Un-programme-pour-la-Sante-Mondiale-_-CSM.pdf\" target=\"_blank\" rel=\"noopener\"><strong>T\u00e9l\u00e9charger le rapport (PDF)<\/strong><\/a><\/p>\n<div class=\"buffer\"><\/div>","protected":false},"excerpt":{"rendered":"<p>Si nous voulons faire avancer la lutte contre les in\u00e9galit\u00e9s mondiales en sant\u00e9 et ne pas s\u2019enfermer constamment dans les erreurs du pass\u00e9, si nous voulons combattre efficacement et rapidement la pand\u00e9mie de COVID-19, et si nous voulons r\u00e9ellement prot\u00e9ger les Fran\u00e7ais\u00b7e\u00b7s contre les futures menaces sanitaires, que 71% d\u2019entre eux redoutent aujourd\u2019hui, la sant\u00e9 mondiale doit \u00eatre au c\u0153ur de l\u2019agenda des d\u00e9bats pr\u00e9sidentiels.<\/p>\n","protected":false},"author":25,"featured_media":0,"template":"","meta":{"_acf_changed":false,"_relevanssi_hide_post":"","_relevanssi_hide_content":"","_relevanssi_pin_for_all":"","_relevanssi_pin_keywords":"","_relevanssi_unpin_keywords":"","_relevanssi_related_keywords":"","_relevanssi_related_include_ids":"","_relevanssi_related_exclude_ids":"","_relevanssi_related_no_append":"","_relevanssi_related_not_related":"","_relevanssi_related_posts":"165045,165022,164979,164901,164801,164384","_relevanssi_noindex_reason":"","footnotes":""},"class_list":["post-157918","one_policy","type-one_policy","status-publish","hentry"],"acf":[],"yoast_head":"<!-- This site is optimized with the Yoast SEO Premium plugin v27.1 (Yoast SEO v27.1.1) - https:\/\/yoast.com\/product\/yoast-seo-premium-wordpress\/ -->\n<title>Pr\u00e9sidentielle 2022 : un programme pour la sant\u00e9 mondiale - ONE.org France<\/title>\n<meta name=\"description\" content=\"Les plus vuln\u00e9rables se voient nier leurs droits fondamentaux. La sant\u00e9 mondiale doit \u00eatre au c\u0153ur de l\u2019agenda des d\u00e9bats pr\u00e9sidentiels.\" \/>\n<meta name=\"robots\" content=\"index, follow, max-snippet:-1, max-image-preview:large, max-video-preview:-1\" \/>\n<link rel=\"canonical\" href=\"https:\/\/www.one.org\/fr\/policy\/presidentielle-2022-un-programme-pour-la-sante-mondiale\/\" \/>\n<meta property=\"og:locale\" content=\"fr_FR\" \/>\n<meta property=\"og:type\" content=\"article\" \/>\n<meta property=\"og:title\" content=\"Pr\u00e9sidentielle 2022 : un programme pour la sant\u00e9 mondiale\" \/>\n<meta property=\"og:description\" content=\"Les plus vuln\u00e9rables se voient nier leurs droits fondamentaux. La sant\u00e9 mondiale doit \u00eatre au c\u0153ur de l\u2019agenda des d\u00e9bats pr\u00e9sidentiels.\" \/>\n<meta property=\"og:url\" content=\"https:\/\/www.one.org\/fr\/policy\/presidentielle-2022-un-programme-pour-la-sante-mondiale\/\" \/>\n<meta property=\"og:site_name\" content=\"ONE.org France\" \/>\n<meta property=\"article:publisher\" content=\"https:\/\/www.facebook.com\/ONE.Fr\" \/>\n<meta property=\"article:modified_time\" content=\"2024-01-09T12:58:59+00:00\" \/>\n<meta property=\"og:image\" content=\"https:\/\/www.one.org\/fr\/wp-content\/uploads\/sites\/4\/2023\/09\/GA_share_1200x628-768x402-1.png\" \/>\n\t<meta property=\"og:image:width\" content=\"768\" \/>\n\t<meta property=\"og:image:height\" content=\"402\" \/>\n\t<meta property=\"og:image:type\" content=\"image\/png\" \/>\n<meta name=\"twitter:card\" content=\"summary_large_image\" \/>\n<meta name=\"twitter:site\" content=\"@one_fr\" \/>\n<meta name=\"twitter:label1\" content=\"Est. reading time\" \/>\n\t<meta name=\"twitter:data1\" content=\"2 minutes\" \/>\n<script type=\"application\/ld+json\" class=\"yoast-schema-graph\">{\"@context\":\"https:\/\/schema.org\",\"@graph\":[{\"@type\":[\"Article\",\"Report\"],\"@id\":\"https:\/\/www.one.org\/fr\/policy\/presidentielle-2022-un-programme-pour-la-sante-mondiale\/#article\",\"isPartOf\":{\"@id\":\"https:\/\/www.one.org\/fr\/policy\/presidentielle-2022-un-programme-pour-la-sante-mondiale\/\"},\"author\":{\"name\":\"\",\"@id\":\"\"},\"headline\":\"Pr\u00e9sidentielle 2022 : un programme pour la sant\u00e9 mondiale\",\"datePublished\":\"2022-01-20T14:01:01+00:00\",\"dateModified\":\"2024-01-09T12:58:59+00:00\",\"mainEntityOfPage\":{\"@id\":\"https:\/\/www.one.org\/fr\/policy\/presidentielle-2022-un-programme-pour-la-sante-mondiale\/\"},\"wordCount\":292,\"inLanguage\":\"fr-FR\"},{\"@type\":\"WebPage\",\"@id\":\"https:\/\/www.one.org\/fr\/policy\/presidentielle-2022-un-programme-pour-la-sante-mondiale\/\",\"url\":\"https:\/\/www.one.org\/fr\/policy\/presidentielle-2022-un-programme-pour-la-sante-mondiale\/\",\"name\":\"Pr\u00e9sidentielle 2022 : un programme pour la sant\u00e9 mondiale - ONE.org France\",\"isPartOf\":{\"@id\":\"https:\/\/www.one.org\/fr\/#website\"},\"datePublished\":\"2022-01-20T14:01:01+00:00\",\"dateModified\":\"2024-01-09T12:58:59+00:00\",\"description\":\"Les plus vuln\u00e9rables se voient nier leurs droits fondamentaux. La sant\u00e9 mondiale doit \u00eatre au c\u0153ur de l\u2019agenda des d\u00e9bats pr\u00e9sidentiels.\",\"breadcrumb\":{\"@id\":\"https:\/\/www.one.org\/fr\/policy\/presidentielle-2022-un-programme-pour-la-sante-mondiale\/#breadcrumb\"},\"inLanguage\":\"fr-FR\",\"potentialAction\":[{\"@type\":\"ReadAction\",\"target\":[\"https:\/\/www.one.org\/fr\/policy\/presidentielle-2022-un-programme-pour-la-sante-mondiale\/\"]}]},{\"@type\":\"BreadcrumbList\",\"@id\":\"https:\/\/www.one.org\/fr\/policy\/presidentielle-2022-un-programme-pour-la-sante-mondiale\/#breadcrumb\",\"itemListElement\":[{\"@type\":\"ListItem\",\"position\":1,\"name\":\"Home\",\"item\":\"https:\/\/www.one.org\/fr\/\"},{\"@type\":\"ListItem\",\"position\":2,\"name\":\"Pr\u00e9sidentielle 2022 : un programme pour la sant\u00e9 mondiale\"}]},{\"@type\":\"WebSite\",\"@id\":\"https:\/\/www.one.org\/fr\/#website\",\"url\":\"https:\/\/www.one.org\/fr\/\",\"name\":\"ONE.org\",\"description\":\"Cr\u00e9er des opportunit\u00e9s \u00e9conomiques et am\u00e9liorer la sant\u00e9 en Afrique\",\"potentialAction\":[{\"@type\":\"SearchAction\",\"target\":{\"@type\":\"EntryPoint\",\"urlTemplate\":\"https:\/\/www.one.org\/fr\/?s={search_term_string}\"},\"query-input\":{\"@type\":\"PropertyValueSpecification\",\"valueRequired\":true,\"valueName\":\"search_term_string\"}}],\"inLanguage\":\"fr-FR\"},{\"@type\":\"Person\",\"@id\":\"\",\"url\":\"https:\/\/www.one.org\/fr\/actualites\/author\/\"}]}<\/script>\n<!-- \/ Yoast SEO Premium plugin. -->","yoast_head_json":{"title":"Pr\u00e9sidentielle 2022 : un programme pour la sant\u00e9 mondiale - ONE.org France","description":"Les plus vuln\u00e9rables se voient nier leurs droits fondamentaux. La sant\u00e9 mondiale doit \u00eatre au c\u0153ur de l\u2019agenda des d\u00e9bats pr\u00e9sidentiels.","robots":{"index":"index","follow":"follow","max-snippet":"max-snippet:-1","max-image-preview":"max-image-preview:large","max-video-preview":"max-video-preview:-1"},"canonical":"https:\/\/www.one.org\/fr\/policy\/presidentielle-2022-un-programme-pour-la-sante-mondiale\/","og_locale":"fr_FR","og_type":"article","og_title":"Pr\u00e9sidentielle 2022 : un programme pour la sant\u00e9 mondiale","og_description":"Les plus vuln\u00e9rables se voient nier leurs droits fondamentaux. La sant\u00e9 mondiale doit \u00eatre au c\u0153ur de l\u2019agenda des d\u00e9bats pr\u00e9sidentiels.","og_url":"https:\/\/www.one.org\/fr\/policy\/presidentielle-2022-un-programme-pour-la-sante-mondiale\/","og_site_name":"ONE.org France","article_publisher":"https:\/\/www.facebook.com\/ONE.Fr","article_modified_time":"2024-01-09T12:58:59+00:00","og_image":[{"width":768,"height":402,"url":"https:\/\/www.one.org\/fr\/wp-content\/uploads\/sites\/4\/2023\/09\/GA_share_1200x628-768x402-1.png","type":"image\/png"}],"twitter_card":"summary_large_image","twitter_site":"@one_fr","twitter_misc":{"Est. reading time":"2 minutes"},"schema":{"@context":"https:\/\/schema.org","@graph":[{"@type":["Article","Report"],"@id":"https:\/\/www.one.org\/fr\/policy\/presidentielle-2022-un-programme-pour-la-sante-mondiale\/#article","isPartOf":{"@id":"https:\/\/www.one.org\/fr\/policy\/presidentielle-2022-un-programme-pour-la-sante-mondiale\/"},"author":{"name":"","@id":""},"headline":"Pr\u00e9sidentielle 2022 : un programme pour la sant\u00e9 mondiale","datePublished":"2022-01-20T14:01:01+00:00","dateModified":"2024-01-09T12:58:59+00:00","mainEntityOfPage":{"@id":"https:\/\/www.one.org\/fr\/policy\/presidentielle-2022-un-programme-pour-la-sante-mondiale\/"},"wordCount":292,"inLanguage":"fr-FR"},{"@type":"WebPage","@id":"https:\/\/www.one.org\/fr\/policy\/presidentielle-2022-un-programme-pour-la-sante-mondiale\/","url":"https:\/\/www.one.org\/fr\/policy\/presidentielle-2022-un-programme-pour-la-sante-mondiale\/","name":"Pr\u00e9sidentielle 2022 : un programme pour la sant\u00e9 mondiale - ONE.org France","isPartOf":{"@id":"https:\/\/www.one.org\/fr\/#website"},"datePublished":"2022-01-20T14:01:01+00:00","dateModified":"2024-01-09T12:58:59+00:00","description":"Les plus vuln\u00e9rables se voient nier leurs droits fondamentaux. La sant\u00e9 mondiale doit \u00eatre au c\u0153ur de l\u2019agenda des d\u00e9bats pr\u00e9sidentiels.","breadcrumb":{"@id":"https:\/\/www.one.org\/fr\/policy\/presidentielle-2022-un-programme-pour-la-sante-mondiale\/#breadcrumb"},"inLanguage":"fr-FR","potentialAction":[{"@type":"ReadAction","target":["https:\/\/www.one.org\/fr\/policy\/presidentielle-2022-un-programme-pour-la-sante-mondiale\/"]}]},{"@type":"BreadcrumbList","@id":"https:\/\/www.one.org\/fr\/policy\/presidentielle-2022-un-programme-pour-la-sante-mondiale\/#breadcrumb","itemListElement":[{"@type":"ListItem","position":1,"name":"Home","item":"https:\/\/www.one.org\/fr\/"},{"@type":"ListItem","position":2,"name":"Pr\u00e9sidentielle 2022 : un programme pour la sant\u00e9 mondiale"}]},{"@type":"WebSite","@id":"https:\/\/www.one.org\/fr\/#website","url":"https:\/\/www.one.org\/fr\/","name":"ONE.org","description":"Cr\u00e9er des opportunit\u00e9s \u00e9conomiques et am\u00e9liorer la sant\u00e9 en Afrique","potentialAction":[{"@type":"SearchAction","target":{"@type":"EntryPoint","urlTemplate":"https:\/\/www.one.org\/fr\/?s={search_term_string}"},"query-input":{"@type":"PropertyValueSpecification","valueRequired":true,"valueName":"search_term_string"}}],"inLanguage":"fr-FR"},{"@type":"Person","@id":"","url":"https:\/\/www.one.org\/fr\/actualites\/author\/"}]}},"distributor_meta":false,"distributor_terms":false,"distributor_media":false,"distributor_original_site_name":"ONE.org France","distributor_original_site_url":"https:\/\/www.one.org\/fr","push-errors":false,"_links":{"self":[{"href":"https:\/\/www.one.org\/fr\/wp-json\/wp\/v2\/one_policy\/157918","targetHints":{"allow":["GET"]}}],"collection":[{"href":"https:\/\/www.one.org\/fr\/wp-json\/wp\/v2\/one_policy"}],"about":[{"href":"https:\/\/www.one.org\/fr\/wp-json\/wp\/v2\/types\/one_policy"}],"author":[{"embeddable":true,"href":"https:\/\/www.one.org\/fr\/wp-json\/wp\/v2\/users\/25"}],"version-history":[{"count":0,"href":"https:\/\/www.one.org\/fr\/wp-json\/wp\/v2\/one_policy\/157918\/revisions"}],"wp:attachment":[{"href":"https:\/\/www.one.org\/fr\/wp-json\/wp\/v2\/media?parent=157918"}],"curies":[{"name":"wp","href":"https:\/\/api.w.org\/{rel}","templated":true}]}}