{"id":152711,"date":"2020-08-20T08:57:41","date_gmt":"2020-08-20T08:57:41","guid":{"rendered":"https:\/\/www.one.org\/fr\/?post_type=one_policy&#038;p=152711"},"modified":"2023-12-12T16:55:52","modified_gmt":"2023-12-12T16:55:52","slug":"covid-19-comment-eviter-que-la-pandemie-naccelere-la-crise-mondiale-de-leducation","status":"publish","type":"one_policy","link":"https:\/\/www.one.org\/fr\/policy\/covid-19-comment-eviter-que-la-pandemie-naccelere-la-crise-mondiale-de-leducation\/","title":{"rendered":"COVID-19 : Comment \u00e9viter que la pand\u00e9mie n\u2019acc\u00e9l\u00e8re la crise mondiale de l\u2019\u00e9ducation"},"content":{"rendered":"<p><span style=\"font-weight: 400\">Avant la pand\u00e9mie du COVID-19, nous vivions d\u00e9j\u00e0 une crise silencieuse : une crise mondiale de l\u2019\u00e9ducation. Dans les pays les plus pauvres, 90% des enfants de 10 ans ne savent ni lire ni comprendre une phrase simple \u00e0 l\u2019\u00e9crit. Pourtant, \u00e0 l\u2019\u00e9chelle mondiale, jamais autant d\u2019enfants n\u2019avaient \u00e9t\u00e9 \u00e0 l\u2019\u00e9cole &#8211; \u00e0 tous les niveaux d\u2019enseignement, et scolaris\u00e9s aussi longtemps. Cette contradiction montre bien le chemin qu\u2019il reste \u00e0 parcourir pour les pays les plus pauvres avant qu\u2019ils n\u2019atteignent un acc\u00e8s ad\u00e9quat et \u00e9quitable \u00e0 l\u2019\u00e9ducation.<\/span><\/p>\n<p><span style=\"font-weight: 400\">La crise sanitaire sape les progr\u00e8s accomplis depuis des ann\u00e9es dans l\u2019acc\u00e8s \u00e0 l\u2019\u00e9ducation. Au plus fort de la crise, 90% des \u00e9l\u00e8ves inscrits, soit 1,6 milliard d&#8217;enfants dans le monde, ont \u00e9t\u00e9 contraints d\u2019arr\u00eater d\u2019aller en classe. Les mesures de confinement, combin\u00e9es aux cons\u00e9quences \u00e9conomiques de la pand\u00e9mie, risquent de creuser les in\u00e9galit\u00e9s scolaires. L\u2019acc\u00e8s \u00e0 Internet, l\u2019instruction des parents pour aider \u00e0 faire l\u2019\u00e9cole \u00e0 la maison, le manque d\u2019installations sanitaires dans les \u00e9coles, la chute des revenus des m\u00e9nages sont autant de facteurs d\u2019in\u00e9galit\u00e9s qui discriminent les populations les plus vuln\u00e9rables. Et pendant ce temps, le financement de l\u2019\u00e9ducation dans les pays pauvres est en chute libre &#8211; \u00e0 la fois leurs propres ressources domestiques que l\u2019aide au d\u00e9veloppement re\u00e7ue de la part des pays riches.\u00a0<\/span><\/p>\n<p><span style=\"font-weight: 400\">Il faut \u00e0 tout prix \u00e9viter que la crise du COVID-19 n\u2019acc\u00e9l\u00e8re la crise mondiale de l\u2019\u00e9ducation, comme l\u2019avait notamment fait l\u2019\u00e9pid\u00e9mie Ebola. En 2014-2016 en Afrique de l\u2019Ouest, Ebola avait entra\u00een\u00e9 la perte de pas moins de 1 848 heures de temps d\u2019apprentissage. En Sierra Leone, dans les zones les plus touch\u00e9es par Ebola, les filles avaient \u00e9t\u00e9 disproportionnellement affect\u00e9es : dans certaines communaut\u00e9s, les grossesses chez les adolescentes avaient augment\u00e9 de 65% du fait de leur d\u00e9scolarisation. Or, il est d\u00e9j\u00e0 estim\u00e9 qu\u2019apr\u00e8s le COVID-19, les filles seront moins susceptibles de retourner \u00e0 l\u2019\u00e9cole.<\/span><\/p>\n<p><span style=\"font-weight: 400\">Les d\u00e9scolarisations, m\u00eame temporaires, peuvent avoir des cons\u00e9quences dramatiques sur les perspectives d\u2019emploi des populations les plus vuln\u00e9rables : un ph\u00e9nom\u00e8ne qui peut se r\u00e9percuter sur plusieurs g\u00e9n\u00e9rations.\u00a0<\/span><\/p>\n<p><span style=\"font-weight: 400\">Investir dans l\u2019\u00e9ducation, c\u2019est \u00e9viter tout ce potentiel humain inexploit\u00e9, mais aussi construire la r\u00e9silience des g\u00e9n\u00e9rations futures.\u00a0<\/span><\/p>\n<p><b>C\u2019est pourquoi ONE recommande aux gouvernements :<\/b><\/p>\n<ul>\n<li><b>D<\/b><b>\u00e9velopper un plan d&#8217;investissement unifi\u00e9 pour l&#8217;\u00e9ducation et mener un plaidoyer<\/b> <b>commun<\/b><span style=\"font-weight: 400\"> pour combler le d\u00e9ficit de financement de l&#8217;\u00e9ducation \u00e0 la suite de la crise du COVID-19, et en particulier de ses cons\u00e9quences sur l&#8217;apprentissage<\/span><\/li>\n<li><b>Prot\u00e9ger le financement de l&#8217;\u00e9ducation<\/b><span style=\"font-weight: 400\"> : au moins 15% des fonds d&#8217;aide publique au d\u00e9veloppement et 18% des budgets publics nationaux devraient soutenir l&#8217;\u00e9ducation<\/span><\/li>\n<li><b>\u00c9laborer un plan de retour \u00e0 l\u2019\u00e9cole et de remise \u00e0 niveau pour les \u00e9l\u00e8ves<\/b><\/li>\n<li><b>\u00c9largir et am\u00e9liorer les programmes de protection sociale <\/b><span style=\"font-weight: 400\">pour prot\u00e9ger les plus vuln\u00e9rables<\/span><\/li>\n<li><b>Lancer un plan de relance d&#8217;urgence<\/b><span style=\"font-weight: 400\"> par la cr\u00e9ation de 500 milliards de dollars de droits de tirage sp\u00e9ciaux du FMI, par la mise en place d\u2019un <\/span><span style=\"font-weight: 400\">moratoire imm\u00e9diat sur la dette<\/span><span style=\"font-weight: 400\"> et par la r\u00e9duction des frais des transferts de fonds des migrants vers leur pays d\u2019origine jusqu\u2019\u00e0 pr\u00e8s de 0%<\/span><\/li>\n<\/ul>\n<p><span style=\"font-weight: 400\">Pour en savoir plus, d\u00e9couvrez <\/span><span style=\"font-weight: 400\">notre rapport sur les enjeux de l\u2019\u00e9ducation \u00e0 l\u2019\u00e8re du COVID-19 <\/span><span style=\"font-weight: 400\">et signez <\/span><span style=\"font-weight: 400\">notre p\u00e9tition<\/span><span style=\"font-weight: 400\"> pour appeler les dirigeants mondiaux \u00e0 apporter une r\u00e9ponse mondiale \u00e0 la pand\u00e9mie.\u00a0<\/span><\/p>\n<p><a class=\"btn\" href=\"https:\/\/s3.amazonaws.com\/one.org\/pdfs\/ONEBriefeducation.pdf\" target=\"_blank\" rel=\"noopener noreferrer\"> T\u00e9l\u00e9charger le rapport (PDF)<\/a><\/p>\n<div class=\"buffer\"><\/div>","protected":false},"excerpt":{"rendered":"<p>Face \u00e0 la pand\u00e9mie du COVID-19, ONE a mobilis\u00e9 son \u00e9quipe de chercheuses et de chercheurs pour en savoir plus sur les cons\u00e9quences de la crise pour les pays les plus vuln\u00e9rables. Nous publions une s\u00e9rie de rapports qui d\u00e9clinent l\u2019impact de la pand\u00e9mie : une crise sanitaire peut en cacher d\u2019autres. <\/p>\n","protected":false},"author":25,"featured_media":0,"template":"","meta":{"_acf_changed":false,"_relevanssi_hide_post":"","_relevanssi_hide_content":"","_relevanssi_pin_for_all":"","_relevanssi_pin_keywords":"","_relevanssi_unpin_keywords":"","_relevanssi_related_keywords":"","_relevanssi_related_include_ids":"","_relevanssi_related_exclude_ids":"","_relevanssi_related_no_append":"","_relevanssi_related_not_related":"","_relevanssi_related_posts":"165045,165022,164979,164901,164801,164384","_relevanssi_noindex_reason":"","footnotes":""},"class_list":["post-152711","one_policy","type-one_policy","status-publish","hentry"],"acf":[],"yoast_head":"<!-- This site is optimized with the Yoast SEO Premium plugin v27.1 (Yoast SEO v27.1.1) - https:\/\/yoast.com\/product\/yoast-seo-premium-wordpress\/ -->\n<title>COVID-19 : Comment \u00e9viter que la pand\u00e9mie n\u2019acc\u00e9l\u00e8re la crise mondiale de l\u2019\u00e9ducation - ONE.org France<\/title>\n<meta name=\"robots\" content=\"index, follow, max-snippet:-1, max-image-preview:large, max-video-preview:-1\" \/>\n<link rel=\"canonical\" href=\"https:\/\/www.one.org\/fr\/policy\/covid-19-comment-eviter-que-la-pandemie-naccelere-la-crise-mondiale-de-leducation\/\" \/>\n<meta property=\"og:locale\" content=\"fr_FR\" \/>\n<meta property=\"og:type\" content=\"article\" \/>\n<meta property=\"og:title\" content=\"COVID-19 : Comment \u00e9viter que la pand\u00e9mie n\u2019acc\u00e9l\u00e8re la crise mondiale de l\u2019\u00e9ducation\" \/>\n<meta property=\"og:description\" content=\"Il faut \u00e0 tout prix \u00e9viter que la crise du COVID-19 n\u2019acc\u00e9l\u00e8re la crise mondiale de l\u2019\u00e9ducation\" \/>\n<meta property=\"og:url\" content=\"https:\/\/www.one.org\/fr\/policy\/covid-19-comment-eviter-que-la-pandemie-naccelere-la-crise-mondiale-de-leducation\/\" \/>\n<meta property=\"og:site_name\" content=\"ONE.org France\" \/>\n<meta property=\"article:publisher\" content=\"https:\/\/www.facebook.com\/ONE.Fr\" \/>\n<meta property=\"article:modified_time\" content=\"2023-12-12T16:55:52+00:00\" \/>\n<meta property=\"og:image\" content=\"https:\/\/www.one.org\/fr\/wp-content\/uploads\/sites\/4\/2023\/09\/GA_share_1200x628-768x402-1.png\" \/>\n\t<meta property=\"og:image:width\" content=\"768\" \/>\n\t<meta property=\"og:image:height\" content=\"402\" \/>\n\t<meta property=\"og:image:type\" content=\"image\/png\" \/>\n<meta name=\"twitter:card\" content=\"summary_large_image\" \/>\n<meta name=\"twitter:title\" content=\"Comment \u00e9viter que la pand\u00e9mie n\u2019acc\u00e9l\u00e8re la crise mondiale de l\u2019\u00e9ducation\" \/>\n<meta name=\"twitter:description\" content=\"Il faut \u00e0 tout prix \u00e9viter que la crise du COVID-19 n\u2019acc\u00e9l\u00e8re la crise mondiale de l\u2019\u00e9ducation\" \/>\n<meta name=\"twitter:site\" content=\"@one_fr\" \/>\n<meta name=\"twitter:label1\" content=\"Est. reading time\" \/>\n\t<meta name=\"twitter:data1\" content=\"3 minutes\" \/>\n<script type=\"application\/ld+json\" class=\"yoast-schema-graph\">{\"@context\":\"https:\/\/schema.org\",\"@graph\":[{\"@type\":[\"Article\",\"Report\"],\"@id\":\"https:\/\/www.one.org\/fr\/policy\/covid-19-comment-eviter-que-la-pandemie-naccelere-la-crise-mondiale-de-leducation\/#article\",\"isPartOf\":{\"@id\":\"https:\/\/www.one.org\/fr\/policy\/covid-19-comment-eviter-que-la-pandemie-naccelere-la-crise-mondiale-de-leducation\/\"},\"author\":{\"name\":\"\",\"@id\":\"\"},\"headline\":\"COVID-19 : Comment \u00e9viter que la pand\u00e9mie n\u2019acc\u00e9l\u00e8re la crise mondiale de l\u2019\u00e9ducation\",\"datePublished\":\"2020-08-20T08:57:41+00:00\",\"dateModified\":\"2023-12-12T16:55:52+00:00\",\"mainEntityOfPage\":{\"@id\":\"https:\/\/www.one.org\/fr\/policy\/covid-19-comment-eviter-que-la-pandemie-naccelere-la-crise-mondiale-de-leducation\/\"},\"wordCount\":636,\"inLanguage\":\"fr-FR\"},{\"@type\":\"WebPage\",\"@id\":\"https:\/\/www.one.org\/fr\/policy\/covid-19-comment-eviter-que-la-pandemie-naccelere-la-crise-mondiale-de-leducation\/\",\"url\":\"https:\/\/www.one.org\/fr\/policy\/covid-19-comment-eviter-que-la-pandemie-naccelere-la-crise-mondiale-de-leducation\/\",\"name\":\"COVID-19 : Comment \u00e9viter que la pand\u00e9mie n\u2019acc\u00e9l\u00e8re la crise mondiale de l\u2019\u00e9ducation - ONE.org France\",\"isPartOf\":{\"@id\":\"https:\/\/www.one.org\/fr\/#website\"},\"datePublished\":\"2020-08-20T08:57:41+00:00\",\"dateModified\":\"2023-12-12T16:55:52+00:00\",\"breadcrumb\":{\"@id\":\"https:\/\/www.one.org\/fr\/policy\/covid-19-comment-eviter-que-la-pandemie-naccelere-la-crise-mondiale-de-leducation\/#breadcrumb\"},\"inLanguage\":\"fr-FR\",\"potentialAction\":[{\"@type\":\"ReadAction\",\"target\":[\"https:\/\/www.one.org\/fr\/policy\/covid-19-comment-eviter-que-la-pandemie-naccelere-la-crise-mondiale-de-leducation\/\"]}]},{\"@type\":\"BreadcrumbList\",\"@id\":\"https:\/\/www.one.org\/fr\/policy\/covid-19-comment-eviter-que-la-pandemie-naccelere-la-crise-mondiale-de-leducation\/#breadcrumb\",\"itemListElement\":[{\"@type\":\"ListItem\",\"position\":1,\"name\":\"Home\",\"item\":\"https:\/\/www.one.org\/fr\/\"},{\"@type\":\"ListItem\",\"position\":2,\"name\":\"COVID-19 : Comment \u00e9viter que la pand\u00e9mie n\u2019acc\u00e9l\u00e8re la crise mondiale de l\u2019\u00e9ducation\"}]},{\"@type\":\"WebSite\",\"@id\":\"https:\/\/www.one.org\/fr\/#website\",\"url\":\"https:\/\/www.one.org\/fr\/\",\"name\":\"ONE.org\",\"description\":\"Cr\u00e9er des opportunit\u00e9s \u00e9conomiques et am\u00e9liorer la sant\u00e9 en Afrique\",\"potentialAction\":[{\"@type\":\"SearchAction\",\"target\":{\"@type\":\"EntryPoint\",\"urlTemplate\":\"https:\/\/www.one.org\/fr\/?s={search_term_string}\"},\"query-input\":{\"@type\":\"PropertyValueSpecification\",\"valueRequired\":true,\"valueName\":\"search_term_string\"}}],\"inLanguage\":\"fr-FR\"},{\"@type\":\"Person\",\"@id\":\"\",\"url\":\"https:\/\/www.one.org\/fr\/actualites\/author\/\"}]}<\/script>\n<!-- \/ Yoast SEO Premium plugin. -->","yoast_head_json":{"title":"COVID-19 : Comment \u00e9viter que la pand\u00e9mie n\u2019acc\u00e9l\u00e8re la crise mondiale de l\u2019\u00e9ducation - ONE.org France","robots":{"index":"index","follow":"follow","max-snippet":"max-snippet:-1","max-image-preview":"max-image-preview:large","max-video-preview":"max-video-preview:-1"},"canonical":"https:\/\/www.one.org\/fr\/policy\/covid-19-comment-eviter-que-la-pandemie-naccelere-la-crise-mondiale-de-leducation\/","og_locale":"fr_FR","og_type":"article","og_title":"COVID-19 : Comment \u00e9viter que la pand\u00e9mie n\u2019acc\u00e9l\u00e8re la crise mondiale de l\u2019\u00e9ducation","og_description":"Il faut \u00e0 tout prix \u00e9viter que la crise du COVID-19 n\u2019acc\u00e9l\u00e8re la crise mondiale de l\u2019\u00e9ducation","og_url":"https:\/\/www.one.org\/fr\/policy\/covid-19-comment-eviter-que-la-pandemie-naccelere-la-crise-mondiale-de-leducation\/","og_site_name":"ONE.org France","article_publisher":"https:\/\/www.facebook.com\/ONE.Fr","article_modified_time":"2023-12-12T16:55:52+00:00","og_image":[{"width":768,"height":402,"url":"https:\/\/www.one.org\/fr\/wp-content\/uploads\/sites\/4\/2023\/09\/GA_share_1200x628-768x402-1.png","type":"image\/png"}],"twitter_card":"summary_large_image","twitter_title":"Comment \u00e9viter que la pand\u00e9mie n\u2019acc\u00e9l\u00e8re la crise mondiale de l\u2019\u00e9ducation","twitter_description":"Il faut \u00e0 tout prix \u00e9viter que la crise du COVID-19 n\u2019acc\u00e9l\u00e8re la crise mondiale de l\u2019\u00e9ducation","twitter_site":"@one_fr","twitter_misc":{"Est. reading time":"3 minutes"},"schema":{"@context":"https:\/\/schema.org","@graph":[{"@type":["Article","Report"],"@id":"https:\/\/www.one.org\/fr\/policy\/covid-19-comment-eviter-que-la-pandemie-naccelere-la-crise-mondiale-de-leducation\/#article","isPartOf":{"@id":"https:\/\/www.one.org\/fr\/policy\/covid-19-comment-eviter-que-la-pandemie-naccelere-la-crise-mondiale-de-leducation\/"},"author":{"name":"","@id":""},"headline":"COVID-19 : Comment \u00e9viter que la pand\u00e9mie n\u2019acc\u00e9l\u00e8re la crise mondiale de l\u2019\u00e9ducation","datePublished":"2020-08-20T08:57:41+00:00","dateModified":"2023-12-12T16:55:52+00:00","mainEntityOfPage":{"@id":"https:\/\/www.one.org\/fr\/policy\/covid-19-comment-eviter-que-la-pandemie-naccelere-la-crise-mondiale-de-leducation\/"},"wordCount":636,"inLanguage":"fr-FR"},{"@type":"WebPage","@id":"https:\/\/www.one.org\/fr\/policy\/covid-19-comment-eviter-que-la-pandemie-naccelere-la-crise-mondiale-de-leducation\/","url":"https:\/\/www.one.org\/fr\/policy\/covid-19-comment-eviter-que-la-pandemie-naccelere-la-crise-mondiale-de-leducation\/","name":"COVID-19 : Comment \u00e9viter que la pand\u00e9mie n\u2019acc\u00e9l\u00e8re la crise mondiale de l\u2019\u00e9ducation - ONE.org France","isPartOf":{"@id":"https:\/\/www.one.org\/fr\/#website"},"datePublished":"2020-08-20T08:57:41+00:00","dateModified":"2023-12-12T16:55:52+00:00","breadcrumb":{"@id":"https:\/\/www.one.org\/fr\/policy\/covid-19-comment-eviter-que-la-pandemie-naccelere-la-crise-mondiale-de-leducation\/#breadcrumb"},"inLanguage":"fr-FR","potentialAction":[{"@type":"ReadAction","target":["https:\/\/www.one.org\/fr\/policy\/covid-19-comment-eviter-que-la-pandemie-naccelere-la-crise-mondiale-de-leducation\/"]}]},{"@type":"BreadcrumbList","@id":"https:\/\/www.one.org\/fr\/policy\/covid-19-comment-eviter-que-la-pandemie-naccelere-la-crise-mondiale-de-leducation\/#breadcrumb","itemListElement":[{"@type":"ListItem","position":1,"name":"Home","item":"https:\/\/www.one.org\/fr\/"},{"@type":"ListItem","position":2,"name":"COVID-19 : Comment \u00e9viter que la pand\u00e9mie n\u2019acc\u00e9l\u00e8re la crise mondiale de l\u2019\u00e9ducation"}]},{"@type":"WebSite","@id":"https:\/\/www.one.org\/fr\/#website","url":"https:\/\/www.one.org\/fr\/","name":"ONE.org","description":"Cr\u00e9er des opportunit\u00e9s \u00e9conomiques et am\u00e9liorer la sant\u00e9 en Afrique","potentialAction":[{"@type":"SearchAction","target":{"@type":"EntryPoint","urlTemplate":"https:\/\/www.one.org\/fr\/?s={search_term_string}"},"query-input":{"@type":"PropertyValueSpecification","valueRequired":true,"valueName":"search_term_string"}}],"inLanguage":"fr-FR"},{"@type":"Person","@id":"","url":"https:\/\/www.one.org\/fr\/actualites\/author\/"}]}},"distributor_meta":false,"distributor_terms":false,"distributor_media":false,"distributor_original_site_name":"ONE.org France","distributor_original_site_url":"https:\/\/www.one.org\/fr","push-errors":false,"_links":{"self":[{"href":"https:\/\/www.one.org\/fr\/wp-json\/wp\/v2\/one_policy\/152711","targetHints":{"allow":["GET"]}}],"collection":[{"href":"https:\/\/www.one.org\/fr\/wp-json\/wp\/v2\/one_policy"}],"about":[{"href":"https:\/\/www.one.org\/fr\/wp-json\/wp\/v2\/types\/one_policy"}],"author":[{"embeddable":true,"href":"https:\/\/www.one.org\/fr\/wp-json\/wp\/v2\/users\/25"}],"version-history":[{"count":0,"href":"https:\/\/www.one.org\/fr\/wp-json\/wp\/v2\/one_policy\/152711\/revisions"}],"wp:attachment":[{"href":"https:\/\/www.one.org\/fr\/wp-json\/wp\/v2\/media?parent=152711"}],"curies":[{"name":"wp","href":"https:\/\/api.w.org\/{rel}","templated":true}]}}