{"id":152709,"date":"2020-08-20T08:58:06","date_gmt":"2020-08-20T08:58:06","guid":{"rendered":"https:\/\/www.one.org\/fr\/?post_type=one_policy&amp;p=152709"},"modified":"2020-08-20T08:58:06","modified_gmt":"2020-08-20T08:58:06","slug":"dette-africaine-g20-allegement","status":"publish","type":"one_policy","link":"https:\/\/www.one.org\/fr\/policy\/dette-africaine-g20-allegement\/","title":{"rendered":"Dette africaine : pourquoi le G20 doit accorder un all\u00e8gement"},"content":{"rendered":"<p><span data-sheets-value=\"{&quot;1&quot;:2,&quot;2&quot;:&quot;Intro : Alors que la pand\u00e9mie du COVID-19 poursuit sa progression, la dette Africaine se creuse. En effet, 30 pays d\u2019Afrique subsaharienne d\u00e9pensent plus pour rembourser leur dette que pour leur budget de sant\u00e9. \\n\\nLe 15 avril 2020, les ministres des Finances du G20 ont convenu d\u2019un moratoire pour suspendre les remboursements de la dette Afraicaine pour 2020. \\n\\n&quot;}\" data-sheets-userformat=\"{&quot;2&quot;:1021,&quot;3&quot;:{&quot;1&quot;:0},&quot;5&quot;:{&quot;1&quot;:[{&quot;1&quot;:2,&quot;2&quot;:0,&quot;5&quot;:{&quot;1&quot;:2,&quot;2&quot;:0}},{&quot;1&quot;:0,&quot;2&quot;:0,&quot;3&quot;:3},{&quot;1&quot;:1,&quot;2&quot;:0,&quot;4&quot;:1}]},&quot;6&quot;:{&quot;1&quot;:[{&quot;1&quot;:2,&quot;2&quot;:0,&quot;5&quot;:{&quot;1&quot;:2,&quot;2&quot;:0}},{&quot;1&quot;:0,&quot;2&quot;:0,&quot;3&quot;:3},{&quot;1&quot;:1,&quot;2&quot;:0,&quot;4&quot;:1}]},&quot;7&quot;:{&quot;1&quot;:[{&quot;1&quot;:2,&quot;2&quot;:0,&quot;5&quot;:{&quot;1&quot;:2,&quot;2&quot;:0}},{&quot;1&quot;:0,&quot;2&quot;:0,&quot;3&quot;:3},{&quot;1&quot;:1,&quot;2&quot;:0,&quot;4&quot;:1}]},&quot;8&quot;:{&quot;1&quot;:[{&quot;1&quot;:2,&quot;2&quot;:0,&quot;5&quot;:{&quot;1&quot;:2,&quot;2&quot;:0}},{&quot;1&quot;:0,&quot;2&quot;:0,&quot;3&quot;:3},{&quot;1&quot;:1,&quot;2&quot;:0,&quot;4&quot;:1}]},&quot;9&quot;:1,&quot;10&quot;:1,&quot;11&quot;:4,&quot;12&quot;:0}\" data-sheets-textstyleruns=\"{&quot;1&quot;:0}\uee10{&quot;1&quot;:66,&quot;2&quot;:{&quot;5&quot;:1}}\uee10{&quot;1&quot;:107}\uee10{&quot;1&quot;:326,&quot;2&quot;:{&quot;5&quot;:1}}\uee10{&quot;1&quot;:350}\">Alors que la pand\u00e9mie du COVID-19 poursuit sa progression, la dette Africaine se creuse. En effet, 30 pays d\u2019Afrique subsaharienne d\u00e9pensent plus pour rembourser leur dette que pour leur budget de sant\u00e9.<\/span><\/p>\n<p>Le 15 avril 2020, les ministres des Finances du G20 ont convenu d\u2019un moratoire pour suspendre les remboursements de la dette Afraicaine pour 2020.<\/p>\n<p>Un moratoire ou une annulation de la dette priv\u00e9e s&#8217;annonce plus complexe car il n&#8217;existe pas de d\u00e9cideurs unilat\u00e9raux qui pourraient d\u00e9cider de l&#8217;arr\u00eat de ces paiements.<\/p>\n<h2><span data-sheets-value=\"{&quot;1&quot;:2,&quot;2&quot;:&quot;Les cons\u00e9quences \u00e9conomiques de la dette africaine&quot;}\" data-sheets-userformat=\"{&quot;2&quot;:1021,&quot;3&quot;:{&quot;1&quot;:0},&quot;5&quot;:{&quot;1&quot;:[{&quot;1&quot;:2,&quot;2&quot;:0,&quot;5&quot;:{&quot;1&quot;:2,&quot;2&quot;:0}},{&quot;1&quot;:0,&quot;2&quot;:0,&quot;3&quot;:3},{&quot;1&quot;:1,&quot;2&quot;:0,&quot;4&quot;:1}]},&quot;6&quot;:{&quot;1&quot;:[{&quot;1&quot;:2,&quot;2&quot;:0,&quot;5&quot;:{&quot;1&quot;:2,&quot;2&quot;:0}},{&quot;1&quot;:0,&quot;2&quot;:0,&quot;3&quot;:3},{&quot;1&quot;:1,&quot;2&quot;:0,&quot;4&quot;:1}]},&quot;7&quot;:{&quot;1&quot;:[{&quot;1&quot;:2,&quot;2&quot;:0,&quot;5&quot;:{&quot;1&quot;:2,&quot;2&quot;:0}},{&quot;1&quot;:0,&quot;2&quot;:0,&quot;3&quot;:3},{&quot;1&quot;:1,&quot;2&quot;:0,&quot;4&quot;:1}]},&quot;8&quot;:{&quot;1&quot;:[{&quot;1&quot;:2,&quot;2&quot;:0,&quot;5&quot;:{&quot;1&quot;:2,&quot;2&quot;:0}},{&quot;1&quot;:0,&quot;2&quot;:0,&quot;3&quot;:3},{&quot;1&quot;:1,&quot;2&quot;:0,&quot;4&quot;:1}]},&quot;9&quot;:1,&quot;10&quot;:1,&quot;11&quot;:4,&quot;12&quot;:0}\">Les cons\u00e9quences \u00e9conomiques de la dette africaine<\/span><\/h2>\n<p>Le COVID-19 pourrait avoir un impact d\u00e9vastateur sur les \u00e9conomies africaines. Alors que le continent n&#8217;a pas encore atteint le pic de la crise sanitaire, les cons\u00e9quences \u00e9conomiques sont d\u00e9j\u00e0 flagrantes. Le tourisme a chut\u00e9, les prix des denr\u00e9es alimentaires augmentent et les m\u00e9nages qui d\u00e9pendent d&#8217;un travail journalier pour se nourrir seront durement touch\u00e9s par les mesures de distanciation sociale.<\/p>\n<p>Les pays africains ont un besoin urgent d&#8217;une injection massive de ressources pour r\u00e9pondre \u00e0 la crise du COVID-19 et \u00e0 ses retomb\u00e9es \u00e9conomiques. La Banque mondiale estime que le continent africain entrera en r\u00e9cession pour la premi\u00e8re fois depuis 25 ans, avec des pertes de production de <a href=\"https:\/\/www.banquemondiale.org\/fr\/region\/afr\/publication\/for-sub-saharan-africa-coronavirus-crisis-calls-for-policies-for-greater-resilience\">79 milliards de dollars<\/a>.<\/p>\n<h2><span data-sheets-value=\"{&quot;1&quot;:2,&quot;2&quot;:&quot;Pour une relance \u00e9conomique d'urgence de 100 milliards de dollars pour l'Afrique&quot;}\" data-sheets-userformat=\"{&quot;2&quot;:1021,&quot;3&quot;:{&quot;1&quot;:0},&quot;5&quot;:{&quot;1&quot;:[{&quot;1&quot;:2,&quot;2&quot;:0,&quot;5&quot;:{&quot;1&quot;:2,&quot;2&quot;:0}},{&quot;1&quot;:0,&quot;2&quot;:0,&quot;3&quot;:3},{&quot;1&quot;:1,&quot;2&quot;:0,&quot;4&quot;:1}]},&quot;6&quot;:{&quot;1&quot;:[{&quot;1&quot;:2,&quot;2&quot;:0,&quot;5&quot;:{&quot;1&quot;:2,&quot;2&quot;:0}},{&quot;1&quot;:0,&quot;2&quot;:0,&quot;3&quot;:3},{&quot;1&quot;:1,&quot;2&quot;:0,&quot;4&quot;:1}]},&quot;7&quot;:{&quot;1&quot;:[{&quot;1&quot;:2,&quot;2&quot;:0,&quot;5&quot;:{&quot;1&quot;:2,&quot;2&quot;:0}},{&quot;1&quot;:0,&quot;2&quot;:0,&quot;3&quot;:3},{&quot;1&quot;:1,&quot;2&quot;:0,&quot;4&quot;:1}]},&quot;8&quot;:{&quot;1&quot;:[{&quot;1&quot;:2,&quot;2&quot;:0,&quot;5&quot;:{&quot;1&quot;:2,&quot;2&quot;:0}},{&quot;1&quot;:0,&quot;2&quot;:0,&quot;3&quot;:3},{&quot;1&quot;:1,&quot;2&quot;:0,&quot;4&quot;:1}]},&quot;9&quot;:1,&quot;10&quot;:1,&quot;11&quot;:4,&quot;12&quot;:0}\">Pour un all\u00e8gement imm\u00e9diat de la dette des pays les plus pauvres<\/span><\/h2>\n<p>Tous les cr\u00e9anciers officiels, bilat\u00e9raux et multilat\u00e9raux devraient suspsendre les paiements du principal et des int\u00e9r\u00eats de la dette pour les pays africains et AID au moins pour le reste de l&#8217;ann\u00e9e 2020 et 2021.<\/p>\n<p>Les pays donateurs devraient donner 1 milliard de dollar pour compl\u00e9ter le Fonds fiduciaire d&#8217;assistance et de riposte aux catastrophes du FMI.<\/p>\n<p>Le G20 doit se lancer dans un processus complet de restructuration de la dette des pays africains et AID qui en ont besoin.<\/p>\n<p>&nbsp;<\/p>\n<div class=\"buffer\"><\/div>","protected":false},"excerpt":{"rendered":"<p>Face \u00e0 la pand\u00e9mie du COVID-19, ONE a mobilis\u00e9 son \u00e9quipe de chercheuses et de chercheurs pour en savoir plus sur les cons\u00e9quences de la crise pour les pays les plus vuln\u00e9rables. Nous publions une s\u00e9rie de rapports qui d\u00e9clinent l\u2019impact de la pand\u00e9mie : une crise sanitaire peut en cacher d\u2019autres. <\/p>\n","protected":false},"author":25,"featured_media":0,"template":"","meta":{"_acf_changed":false,"_relevanssi_hide_post":"","_relevanssi_hide_content":"","_relevanssi_pin_for_all":"","_relevanssi_pin_keywords":"","_relevanssi_unpin_keywords":"","_relevanssi_related_keywords":"","_relevanssi_related_include_ids":"","_relevanssi_related_exclude_ids":"","_relevanssi_related_no_append":"","_relevanssi_related_not_related":"","_relevanssi_related_posts":"","_relevanssi_noindex_reason":"","footnotes":""},"class_list":["post-152709","one_policy","type-one_policy","status-publish","hentry"],"acf":[],"yoast_head":"<!-- This site is optimized with the Yoast SEO Premium plugin v27.1 (Yoast SEO v27.1.1) - https:\/\/yoast.com\/product\/yoast-seo-premium-wordpress\/ -->\n<title>Dette africaine : pour un all\u00e8gement aux pays les plus pauvres<\/title>\n<meta name=\"description\" content=\"Comment l&#039;all\u00e9gement de la dette africaine par le G20 peut sauver des vies ? Lisez le rapport de l&#039;ONG ONE pour tout comprendre.\" \/>\n<meta name=\"robots\" content=\"index, follow, max-snippet:-1, max-image-preview:large, max-video-preview:-1\" \/>\n<link rel=\"canonical\" href=\"https:\/\/www.one.org\/fr\/policy\/dette-africaine-g20-allegement\/\" \/>\n<meta property=\"og:locale\" content=\"fr_FR\" \/>\n<meta property=\"og:type\" content=\"article\" \/>\n<meta property=\"og:title\" content=\"Pourquoi le G20 doit accorder un all\u00e8gement de la dette aux pays les plus pauvres\" \/>\n<meta property=\"og:description\" content=\"Aucun pays ne devrait devoir choisir entre rembourser sa dette et sauver des vies\" \/>\n<meta property=\"og:url\" content=\"https:\/\/www.one.org\/fr\/policy\/dette-africaine-g20-allegement\/\" \/>\n<meta property=\"og:site_name\" content=\"ONE.org France\" \/>\n<meta property=\"article:publisher\" content=\"https:\/\/www.facebook.com\/ONE.Fr\" \/>\n<meta property=\"og:image\" content=\"https:\/\/www.one.org\/fr\/wp-content\/uploads\/sites\/4\/2023\/09\/GA_share_1200x628-768x402-1.png\" \/>\n\t<meta property=\"og:image:width\" content=\"768\" \/>\n\t<meta property=\"og:image:height\" content=\"402\" \/>\n\t<meta property=\"og:image:type\" content=\"image\/png\" \/>\n<meta name=\"twitter:card\" content=\"summary_large_image\" \/>\n<meta name=\"twitter:title\" content=\"Dette africaine : pourquoi le G20 doit accorder un all\u00e8gement\" \/>\n<meta name=\"twitter:description\" content=\"Aucun pays ne devrait devoir choisir entre rembourser sa dette et sauver des vies\" \/>\n<meta name=\"twitter:site\" content=\"@one_fr\" \/>\n<meta name=\"twitter:label1\" content=\"Est. reading time\" \/>\n\t<meta name=\"twitter:data1\" content=\"2 minutes\" \/>\n<script type=\"application\/ld+json\" class=\"yoast-schema-graph\">{\"@context\":\"https:\/\/schema.org\",\"@graph\":[{\"@type\":[\"Article\",\"Report\"],\"@id\":\"https:\/\/www.one.org\/fr\/policy\/dette-africaine-g20-allegement\/#article\",\"isPartOf\":{\"@id\":\"https:\/\/www.one.org\/fr\/policy\/dette-africaine-g20-allegement\/\"},\"author\":{\"name\":\"\",\"@id\":\"\"},\"headline\":\"Dette africaine : pourquoi le G20 doit accorder un all\u00e8gement\",\"datePublished\":\"2020-08-20T08:58:06+00:00\",\"mainEntityOfPage\":{\"@id\":\"https:\/\/www.one.org\/fr\/policy\/dette-africaine-g20-allegement\/\"},\"wordCount\":333,\"inLanguage\":\"fr-FR\"},{\"@type\":\"WebPage\",\"@id\":\"https:\/\/www.one.org\/fr\/policy\/dette-africaine-g20-allegement\/\",\"url\":\"https:\/\/www.one.org\/fr\/policy\/dette-africaine-g20-allegement\/\",\"name\":\"Dette africaine : pour un all\u00e8gement aux pays les plus pauvres\",\"isPartOf\":{\"@id\":\"https:\/\/www.one.org\/fr\/#website\"},\"datePublished\":\"2020-08-20T08:58:06+00:00\",\"description\":\"Comment l'all\u00e9gement de la dette africaine par le G20 peut sauver des vies ? Lisez le rapport de l'ONG ONE pour tout comprendre.\",\"breadcrumb\":{\"@id\":\"https:\/\/www.one.org\/fr\/policy\/dette-africaine-g20-allegement\/#breadcrumb\"},\"inLanguage\":\"fr-FR\",\"potentialAction\":[{\"@type\":\"ReadAction\",\"target\":[\"https:\/\/www.one.org\/fr\/policy\/dette-africaine-g20-allegement\/\"]}]},{\"@type\":\"BreadcrumbList\",\"@id\":\"https:\/\/www.one.org\/fr\/policy\/dette-africaine-g20-allegement\/#breadcrumb\",\"itemListElement\":[{\"@type\":\"ListItem\",\"position\":1,\"name\":\"Home\",\"item\":\"https:\/\/www.one.org\/fr\/\"},{\"@type\":\"ListItem\",\"position\":2,\"name\":\"Dette africaine : pourquoi le G20 doit accorder un all\u00e8gement\"}]},{\"@type\":\"WebSite\",\"@id\":\"https:\/\/www.one.org\/fr\/#website\",\"url\":\"https:\/\/www.one.org\/fr\/\",\"name\":\"ONE.org\",\"description\":\"Cr\u00e9er des opportunit\u00e9s \u00e9conomiques et am\u00e9liorer la sant\u00e9 en Afrique\",\"potentialAction\":[{\"@type\":\"SearchAction\",\"target\":{\"@type\":\"EntryPoint\",\"urlTemplate\":\"https:\/\/www.one.org\/fr\/?s={search_term_string}\"},\"query-input\":{\"@type\":\"PropertyValueSpecification\",\"valueRequired\":true,\"valueName\":\"search_term_string\"}}],\"inLanguage\":\"fr-FR\"},{\"@type\":\"Person\",\"@id\":\"\",\"url\":\"https:\/\/www.one.org\/fr\/actualites\/author\/\"}]}<\/script>\n<!-- \/ Yoast SEO Premium plugin. -->","yoast_head_json":{"title":"Dette africaine : pour un all\u00e8gement aux pays les plus pauvres","description":"Comment l'all\u00e9gement de la dette africaine par le G20 peut sauver des vies ? Lisez le rapport de l'ONG ONE pour tout comprendre.","robots":{"index":"index","follow":"follow","max-snippet":"max-snippet:-1","max-image-preview":"max-image-preview:large","max-video-preview":"max-video-preview:-1"},"canonical":"https:\/\/www.one.org\/fr\/policy\/dette-africaine-g20-allegement\/","og_locale":"fr_FR","og_type":"article","og_title":"Pourquoi le G20 doit accorder un all\u00e8gement de la dette aux pays les plus pauvres","og_description":"Aucun pays ne devrait devoir choisir entre rembourser sa dette et sauver des vies","og_url":"https:\/\/www.one.org\/fr\/policy\/dette-africaine-g20-allegement\/","og_site_name":"ONE.org France","article_publisher":"https:\/\/www.facebook.com\/ONE.Fr","og_image":[{"width":768,"height":402,"url":"https:\/\/www.one.org\/fr\/wp-content\/uploads\/sites\/4\/2023\/09\/GA_share_1200x628-768x402-1.png","type":"image\/png"}],"twitter_card":"summary_large_image","twitter_title":"Dette africaine : pourquoi le G20 doit accorder un all\u00e8gement","twitter_description":"Aucun pays ne devrait devoir choisir entre rembourser sa dette et sauver des vies","twitter_site":"@one_fr","twitter_misc":{"Est. reading time":"2 minutes"},"schema":{"@context":"https:\/\/schema.org","@graph":[{"@type":["Article","Report"],"@id":"https:\/\/www.one.org\/fr\/policy\/dette-africaine-g20-allegement\/#article","isPartOf":{"@id":"https:\/\/www.one.org\/fr\/policy\/dette-africaine-g20-allegement\/"},"author":{"name":"","@id":""},"headline":"Dette africaine : pourquoi le G20 doit accorder un all\u00e8gement","datePublished":"2020-08-20T08:58:06+00:00","mainEntityOfPage":{"@id":"https:\/\/www.one.org\/fr\/policy\/dette-africaine-g20-allegement\/"},"wordCount":333,"inLanguage":"fr-FR"},{"@type":"WebPage","@id":"https:\/\/www.one.org\/fr\/policy\/dette-africaine-g20-allegement\/","url":"https:\/\/www.one.org\/fr\/policy\/dette-africaine-g20-allegement\/","name":"Dette africaine : pour un all\u00e8gement aux pays les plus pauvres","isPartOf":{"@id":"https:\/\/www.one.org\/fr\/#website"},"datePublished":"2020-08-20T08:58:06+00:00","description":"Comment l'all\u00e9gement de la dette africaine par le G20 peut sauver des vies ? Lisez le rapport de l'ONG ONE pour tout comprendre.","breadcrumb":{"@id":"https:\/\/www.one.org\/fr\/policy\/dette-africaine-g20-allegement\/#breadcrumb"},"inLanguage":"fr-FR","potentialAction":[{"@type":"ReadAction","target":["https:\/\/www.one.org\/fr\/policy\/dette-africaine-g20-allegement\/"]}]},{"@type":"BreadcrumbList","@id":"https:\/\/www.one.org\/fr\/policy\/dette-africaine-g20-allegement\/#breadcrumb","itemListElement":[{"@type":"ListItem","position":1,"name":"Home","item":"https:\/\/www.one.org\/fr\/"},{"@type":"ListItem","position":2,"name":"Dette africaine : pourquoi le G20 doit accorder un all\u00e8gement"}]},{"@type":"WebSite","@id":"https:\/\/www.one.org\/fr\/#website","url":"https:\/\/www.one.org\/fr\/","name":"ONE.org","description":"Cr\u00e9er des opportunit\u00e9s \u00e9conomiques et am\u00e9liorer la sant\u00e9 en Afrique","potentialAction":[{"@type":"SearchAction","target":{"@type":"EntryPoint","urlTemplate":"https:\/\/www.one.org\/fr\/?s={search_term_string}"},"query-input":{"@type":"PropertyValueSpecification","valueRequired":true,"valueName":"search_term_string"}}],"inLanguage":"fr-FR"},{"@type":"Person","@id":"","url":"https:\/\/www.one.org\/fr\/actualites\/author\/"}]}},"distributor_meta":false,"distributor_terms":false,"distributor_media":false,"distributor_original_site_name":"ONE.org France","distributor_original_site_url":"https:\/\/www.one.org\/fr","push-errors":false,"_links":{"self":[{"href":"https:\/\/www.one.org\/fr\/wp-json\/wp\/v2\/one_policy\/152709","targetHints":{"allow":["GET"]}}],"collection":[{"href":"https:\/\/www.one.org\/fr\/wp-json\/wp\/v2\/one_policy"}],"about":[{"href":"https:\/\/www.one.org\/fr\/wp-json\/wp\/v2\/types\/one_policy"}],"author":[{"embeddable":true,"href":"https:\/\/www.one.org\/fr\/wp-json\/wp\/v2\/users\/25"}],"version-history":[{"count":0,"href":"https:\/\/www.one.org\/fr\/wp-json\/wp\/v2\/one_policy\/152709\/revisions"}],"wp:attachment":[{"href":"https:\/\/www.one.org\/fr\/wp-json\/wp\/v2\/media?parent=152709"}],"curies":[{"name":"wp","href":"https:\/\/api.w.org\/{rel}","templated":true}]}}