{"id":297,"date":"2023-08-03T09:10:06","date_gmt":"2023-08-03T09:10:06","guid":{"rendered":"https:\/\/www.one.org\/de\/?page_id=297"},"modified":"2026-01-06T14:48:31","modified_gmt":"2026-01-06T14:48:31","slug":"regionalbotschafterinnen","status":"publish","type":"page","link":"https:\/\/www.one.org\/de\/ueber-one\/regionalbotschafterinnen\/","title":{"rendered":"Regionalbotschafter*innen"},"content":{"rendered":"\n<div id=\"block_08c93f278c8226ca45cd16e1faa8c43c\" class=\"oneorg-block oneorg-promo flush is-style-bottom  has-text-align-left  \">\n\n\t\t\t    \n\n\t\t\t<div class=\"oneorg-promo__wrapper\">\n\t\t\t\t<div class=\"oneorg-promo__inner\">   \n\n\t\t\t\t<div class=\"oneorg-promo__content\">\n\t\t\t\t\t<div class=\"acf-innerblocks-container\">\n\n<p class=\"oneorg-section-title\">\u00dcber ONE<\/p>\n\n\n\n<h2>Regional&shy;botschafter*innen<\/h2>\n\n\n\n<\/div>\n\t\t\t\t<\/div>\n\t\t\t\t\n\t\t\t\t<\/div>\n\t\t\t<\/div>\n\n<\/div>\n\n\n\n<div style=\"height:25px\" aria-hidden=\"true\" class=\"wp-block-spacer\"><\/div>\n\n\n\n<p>Regionalbotschafter*in zu sein, bedeutet Aktion vor der eigenen Haust\u00fcr. Denn \u00fcberall ist der richtige Ort, um sich f\u00fcr Gerechtigkeit weltweit stark zu machen.<\/p>\n\n\n\n<p>ONE-Regionalbotschafter*innen bringen gemeinsam mit ihrer Regionalgruppe wichtige Themen in die \u00d6ffentlichkeit und informieren ihre Mitmenschen, warum der Kampf gegen extreme Armut uns alle angeht.<\/p>\n\n\n\n<p><strong>Interessiert? Super, dann scroll nach unten und trag dich unverbindlich ein. Wir melden uns bei dir!<\/strong><\/p>\n\n\n\n<p>Es gibt es noch keine Regionalgruppe in deiner N\u00e4he? Dann gr\u00fcnde deine eigene Gruppe an deinem Wohnort! Wir unterst\u00fctzen dich auf dem Weg dorthin.<\/p>\n\n\n\n<h3 class=\"wp-block-heading\">Was machen unsere Regionalbotschafter*innen?<\/h3>\n\n\n\n<p>Regionalbotschafter*innen kommen mit Menschen in ihrer Stadt \u00fcber ihre Herzensthemen ins Gespr\u00e4ch oder organisieren Workshops zu Globaler Gerechtigkeit. Ob auf&nbsp;<a href=\"https:\/\/twitter.com\/ONEDeutschland\/status\/1458735015488012289\">Shows unserer prominenten Unterst\u00fctzer*innen<\/a>, auf Festivals oder bei Stadtfesten \u2013 sie sind mit einem Infostand vor Ort. Sie halten Vortr\u00e4ge und geben Workshops an Schulen, im Fu\u00dfballverein oder beim Tag der offenen T\u00fcr im Rathaus und nehmen an vielen spannenden \u00fcberregionalen&nbsp;<a href=\"https:\/\/twitter.com\/ONEDeutschland\/status\/1459974949779963905\">Offline<\/a>\u2013 und&nbsp;<a href=\"https:\/\/twitter.com\/ONEDeutschland\/status\/1464160512216866816\">Online<\/a>\u2013 Aktionen teil! Dabei sammeln sie niemals Spenden, sondern immer nur Stimmen. Denn wir sind \u00fcberzeugt: Im Kampf gegen Armut geht es nicht um Almosen, sondern um Gerechtigkeit.<\/p>\n\n\n\n<p>Und egal, was sie vorhaben \u2013 sie sind nie allein. Denn wir helfen bei der Umsetzung! Mit unseren Materialien und Hintergrundinformationen sind sie f\u00fcr die Aktionen immer bestens ausger\u00fcstet.<\/p>\n\n\n\n<p>Noch nicht \u00fcberzeugt? Dann findest du hier\u00a0<a href=\"https:\/\/www.one.org\/de\/neuigkeiten\/10-gruende-one-regionalbotschafterin-zu-werden\/\">10 gute Gr\u00fcnde ONE-Regionalbotschafter*in zu werden<\/a>.<\/p>\n\n\n\n<div class=\"wp-block-group oneorg-block-group oneorg-block-group-cards is-layout-flow wp-block-group-is-layout-flow\">\n<div class=\"wp-block-group is-layout-flow wp-block-group-is-layout-flow\">\n<h2 class=\"wp-block-heading\">Wer sind unsere Regionalbotschafter*innen?<\/h2>\n\n\n\n<div class=\"wp-block-columns is-layout-flex wp-container-core-columns-is-layout-28f84493 wp-block-columns-is-layout-flex\">\n<div class=\"wp-block-column is-layout-flow wp-block-column-is-layout-flow\">\n<figure class=\"wp-block-image size-full size-large\"><img loading=\"lazy\" decoding=\"async\" width=\"640\" height=\"640\" src=\"https:\/\/www.one.org\/de\/wp-content\/uploads\/sites\/3\/2024\/12\/ONEregionalWebsite_MareikeNeu-640x640-1.jpeg\" alt=\"\" class=\"wp-image-172013\" srcset=\"https:\/\/www.one.org\/de\/wp-content\/uploads\/sites\/3\/2024\/12\/ONEregionalWebsite_MareikeNeu-640x640-1.jpeg 640w, https:\/\/www.one.org\/de\/wp-content\/uploads\/sites\/3\/2024\/12\/ONEregionalWebsite_MareikeNeu-640x640-1-300x300.jpeg 300w, https:\/\/www.one.org\/de\/wp-content\/uploads\/sites\/3\/2024\/12\/ONEregionalWebsite_MareikeNeu-640x640-1-150x150.jpeg 150w, https:\/\/www.one.org\/de\/wp-content\/uploads\/sites\/3\/2024\/12\/ONEregionalWebsite_MareikeNeu-640x640-1-16x16.jpeg 16w, https:\/\/www.one.org\/de\/wp-content\/uploads\/sites\/3\/2024\/12\/ONEregionalWebsite_MareikeNeu-640x640-1-320x320.jpeg 320w, https:\/\/www.one.org\/de\/wp-content\/uploads\/sites\/3\/2024\/12\/ONEregionalWebsite_MareikeNeu-640x640-1-630x630.jpeg 630w\" sizes=\"auto, (max-width: 640px) 100vw, 640px\" \/><\/figure>\n\n\n\n<h3 class=\"wp-block-heading\"><strong>Mareike \u2013 Haltern am See<\/strong><\/h3>\n\n\n\n<p>Ich bin Mareike, aus Haltern. Ich bin Journalistin, \u00dcbersetzerin und Autorin, engagiere mich leidenschaftlich f\u00fcr Gleichberechtigung, Klimaschutz und Chancengleichheit in der Bildung und bin bei ONE regional aktiv, weil viele \u201akleine\u2018 Probleme, die wir hier haben, f\u00fcr Menschen in anderen Regionen dieser Welt lebensbedrohlich und allumfassend sind \u2013 das kann ich nicht ertragen. Wir sind Teil der Gemeinschaft auf dieser Erde: None of us are equal until all of us are equal! Bei ONE regional habe ich bei U2-Konzerten und Auftritten von Carolin Kebekus Stimmen im Kampf gegen extreme Armut und f\u00fcr Impffairness gesammelt \u2013 das war spannend und hat mir viel Spa\u00df gemacht!<\/p>\n<\/div>\n\n\n\n<div class=\"wp-block-column is-layout-flow wp-block-column-is-layout-flow\">\n<figure class=\"wp-block-image size-full size-large\"><img loading=\"lazy\" decoding=\"async\" width=\"640\" height=\"640\" src=\"https:\/\/www.one.org\/de\/wp-content\/uploads\/sites\/3\/2024\/12\/ONEregionalWebsite_photo_Patrick-640x640-1.jpeg\" alt=\"\" class=\"wp-image-172012\" srcset=\"https:\/\/www.one.org\/de\/wp-content\/uploads\/sites\/3\/2024\/12\/ONEregionalWebsite_photo_Patrick-640x640-1.jpeg 640w, https:\/\/www.one.org\/de\/wp-content\/uploads\/sites\/3\/2024\/12\/ONEregionalWebsite_photo_Patrick-640x640-1-300x300.jpeg 300w, https:\/\/www.one.org\/de\/wp-content\/uploads\/sites\/3\/2024\/12\/ONEregionalWebsite_photo_Patrick-640x640-1-150x150.jpeg 150w, https:\/\/www.one.org\/de\/wp-content\/uploads\/sites\/3\/2024\/12\/ONEregionalWebsite_photo_Patrick-640x640-1-16x16.jpeg 16w, https:\/\/www.one.org\/de\/wp-content\/uploads\/sites\/3\/2024\/12\/ONEregionalWebsite_photo_Patrick-640x640-1-320x320.jpeg 320w, https:\/\/www.one.org\/de\/wp-content\/uploads\/sites\/3\/2024\/12\/ONEregionalWebsite_photo_Patrick-640x640-1-630x630.jpeg 630w\" sizes=\"auto, (max-width: 640px) 100vw, 640px\" \/><\/figure>\n\n\n\n<h3 class=\"wp-block-heading\"><strong>Patrick \u2013 M\u00fcnster<\/strong><\/h3>\n\n\n\n<p>Mein Name ist Patrick, ich bin 21 Jahre alt und studiere in M\u00fcnster Politik- und Wirtschaftswissenschaften. Das ONE regional\u2013Programm habe ich im Juni 2021 f\u00fcr mich entdeckt. Ich interessiere mich bereits seit langer Zeit f\u00fcr globale Entwicklungs- und Nachhaltigkeitspolitik und w\u00fcrde mir w\u00fcnschen, dass die Agenda 2030 insbesondere von den gro\u00dfen Nationen endlich konsequent umgesetzt wird, vor allem in den Bereichen Bildung und Klima. ONE regional bietet mir hierbei die Chance und eine Vielzahl an M\u00f6glichkeiten, selbst mit anzupacken und meine Mitmenschen f\u00fcr globale Probleme zu sensibilisieren. Meine Highlights waren bis jetzt das Kennenlernen einiger anderer Regionalbotschafter*innen sowie die Aktionen zur Bundestagswahl!<\/p>\n<\/div>\n\n\n\n<div class=\"wp-block-column is-layout-flow wp-block-column-is-layout-flow\">\n<figure class=\"wp-block-image size-full size-large\"><img loading=\"lazy\" decoding=\"async\" width=\"640\" height=\"640\" src=\"https:\/\/www.one.org\/de\/wp-content\/uploads\/sites\/3\/2024\/12\/ONEregionalWebsite_PamelaNeu2-640x640-1.jpeg\" alt=\"\" class=\"wp-image-172011\" srcset=\"https:\/\/www.one.org\/de\/wp-content\/uploads\/sites\/3\/2024\/12\/ONEregionalWebsite_PamelaNeu2-640x640-1.jpeg 640w, https:\/\/www.one.org\/de\/wp-content\/uploads\/sites\/3\/2024\/12\/ONEregionalWebsite_PamelaNeu2-640x640-1-300x300.jpeg 300w, https:\/\/www.one.org\/de\/wp-content\/uploads\/sites\/3\/2024\/12\/ONEregionalWebsite_PamelaNeu2-640x640-1-150x150.jpeg 150w, https:\/\/www.one.org\/de\/wp-content\/uploads\/sites\/3\/2024\/12\/ONEregionalWebsite_PamelaNeu2-640x640-1-16x16.jpeg 16w, https:\/\/www.one.org\/de\/wp-content\/uploads\/sites\/3\/2024\/12\/ONEregionalWebsite_PamelaNeu2-640x640-1-320x320.jpeg 320w, https:\/\/www.one.org\/de\/wp-content\/uploads\/sites\/3\/2024\/12\/ONEregionalWebsite_PamelaNeu2-640x640-1-630x630.jpeg 630w\" sizes=\"auto, (max-width: 640px) 100vw, 640px\" \/><\/figure>\n\n\n\n<h3 class=\"wp-block-heading\"><strong>Pamela \u2013 Lage<\/strong><\/h3>\n\n\n\n<p>Ich bin Pamela aus Lage und arbeite als Altenpflegerin in einem Pflegeheim in Detmold. Au\u00dferdem engagiere ich mich in unseren Kirchengemeinden und als Lektorin bei der Fahrradorganisation Changing Cities (Berlin). Bei ONE regional bin ich aktiv, weil sich ONE f\u00fcr Gerechtigkeit auf der ganzen Welt einsetzt. Zur Bundestagswahl habe ich im Rahmen von ONE regional eine Kreidespr\u00fchaktionen durchgef\u00fchrt \u2013 damit viele Menschen auf dem Weg zum Wahllokal die Botschaften auf dem B\u00fcrgersteig lesen und an die Wichtigkeit von Globaler Gerechtigkeit erinnert werden!<\/p>\n<\/div>\n<\/div>\n<\/div>\n<\/div>\n\n\n\n<div id=\"block_11554eb66ef6465598225205ef5ef88e\" class=\"oneorg-block oneorg-promo flush  has-text-align-left has-image  has-overlay \">\n\n\t\t\t  \n\t\t\t\t\t\t\t\t\t\t\t\t\t<style scoped>\n\t\t\t\t\t#block_11554eb66ef6465598225205ef5ef88e.oneorg-promo:before {\n\t\t\t\t\t\tdisplay: block;\n\t\t\t\t\t\tz-index: 2;\n\t\t\t\t\t\tcontent: '';\n\t\t\t\t\t\tposition: absolute;\n\t\t\t\t\t\ttop: 0;\n\t\t\t\t\t\tright: 0;\n\t\t\t\t\t\tbottom: 0;\n\t\t\t\t\t\tleft: 0;\n\t\t\t\t\t\tbackground: linear-gradient(0deg, rgba(8,18,72,0.2), rgba(8,18,72,0.2)), linear-gradient(90deg, #081248 0%, rgba(8,18,72, 0) 100%);\n\t\t\t\t\t}\n\t\t\t\t\t<\/style>\n\t\t\t\t\t\t\t\t\t<div class=\"block__background\">\n\t\t\t\t\t\t<figure>\n\t\t\t\t\t\t<picture>\n\t\t\t\t\t\t\t<source media=\"(min-width: 900px)\" srcset=\"https:\/\/www.one.org\/de\/wp-content\/uploads\/sites\/3\/2024\/12\/German_regional_survey_header_1440x460.jpeg\">\n\t\t\t\t\t\t\t<img \n\t\t\t\t\t\t\tsrc=\"https:\/\/www.one.org\/de\/wp-content\/uploads\/sites\/3\/2024\/12\/German_regional_survey_header_1440x460-800x256.jpeg\" \n\t\t\t\t\t\t\twidth=\"640\" \n\t\t\t\t\t\t\theight=\"204\" \n\t\t\t\t\t\t\talt=\"\" \n\t\t\t\t\t\t\tloading=\"lazy\" \n\t\t\t\t\t\t\tstyle=\"background-image: url(data:image\/jpeg;base64,\/9j\/4AAQSkZJRgABAQAAAQABAAD\/2wBDAAYEBAUEBAYFBQUGBgYHCQ4JCQgICRINDQoOFRIWFhUSFBQXGiEcFxgfGRQUHScdHyIjJSUlFhwpLCgkKyEkJST\/2wBDAQYGBgkICREJCREkGBQYJCQkJCQkJCQkJCQkJCQkJCQkJCQkJCQkJCQkJCQkJCQkJCQkJCQkJCQkJCQkJCQkJCT\/wAARCAAFABADAREAAhEBAxEB\/8QAFAABAAAAAAAAAAAAAAAAAAAABv\/EACAQAAIBAwQDAAAAAAAAAAAAAAECAwQFEQAGByESMVH\/xAAXAQADAQAAAAAAAAAAAAAAAAABBQYH\/8QAHREAAQQCAwAAAAAAAAAAAAAAAQACAxEEBgVB0f\/aAAwDAQACEQMRAD8AP1\/NFyRpEgttNH4FhlnLejqjDVkEGmQEAvkJuukc3JyZfaumKiYRLICGCgYOCR1860Q1OuN1nDjfZF14v\/\/Z)\" \n\t\t\t\t\t\t\t\/>\n\t\t\t\t\t\t<\/picture>\n\t\t\t\t\t\t<\/figure>\n\t\t\t\t\t<\/div>\n\t\t\t    \n\n\t\t\t<div class=\"oneorg-promo__wrapper\">\n\t\t\t\t<div class=\"oneorg-promo__inner\">   \n\n\t\t\t\t<div class=\"oneorg-promo__content\">\n\t\t\t\t\t<div class=\"acf-innerblocks-container\">\n\n<p class=\"oneorg-section-title\"><\/p>\n\n\n\n<h2 class=\"wp-block-heading\" id=\"h-du-hast-lust-regionalbotschafter-in-zu-werden\"><strong>Du hast Lust Regionalbotschafter*in zu werden?<\/strong><\/h2>\n\n\n\n<p>Gemeinsam k\u00f6nnen wir viel bewegen. Wir freuen uns \u00fcber dein Interesse. Klick auf den Button, um unverbindlich Informationen anzufragen.<\/p>\n\n\n\n<div class=\"wp-block-button\"><a class=\"wp-block-button__link wp-element-button\" href=\"https:\/\/act.one.org\/survey\/de-one-ehrenamt\/\">Informationen erhalten<\/a><\/div>\n\n<\/div>\n\t\t\t\t<\/div>\n\t\t\t\t\n\t\t\t\t<\/div>\n\t\t\t<\/div>\n\n<\/div>\n<div class=\"buffer\"><\/div>","protected":false},"excerpt":{"rendered":"<p>Regionalbotschafter*in zu sein, bedeutet Aktion vor der eigenen Haust\u00fcr. Denn \u00fcberall ist der richtige Ort, um sich f\u00fcr Gerechtigkeit weltweit stark zu machen. ONE-Regionalbotschafter*innen bringen gemeinsam mit ihrer Regionalgruppe wichtige Themen in die \u00d6ffentlichkeit und informieren ihre Mitmenschen, warum der Kampf gegen extreme Armut uns alle angeht. Interessiert? Super, dann scroll nach unten und trag [&hellip;]<\/p>\n","protected":false},"author":3,"featured_media":303,"parent":7,"menu_order":0,"comment_status":"closed","ping_status":"closed","template":"","meta":{"_acf_changed":false,"_relevanssi_hide_post":"","_relevanssi_hide_content":"","_relevanssi_pin_for_all":"","_relevanssi_pin_keywords":"","_relevanssi_unpin_keywords":"","_relevanssi_related_keywords":"","_relevanssi_related_include_ids":"","_relevanssi_related_exclude_ids":"","_relevanssi_related_no_append":"","_relevanssi_related_not_related":"","_relevanssi_related_posts":"1","_relevanssi_noindex_reason":"","footnotes":""},"class_list":["post-297","page","type-page","status-publish","has-post-thumbnail","hentry"],"acf":[],"yoast_head":"<!-- This site is optimized with the Yoast SEO Premium plugin v27.1 (Yoast SEO v27.1.1) - https:\/\/yoast.com\/product\/yoast-seo-premium-wordpress\/ -->\n<title>Regionalbotschafter*innen - ONE.org Deutschland<\/title>\n<meta name=\"description\" content=\"Du suchst ein Ehrenamt in deiner Region? Bewirb dich jetzt als Regionalbotschafter*in!\" \/>\n<meta name=\"robots\" content=\"index, follow, max-snippet:-1, max-image-preview:large, max-video-preview:-1\" \/>\n<link rel=\"canonical\" href=\"https:\/\/www.one.org\/de\/ueber-one\/regionalbotschafterinnen\/\" \/>\n<meta property=\"og:locale\" content=\"de_DE\" \/>\n<meta property=\"og:type\" content=\"article\" \/>\n<meta property=\"og:title\" content=\"Regionalbotschafter*innen\" \/>\n<meta property=\"og:description\" content=\"Du suchst ein Ehrenamt in deiner Region? Bewirb dich jetzt als Regionalbotschafter*in!\" \/>\n<meta property=\"og:url\" content=\"https:\/\/www.one.org\/de\/ueber-one\/regionalbotschafterinnen\/\" \/>\n<meta property=\"og:site_name\" content=\"ONE.org Deutschland\" \/>\n<meta property=\"article:publisher\" content=\"https:\/\/www.facebook.com\/ONEinNederland\" \/>\n<meta property=\"article:modified_time\" content=\"2026-01-06T14:48:31+00:00\" \/>\n<meta property=\"og:image\" content=\"https:\/\/www.one.org\/de\/wp-content\/uploads\/sites\/3\/sites\/3\/2023\/08\/German_regional_survey_header_1440x460.jpeg\" \/>\n\t<meta property=\"og:image:width\" content=\"1440\" \/>\n\t<meta property=\"og:image:height\" content=\"460\" \/>\n\t<meta property=\"og:image:type\" content=\"image\/jpeg\" \/>\n<meta name=\"twitter:card\" content=\"summary_large_image\" \/>\n<meta name=\"twitter:site\" content=\"@ONENederland\" \/>\n<meta name=\"twitter:label1\" content=\"Est. reading time\" \/>\n\t<meta name=\"twitter:data1\" content=\"4 minutes\" \/>\n<script type=\"application\/ld+json\" class=\"yoast-schema-graph\">{\"@context\":\"https:\/\/schema.org\",\"@graph\":[{\"@type\":\"WebPage\",\"@id\":\"https:\/\/www.one.org\/de\/ueber-one\/regionalbotschafterinnen\/\",\"url\":\"https:\/\/www.one.org\/de\/ueber-one\/regionalbotschafterinnen\/\",\"name\":\"Regionalbotschafter*innen - ONE.org Deutschland\",\"isPartOf\":{\"@id\":\"https:\/\/www.one.org\/de\/#website\"},\"primaryImageOfPage\":{\"@id\":\"https:\/\/www.one.org\/de\/ueber-one\/regionalbotschafterinnen\/#primaryimage\"},\"image\":{\"@id\":\"https:\/\/www.one.org\/de\/ueber-one\/regionalbotschafterinnen\/#primaryimage\"},\"thumbnailUrl\":\"https:\/\/www.one.org\/de\/wp-content\/uploads\/sites\/3\/sites\/3\/2023\/08\/German_regional_survey_header_1440x460.jpeg\",\"datePublished\":\"2023-08-03T09:10:06+00:00\",\"dateModified\":\"2026-01-06T14:48:31+00:00\",\"description\":\"Du suchst ein Ehrenamt in deiner Region? Bewirb dich jetzt als Regionalbotschafter*in!\",\"breadcrumb\":{\"@id\":\"https:\/\/www.one.org\/de\/ueber-one\/regionalbotschafterinnen\/#breadcrumb\"},\"inLanguage\":\"de-DE\",\"potentialAction\":[{\"@type\":\"ReadAction\",\"target\":[\"https:\/\/www.one.org\/de\/ueber-one\/regionalbotschafterinnen\/\"]}]},{\"@type\":\"ImageObject\",\"inLanguage\":\"de-DE\",\"@id\":\"https:\/\/www.one.org\/de\/ueber-one\/regionalbotschafterinnen\/#primaryimage\",\"url\":\"https:\/\/www.one.org\/de\/wp-content\/uploads\/sites\/3\/sites\/3\/2023\/08\/German_regional_survey_header_1440x460.jpeg\",\"contentUrl\":\"https:\/\/www.one.org\/de\/wp-content\/uploads\/sites\/3\/sites\/3\/2023\/08\/German_regional_survey_header_1440x460.jpeg\",\"width\":1440,\"height\":460},{\"@type\":\"BreadcrumbList\",\"@id\":\"https:\/\/www.one.org\/de\/ueber-one\/regionalbotschafterinnen\/#breadcrumb\",\"itemListElement\":[{\"@type\":\"ListItem\",\"position\":1,\"name\":\"Home\",\"item\":\"https:\/\/www.one.org\/de\/\"},{\"@type\":\"ListItem\",\"position\":2,\"name\":\"\u00dcber ONE\",\"item\":\"https:\/\/www.one.org\/de\/ueber-one\/\"},{\"@type\":\"ListItem\",\"position\":3,\"name\":\"Regionalbotschafter*innen\"}]},{\"@type\":\"WebSite\",\"@id\":\"https:\/\/www.one.org\/de\/#website\",\"url\":\"https:\/\/www.one.org\/de\/\",\"name\":\"ONE.org\",\"description\":\"F\u00fcr mehr wirtschaftliche Chancen und ein starkes Gesundheitswesen in Afrika\",\"potentialAction\":[{\"@type\":\"SearchAction\",\"target\":{\"@type\":\"EntryPoint\",\"urlTemplate\":\"https:\/\/www.one.org\/de\/?s={search_term_string}\"},\"query-input\":{\"@type\":\"PropertyValueSpecification\",\"valueRequired\":true,\"valueName\":\"search_term_string\"}}],\"inLanguage\":\"de-DE\"}]}<\/script>\n<!-- \/ Yoast SEO Premium plugin. -->","yoast_head_json":{"title":"Regionalbotschafter*innen - ONE.org Deutschland","description":"Du suchst ein Ehrenamt in deiner Region? Bewirb dich jetzt als Regionalbotschafter*in!","robots":{"index":"index","follow":"follow","max-snippet":"max-snippet:-1","max-image-preview":"max-image-preview:large","max-video-preview":"max-video-preview:-1"},"canonical":"https:\/\/www.one.org\/de\/ueber-one\/regionalbotschafterinnen\/","og_locale":"de_DE","og_type":"article","og_title":"Regionalbotschafter*innen","og_description":"Du suchst ein Ehrenamt in deiner Region? Bewirb dich jetzt als Regionalbotschafter*in!","og_url":"https:\/\/www.one.org\/de\/ueber-one\/regionalbotschafterinnen\/","og_site_name":"ONE.org Deutschland","article_publisher":"https:\/\/www.facebook.com\/ONEinNederland","article_modified_time":"2026-01-06T14:48:31+00:00","og_image":[{"width":1440,"height":460,"url":"https:\/\/www.one.org\/de\/wp-content\/uploads\/sites\/3\/sites\/3\/2023\/08\/German_regional_survey_header_1440x460.jpeg","type":"image\/jpeg"}],"twitter_card":"summary_large_image","twitter_site":"@ONENederland","twitter_misc":{"Est. reading time":"4 minutes"},"schema":{"@context":"https:\/\/schema.org","@graph":[{"@type":"WebPage","@id":"https:\/\/www.one.org\/de\/ueber-one\/regionalbotschafterinnen\/","url":"https:\/\/www.one.org\/de\/ueber-one\/regionalbotschafterinnen\/","name":"Regionalbotschafter*innen - ONE.org Deutschland","isPartOf":{"@id":"https:\/\/www.one.org\/de\/#website"},"primaryImageOfPage":{"@id":"https:\/\/www.one.org\/de\/ueber-one\/regionalbotschafterinnen\/#primaryimage"},"image":{"@id":"https:\/\/www.one.org\/de\/ueber-one\/regionalbotschafterinnen\/#primaryimage"},"thumbnailUrl":"https:\/\/www.one.org\/de\/wp-content\/uploads\/sites\/3\/sites\/3\/2023\/08\/German_regional_survey_header_1440x460.jpeg","datePublished":"2023-08-03T09:10:06+00:00","dateModified":"2026-01-06T14:48:31+00:00","description":"Du suchst ein Ehrenamt in deiner Region? Bewirb dich jetzt als Regionalbotschafter*in!","breadcrumb":{"@id":"https:\/\/www.one.org\/de\/ueber-one\/regionalbotschafterinnen\/#breadcrumb"},"inLanguage":"de-DE","potentialAction":[{"@type":"ReadAction","target":["https:\/\/www.one.org\/de\/ueber-one\/regionalbotschafterinnen\/"]}]},{"@type":"ImageObject","inLanguage":"de-DE","@id":"https:\/\/www.one.org\/de\/ueber-one\/regionalbotschafterinnen\/#primaryimage","url":"https:\/\/www.one.org\/de\/wp-content\/uploads\/sites\/3\/sites\/3\/2023\/08\/German_regional_survey_header_1440x460.jpeg","contentUrl":"https:\/\/www.one.org\/de\/wp-content\/uploads\/sites\/3\/sites\/3\/2023\/08\/German_regional_survey_header_1440x460.jpeg","width":1440,"height":460},{"@type":"BreadcrumbList","@id":"https:\/\/www.one.org\/de\/ueber-one\/regionalbotschafterinnen\/#breadcrumb","itemListElement":[{"@type":"ListItem","position":1,"name":"Home","item":"https:\/\/www.one.org\/de\/"},{"@type":"ListItem","position":2,"name":"\u00dcber ONE","item":"https:\/\/www.one.org\/de\/ueber-one\/"},{"@type":"ListItem","position":3,"name":"Regionalbotschafter*innen"}]},{"@type":"WebSite","@id":"https:\/\/www.one.org\/de\/#website","url":"https:\/\/www.one.org\/de\/","name":"ONE.org","description":"F\u00fcr mehr wirtschaftliche Chancen und ein starkes Gesundheitswesen in Afrika","potentialAction":[{"@type":"SearchAction","target":{"@type":"EntryPoint","urlTemplate":"https:\/\/www.one.org\/de\/?s={search_term_string}"},"query-input":{"@type":"PropertyValueSpecification","valueRequired":true,"valueName":"search_term_string"}}],"inLanguage":"de-DE"}]}},"distributor_meta":false,"distributor_terms":false,"distributor_media":false,"distributor_original_site_name":"ONE.org Deutschland","distributor_original_site_url":"https:\/\/www.one.org\/de","push-errors":false,"_links":{"self":[{"href":"https:\/\/www.one.org\/de\/wp-json\/wp\/v2\/pages\/297","targetHints":{"allow":["GET"]}}],"collection":[{"href":"https:\/\/www.one.org\/de\/wp-json\/wp\/v2\/pages"}],"about":[{"href":"https:\/\/www.one.org\/de\/wp-json\/wp\/v2\/types\/page"}],"author":[{"embeddable":true,"href":"https:\/\/www.one.org\/de\/wp-json\/wp\/v2\/users\/3"}],"replies":[{"embeddable":true,"href":"https:\/\/www.one.org\/de\/wp-json\/wp\/v2\/comments?post=297"}],"version-history":[{"count":0,"href":"https:\/\/www.one.org\/de\/wp-json\/wp\/v2\/pages\/297\/revisions"}],"up":[{"embeddable":true,"href":"https:\/\/www.one.org\/de\/wp-json\/wp\/v2\/pages\/7"}],"wp:featuredmedia":[{"embeddable":true,"href":"https:\/\/www.one.org\/de\/wp-json\/wp\/v2\/media\/303"}],"wp:attachment":[{"href":"https:\/\/www.one.org\/de\/wp-json\/wp\/v2\/media?parent=297"}],"curies":[{"name":"wp","href":"https:\/\/api.w.org\/{rel}","templated":true}]}}