{"id":216,"date":"2023-05-08T10:05:12","date_gmt":"2023-05-08T10:05:12","guid":{"rendered":"https:\/\/www.one.org\/?page_id=524"},"modified":"2026-04-29T09:58:25","modified_gmt":"2026-04-29T09:58:25","slug":"werde-aktiv","status":"publish","type":"page","link":"https:\/\/www.one.org\/de\/engagier-dich\/werde-aktiv\/","title":{"rendered":"Werde aktiv"},"content":{"rendered":"\n<div id=\"block_a01e291867da268e8c8a47b317f67162\" class=\"oneorg-block oneorg-promo flush is-style-bottom  has-text-align-left  \">\n\n\t\t\t    \n\n\t\t\t<div class=\"oneorg-promo__wrapper\">\n\t\t\t\t<div class=\"oneorg-promo__inner\">   \n\n\t\t\t\t<div class=\"oneorg-promo__content\">\n\t\t\t\t\t<div class=\"acf-innerblocks-container\">\n\n<p class=\"oneorg-section-title\">Engagier dich<\/p>\n\n\n\n<h2 class=\"wp-block-heading\" id=\"h-bist-du-bereit-loszulegen-und-die-grossen-probleme-unserer-zeit-anzugehen\">Bist du bereit loszulegen und die gro\u00dfen Probleme unserer Zeit anzugehen?<\/h2>\n\n\n\n<\/div>\n\t\t\t\t<\/div>\n\t\t\t\t\n\t\t\t\t<\/div>\n\t\t\t<\/div>\n\n<\/div>\n\n\n\n<div class=\"wp-block-group oneorg-pattern-grid has-global-padding is-layout-constrained wp-block-group-is-layout-constrained\">\n<div class=\"wp-block-group has-global-padding is-layout-constrained wp-block-group-is-layout-constrained\">\n<h2 class=\"wp-block-heading\" id=\"h-hier-sind-unsere-aktuellen-petitionen-und-andere-moglichkeiten-dich-zu-engagieren\">Hier sind unsere aktuellen Petitionen und andere M\u00f6glichkeiten, dich zu engagieren.<\/h2>\n\n\n\n<div class=\"wp-block-group is-layout-grid wp-container-core-group-is-layout-d88a0cef wp-block-group-is-layout-grid\">\n<div class=\"wp-block-group is-vertical is-layout-flex wp-container-core-group-is-layout-fe9cc265 wp-block-group-is-layout-flex\">\n<figure class=\"wp-block-image size-full\"><img loading=\"lazy\" decoding=\"async\" width=\"600\" height=\"300\" src=\"https:\/\/www.one.org\/de\/wp-content\/uploads\/sites\/3\/2026\/04\/DE_ODA_coalition_petition_2026_600x300.jpg\" alt=\"\" class=\"wp-image-173855\" srcset=\"https:\/\/www.one.org\/de\/wp-content\/uploads\/sites\/3\/2026\/04\/DE_ODA_coalition_petition_2026_600x300.jpg 600w, https:\/\/www.one.org\/de\/wp-content\/uploads\/sites\/3\/2026\/04\/DE_ODA_coalition_petition_2026_600x300-300x150.jpg 300w, https:\/\/www.one.org\/de\/wp-content\/uploads\/sites\/3\/2026\/04\/DE_ODA_coalition_petition_2026_600x300-16x8.jpg 16w, https:\/\/www.one.org\/de\/wp-content\/uploads\/sites\/3\/2026\/04\/DE_ODA_coalition_petition_2026_600x300-320x160.jpg 320w\" sizes=\"auto, (max-width: 600px) 100vw, 600px\" \/><\/figure>\n\n\n\n<h3 class=\"wp-block-heading\" id=\"h-solidaritat-nicht-kaputtsparen-internationale-hilfe-starken\">Solidarit\u00e4t nicht kaputtsparen \u2013 Internationale Hilfe st\u00e4rken!<\/h3>\n\n\n\n<div class=\"wp-block-buttons is-layout-flex wp-block-buttons-is-layout-flex\">\n<div class=\"wp-block-button\"><a class=\"wp-block-button__link wp-element-button\" href=\"https:\/\/act.one.org\/sign\/solidaritaet-nicht-kaputtsparen\/\">Petition unterzeichnen<\/a><\/div>\n<\/div>\n<\/div>\n\n\n\n<div class=\"wp-block-group is-vertical is-layout-flex wp-container-core-group-is-layout-fe9cc265 wp-block-group-is-layout-flex\">\n<figure class=\"wp-block-image size-large\"><img loading=\"lazy\" decoding=\"async\" width=\"1024\" height=\"536\" src=\"https:\/\/www.one.org\/de\/wp-content\/uploads\/sites\/3\/2025\/04\/Stand-with-Sudan-Action-1200x628-1-1024x536.png\" alt=\"\" class=\"wp-image-172342\" srcset=\"https:\/\/www.one.org\/de\/wp-content\/uploads\/sites\/3\/2025\/04\/Stand-with-Sudan-Action-1200x628-1-1024x536.png 1024w, https:\/\/www.one.org\/de\/wp-content\/uploads\/sites\/3\/2025\/04\/Stand-with-Sudan-Action-1200x628-1-300x157.png 300w, https:\/\/www.one.org\/de\/wp-content\/uploads\/sites\/3\/2025\/04\/Stand-with-Sudan-Action-1200x628-1-768x402.png 768w, https:\/\/www.one.org\/de\/wp-content\/uploads\/sites\/3\/2025\/04\/Stand-with-Sudan-Action-1200x628-1-16x8.png 16w, https:\/\/www.one.org\/de\/wp-content\/uploads\/sites\/3\/2025\/04\/Stand-with-Sudan-Action-1200x628-1-320x167.png 320w, https:\/\/www.one.org\/de\/wp-content\/uploads\/sites\/3\/2025\/04\/Stand-with-Sudan-Action-1200x628-1-640x335.png 640w, https:\/\/www.one.org\/de\/wp-content\/uploads\/sites\/3\/2025\/04\/Stand-with-Sudan-Action-1200x628-1-800x419.png 800w, https:\/\/www.one.org\/de\/wp-content\/uploads\/sites\/3\/2025\/04\/Stand-with-Sudan-Action-1200x628-1.png 1200w\" sizes=\"auto, (max-width: 1024px) 100vw, 1024px\" \/><\/figure>\n\n\n\n<h3 class=\"wp-block-heading\" id=\"h-appell-von-one-und-unicef-deutschland-solidaritat-mit-dem-sudan-jetzt-0\">Appell von ONE und Unicef Deutschland: Solidarit\u00e4t mit dem Sudan, jetzt!<\/h3>\n\n\n\n<div class=\"wp-block-buttons is-layout-flex wp-block-buttons-is-layout-flex\">\n<div class=\"wp-block-button\"><a class=\"wp-block-button__link wp-element-button\" href=\"https:\/\/act.one.org\/sign\/stand-with-sudan-2026\/\">Aufruf unterzeichnen<\/a><\/div>\n<\/div>\n<\/div>\n\n\n\n<div class=\"wp-block-group wp-container-content-b9c76010 is-vertical is-layout-flex wp-container-core-group-is-layout-fe9cc265 wp-block-group-is-layout-flex\">\n<figure class=\"wp-block-image size-full\"><a href=\"https:\/\/act.one.org\/sign\/de-aueu-open-letter\/\"><img loading=\"lazy\" decoding=\"async\" width=\"1024\" height=\"538\" src=\"https:\/\/www.one.org\/de\/wp-content\/uploads\/sites\/3\/2025\/10\/AUEU_Open_Letter_Web.jpg\" alt=\"\" class=\"wp-image-173046\" srcset=\"https:\/\/www.one.org\/de\/wp-content\/uploads\/sites\/3\/2025\/10\/AUEU_Open_Letter_Web.jpg 1024w, https:\/\/www.one.org\/de\/wp-content\/uploads\/sites\/3\/2025\/10\/AUEU_Open_Letter_Web-300x158.jpg 300w, https:\/\/www.one.org\/de\/wp-content\/uploads\/sites\/3\/2025\/10\/AUEU_Open_Letter_Web-768x404.jpg 768w, https:\/\/www.one.org\/de\/wp-content\/uploads\/sites\/3\/2025\/10\/AUEU_Open_Letter_Web-16x8.jpg 16w, https:\/\/www.one.org\/de\/wp-content\/uploads\/sites\/3\/2025\/10\/AUEU_Open_Letter_Web-320x168.jpg 320w, https:\/\/www.one.org\/de\/wp-content\/uploads\/sites\/3\/2025\/10\/AUEU_Open_Letter_Web-640x336.jpg 640w, https:\/\/www.one.org\/de\/wp-content\/uploads\/sites\/3\/2025\/10\/AUEU_Open_Letter_Web-800x420.jpg 800w\" sizes=\"auto, (max-width: 1024px) 100vw, 1024px\" \/><\/a><\/figure>\n\n\n\n<h3 class=\"wp-block-heading\" id=\"h-alles-gute-zum-25-jahrestag-au-eu-partnerschaft\">Alles Gute zum 25. Jahrestag, AU-EU-Partnerschaft<\/h3>\n\n\n\n<div class=\"wp-block-buttons is-layout-flex wp-block-buttons-is-layout-flex\">\n<div class=\"wp-block-button\"><a class=\"wp-block-button__link wp-element-button\" href=\"https:\/\/act.one.org\/sign\/de-aueu-open-letter\/\">Offenen Brief unterzeichnen<\/a><\/div>\n<\/div>\n<\/div>\n\n\n\n<div class=\"wp-block-group is-vertical is-layout-flex wp-container-core-group-is-layout-fe9cc265 wp-block-group-is-layout-flex\">\n<figure class=\"wp-block-image size-full\"><img loading=\"lazy\" decoding=\"async\" width=\"1200\" height=\"628\" src=\"https:\/\/www.one.org\/de\/wp-content\/uploads\/sites\/3\/2025\/10\/DE_GF_Malaria_Handraiser_2025_1200x628.jpg\" alt=\"\" class=\"wp-image-172937\" srcset=\"https:\/\/www.one.org\/de\/wp-content\/uploads\/sites\/3\/2025\/10\/DE_GF_Malaria_Handraiser_2025_1200x628.jpg 1200w, https:\/\/www.one.org\/de\/wp-content\/uploads\/sites\/3\/2025\/10\/DE_GF_Malaria_Handraiser_2025_1200x628-300x157.jpg 300w, https:\/\/www.one.org\/de\/wp-content\/uploads\/sites\/3\/2025\/10\/DE_GF_Malaria_Handraiser_2025_1200x628-1024x536.jpg 1024w, https:\/\/www.one.org\/de\/wp-content\/uploads\/sites\/3\/2025\/10\/DE_GF_Malaria_Handraiser_2025_1200x628-768x402.jpg 768w, https:\/\/www.one.org\/de\/wp-content\/uploads\/sites\/3\/2025\/10\/DE_GF_Malaria_Handraiser_2025_1200x628-16x8.jpg 16w, https:\/\/www.one.org\/de\/wp-content\/uploads\/sites\/3\/2025\/10\/DE_GF_Malaria_Handraiser_2025_1200x628-320x167.jpg 320w, https:\/\/www.one.org\/de\/wp-content\/uploads\/sites\/3\/2025\/10\/DE_GF_Malaria_Handraiser_2025_1200x628-640x335.jpg 640w, https:\/\/www.one.org\/de\/wp-content\/uploads\/sites\/3\/2025\/10\/DE_GF_Malaria_Handraiser_2025_1200x628-800x419.jpg 800w\" sizes=\"auto, (max-width: 1200px) 100vw, 1200px\" \/><\/figure>\n\n\n\n<h3 class=\"wp-block-heading\" id=\"h-eine-zukunft-ohne-malaria-dafur-brauchen-wir-den-globalen-fonds\">Eine Zukunft ohne Malaria? Daf\u00fcr brauchen wir den Globalen Fonds!<\/h3>\n\n\n\n<div class=\"wp-block-buttons is-layout-flex wp-block-buttons-is-layout-flex\">\n<div class=\"wp-block-button\"><a class=\"wp-block-button__link wp-element-button\" href=\"https:\/\/act.one.org\/sign\/de-globalen-fonds-malaria-handraiser\">Aufruf unterzeichnen<\/a><\/div>\n<\/div>\n<\/div>\n\n\n\n<div class=\"wp-block-group is-vertical is-layout-flex wp-container-core-group-is-layout-fe9cc265 wp-block-group-is-layout-flex\">\n<figure class=\"wp-block-image size-full\"><img loading=\"lazy\" decoding=\"async\" width=\"1200\" height=\"628\" src=\"https:\/\/www.one.org\/de\/wp-content\/uploads\/sites\/3\/2025\/09\/WebsiteBlog-Image-1200x628-1.png\" alt=\"\" class=\"wp-image-172766\" srcset=\"https:\/\/www.one.org\/de\/wp-content\/uploads\/sites\/3\/2025\/09\/WebsiteBlog-Image-1200x628-1.png 1200w, https:\/\/www.one.org\/de\/wp-content\/uploads\/sites\/3\/2025\/09\/WebsiteBlog-Image-1200x628-1-300x157.png 300w, https:\/\/www.one.org\/de\/wp-content\/uploads\/sites\/3\/2025\/09\/WebsiteBlog-Image-1200x628-1-1024x536.png 1024w, https:\/\/www.one.org\/de\/wp-content\/uploads\/sites\/3\/2025\/09\/WebsiteBlog-Image-1200x628-1-768x402.png 768w, https:\/\/www.one.org\/de\/wp-content\/uploads\/sites\/3\/2025\/09\/WebsiteBlog-Image-1200x628-1-16x8.png 16w, https:\/\/www.one.org\/de\/wp-content\/uploads\/sites\/3\/2025\/09\/WebsiteBlog-Image-1200x628-1-320x167.png 320w, https:\/\/www.one.org\/de\/wp-content\/uploads\/sites\/3\/2025\/09\/WebsiteBlog-Image-1200x628-1-640x335.png 640w, https:\/\/www.one.org\/de\/wp-content\/uploads\/sites\/3\/2025\/09\/WebsiteBlog-Image-1200x628-1-800x419.png 800w\" sizes=\"auto, (max-width: 1200px) 100vw, 1200px\" \/><\/figure>\n\n\n\n<h3 class=\"wp-block-heading\" id=\"h-appell-von-ngo-bundnis-stoppt-die-vernichtung-von-verhutungsmitteln\">Appell von NGO-B\u00fcndnis: Stoppt die Vernichtung von Verh\u00fctungsmitteln!<\/h3>\n\n\n\n<div class=\"wp-block-buttons is-layout-flex wp-block-buttons-is-layout-flex\">\n<div class=\"wp-block-button\"><a class=\"wp-block-button__link wp-element-button\" href=\"https:\/\/act.one.org\/sign\/de-stoppt-vernichtung-verhuetungsmitteln\/\">Appell unterzeichnen<\/a><\/div>\n<\/div>\n<\/div>\n\n\n\n<div class=\"wp-block-group is-vertical is-layout-flex wp-container-core-group-is-layout-fe9cc265 wp-block-group-is-layout-flex\">\n<figure class=\"wp-block-image size-full\"><img loading=\"lazy\" decoding=\"async\" width=\"1200\" height=\"628\" src=\"https:\/\/www.one.org\/de\/wp-content\/uploads\/sites\/3\/2025\/07\/ODA_postcard_header_2025_1200x628.png\" alt=\"\" class=\"wp-image-172645\" srcset=\"https:\/\/www.one.org\/de\/wp-content\/uploads\/sites\/3\/2025\/07\/ODA_postcard_header_2025_1200x628.png 1200w, https:\/\/www.one.org\/de\/wp-content\/uploads\/sites\/3\/2025\/07\/ODA_postcard_header_2025_1200x628-300x157.png 300w, https:\/\/www.one.org\/de\/wp-content\/uploads\/sites\/3\/2025\/07\/ODA_postcard_header_2025_1200x628-1024x536.png 1024w, https:\/\/www.one.org\/de\/wp-content\/uploads\/sites\/3\/2025\/07\/ODA_postcard_header_2025_1200x628-768x402.png 768w, https:\/\/www.one.org\/de\/wp-content\/uploads\/sites\/3\/2025\/07\/ODA_postcard_header_2025_1200x628-16x8.png 16w, https:\/\/www.one.org\/de\/wp-content\/uploads\/sites\/3\/2025\/07\/ODA_postcard_header_2025_1200x628-320x167.png 320w, https:\/\/www.one.org\/de\/wp-content\/uploads\/sites\/3\/2025\/07\/ODA_postcard_header_2025_1200x628-640x335.png 640w, https:\/\/www.one.org\/de\/wp-content\/uploads\/sites\/3\/2025\/07\/ODA_postcard_header_2025_1200x628-800x419.png 800w\" sizes=\"auto, (max-width: 1200px) 100vw, 1200px\" \/><\/figure>\n\n\n\n<h3 class=\"wp-block-heading\" id=\"h-schreib-jetzt-deine-postkarte-stoppe-die-kurzungen\">Schreib jetzt deine Postkarte: Stoppe die K\u00fcrzungen<\/h3>\n\n\n\n<div class=\"wp-block-buttons is-layout-flex wp-block-buttons-is-layout-flex\">\n<div class=\"wp-block-button\"><a class=\"wp-block-button__link wp-element-button\" href=\"https:\/\/act.one.org\/survey\/de-postkarte-kuerzungen-stoppen\/\">Digitale Postkarte schreiben<\/a><\/div>\n<\/div>\n<\/div>\n\n\n\n<div class=\"wp-block-group is-vertical is-layout-flex wp-container-core-group-is-layout-fe9cc265 wp-block-group-is-layout-flex\">\n<figure class=\"wp-block-image size-full\"><img loading=\"lazy\" decoding=\"async\" width=\"1200\" height=\"628\" src=\"https:\/\/www.one.org\/de\/wp-content\/uploads\/sites\/3\/2025\/07\/DE_2025_ODA_Coalition_Protest.jpg\" alt=\"\" class=\"wp-image-172620\" srcset=\"https:\/\/www.one.org\/de\/wp-content\/uploads\/sites\/3\/2025\/07\/DE_2025_ODA_Coalition_Protest.jpg 1200w, https:\/\/www.one.org\/de\/wp-content\/uploads\/sites\/3\/2025\/07\/DE_2025_ODA_Coalition_Protest-300x157.jpg 300w, https:\/\/www.one.org\/de\/wp-content\/uploads\/sites\/3\/2025\/07\/DE_2025_ODA_Coalition_Protest-1024x536.jpg 1024w, https:\/\/www.one.org\/de\/wp-content\/uploads\/sites\/3\/2025\/07\/DE_2025_ODA_Coalition_Protest-768x402.jpg 768w, https:\/\/www.one.org\/de\/wp-content\/uploads\/sites\/3\/2025\/07\/DE_2025_ODA_Coalition_Protest-16x8.jpg 16w, https:\/\/www.one.org\/de\/wp-content\/uploads\/sites\/3\/2025\/07\/DE_2025_ODA_Coalition_Protest-320x167.jpg 320w, https:\/\/www.one.org\/de\/wp-content\/uploads\/sites\/3\/2025\/07\/DE_2025_ODA_Coalition_Protest-640x335.jpg 640w, https:\/\/www.one.org\/de\/wp-content\/uploads\/sites\/3\/2025\/07\/DE_2025_ODA_Coalition_Protest-800x419.jpg 800w\" sizes=\"auto, (max-width: 1200px) 100vw, 1200px\" \/><\/figure>\n\n\n\n<h3 class=\"wp-block-heading\" id=\"h-gemeinsamer-appell-von-venro-und-one-kurzungen-stoppen\">Gemeinsamer Appell von VENRO und ONE: K\u00fcrzungen stoppen<\/h3>\n\n\n\n<div class=\"wp-block-buttons is-layout-flex wp-block-buttons-is-layout-flex\">\n<div class=\"wp-block-button\"><a class=\"wp-block-button__link wp-element-button\" href=\"https:\/\/act.one.org\/petition\/appell-kuerzungen\">Appell unterzeichnen<\/a><\/div>\n<\/div>\n<\/div>\n\n\n\n<div class=\"wp-block-group is-vertical is-layout-flex wp-container-core-group-is-layout-fe9cc265 wp-block-group-is-layout-flex\">\n<figure class=\"wp-block-image size-full\"><img loading=\"lazy\" decoding=\"async\" width=\"1200\" height=\"628\" src=\"https:\/\/www.one.org\/de\/wp-content\/uploads\/sites\/3\/2025\/06\/DE_2025_Africa_Quiz_header.png\" alt=\"\" class=\"wp-image-172491\" srcset=\"https:\/\/www.one.org\/de\/wp-content\/uploads\/sites\/3\/2025\/06\/DE_2025_Africa_Quiz_header.png 1200w, https:\/\/www.one.org\/de\/wp-content\/uploads\/sites\/3\/2025\/06\/DE_2025_Africa_Quiz_header-300x157.png 300w, https:\/\/www.one.org\/de\/wp-content\/uploads\/sites\/3\/2025\/06\/DE_2025_Africa_Quiz_header-1024x536.png 1024w, https:\/\/www.one.org\/de\/wp-content\/uploads\/sites\/3\/2025\/06\/DE_2025_Africa_Quiz_header-768x402.png 768w, https:\/\/www.one.org\/de\/wp-content\/uploads\/sites\/3\/2025\/06\/DE_2025_Africa_Quiz_header-16x8.png 16w, https:\/\/www.one.org\/de\/wp-content\/uploads\/sites\/3\/2025\/06\/DE_2025_Africa_Quiz_header-320x167.png 320w, https:\/\/www.one.org\/de\/wp-content\/uploads\/sites\/3\/2025\/06\/DE_2025_Africa_Quiz_header-640x335.png 640w, https:\/\/www.one.org\/de\/wp-content\/uploads\/sites\/3\/2025\/06\/DE_2025_Africa_Quiz_header-800x419.png 800w\" sizes=\"auto, (max-width: 1200px) 100vw, 1200px\" \/><\/figure>\n\n\n\n<h3 class=\"wp-block-heading\" id=\"h-5-minuten-quiz-wie-gut-kennnst-du-dich-in-afrika-aus\">5-Minuten Quiz: Wie gut kennnst du dich in Afrika aus? <\/h3>\n\n\n\n<div class=\"wp-block-buttons is-layout-flex wp-block-buttons-is-layout-flex\">\n<div class=\"wp-block-button\"><a class=\"wp-block-button__link wp-element-button\" href=\"https:\/\/act.one.org\/survey\/de-quiz-afrika-zukunft\/\">Mach das Quiz<\/a><\/div>\n<\/div>\n<\/div>\n\n\n\n<div class=\"wp-block-group is-vertical is-layout-flex wp-container-core-group-is-layout-fe9cc265 wp-block-group-is-layout-flex\">\n<figure class=\"wp-block-image size-full\"><img loading=\"lazy\" decoding=\"async\" width=\"1200\" height=\"628\" src=\"https:\/\/www.one.org\/de\/wp-content\/uploads\/sites\/3\/2025\/11\/MFF-petition.jpg\" alt=\"\" class=\"wp-image-173093\" srcset=\"https:\/\/www.one.org\/de\/wp-content\/uploads\/sites\/3\/2025\/11\/MFF-petition.jpg 1200w, https:\/\/www.one.org\/de\/wp-content\/uploads\/sites\/3\/2025\/11\/MFF-petition-300x157.jpg 300w, https:\/\/www.one.org\/de\/wp-content\/uploads\/sites\/3\/2025\/11\/MFF-petition-1024x536.jpg 1024w, https:\/\/www.one.org\/de\/wp-content\/uploads\/sites\/3\/2025\/11\/MFF-petition-768x402.jpg 768w, https:\/\/www.one.org\/de\/wp-content\/uploads\/sites\/3\/2025\/11\/MFF-petition-16x8.jpg 16w, https:\/\/www.one.org\/de\/wp-content\/uploads\/sites\/3\/2025\/11\/MFF-petition-320x167.jpg 320w, https:\/\/www.one.org\/de\/wp-content\/uploads\/sites\/3\/2025\/11\/MFF-petition-640x335.jpg 640w, https:\/\/www.one.org\/de\/wp-content\/uploads\/sites\/3\/2025\/11\/MFF-petition-800x419.jpg 800w\" sizes=\"auto, (max-width: 1200px) 100vw, 1200px\" \/><\/figure>\n\n\n\n<h3 class=\"wp-block-heading\" id=\"h-eu-fur-menschen-und-erde-handeln\">EU: F\u00fcr Menschen und Erde handeln<\/h3>\n\n\n\n<div class=\"wp-block-buttons is-layout-flex wp-block-buttons-is-layout-flex\">\n<div class=\"wp-block-button\"><a class=\"wp-block-button__link wp-element-button\" href=\"https:\/\/act.one.org\/sign\/de-eu-menschen-und-erde\/\">Aufruf unterzeichnen<\/a><\/div>\n<\/div>\n<\/div>\n\n\n\n<div class=\"wp-block-group is-vertical is-layout-flex wp-container-core-group-is-layout-fe9cc265 wp-block-group-is-layout-flex\">\n<figure class=\"wp-block-image size-full\"><img loading=\"lazy\" decoding=\"async\" width=\"1200\" height=\"628\" src=\"https:\/\/www.one.org\/de\/wp-content\/uploads\/sites\/3\/2025\/01\/Werte-ONE-Aufruf-2025_-1200x628-1.png\" alt=\"\" class=\"wp-image-172082\" srcset=\"https:\/\/www.one.org\/de\/wp-content\/uploads\/sites\/3\/2025\/01\/Werte-ONE-Aufruf-2025_-1200x628-1.png 1200w, https:\/\/www.one.org\/de\/wp-content\/uploads\/sites\/3\/2025\/01\/Werte-ONE-Aufruf-2025_-1200x628-1-300x157.png 300w, https:\/\/www.one.org\/de\/wp-content\/uploads\/sites\/3\/2025\/01\/Werte-ONE-Aufruf-2025_-1200x628-1-1024x536.png 1024w, https:\/\/www.one.org\/de\/wp-content\/uploads\/sites\/3\/2025\/01\/Werte-ONE-Aufruf-2025_-1200x628-1-768x402.png 768w, https:\/\/www.one.org\/de\/wp-content\/uploads\/sites\/3\/2025\/01\/Werte-ONE-Aufruf-2025_-1200x628-1-16x8.png 16w, https:\/\/www.one.org\/de\/wp-content\/uploads\/sites\/3\/2025\/01\/Werte-ONE-Aufruf-2025_-1200x628-1-320x167.png 320w, https:\/\/www.one.org\/de\/wp-content\/uploads\/sites\/3\/2025\/01\/Werte-ONE-Aufruf-2025_-1200x628-1-640x335.png 640w, https:\/\/www.one.org\/de\/wp-content\/uploads\/sites\/3\/2025\/01\/Werte-ONE-Aufruf-2025_-1200x628-1-800x419.png 800w\" sizes=\"auto, (max-width: 1200px) 100vw, 1200px\" \/><\/figure>\n\n\n\n<h3 class=\"wp-block-heading\" id=\"h-steh-mit-one-fur-wichtige-grundwerte-ein-nutze-deine-stimme\">Steh mit ONE f\u00fcr wichtige Grundwerte ein &#8211; nutze deine Stimme!<\/h3>\n\n\n\n<div class=\"wp-block-buttons is-layout-flex wp-block-buttons-is-layout-flex\">\n<div class=\"wp-block-button\"><a class=\"wp-block-button__link wp-element-button\" href=\"https:\/\/act.one.org\/sign\/de-werte-statement\/\">Aufruf unterzeichnen<\/a><\/div>\n<\/div>\n<\/div>\n\n\n\n<div class=\"wp-block-group is-vertical is-layout-flex wp-container-core-group-is-layout-fe9cc265 wp-block-group-is-layout-flex\">\n<figure class=\"wp-block-image size-large\"><img loading=\"lazy\" decoding=\"async\" width=\"1024\" height=\"536\" src=\"https:\/\/www.one.org\/de\/wp-content\/uploads\/sites\/3\/2024\/10\/Aminata-Belli_TheALI_Handraiser_1200x628_DE.jpg-1024x536.jpg\" alt=\"\" class=\"wp-image-171796\" srcset=\"https:\/\/www.one.org\/de\/wp-content\/uploads\/sites\/3\/2024\/10\/Aminata-Belli_TheALI_Handraiser_1200x628_DE.jpg-1024x536.jpg 1024w, https:\/\/www.one.org\/de\/wp-content\/uploads\/sites\/3\/2024\/10\/Aminata-Belli_TheALI_Handraiser_1200x628_DE.jpg-300x157.jpg 300w, https:\/\/www.one.org\/de\/wp-content\/uploads\/sites\/3\/2024\/10\/Aminata-Belli_TheALI_Handraiser_1200x628_DE.jpg-768x402.jpg 768w, https:\/\/www.one.org\/de\/wp-content\/uploads\/sites\/3\/2024\/10\/Aminata-Belli_TheALI_Handraiser_1200x628_DE.jpg-16x8.jpg 16w, https:\/\/www.one.org\/de\/wp-content\/uploads\/sites\/3\/2024\/10\/Aminata-Belli_TheALI_Handraiser_1200x628_DE.jpg-320x167.jpg 320w, https:\/\/www.one.org\/de\/wp-content\/uploads\/sites\/3\/2024\/10\/Aminata-Belli_TheALI_Handraiser_1200x628_DE.jpg-640x335.jpg 640w, https:\/\/www.one.org\/de\/wp-content\/uploads\/sites\/3\/2024\/10\/Aminata-Belli_TheALI_Handraiser_1200x628_DE.jpg-800x419.jpg 800w, https:\/\/www.one.org\/de\/wp-content\/uploads\/sites\/3\/2024\/10\/Aminata-Belli_TheALI_Handraiser_1200x628_DE.jpg.jpg 1200w\" sizes=\"auto, (max-width: 1024px) 100vw, 1024px\" \/><\/figure>\n\n\n\n<h3 class=\"wp-block-heading\" id=\"h-setz-dich-mit-aminata-belli-und-theali-fur-die-zukunft-junger-frauen-ein\">Setz dich mit Aminata Belli und TheALI f\u00fcr die Zukunft junger Frauen ein!<\/h3>\n\n\n\n<div class=\"wp-block-buttons is-layout-flex wp-block-buttons-is-layout-flex\">\n<div class=\"wp-block-button\"><a class=\"wp-block-button__link wp-element-button\" href=\"https:\/\/act.one.org\/sign\/aminata-belli-the-ali\/\">Aufruf unterzeichnen<\/a><\/div>\n<\/div>\n<\/div>\n\n\n\n<div class=\"wp-block-group is-vertical is-layout-flex wp-container-core-group-is-layout-fe9cc265 wp-block-group-is-layout-flex\">\n<figure class=\"wp-block-image size-large\"><img loading=\"lazy\" decoding=\"async\" width=\"1024\" height=\"536\" src=\"https:\/\/www.one.org\/de\/wp-content\/uploads\/sites\/3\/2024\/10\/Quiz_Will-This-Kill-Me_DE_1200x628-1024x536.png\" alt=\"\" class=\"wp-image-171799\" srcset=\"https:\/\/www.one.org\/de\/wp-content\/uploads\/sites\/3\/2024\/10\/Quiz_Will-This-Kill-Me_DE_1200x628-1024x536.png 1024w, https:\/\/www.one.org\/de\/wp-content\/uploads\/sites\/3\/2024\/10\/Quiz_Will-This-Kill-Me_DE_1200x628-300x157.png 300w, https:\/\/www.one.org\/de\/wp-content\/uploads\/sites\/3\/2024\/10\/Quiz_Will-This-Kill-Me_DE_1200x628-768x402.png 768w, https:\/\/www.one.org\/de\/wp-content\/uploads\/sites\/3\/2024\/10\/Quiz_Will-This-Kill-Me_DE_1200x628-16x8.png 16w, https:\/\/www.one.org\/de\/wp-content\/uploads\/sites\/3\/2024\/10\/Quiz_Will-This-Kill-Me_DE_1200x628-320x167.png 320w, https:\/\/www.one.org\/de\/wp-content\/uploads\/sites\/3\/2024\/10\/Quiz_Will-This-Kill-Me_DE_1200x628-640x335.png 640w, https:\/\/www.one.org\/de\/wp-content\/uploads\/sites\/3\/2024\/10\/Quiz_Will-This-Kill-Me_DE_1200x628-800x419.png 800w, https:\/\/www.one.org\/de\/wp-content\/uploads\/sites\/3\/2024\/10\/Quiz_Will-This-Kill-Me_DE_1200x628.png 1200w\" sizes=\"auto, (max-width: 1024px) 100vw, 1024px\" \/><\/figure>\n\n\n\n<h3 class=\"wp-block-heading\" id=\"h-wurdest-du-ohne-moderne-medizin-uberleben-mach-das-quiz\">W\u00fcrdest du ohne moderne Medizin \u00fcberleben? Mach das Quiz!<\/h3>\n\n\n\n<div class=\"wp-block-buttons is-layout-flex wp-block-buttons-is-layout-flex\">\n<div class=\"wp-block-button\"><a class=\"wp-block-button__link wp-element-button\" href=\"https:\/\/act.one.org\/survey\/quiz-evolution-medizin-de\/\">Teste dein Wissen<\/a><\/div>\n<\/div>\n<\/div>\n\n\n\n<div class=\"wp-block-group is-vertical is-layout-flex wp-container-core-group-is-layout-fe9cc265 wp-block-group-is-layout-flex\">\n<figure class=\"wp-block-image size-large\"><img loading=\"lazy\" decoding=\"async\" width=\"1024\" height=\"663\" src=\"https:\/\/www.one.org\/de\/wp-content\/uploads\/sites\/3\/2024\/07\/RS2996_HEA-COV-031121-27-1r-1024x663.jpg\" alt=\"\" class=\"wp-image-171667\" srcset=\"https:\/\/www.one.org\/de\/wp-content\/uploads\/sites\/3\/2024\/07\/RS2996_HEA-COV-031121-27-1r-1024x663.jpg 1024w, https:\/\/www.one.org\/de\/wp-content\/uploads\/sites\/3\/2024\/07\/RS2996_HEA-COV-031121-27-1r-300x194.jpg 300w, https:\/\/www.one.org\/de\/wp-content\/uploads\/sites\/3\/2024\/07\/RS2996_HEA-COV-031121-27-1r-768x497.jpg 768w, https:\/\/www.one.org\/de\/wp-content\/uploads\/sites\/3\/2024\/07\/RS2996_HEA-COV-031121-27-1r-1536x995.jpg 1536w, https:\/\/www.one.org\/de\/wp-content\/uploads\/sites\/3\/2024\/07\/RS2996_HEA-COV-031121-27-1r-2048x1327.jpg 2048w, https:\/\/www.one.org\/de\/wp-content\/uploads\/sites\/3\/2024\/07\/RS2996_HEA-COV-031121-27-1r-16x10.jpg 16w, https:\/\/www.one.org\/de\/wp-content\/uploads\/sites\/3\/2024\/07\/RS2996_HEA-COV-031121-27-1r-320x207.jpg 320w, https:\/\/www.one.org\/de\/wp-content\/uploads\/sites\/3\/2024\/07\/RS2996_HEA-COV-031121-27-1r-640x415.jpg 640w, https:\/\/www.one.org\/de\/wp-content\/uploads\/sites\/3\/2024\/07\/RS2996_HEA-COV-031121-27-1r-800x518.jpg 800w, https:\/\/www.one.org\/de\/wp-content\/uploads\/sites\/3\/2024\/07\/RS2996_HEA-COV-031121-27-1r-1600x1036.jpg 1600w, https:\/\/www.one.org\/de\/wp-content\/uploads\/sites\/3\/2024\/07\/RS2996_HEA-COV-031121-27-1r-973x630.jpg 973w\" sizes=\"auto, (max-width: 1024px) 100vw, 1024px\" \/><\/figure>\n\n\n\n<h3 class=\"wp-block-heading\" id=\"h-setz-dich-fur-den-schutz-von-kindern-vor-todlichen-krankheiten-ein\">Setz dich f\u00fcr den Schutz von Kindern vor t\u00f6dlichen Krankheiten ein!<\/h3>\n\n\n\n<div class=\"wp-block-buttons is-layout-flex wp-block-buttons-is-layout-flex\">\n<div class=\"wp-block-button\"><a class=\"wp-block-button__link wp-element-button\" href=\"https:\/\/act.one.org\/sign\/gavi-handraiser-de-2024\/\">Aufruf unterzeichnen<\/a><\/div>\n<\/div>\n<\/div>\n\n\n\n<div class=\"wp-block-group is-vertical is-layout-flex wp-container-core-group-is-layout-fe9cc265 wp-block-group-is-layout-flex\">\n<figure class=\"wp-block-image size-large\"><img loading=\"lazy\" decoding=\"async\" width=\"1024\" height=\"536\" src=\"https:\/\/www.one.org\/de\/wp-content\/uploads\/sites\/3\/2024\/05\/oda_2024_1200x628-1024x536.jpg\" alt=\"\" class=\"wp-image-171543\" srcset=\"https:\/\/www.one.org\/de\/wp-content\/uploads\/sites\/3\/2024\/05\/oda_2024_1200x628-1024x536.jpg 1024w, https:\/\/www.one.org\/de\/wp-content\/uploads\/sites\/3\/2024\/05\/oda_2024_1200x628-300x157.jpg 300w, https:\/\/www.one.org\/de\/wp-content\/uploads\/sites\/3\/2024\/05\/oda_2024_1200x628-768x402.jpg 768w, https:\/\/www.one.org\/de\/wp-content\/uploads\/sites\/3\/2024\/05\/oda_2024_1200x628-16x8.jpg 16w, https:\/\/www.one.org\/de\/wp-content\/uploads\/sites\/3\/2024\/05\/oda_2024_1200x628-320x167.jpg 320w, https:\/\/www.one.org\/de\/wp-content\/uploads\/sites\/3\/2024\/05\/oda_2024_1200x628-640x335.jpg 640w, https:\/\/www.one.org\/de\/wp-content\/uploads\/sites\/3\/2024\/05\/oda_2024_1200x628-800x419.jpg 800w, https:\/\/www.one.org\/de\/wp-content\/uploads\/sites\/3\/2024\/05\/oda_2024_1200x628.jpg 1200w\" sizes=\"auto, (max-width: 1024px) 100vw, 1024px\" \/><\/figure>\n\n\n\n<h3 class=\"wp-block-heading\" id=\"h-faktencheck-was-bringt-entwicklungspolitik-wirklich\">Faktencheck: Was bringt Entwicklungspolitik wirklich?<\/h3>\n\n\n\n<div class=\"wp-block-buttons is-layout-flex wp-block-buttons-is-layout-flex\">\n<div class=\"wp-block-button\"><a class=\"wp-block-button__link wp-element-button\" href=\"https:\/\/act.one.org\/survey\/faktencheck-entwicklungspolitik\/\">Teste dein Wissen<\/a><\/div>\n<\/div>\n<\/div>\n\n\n\n<div class=\"wp-block-group is-vertical is-layout-flex wp-container-core-group-is-layout-fe9cc265 wp-block-group-is-layout-flex\">\n<figure class=\"wp-block-image size-large\"><img decoding=\"async\" src=\"https:\/\/www.one.org\/de\/wp-content\/uploads\/sites\/3\/2024\/01\/DE_NewYears_Brand-1024x536.jpg\" alt=\"\" \/><\/figure>\n\n\n\n<h3 class=\"wp-block-heading\" id=\"h-dein-vorsatz-gemeinsam-fur-eine-gerechte-welt\">Dein Vorsatz: Gemeinsam f\u00fcr eine gerechte Welt<\/h3>\n\n\n\n<div class=\"wp-block-buttons is-layout-flex wp-block-buttons-is-layout-flex\">\n<div class=\"wp-block-button\"><a class=\"wp-block-button__link wp-element-button\" href=\"https:\/\/act.one.org\/survey\/de-gemeinsam-gerechtigkeit\/\">Vorsatz einreichen<\/a><\/div>\n<\/div>\n<\/div>\n\n\n\n<div class=\"wp-block-group is-vertical is-layout-flex wp-container-core-group-is-layout-fe9cc265 wp-block-group-is-layout-flex\">\n<figure class=\"wp-block-image size-large\"><img decoding=\"async\" src=\"https:\/\/www.one.org\/de\/wp-content\/uploads\/sites\/3\/2023\/12\/Climate_finance_petition_1200x628-2-1024x536.jpg\" alt=\"\" \/><\/figure>\n\n\n\n<h3 class=\"wp-block-heading\" id=\"h-mehr-transparenz-beim-weltweiten-klimaschutz\">Mehr Transparenz beim weltweiten Klimaschutz!<\/h3>\n\n\n\n<div class=\"wp-block-buttons is-layout-flex wp-block-buttons-is-layout-flex\">\n<div class=\"wp-block-button\"><a class=\"wp-block-button__link wp-element-button\" href=\"https:\/\/act.one.org\/sign\/klimafinanzierung-transparenz\/\">Petition unterzeichnen<\/a><\/div>\n<\/div>\n<\/div>\n\n\n\n<div class=\"wp-block-group is-vertical is-layout-flex wp-container-core-group-is-layout-fe9cc265 wp-block-group-is-layout-flex\">\n<figure class=\"wp-block-image size-large\"><img decoding=\"async\" src=\"https:\/\/www.one.org\/de\/wp-content\/uploads\/sites\/3\/2023\/11\/AIDS_QuizV4_2022_share_1200x628_en-1024x536.png\" alt=\"\" \/><\/figure>\n\n\n\n<h3 class=\"wp-block-heading\" id=\"h-was-weisst-du-uber-hiv-aids\">Was wei\u00dft du \u00fcber HIV\/Aids?<\/h3>\n\n\n\n<div class=\"wp-block-buttons is-layout-flex wp-block-buttons-is-layout-flex\">\n<div class=\"wp-block-button\"><a class=\"wp-block-button__link wp-element-button\" href=\"https:\/\/act.one.org\/survey\/wissen-hiv\/\">Teste dein Wissen<\/a><\/div>\n<\/div>\n<\/div>\n\n\n\n<div class=\"wp-block-group is-vertical is-layout-flex wp-container-core-group-is-layout-fe9cc265 wp-block-group-is-layout-flex\">\n<figure class=\"wp-block-image size-large\"><img decoding=\"async\" src=\"https:\/\/www.one.org\/de\/wp-content\/uploads\/sites\/3\/2023\/11\/1200x628_RED_ONE-Liberia_Ghana-148-1-1024x536.jpg\" alt=\"\" \/><\/figure>\n\n\n\n<h3 class=\"wp-block-heading\" id=\"h-investiert-in-eine-grune-zukunft-in-afrika-und-weltweit\">Investiert in eine gr\u00fcne Zukunft in Afrika und weltweit<\/h3>\n\n\n\n<div class=\"wp-block-buttons is-layout-flex wp-block-buttons-is-layout-flex\">\n<div class=\"wp-block-button\"><a class=\"wp-block-button__link wp-element-button\" href=\"https:\/\/act.one.org\/sign\/de-afrika-gruene-zukunft\/\">Petition unterzeichnen<\/a><\/div>\n<\/div>\n<\/div>\n\n\n\n<div class=\"wp-block-group is-vertical is-layout-flex wp-container-core-group-is-layout-fe9cc265 wp-block-group-is-layout-flex\">\n<figure class=\"wp-block-image size-large\"><img decoding=\"async\" src=\"https:\/\/www.one.org\/de\/wp-content\/uploads\/sites\/3\/2023\/10\/EJ_handraiser_2023_header_1440x460-1024x327.jpg\" alt=\"\" \/><\/figure>\n\n\n\n<h3 class=\"wp-block-heading\" id=\"h-ein-gerechtes-system-sieht-anders-aus\">Ein gerechtes System sieht anders aus!<\/h3>\n\n\n\n<div class=\"wp-block-buttons is-layout-flex wp-block-buttons-is-layout-flex\">\n<div class=\"wp-block-button\"><a class=\"wp-block-button__link wp-element-button\" href=\"https:\/\/act.one.org\/sign\/wirtschaftsgerechtigkeit-handraiser\/\">Aufruf unterzeichnen<\/a><\/div>\n<\/div>\n<\/div>\n\n\n\n<div class=\"wp-block-group is-vertical is-layout-flex wp-container-core-group-is-layout-fe9cc265 wp-block-group-is-layout-flex\">\n<figure class=\"wp-block-image size-large\"><img decoding=\"async\" src=\"https:\/\/www.one.org\/de\/wp-content\/uploads\/sites\/3\/2023\/10\/malaria_vaccine_2023_1200x628-1-1024x536.jpg\" alt=\"\" \/><\/figure>\n\n\n\n<h3 class=\"wp-block-heading\" id=\"h-lass-uns-malaria-beenden\">Lass uns Malaria beenden!<\/h3>\n\n\n\n<div class=\"wp-block-buttons is-layout-flex wp-block-buttons-is-layout-flex\">\n<div class=\"wp-block-button\"><a class=\"wp-block-button__link wp-element-button\" href=\"https:\/\/act.one.org\/sign\/malaria-impfstoff\/\">Petition unterzeichnen<\/a><\/div>\n<\/div>\n<\/div>\n\n\n\n<div class=\"wp-block-group is-vertical is-layout-flex wp-container-core-group-is-layout-fe9cc265 wp-block-group-is-layout-flex\">\n<figure class=\"wp-block-image size-large\"><img decoding=\"async\" src=\"https:\/\/www.one.org\/de\/wp-content\/uploads\/sites\/3\/2023\/09\/Malaria_QuizV4_2022_header_1440x460_en-1024x327.png\" alt=\"\" \/><\/figure>\n\n\n\n<h3 class=\"wp-block-heading\" id=\"h-wie-viel-weisst-du-uber-malaria\">Wie viel wei\u00dft du \u00fcber Malaria?<\/h3>\n\n\n\n<div class=\"wp-block-buttons is-layout-flex wp-block-buttons-is-layout-flex\">\n<div class=\"wp-block-button\"><a class=\"wp-block-button__link wp-element-button\" href=\"https:\/\/act.one.org\/survey\/gf-malaria-quiz-de-2023\/\">Teste dein Wissen<\/a><\/div>\n<\/div>\n<\/div>\n\n\n\n<div class=\"wp-block-group is-vertical is-layout-flex wp-container-core-group-is-layout-fe9cc265 wp-block-group-is-layout-flex\">\n<figure class=\"wp-block-image size-large\"><img decoding=\"async\" src=\"https:\/\/www.one.org\/de\/wp-content\/uploads\/sites\/3\/2023\/09\/Pattern12_header_1440x460-1024x327.jpg\" alt=\"\" \/><\/figure>\n\n\n\n<h3 class=\"wp-block-heading\" id=\"h-wie-beschreibst-du-one\">Wie beschreibst du ONE?<\/h3>\n\n\n\n<div class=\"wp-block-buttons is-layout-flex wp-block-buttons-is-layout-flex\">\n<div class=\"wp-block-button\"><a class=\"wp-block-button__link wp-element-button\" href=\"https:\/\/act.one.org\/survey\/neuer-slogan\/\">Umfrage ausf\u00fcllen<\/a><\/div>\n<\/div>\n<\/div>\n\n\n\n<div class=\"wp-block-group is-vertical is-layout-flex wp-container-core-group-is-layout-fe9cc265 wp-block-group-is-layout-flex\">\n<figure class=\"wp-block-image size-large\"><img decoding=\"async\" src=\"https:\/\/www.one.org\/de\/wp-content\/uploads\/sites\/3\/2023\/10\/NMD_2023_quiz_header_1440x460-1024x327.jpg\" alt=\"\" \/><\/figure>\n\n\n\n<h3 class=\"wp-block-heading\" id=\"h-wahr-oder-falsch-vier-zitate-von-nelson-mandela\">Wahr oder falsch: Vier Zitate von Nelson Mandela<\/h3>\n\n\n\n<div class=\"wp-block-buttons is-layout-flex wp-block-buttons-is-layout-flex\">\n<div class=\"wp-block-button\"><a class=\"wp-block-button__link wp-element-button\" href=\"https:\/\/act.one.org\/survey\/nelson-mandela-zitate-quiz\/\">Mach jetzt das Quiz<\/a><\/div>\n<\/div>\n<\/div>\n\n\n\n<div class=\"wp-block-group is-vertical is-layout-flex wp-container-core-group-is-layout-fe9cc265 wp-block-group-is-layout-flex\">\n<figure class=\"wp-block-image size-large\"><img decoding=\"async\" src=\"https:\/\/www.one.org\/de\/wp-content\/uploads\/sites\/3\/2023\/09\/Feminism_ODA_2023_header_1440x460_de_v1-1-1024x327.jpg\" alt=\"\" \/><\/figure>\n\n\n\n<h3 class=\"wp-block-heading\" id=\"h-was-kostet-ungerechtigkeit\">Was kostet Ungerechtigkeit?<\/h3>\n\n\n\n<div class=\"wp-block-buttons is-layout-flex wp-block-buttons-is-layout-flex\">\n<div class=\"wp-block-button\"><a class=\"wp-block-button__link wp-element-button\" href=\"https:\/\/act.one.org\/survey\/was-kostet-ungerechtigkeit\/\">Quiz Spielen<\/a><\/div>\n<\/div>\n<\/div>\n\n\n\n<div class=\"wp-block-group is-vertical is-layout-flex wp-container-core-group-is-layout-fe9cc265 wp-block-group-is-layout-flex\">\n<figure class=\"wp-block-image size-large\"><img decoding=\"async\" src=\"https:\/\/www.one.org\/de\/wp-content\/uploads\/sites\/3\/2023\/09\/Feminism_ODA_2023_DaisyChainImg_1440x460-1-1024x327.jpg\" alt=\"\" \/><\/figure>\n\n\n\n<h3 class=\"wp-block-heading\" id=\"h-feminismus-global-wir-fordern-weltweite-gleichberechtigung\">Feminismus Global: Wir fordern weltweite Gleichberechtigung<\/h3>\n\n\n\n<div class=\"wp-block-buttons is-layout-flex wp-block-buttons-is-layout-flex\">\n<div class=\"wp-block-button\"><a class=\"wp-block-button__link wp-element-button\" href=\"https:\/\/act.one.org\/letter\/feminismus-global-petition\/\">Unterzeichne Die Petition<\/a><\/div>\n<\/div>\n<\/div>\n\n\n\n<div class=\"wp-block-group is-vertical is-layout-flex wp-container-core-group-is-layout-fe9cc265 wp-block-group-is-layout-flex\">\n<figure class=\"wp-block-image size-large\"><img decoding=\"async\" src=\"https:\/\/www.one.org\/de\/wp-content\/uploads\/sites\/3\/2023\/09\/ClimateCampaign_2022_header_1440x460_en-2-1024x327.png\" alt=\"\" \/><\/figure>\n\n\n\n<h3 class=\"wp-block-heading\" id=\"h-mein-aufruf-klimagerechtigkeit-jetzt\">Mein Aufruf: Klimagerechtigkeit jetzt!<\/h3>\n\n\n\n<div class=\"wp-block-buttons is-layout-flex wp-block-buttons-is-layout-flex\">\n<div class=\"wp-block-button\"><a class=\"wp-block-button__link wp-element-button\" href=\"https:\/\/act.one.org\/sign\/klima-petition-de\/\">Petition unterzeichnen<\/a><\/div>\n<\/div>\n<\/div>\n\n\n\n<div class=\"wp-block-group is-vertical is-layout-flex wp-container-core-group-is-layout-fe9cc265 wp-block-group-is-layout-flex\">\n<figure class=\"wp-block-image size-large\"><img decoding=\"async\" src=\"https:\/\/www.one.org\/de\/wp-content\/uploads\/sites\/3\/2023\/09\/food-security-take-action-1-1024x327.png\" alt=\"\" \/><\/figure>\n\n\n\n<h3 class=\"wp-block-heading\" id=\"h-beenden-wir-die-hungerkrise\">Beenden wir die Hungerkrise<\/h3>\n\n\n\n<div class=\"wp-block-buttons is-layout-flex wp-block-buttons-is-layout-flex\">\n<div class=\"wp-block-button\"><a class=\"wp-block-button__link wp-element-button\" href=\"https:\/\/act.one.org\/sign\/hungerkrise-beenden\/\">Petition Unterzeichnen<\/a><\/div>\n<\/div>\n<\/div>\n\n\n\n<div class=\"wp-block-group is-vertical is-layout-flex wp-container-core-group-is-layout-fe9cc265 wp-block-group-is-layout-flex\">\n<figure class=\"wp-block-image size-large\"><img decoding=\"async\" src=\"https:\/\/www.one.org\/de\/wp-content\/uploads\/sites\/3\/2023\/11\/Climate_2021_tile_pledge_1200x768_en-1024x655.jpg\" alt=\"\" \/><\/figure>\n\n\n\n<h3 class=\"wp-block-heading\" id=\"h-aufruf-zu-globaler-klimasolidaritat\">Aufruf zu globaler Klimasolidarit\u00e4t<\/h3>\n\n\n\n<div class=\"wp-block-buttons is-layout-flex wp-block-buttons-is-layout-flex\">\n<div class=\"wp-block-button\"><a class=\"wp-block-button__link wp-element-button\" href=\"https:\/\/act.one.org\/sign\/klimasolidaritat\/\">Aufruf unterzeichnen<\/a><\/div>\n<\/div>\n<\/div>\n\n\n\n<div class=\"wp-block-group wp-container-content-b9c76010 is-vertical is-layout-flex wp-container-core-group-is-layout-fe9cc265 wp-block-group-is-layout-flex\">\n<figure class=\"wp-block-image size-large\"><img decoding=\"async\" src=\"https:\/\/www.one.org\/de\/wp-content\/uploads\/sites\/3\/2020\/03\/DE_evergreen_pledge_tile_1200x768-1024x655.png\" alt=\"\" \/><\/figure>\n\n\n\n<h3 class=\"wp-block-heading\" id=\"h-brucken-bauen-fur-eine-welt-voller-moglichkeiten\">Br\u00fccken bauen f\u00fcr eine Welt voller M\u00f6glichkeiten<\/h3>\n\n\n\n<div class=\"wp-block-buttons is-layout-flex wp-block-buttons-is-layout-flex\">\n<div class=\"wp-block-button\"><a class=\"wp-block-button__link wp-element-button\" href=\"https:\/\/act.one.org\/sign\/klimasolidaritat\/\">Unterzeichne Die Petition<\/a><\/div>\n<\/div>\n<\/div>\n\n\n\n<div class=\"wp-block-group wp-container-content-b9c76010 is-vertical is-layout-flex wp-container-core-group-is-layout-fe9cc265 wp-block-group-is-layout-flex\">\n<figure class=\"wp-block-image size-large\"><img decoding=\"async\" src=\"https:\/\/www.one.org\/de\/wp-content\/uploads\/sites\/3\/2023\/09\/German_regional_survey_header_1440x460-1-1024x327.jpg\" alt=\"\" \/><\/figure>\n\n\n\n<h3 class=\"wp-block-heading\" id=\"h-one-regional\">ONE Regional<\/h3>\n\n\n\n<div class=\"wp-block-buttons is-layout-flex wp-block-buttons-is-layout-flex\">\n<div class=\"wp-block-button\"><a class=\"wp-block-button__link wp-element-button\" href=\"https:\/\/www.one.org\/de\/ueber-one\/regionalbotschafterinnen\/\">Mehr Erfahren<\/a><\/div>\n<\/div>\n<\/div>\n<\/div>\n<\/div>\n<\/div>\n\n\n\n<p><\/p>\n<div class=\"buffer\"><\/div>","protected":false},"excerpt":{"rendered":"<p>Hier sind unsere aktuellen Petitionen und andere M\u00f6glichkeiten, dich zu engagieren. Solidarit\u00e4t nicht kaputtsparen \u2013 Internationale Hilfe st\u00e4rken! Appell von ONE und Unicef Deutschland: Solidarit\u00e4t mit dem Sudan, jetzt! Alles Gute zum 25. Jahrestag, AU-EU-Partnerschaft Eine Zukunft ohne Malaria? Daf\u00fcr brauchen wir den Globalen Fonds! Appell von NGO-B\u00fcndnis: Stoppt die Vernichtung von Verh\u00fctungsmitteln! Schreib jetzt [&hellip;]<\/p>\n","protected":false},"author":3,"featured_media":168750,"parent":158,"menu_order":0,"comment_status":"closed","ping_status":"closed","template":"","meta":{"_acf_changed":false,"_relevanssi_hide_post":"","_relevanssi_hide_content":"","_relevanssi_pin_for_all":"","_relevanssi_pin_keywords":"","_relevanssi_unpin_keywords":"","_relevanssi_related_keywords":"","_relevanssi_related_include_ids":"","_relevanssi_related_exclude_ids":"","_relevanssi_related_no_append":"","_relevanssi_related_not_related":"","_relevanssi_related_posts":"992,886,1,1770","_relevanssi_noindex_reason":"","footnotes":""},"class_list":["post-216","page","type-page","status-publish","has-post-thumbnail","hentry"],"acf":[],"yoast_head":"<!-- This site is optimized with the Yoast SEO Premium plugin v27.1 (Yoast SEO v27.1.1) - https:\/\/yoast.com\/product\/yoast-seo-premium-wordpress\/ -->\n<title>Werde aktiv - ONE.org Deutschland<\/title>\n<meta name=\"description\" content=\"Unterst\u00fctze ONEs Petitionen mit deiner Unterschrift. Teile unsere Kampagnen mit anderen.\" \/>\n<meta name=\"robots\" content=\"index, follow, max-snippet:-1, max-image-preview:large, max-video-preview:-1\" \/>\n<link rel=\"canonical\" href=\"https:\/\/www.one.org\/de\/engagier-dich\/werde-aktiv\/\" \/>\n<meta property=\"og:locale\" content=\"de_DE\" \/>\n<meta property=\"og:type\" content=\"article\" \/>\n<meta property=\"og:title\" content=\"Werde aktiv\" \/>\n<meta property=\"og:description\" content=\"Unterst\u00fctze ONEs Petitionen mit deiner Unterschrift. Teile unsere Kampagnen mit anderen.\" \/>\n<meta property=\"og:url\" content=\"https:\/\/www.one.org\/de\/engagier-dich\/werde-aktiv\/\" \/>\n<meta property=\"og:site_name\" content=\"ONE.org Deutschland\" \/>\n<meta property=\"article:publisher\" content=\"https:\/\/www.facebook.com\/ONEinNederland\" \/>\n<meta property=\"article:modified_time\" content=\"2026-04-29T09:58:25+00:00\" \/>\n<meta property=\"og:image\" content=\"https:\/\/www.one.org\/de\/wp-content\/uploads\/sites\/3\/2020\/12\/YA_Recruitment_2021_social_1200x1200_en-ad3-1.jpg\" \/>\n\t<meta property=\"og:image:width\" content=\"1200\" \/>\n\t<meta property=\"og:image:height\" content=\"1200\" \/>\n\t<meta property=\"og:image:type\" content=\"image\/jpeg\" \/>\n<meta name=\"twitter:card\" content=\"summary_large_image\" \/>\n<meta name=\"twitter:site\" content=\"@ONENederland\" \/>\n<meta name=\"twitter:label1\" content=\"Est. reading time\" \/>\n\t<meta name=\"twitter:data1\" content=\"8 minutes\" \/>\n<script type=\"application\/ld+json\" class=\"yoast-schema-graph\">{\"@context\":\"https:\/\/schema.org\",\"@graph\":[{\"@type\":\"WebPage\",\"@id\":\"https:\/\/www.one.org\/de\/engagier-dich\/werde-aktiv\/\",\"url\":\"https:\/\/www.one.org\/de\/engagier-dich\/werde-aktiv\/\",\"name\":\"Werde aktiv - ONE.org Deutschland\",\"isPartOf\":{\"@id\":\"https:\/\/www.one.org\/de\/#website\"},\"primaryImageOfPage\":{\"@id\":\"https:\/\/www.one.org\/de\/engagier-dich\/werde-aktiv\/#primaryimage\"},\"image\":{\"@id\":\"https:\/\/www.one.org\/de\/engagier-dich\/werde-aktiv\/#primaryimage\"},\"thumbnailUrl\":\"https:\/\/www.one.org\/de\/wp-content\/uploads\/sites\/3\/2020\/12\/YA_Recruitment_2021_social_1200x1200_en-ad3-1.jpg\",\"datePublished\":\"2023-05-08T10:05:12+00:00\",\"dateModified\":\"2026-04-29T09:58:25+00:00\",\"description\":\"Unterst\u00fctze ONEs Petitionen mit deiner Unterschrift. Teile unsere Kampagnen mit anderen.\",\"breadcrumb\":{\"@id\":\"https:\/\/www.one.org\/de\/engagier-dich\/werde-aktiv\/#breadcrumb\"},\"inLanguage\":\"de-DE\",\"potentialAction\":[{\"@type\":\"ReadAction\",\"target\":[\"https:\/\/www.one.org\/de\/engagier-dich\/werde-aktiv\/\"]}]},{\"@type\":\"ImageObject\",\"inLanguage\":\"de-DE\",\"@id\":\"https:\/\/www.one.org\/de\/engagier-dich\/werde-aktiv\/#primaryimage\",\"url\":\"https:\/\/www.one.org\/de\/wp-content\/uploads\/sites\/3\/2020\/12\/YA_Recruitment_2021_social_1200x1200_en-ad3-1.jpg\",\"contentUrl\":\"https:\/\/www.one.org\/de\/wp-content\/uploads\/sites\/3\/2020\/12\/YA_Recruitment_2021_social_1200x1200_en-ad3-1.jpg\",\"width\":1200,\"height\":1200},{\"@type\":\"BreadcrumbList\",\"@id\":\"https:\/\/www.one.org\/de\/engagier-dich\/werde-aktiv\/#breadcrumb\",\"itemListElement\":[{\"@type\":\"ListItem\",\"position\":1,\"name\":\"Home\",\"item\":\"https:\/\/www.one.org\/de\/\"},{\"@type\":\"ListItem\",\"position\":2,\"name\":\"Engagier dich\",\"item\":\"https:\/\/www.one.org\/de\/engagier-dich\/\"},{\"@type\":\"ListItem\",\"position\":3,\"name\":\"Werde aktiv\"}]},{\"@type\":\"WebSite\",\"@id\":\"https:\/\/www.one.org\/de\/#website\",\"url\":\"https:\/\/www.one.org\/de\/\",\"name\":\"ONE.org\",\"description\":\"F\u00fcr mehr wirtschaftliche Chancen und ein starkes Gesundheitswesen in Afrika\",\"potentialAction\":[{\"@type\":\"SearchAction\",\"target\":{\"@type\":\"EntryPoint\",\"urlTemplate\":\"https:\/\/www.one.org\/de\/?s={search_term_string}\"},\"query-input\":{\"@type\":\"PropertyValueSpecification\",\"valueRequired\":true,\"valueName\":\"search_term_string\"}}],\"inLanguage\":\"de-DE\"}]}<\/script>\n<!-- \/ Yoast SEO Premium plugin. -->","yoast_head_json":{"title":"Werde aktiv - ONE.org Deutschland","description":"Unterst\u00fctze ONEs Petitionen mit deiner Unterschrift. Teile unsere Kampagnen mit anderen.","robots":{"index":"index","follow":"follow","max-snippet":"max-snippet:-1","max-image-preview":"max-image-preview:large","max-video-preview":"max-video-preview:-1"},"canonical":"https:\/\/www.one.org\/de\/engagier-dich\/werde-aktiv\/","og_locale":"de_DE","og_type":"article","og_title":"Werde aktiv","og_description":"Unterst\u00fctze ONEs Petitionen mit deiner Unterschrift. Teile unsere Kampagnen mit anderen.","og_url":"https:\/\/www.one.org\/de\/engagier-dich\/werde-aktiv\/","og_site_name":"ONE.org Deutschland","article_publisher":"https:\/\/www.facebook.com\/ONEinNederland","article_modified_time":"2026-04-29T09:58:25+00:00","og_image":[{"width":1200,"height":1200,"url":"https:\/\/www.one.org\/de\/wp-content\/uploads\/sites\/3\/2020\/12\/YA_Recruitment_2021_social_1200x1200_en-ad3-1.jpg","type":"image\/jpeg"}],"twitter_card":"summary_large_image","twitter_site":"@ONENederland","twitter_misc":{"Est. reading time":"8 minutes"},"schema":{"@context":"https:\/\/schema.org","@graph":[{"@type":"WebPage","@id":"https:\/\/www.one.org\/de\/engagier-dich\/werde-aktiv\/","url":"https:\/\/www.one.org\/de\/engagier-dich\/werde-aktiv\/","name":"Werde aktiv - ONE.org Deutschland","isPartOf":{"@id":"https:\/\/www.one.org\/de\/#website"},"primaryImageOfPage":{"@id":"https:\/\/www.one.org\/de\/engagier-dich\/werde-aktiv\/#primaryimage"},"image":{"@id":"https:\/\/www.one.org\/de\/engagier-dich\/werde-aktiv\/#primaryimage"},"thumbnailUrl":"https:\/\/www.one.org\/de\/wp-content\/uploads\/sites\/3\/2020\/12\/YA_Recruitment_2021_social_1200x1200_en-ad3-1.jpg","datePublished":"2023-05-08T10:05:12+00:00","dateModified":"2026-04-29T09:58:25+00:00","description":"Unterst\u00fctze ONEs Petitionen mit deiner Unterschrift. Teile unsere Kampagnen mit anderen.","breadcrumb":{"@id":"https:\/\/www.one.org\/de\/engagier-dich\/werde-aktiv\/#breadcrumb"},"inLanguage":"de-DE","potentialAction":[{"@type":"ReadAction","target":["https:\/\/www.one.org\/de\/engagier-dich\/werde-aktiv\/"]}]},{"@type":"ImageObject","inLanguage":"de-DE","@id":"https:\/\/www.one.org\/de\/engagier-dich\/werde-aktiv\/#primaryimage","url":"https:\/\/www.one.org\/de\/wp-content\/uploads\/sites\/3\/2020\/12\/YA_Recruitment_2021_social_1200x1200_en-ad3-1.jpg","contentUrl":"https:\/\/www.one.org\/de\/wp-content\/uploads\/sites\/3\/2020\/12\/YA_Recruitment_2021_social_1200x1200_en-ad3-1.jpg","width":1200,"height":1200},{"@type":"BreadcrumbList","@id":"https:\/\/www.one.org\/de\/engagier-dich\/werde-aktiv\/#breadcrumb","itemListElement":[{"@type":"ListItem","position":1,"name":"Home","item":"https:\/\/www.one.org\/de\/"},{"@type":"ListItem","position":2,"name":"Engagier dich","item":"https:\/\/www.one.org\/de\/engagier-dich\/"},{"@type":"ListItem","position":3,"name":"Werde aktiv"}]},{"@type":"WebSite","@id":"https:\/\/www.one.org\/de\/#website","url":"https:\/\/www.one.org\/de\/","name":"ONE.org","description":"F\u00fcr mehr wirtschaftliche Chancen und ein starkes Gesundheitswesen in Afrika","potentialAction":[{"@type":"SearchAction","target":{"@type":"EntryPoint","urlTemplate":"https:\/\/www.one.org\/de\/?s={search_term_string}"},"query-input":{"@type":"PropertyValueSpecification","valueRequired":true,"valueName":"search_term_string"}}],"inLanguage":"de-DE"}]}},"distributor_meta":false,"distributor_terms":false,"distributor_media":false,"distributor_original_site_name":"ONE.org Deutschland","distributor_original_site_url":"https:\/\/www.one.org\/de","push-errors":false,"_links":{"self":[{"href":"https:\/\/www.one.org\/de\/wp-json\/wp\/v2\/pages\/216","targetHints":{"allow":["GET"]}}],"collection":[{"href":"https:\/\/www.one.org\/de\/wp-json\/wp\/v2\/pages"}],"about":[{"href":"https:\/\/www.one.org\/de\/wp-json\/wp\/v2\/types\/page"}],"author":[{"embeddable":true,"href":"https:\/\/www.one.org\/de\/wp-json\/wp\/v2\/users\/3"}],"replies":[{"embeddable":true,"href":"https:\/\/www.one.org\/de\/wp-json\/wp\/v2\/comments?post=216"}],"version-history":[{"count":3,"href":"https:\/\/www.one.org\/de\/wp-json\/wp\/v2\/pages\/216\/revisions"}],"predecessor-version":[{"id":173858,"href":"https:\/\/www.one.org\/de\/wp-json\/wp\/v2\/pages\/216\/revisions\/173858"}],"up":[{"embeddable":true,"href":"https:\/\/www.one.org\/de\/wp-json\/wp\/v2\/pages\/158"}],"wp:featuredmedia":[{"embeddable":true,"href":"https:\/\/www.one.org\/de\/wp-json\/wp\/v2\/media\/168750"}],"wp:attachment":[{"href":"https:\/\/www.one.org\/de\/wp-json\/wp\/v2\/media?parent=216"}],"curies":[{"name":"wp","href":"https:\/\/api.w.org\/{rel}","templated":true}]}}