{"id":132,"date":"2023-04-24T09:14:58","date_gmt":"2023-04-24T09:14:58","guid":{"rendered":"https:\/\/www.one.org\/?page_id=151"},"modified":"2025-05-27T08:42:25","modified_gmt":"2025-05-27T08:42:25","slug":"so-verandern-wir-die-welt","status":"publish","type":"page","link":"https:\/\/www.one.org\/de\/was-wir-tun\/so-verandern-wir-die-welt\/","title":{"rendered":"So ver\u00e4ndern wir die Welt"},"content":{"rendered":"\n<div id=\"block_c1d0e670df6567e9321023fe34f966eb\" class=\"oneorg-block oneorg-promo flush is-style-bottom  has-background has-dark-background-color  has-text-color has-light-color  has-text-align-left  \">\n\n\t\t\t    \n\n\t\t\t<div class=\"oneorg-promo__wrapper\">\n\t\t\t\t<div class=\"oneorg-promo__inner\">   \n\n\t\t\t\t<div class=\"oneorg-promo__content\">\n\t\t\t\t\t<div class=\"acf-innerblocks-container\">\n\n<p class=\"oneorg-section-title\">Was wir tun<\/p>\n\n\n\n<h2 class=\"wp-block-heading\" id=\"h-so-verandern-wir-die-welt\"><strong>So ver\u00e4ndern wir die Welt<\/strong><\/h2>\n\n<\/div>\n\t\t\t\t<\/div>\n\t\t\t\t\n\t\t\t\t<\/div>\n\t\t\t<\/div>\n\n<\/div>\n\n\n\n<div style=\"height:25px\" aria-hidden=\"true\" class=\"wp-block-spacer\"><\/div>\n\n\n\n<div class=\"wp-block-columns is-layout-flex wp-container-core-columns-is-layout-28f84493 wp-block-columns-is-layout-flex\">\n<div class=\"wp-block-column is-layout-flow wp-block-column-is-layout-flow\">\n<h2 class=\"wp-block-heading\" id=\"h-wir-kampfen-fur-eine-gerechtere-zukunft-indem-wir-marginalisierte-stimmen-unterstutzen-und-fortschritt-anstossen\"><strong>Wir k\u00e4mpfen f\u00fcr eine gerechtere Zukunft \u2013 indem wir marginalisierte Stimmen unterst\u00fctzen und Fortschritt ansto\u00dfen.<\/strong><\/h2>\n\n\n\n<p><strong>Wir verbinden Aktivismus mit datengest\u00fctzten Analysen, engagierten Botschafter*innen und jahrzehntelanger Erfahrung. Wir treiben politischen Wandel voran und fordern die Ma\u00dfnahmen und Investitionen, die eine gerechtere und nachhaltigere Zukunft m\u00f6glich machen.<\/strong><\/p>\n<\/div>\n\n\n\n<div class=\"wp-block-column is-layout-flow wp-block-column-is-layout-flow\">\n<figure class=\"wp-block-image size-full\"><img loading=\"lazy\" decoding=\"async\" width=\"890\" height=\"608\" src=\"https:\/\/www.one.org\/de\/wp-content\/uploads\/sites\/3\/2023\/11\/What-we-do_Model_1094x732_v1-1-1.png\" alt=\"\" class=\"wp-image-170198\" srcset=\"https:\/\/www.one.org\/de\/wp-content\/uploads\/sites\/3\/2023\/11\/What-we-do_Model_1094x732_v1-1-1.png 890w, https:\/\/www.one.org\/de\/wp-content\/uploads\/sites\/3\/2023\/11\/What-we-do_Model_1094x732_v1-1-1-300x205.png 300w, https:\/\/www.one.org\/de\/wp-content\/uploads\/sites\/3\/2023\/11\/What-we-do_Model_1094x732_v1-1-1-768x525.png 768w, https:\/\/www.one.org\/de\/wp-content\/uploads\/sites\/3\/2023\/11\/What-we-do_Model_1094x732_v1-1-1-16x11.png 16w, https:\/\/www.one.org\/de\/wp-content\/uploads\/sites\/3\/2023\/11\/What-we-do_Model_1094x732_v1-1-1-320x219.png 320w, https:\/\/www.one.org\/de\/wp-content\/uploads\/sites\/3\/2023\/11\/What-we-do_Model_1094x732_v1-1-1-640x437.png 640w, https:\/\/www.one.org\/de\/wp-content\/uploads\/sites\/3\/2023\/11\/What-we-do_Model_1094x732_v1-1-1-800x547.png 800w\" sizes=\"auto, (max-width: 890px) 100vw, 890px\" \/><\/figure>\n<\/div>\n<\/div>\n\n\n\n<div style=\"height:30px\" aria-hidden=\"true\" class=\"wp-block-spacer\"><\/div>\n\n\n\n<div class=\"wp-block-group oneorg-pattern-icon-list has-neon-200-background-color has-background has-global-padding is-layout-constrained wp-block-group-is-layout-constrained\">\n<div class=\"wp-block-columns is-layout-flex wp-container-core-columns-is-layout-28f84493 wp-block-columns-is-layout-flex\">\n<div class=\"wp-block-column is-layout-flow wp-block-column-is-layout-flow\" style=\"flex-basis:33.33%\">\n<figure class=\"wp-block-image size-large has-custom-border\"><img decoding=\"async\" src=\"https:\/\/storage.googleapis.com\/cdn-one-org\/sites\/3\/2023\/07\/Activists_Icon_300x300.png\" alt=\"\" style=\"border-radius:50%;aspect-ratio:1;object-fit:cover\"\/><\/figure>\n<\/div>\n\n\n\n<div class=\"wp-block-column is-layout-flow wp-block-column-is-layout-flow\" style=\"flex-basis:66.66%\">\n<h3 class=\"wp-block-heading oneorg-section-title-alt\" id=\"h-unser-netzwerk\"><strong><strong>Unser Netzwerk<\/strong><\/strong><\/h3>\n\n\n\n<p>Wir verf\u00fcgen \u00fcber ein starkes Netzwerk aus Aktivist*innen, Multiplikator*innen, Partnerorganisationen und Unterst\u00fctzer*innen in Afrika, Europa und Nordamerika. Um Entscheidungstr\u00e4ger:innen zum Handeln zu bewegen, veranstalten sie mit uns \u00f6ffentliche Veranstaltungen und mobilisieren Menschen in ihrem Umfeld.<\/p>\n<\/div>\n<\/div>\n\n\n\n<div class=\"wp-block-columns is-layout-flex wp-container-core-columns-is-layout-28f84493 wp-block-columns-is-layout-flex\">\n<div class=\"wp-block-column is-layout-flow wp-block-column-is-layout-flow\" style=\"flex-basis:33.33%\">\n<figure class=\"wp-block-image size-large has-custom-border\"><img loading=\"lazy\" decoding=\"async\" width=\"1024\" height=\"1024\" src=\"https:\/\/www.one.org\/de\/wp-content\/uploads\/sites\/3\/2025\/05\/Policy_Icon_300x300-1024x1024.png\" alt=\"\" class=\"wp-image-172448\" style=\"border-radius:50%;aspect-ratio:1;object-fit:cover\" srcset=\"https:\/\/www.one.org\/de\/wp-content\/uploads\/sites\/3\/2025\/05\/Policy_Icon_300x300-1024x1024.png 1024w, https:\/\/www.one.org\/de\/wp-content\/uploads\/sites\/3\/2025\/05\/Policy_Icon_300x300-300x300.png 300w, https:\/\/www.one.org\/de\/wp-content\/uploads\/sites\/3\/2025\/05\/Policy_Icon_300x300-150x150.png 150w, https:\/\/www.one.org\/de\/wp-content\/uploads\/sites\/3\/2025\/05\/Policy_Icon_300x300-768x768.png 768w, https:\/\/www.one.org\/de\/wp-content\/uploads\/sites\/3\/2025\/05\/Policy_Icon_300x300-16x16.png 16w, https:\/\/www.one.org\/de\/wp-content\/uploads\/sites\/3\/2025\/05\/Policy_Icon_300x300-320x320.png 320w, https:\/\/www.one.org\/de\/wp-content\/uploads\/sites\/3\/2025\/05\/Policy_Icon_300x300-640x640.png 640w, https:\/\/www.one.org\/de\/wp-content\/uploads\/sites\/3\/2025\/05\/Policy_Icon_300x300-800x800.png 800w, https:\/\/www.one.org\/de\/wp-content\/uploads\/sites\/3\/2025\/05\/Policy_Icon_300x300-630x630.png 630w, https:\/\/www.one.org\/de\/wp-content\/uploads\/sites\/3\/2025\/05\/Policy_Icon_300x300.png 1251w\" sizes=\"auto, (max-width: 1024px) 100vw, 1024px\" \/><\/figure>\n<\/div>\n\n\n\n<div class=\"wp-block-column is-layout-flow wp-block-column-is-layout-flow\" style=\"flex-basis:66.66%\">\n<h3 class=\"wp-block-heading oneorg-section-title-alt\" id=\"h-datenanalysen-amp-forderungen\"><strong><strong>Datenanalysen &amp; Forderungen<\/strong><\/strong><\/h3>\n\n\n\n<p>Unser Team aus Expert*innen untersucht die Ursachen und Folgen globaler Ungerechtigkeiten \u2013 und zeigt L\u00f6sungen auf. Diese datenbasierten Forderungen nutzen wir f\u00fcr Kampagnen, mit denen wir \u00d6ffentlichkeit und Politik zeigen: So kann echte Ver\u00e4nderung aussehen.<\/p>\n<\/div>\n<\/div>\n\n\n\n<div class=\"wp-block-columns is-layout-flex wp-container-core-columns-is-layout-28f84493 wp-block-columns-is-layout-flex\">\n<div class=\"wp-block-column is-layout-flow wp-block-column-is-layout-flow\" style=\"flex-basis:33.33%\">\n<figure class=\"wp-block-image size-large has-custom-border\"><img decoding=\"async\" src=\"https:\/\/cdn.one.org\/oneorg\/wp-content\/uploads\/2023\/08\/09094040\/PublicCampaigning_Icon_300x300-1024x1024.png\" alt=\"\" style=\"border-radius:50%;aspect-ratio:1;object-fit:cover\"\/><\/figure>\n<\/div>\n\n\n\n<div class=\"wp-block-column is-layout-flow wp-block-column-is-layout-flow\" style=\"flex-basis:66.66%\">\n<h3 class=\"wp-block-heading oneorg-section-title-alt\" id=\"h-offentliche-kampagnen\"><strong><strong><strong>\u00d6ffentliche Kampagnen<\/strong><\/strong><\/strong><\/h3>\n\n\n\n<p>Egal ob offline oder online \u2013 wir platzieren unsere politische Arbeit im \u00f6ffentlichen Raum. Dazu gehen wir mutige Wege und reichweitenstarke Partnerschaften ein. Unsere Kampagnen schaffen es komplexe Realit\u00e4ten kreativ und verst\u00e4ndlich zu erkl\u00e4ren und neue ONE-Unterst\u00fctzer*innen zu mobilisieren.<\/p>\n<\/div>\n<\/div>\n\n\n\n<div class=\"wp-block-columns is-layout-flex wp-container-core-columns-is-layout-28f84493 wp-block-columns-is-layout-flex\">\n<div class=\"wp-block-column is-layout-flow wp-block-column-is-layout-flow\" style=\"flex-basis:33.33%\">\n<figure class=\"wp-block-image size-large has-custom-border\"><img decoding=\"async\" src=\"https:\/\/storage.googleapis.com\/cdn-one-org\/sites\/3\/2023\/07\/PressureingLawmakers_Icon_300x300.png\" alt=\"\" style=\"border-radius:50%;aspect-ratio:1;object-fit:cover\"\/><\/figure>\n<\/div>\n\n\n\n<div class=\"wp-block-column is-layout-flow wp-block-column-is-layout-flow\" style=\"flex-basis:66.66%\">\n<h3 class=\"wp-block-heading oneorg-section-title-alt\" id=\"h-politischer-druck\"><strong><strong><strong>Politischer Druck<\/strong><\/strong><\/strong><\/h3>\n\n\n\n<p>Mit \u00f6ffentlicher Unterst\u00fctzung und klaren Fakten treten wir direkt an Entscheidungstr\u00e4ger*innen heran. Von Abuja \u00fcber Br\u00fcssel bis Washington D.C. fordern wir Gesetze und Bundeshaushalte, die sich den dr\u00e4ngendsten Problemen der Welt widmen \u2013 von Ungleichheit \u00fcber Klimawandel bis hin zu vermeidbaren Krankheiten.<\/p>\n<\/div>\n<\/div>\n\n\n\n<div class=\"wp-block-columns is-layout-flex wp-container-core-columns-is-layout-28f84493 wp-block-columns-is-layout-flex\">\n<div class=\"wp-block-column is-layout-flow wp-block-column-is-layout-flow\" style=\"flex-basis:33.33%\">\n<figure class=\"wp-block-image size-large has-custom-border\"><img decoding=\"async\" src=\"https:\/\/storage.googleapis.com\/cdn-one-org\/sites\/3\/2023\/07\/Partnerships_Icon_300x300.png\" alt=\"\" style=\"border-radius:50%;aspect-ratio:1;object-fit:cover\"\/><\/figure>\n<\/div>\n\n\n\n<div class=\"wp-block-column is-layout-flow wp-block-column-is-layout-flow\" style=\"flex-basis:66.66%\">\n<h3 class=\"wp-block-heading oneorg-section-title-alt\" id=\"h-partnerschaften\"><strong><strong>Partnerschaften<\/strong><\/strong><\/h3>\n\n\n\n<p>Alleine k\u00f6nnten wir das nicht schaffen. Deshalb arbeiten wir mit ehrenamtlichen Botschafter*innen, Partnerorganisationen, Expert*innen und Influencer*innen zusammen. Gemeinsam sorgen wir f\u00fcr mehr Sichtbarkeit \u2013 und mehr Wirkung.<\/p>\n<\/div>\n<\/div>\n<\/div>\n\n\n\n<div class=\"wp-block-group oneorg-block-group oneorg-block-group-impact oneorg-block-group-impact--cta has-light-color has-dark-background-color has-text-color has-background has-global-padding is-layout-constrained wp-block-group-is-layout-constrained\">\n<div class=\"wp-block-group is-layout-flow wp-block-group-is-layout-flow\">\n<h2 class=\"wp-block-heading has-text-align-center has-neon-color has-text-color\">Du willst etwas ver\u00e4ndern?<\/h2>\n\n\n\n<p class=\"has-text-align-center\">Dann unterst\u00fctz uns mit deiner Stimme!<\/p>\n\n\n\n<div class=\"wp-block-buttons is-content-justification-center is-layout-flex wp-container-core-buttons-is-layout-a89b3969 wp-block-buttons-is-layout-flex\">\n<div class=\"wp-block-button\"><a class=\"wp-block-button__link wp-element-button\" href=\"https:\/\/www.one.org\/de\/engagier-dich\/werde-aktiv\/\">Unsere aktuellen Kampagnen<\/a><\/div>\n<\/div>\n<\/div>\n<\/div>\n<div class=\"buffer\"><\/div>","protected":false},"excerpt":{"rendered":"<p>Wir k\u00e4mpfen f\u00fcr eine gerechtere Zukunft \u2013 indem wir marginalisierte Stimmen unterst\u00fctzen und Fortschritt ansto\u00dfen. Wir verbinden Aktivismus mit datengest\u00fctzten Analysen, engagierten Botschafter*innen und jahrzehntelanger Erfahrung. Wir treiben politischen Wandel voran und fordern die Ma\u00dfnahmen und Investitionen, die eine gerechtere und nachhaltigere Zukunft m\u00f6glich machen. Unser Netzwerk Wir verf\u00fcgen \u00fcber ein starkes Netzwerk aus Aktivist*innen, [&hellip;]<\/p>\n","protected":false},"author":3,"featured_media":0,"parent":72,"menu_order":0,"comment_status":"closed","ping_status":"closed","template":"","meta":{"_acf_changed":false,"_relevanssi_hide_post":"","_relevanssi_hide_content":"","_relevanssi_pin_for_all":"","_relevanssi_pin_keywords":"","_relevanssi_unpin_keywords":"","_relevanssi_related_keywords":"","_relevanssi_related_include_ids":"","_relevanssi_related_exclude_ids":"","_relevanssi_related_no_append":"","_relevanssi_related_not_related":"","_relevanssi_related_posts":"1,992,1770,886","_relevanssi_noindex_reason":"","footnotes":""},"class_list":["post-132","page","type-page","status-publish","hentry"],"acf":[],"yoast_head":"<!-- This site is optimized with the Yoast SEO Premium plugin v27.1 (Yoast SEO v27.1.1) - https:\/\/yoast.com\/product\/yoast-seo-premium-wordpress\/ -->\n<title>So ver\u00e4ndern wir die Welt - ONE.org Deutschland<\/title>\n<meta name=\"description\" content=\"Wir setzen uns daf\u00fcr ein, dass alle Menschen ein Leben in W\u00fcrde und voller Chancen f\u00fchren k\u00f6nnen. Wie? Indem wir Aktivismus mit harter Faktenanalyse verbinden.\" \/>\n<meta name=\"robots\" content=\"index, follow, max-snippet:-1, max-image-preview:large, max-video-preview:-1\" \/>\n<link rel=\"canonical\" href=\"https:\/\/www.one.org\/de\/was-wir-tun\/so-verandern-wir-die-welt\/\" \/>\n<meta property=\"og:locale\" content=\"de_DE\" \/>\n<meta property=\"og:type\" content=\"article\" \/>\n<meta property=\"og:title\" content=\"So ver\u00e4ndern wir die Welt\" \/>\n<meta property=\"og:description\" content=\"Wir setzen uns daf\u00fcr ein, dass alle Menschen ein Leben in W\u00fcrde und voller Chancen f\u00fchren k\u00f6nnen. Wie? Indem wir Aktivismus mit harter Faktenanalyse verbinden.\" \/>\n<meta property=\"og:url\" content=\"https:\/\/www.one.org\/de\/was-wir-tun\/so-verandern-wir-die-welt\/\" \/>\n<meta property=\"og:site_name\" content=\"ONE.org Deutschland\" \/>\n<meta property=\"article:publisher\" content=\"https:\/\/www.facebook.com\/ONEinNederland\" \/>\n<meta property=\"article:modified_time\" content=\"2025-05-27T08:42:25+00:00\" \/>\n<meta property=\"og:image\" content=\"https:\/\/www.one.org\/de\/wp-content\/uploads\/sites\/3\/2023\/11\/What-we-do_Model_1094x732_v1-1-1.png\" \/>\n\t<meta property=\"og:image:width\" content=\"890\" \/>\n\t<meta property=\"og:image:height\" content=\"608\" \/>\n\t<meta property=\"og:image:type\" content=\"image\/png\" \/>\n<meta name=\"twitter:card\" content=\"summary_large_image\" \/>\n<meta name=\"twitter:site\" content=\"@ONENederland\" \/>\n<meta name=\"twitter:label1\" content=\"Est. reading time\" \/>\n\t<meta name=\"twitter:data1\" content=\"3 minutes\" \/>\n<script type=\"application\/ld+json\" class=\"yoast-schema-graph\">{\"@context\":\"https:\/\/schema.org\",\"@graph\":[{\"@type\":\"WebPage\",\"@id\":\"https:\/\/www.one.org\/de\/was-wir-tun\/so-verandern-wir-die-welt\/\",\"url\":\"https:\/\/www.one.org\/de\/was-wir-tun\/so-verandern-wir-die-welt\/\",\"name\":\"So ver\u00e4ndern wir die Welt - ONE.org Deutschland\",\"isPartOf\":{\"@id\":\"https:\/\/www.one.org\/de\/#website\"},\"primaryImageOfPage\":{\"@id\":\"https:\/\/www.one.org\/de\/was-wir-tun\/so-verandern-wir-die-welt\/#primaryimage\"},\"image\":{\"@id\":\"https:\/\/www.one.org\/de\/was-wir-tun\/so-verandern-wir-die-welt\/#primaryimage\"},\"thumbnailUrl\":\"https:\/\/www.one.org\/de\/wp-content\/uploads\/sites\/3\/2023\/11\/What-we-do_Model_1094x732_v1-1-1.png\",\"datePublished\":\"2023-04-24T09:14:58+00:00\",\"dateModified\":\"2025-05-27T08:42:25+00:00\",\"description\":\"Wir setzen uns daf\u00fcr ein, dass alle Menschen ein Leben in W\u00fcrde und voller Chancen f\u00fchren k\u00f6nnen. Wie? Indem wir Aktivismus mit harter Faktenanalyse verbinden.\",\"breadcrumb\":{\"@id\":\"https:\/\/www.one.org\/de\/was-wir-tun\/so-verandern-wir-die-welt\/#breadcrumb\"},\"inLanguage\":\"de-DE\",\"potentialAction\":[{\"@type\":\"ReadAction\",\"target\":[\"https:\/\/www.one.org\/de\/was-wir-tun\/so-verandern-wir-die-welt\/\"]}]},{\"@type\":\"ImageObject\",\"inLanguage\":\"de-DE\",\"@id\":\"https:\/\/www.one.org\/de\/was-wir-tun\/so-verandern-wir-die-welt\/#primaryimage\",\"url\":\"https:\/\/www.one.org\/de\/wp-content\/uploads\/sites\/3\/2023\/11\/What-we-do_Model_1094x732_v1-1-1.png\",\"contentUrl\":\"https:\/\/www.one.org\/de\/wp-content\/uploads\/sites\/3\/2023\/11\/What-we-do_Model_1094x732_v1-1-1.png\",\"width\":890,\"height\":608,\"caption\":\"ONE fordert mehr Mittel f\u00fcr Entwicklungszusammenarbeit\"},{\"@type\":\"BreadcrumbList\",\"@id\":\"https:\/\/www.one.org\/de\/was-wir-tun\/so-verandern-wir-die-welt\/#breadcrumb\",\"itemListElement\":[{\"@type\":\"ListItem\",\"position\":1,\"name\":\"Home\",\"item\":\"https:\/\/www.one.org\/de\/\"},{\"@type\":\"ListItem\",\"position\":2,\"name\":\"Was wir tun\",\"item\":\"https:\/\/www.one.org\/de\/was-wir-tun\/\"},{\"@type\":\"ListItem\",\"position\":3,\"name\":\"So ver\u00e4ndern wir die Welt\"}]},{\"@type\":\"WebSite\",\"@id\":\"https:\/\/www.one.org\/de\/#website\",\"url\":\"https:\/\/www.one.org\/de\/\",\"name\":\"ONE.org\",\"description\":\"F\u00fcr mehr wirtschaftliche Chancen und ein starkes Gesundheitswesen in Afrika\",\"potentialAction\":[{\"@type\":\"SearchAction\",\"target\":{\"@type\":\"EntryPoint\",\"urlTemplate\":\"https:\/\/www.one.org\/de\/?s={search_term_string}\"},\"query-input\":{\"@type\":\"PropertyValueSpecification\",\"valueRequired\":true,\"valueName\":\"search_term_string\"}}],\"inLanguage\":\"de-DE\"}]}<\/script>\n<!-- \/ Yoast SEO Premium plugin. -->","yoast_head_json":{"title":"So ver\u00e4ndern wir die Welt - ONE.org Deutschland","description":"Wir setzen uns daf\u00fcr ein, dass alle Menschen ein Leben in W\u00fcrde und voller Chancen f\u00fchren k\u00f6nnen. Wie? Indem wir Aktivismus mit harter Faktenanalyse verbinden.","robots":{"index":"index","follow":"follow","max-snippet":"max-snippet:-1","max-image-preview":"max-image-preview:large","max-video-preview":"max-video-preview:-1"},"canonical":"https:\/\/www.one.org\/de\/was-wir-tun\/so-verandern-wir-die-welt\/","og_locale":"de_DE","og_type":"article","og_title":"So ver\u00e4ndern wir die Welt","og_description":"Wir setzen uns daf\u00fcr ein, dass alle Menschen ein Leben in W\u00fcrde und voller Chancen f\u00fchren k\u00f6nnen. Wie? Indem wir Aktivismus mit harter Faktenanalyse verbinden.","og_url":"https:\/\/www.one.org\/de\/was-wir-tun\/so-verandern-wir-die-welt\/","og_site_name":"ONE.org Deutschland","article_publisher":"https:\/\/www.facebook.com\/ONEinNederland","article_modified_time":"2025-05-27T08:42:25+00:00","og_image":[{"width":890,"height":608,"url":"https:\/\/www.one.org\/de\/wp-content\/uploads\/sites\/3\/2023\/11\/What-we-do_Model_1094x732_v1-1-1.png","type":"image\/png"}],"twitter_card":"summary_large_image","twitter_site":"@ONENederland","twitter_misc":{"Est. reading time":"3 minutes"},"schema":{"@context":"https:\/\/schema.org","@graph":[{"@type":"WebPage","@id":"https:\/\/www.one.org\/de\/was-wir-tun\/so-verandern-wir-die-welt\/","url":"https:\/\/www.one.org\/de\/was-wir-tun\/so-verandern-wir-die-welt\/","name":"So ver\u00e4ndern wir die Welt - ONE.org Deutschland","isPartOf":{"@id":"https:\/\/www.one.org\/de\/#website"},"primaryImageOfPage":{"@id":"https:\/\/www.one.org\/de\/was-wir-tun\/so-verandern-wir-die-welt\/#primaryimage"},"image":{"@id":"https:\/\/www.one.org\/de\/was-wir-tun\/so-verandern-wir-die-welt\/#primaryimage"},"thumbnailUrl":"https:\/\/www.one.org\/de\/wp-content\/uploads\/sites\/3\/2023\/11\/What-we-do_Model_1094x732_v1-1-1.png","datePublished":"2023-04-24T09:14:58+00:00","dateModified":"2025-05-27T08:42:25+00:00","description":"Wir setzen uns daf\u00fcr ein, dass alle Menschen ein Leben in W\u00fcrde und voller Chancen f\u00fchren k\u00f6nnen. Wie? Indem wir Aktivismus mit harter Faktenanalyse verbinden.","breadcrumb":{"@id":"https:\/\/www.one.org\/de\/was-wir-tun\/so-verandern-wir-die-welt\/#breadcrumb"},"inLanguage":"de-DE","potentialAction":[{"@type":"ReadAction","target":["https:\/\/www.one.org\/de\/was-wir-tun\/so-verandern-wir-die-welt\/"]}]},{"@type":"ImageObject","inLanguage":"de-DE","@id":"https:\/\/www.one.org\/de\/was-wir-tun\/so-verandern-wir-die-welt\/#primaryimage","url":"https:\/\/www.one.org\/de\/wp-content\/uploads\/sites\/3\/2023\/11\/What-we-do_Model_1094x732_v1-1-1.png","contentUrl":"https:\/\/www.one.org\/de\/wp-content\/uploads\/sites\/3\/2023\/11\/What-we-do_Model_1094x732_v1-1-1.png","width":890,"height":608,"caption":"ONE fordert mehr Mittel f\u00fcr Entwicklungszusammenarbeit"},{"@type":"BreadcrumbList","@id":"https:\/\/www.one.org\/de\/was-wir-tun\/so-verandern-wir-die-welt\/#breadcrumb","itemListElement":[{"@type":"ListItem","position":1,"name":"Home","item":"https:\/\/www.one.org\/de\/"},{"@type":"ListItem","position":2,"name":"Was wir tun","item":"https:\/\/www.one.org\/de\/was-wir-tun\/"},{"@type":"ListItem","position":3,"name":"So ver\u00e4ndern wir die Welt"}]},{"@type":"WebSite","@id":"https:\/\/www.one.org\/de\/#website","url":"https:\/\/www.one.org\/de\/","name":"ONE.org","description":"F\u00fcr mehr wirtschaftliche Chancen und ein starkes Gesundheitswesen in Afrika","potentialAction":[{"@type":"SearchAction","target":{"@type":"EntryPoint","urlTemplate":"https:\/\/www.one.org\/de\/?s={search_term_string}"},"query-input":{"@type":"PropertyValueSpecification","valueRequired":true,"valueName":"search_term_string"}}],"inLanguage":"de-DE"}]}},"distributor_meta":false,"distributor_terms":false,"distributor_media":false,"distributor_original_site_name":"ONE.org Deutschland","distributor_original_site_url":"https:\/\/www.one.org\/de","push-errors":false,"_links":{"self":[{"href":"https:\/\/www.one.org\/de\/wp-json\/wp\/v2\/pages\/132","targetHints":{"allow":["GET"]}}],"collection":[{"href":"https:\/\/www.one.org\/de\/wp-json\/wp\/v2\/pages"}],"about":[{"href":"https:\/\/www.one.org\/de\/wp-json\/wp\/v2\/types\/page"}],"author":[{"embeddable":true,"href":"https:\/\/www.one.org\/de\/wp-json\/wp\/v2\/users\/3"}],"replies":[{"embeddable":true,"href":"https:\/\/www.one.org\/de\/wp-json\/wp\/v2\/comments?post=132"}],"version-history":[{"count":0,"href":"https:\/\/www.one.org\/de\/wp-json\/wp\/v2\/pages\/132\/revisions"}],"up":[{"embeddable":true,"href":"https:\/\/www.one.org\/de\/wp-json\/wp\/v2\/pages\/72"}],"wp:attachment":[{"href":"https:\/\/www.one.org\/de\/wp-json\/wp\/v2\/media?parent=132"}],"curies":[{"name":"wp","href":"https:\/\/api.w.org\/{rel}","templated":true}]}}