{"id":159249,"date":"2022-05-10T08:07:06","date_gmt":"2022-05-10T08:07:06","guid":{"rendered":"https:\/\/www.one.org\/de\/?post_type=one_policy&amp;p=159249"},"modified":"2022-05-10T08:07:06","modified_gmt":"2022-05-10T08:07:06","slug":"g7-covid-klima-konflikte-2022","status":"publish","type":"one_policy","link":"https:\/\/www.one.org\/de\/policy\/g7-covid-klima-konflikte-2022\/","title":{"rendered":"Wie sich die multiplen Krisen von COVID-19, Klima und Konflikten auf afrikanische L\u00e4nder auswirken &#8211; und was die G7 dagegen tun sollten"},"content":{"rendered":"<p>Unter der diesj\u00e4hrigen Pr\u00e4sidentschaft Deutschlands f\u00e4llt das Gipfeltreffen der G7-Staats- und Regierungschefs in eine Zeit von multiplen, sich \u00fcberlagernden Weltkrisen. Die andauernden Auswirkungen der COVID-19-Pandemie, der Klimakrise und bewaffneter Konflikte bringen Entscheidungstr\u00e4ger*innen an einen Scheideweg.<\/p>\n<p>Welche Ma\u00dfnahmen f\u00fcr globale Gesundheitssicherheit, Klimagerechtigkeit und Armuts- sowie Hungerbek\u00e4mpfung dringend auf den Weg gebracht werden sollten, fassen wir in diesem Bericht zusammen.<\/p>\n<p><a class=\"btn\" href=\"https:\/\/cdn.one.org\/pdfs\/G7_2022_policypaper_DE.pdf\" target=\"_blank\" rel=\"noopener noreferrer\">Den Bericht herunterladen (PDF)<\/a><\/p>\n<div class=\"buffer\"><\/div>","protected":false},"excerpt":{"rendered":"<p>Unter der diesj\u00e4hrigen Pr\u00e4sidentschaft Deutschlands f\u00e4llt das Gipfeltreffen der G7-Staats- und Regierungschefs in eine Zeit von multiplen, sich \u00fcberlagernden Weltkrisen. Die andauernden Auswirkungen der COVID-19-Pandemie, der Klimakrise und bewaffneter Konflikte bringen Entscheidungstr\u00e4ger*innen an einen Scheideweg.<\/p>\n","protected":false},"author":1,"featured_media":159250,"template":"","meta":{"_acf_changed":false,"_relevanssi_hide_post":"","_relevanssi_hide_content":"","_relevanssi_pin_for_all":"","_relevanssi_pin_keywords":"","_relevanssi_unpin_keywords":"","_relevanssi_related_keywords":"","_relevanssi_related_include_ids":"","_relevanssi_related_exclude_ids":"","_relevanssi_related_no_append":"","_relevanssi_related_not_related":"","_relevanssi_related_posts":"","_relevanssi_noindex_reason":"","footnotes":""},"class_list":["post-159249","one_policy","type-one_policy","status-publish","has-post-thumbnail","hentry"],"acf":[],"yoast_head":"<!-- This site is optimized with the Yoast SEO Premium plugin v27.1 (Yoast SEO v27.1.1) - https:\/\/yoast.com\/product\/yoast-seo-premium-wordpress\/ -->\n<title>Die G7 und multiple Krisen - ONE.org Deutschland<\/title>\n<meta name=\"description\" content=\"Die Corona-Pandemie, die Klimakrise und bewaffnete Konflikte fordern die G7 heraus. Welche Ma\u00dfnahmen jetzt n\u00f6tig sind, zeigt unser Bericht.\" \/>\n<meta name=\"robots\" content=\"index, follow, max-snippet:-1, max-image-preview:large, max-video-preview:-1\" \/>\n<link rel=\"canonical\" href=\"https:\/\/www.one.org\/de\/policy\/g7-covid-klima-konflikte-2022\/\" \/>\n<meta property=\"og:locale\" content=\"de_DE\" \/>\n<meta property=\"og:type\" content=\"article\" \/>\n<meta property=\"og:title\" content=\"Multiple Krisen und die G7 - was jetzt getan werden muss\" \/>\n<meta property=\"og:description\" content=\"Die Pandemie, die Klimakrise und bewaffnete Konflikte fordern die G7 heraus. Welche Ma\u00dfnahmen jetzt n\u00f6tig sind, zeigt unser Bericht.\" \/>\n<meta property=\"og:url\" content=\"https:\/\/www.one.org\/de\/policy\/g7-covid-klima-konflikte-2022\/\" \/>\n<meta property=\"og:site_name\" content=\"ONE.org Deutschland\" \/>\n<meta property=\"article:publisher\" content=\"https:\/\/www.facebook.com\/ONEinNederland\" \/>\n<meta property=\"og:image\" content=\"https:\/\/www.one.org\/de\/wp-content\/uploads\/sites\/3\/2023\/09\/GA_share_1200x628-768x402-1.png\" \/>\n\t<meta property=\"og:image:width\" content=\"768\" \/>\n\t<meta property=\"og:image:height\" content=\"402\" \/>\n\t<meta property=\"og:image:type\" content=\"image\/png\" \/>\n<meta name=\"twitter:card\" content=\"summary_large_image\" \/>\n<meta name=\"twitter:title\" content=\"Multiple Krisen und die G7 - was jetzt getan werden muss\" \/>\n<meta name=\"twitter:description\" content=\"Die Pandemie, die Klimakrise und bewaffnete Konflikte fordern die G7 heraus. Welche Ma\u00dfnahmen jetzt n\u00f6tig sind, zeigt unser Bericht.\" \/>\n<meta name=\"twitter:site\" content=\"@ONENederland\" \/>\n<meta name=\"twitter:label1\" content=\"Est. reading time\" \/>\n\t<meta name=\"twitter:data1\" content=\"1 minute\" \/>\n<script type=\"application\/ld+json\" class=\"yoast-schema-graph\">{\"@context\":\"https:\/\/schema.org\",\"@graph\":[{\"@type\":[\"Article\",\"Report\"],\"@id\":\"https:\/\/www.one.org\/de\/policy\/g7-covid-klima-konflikte-2022\/#article\",\"isPartOf\":{\"@id\":\"https:\/\/www.one.org\/de\/policy\/g7-covid-klima-konflikte-2022\/\"},\"author\":{\"name\":\"admin\",\"@id\":\"https:\/\/www.one.org\/de\/#\/schema\/person\/236ef43a079c36667c3f1de2da8e0838\"},\"headline\":\"Wie sich die multiplen Krisen von COVID-19, Klima und Konflikten auf afrikanische L\u00e4nder auswirken &#8211; und was die G7 dagegen tun sollten\",\"datePublished\":\"2022-05-10T08:07:06+00:00\",\"mainEntityOfPage\":{\"@id\":\"https:\/\/www.one.org\/de\/policy\/g7-covid-klima-konflikte-2022\/\"},\"wordCount\":95,\"image\":{\"@id\":\"https:\/\/www.one.org\/de\/policy\/g7-covid-klima-konflikte-2022\/#primaryimage\"},\"thumbnailUrl\":\"\",\"inLanguage\":\"de-DE\"},{\"@type\":\"WebPage\",\"@id\":\"https:\/\/www.one.org\/de\/policy\/g7-covid-klima-konflikte-2022\/\",\"url\":\"https:\/\/www.one.org\/de\/policy\/g7-covid-klima-konflikte-2022\/\",\"name\":\"Die G7 und multiple Krisen - ONE.org Deutschland\",\"isPartOf\":{\"@id\":\"https:\/\/www.one.org\/de\/#website\"},\"primaryImageOfPage\":{\"@id\":\"https:\/\/www.one.org\/de\/policy\/g7-covid-klima-konflikte-2022\/#primaryimage\"},\"image\":{\"@id\":\"https:\/\/www.one.org\/de\/policy\/g7-covid-klima-konflikte-2022\/#primaryimage\"},\"thumbnailUrl\":\"\",\"datePublished\":\"2022-05-10T08:07:06+00:00\",\"description\":\"Die Corona-Pandemie, die Klimakrise und bewaffnete Konflikte fordern die G7 heraus. Welche Ma\u00dfnahmen jetzt n\u00f6tig sind, zeigt unser Bericht.\",\"breadcrumb\":{\"@id\":\"https:\/\/www.one.org\/de\/policy\/g7-covid-klima-konflikte-2022\/#breadcrumb\"},\"inLanguage\":\"de-DE\",\"potentialAction\":[{\"@type\":\"ReadAction\",\"target\":[\"https:\/\/www.one.org\/de\/policy\/g7-covid-klima-konflikte-2022\/\"]}]},{\"@type\":\"ImageObject\",\"inLanguage\":\"de-DE\",\"@id\":\"https:\/\/www.one.org\/de\/policy\/g7-covid-klima-konflikte-2022\/#primaryimage\",\"url\":\"\",\"contentUrl\":\"\"},{\"@type\":\"BreadcrumbList\",\"@id\":\"https:\/\/www.one.org\/de\/policy\/g7-covid-klima-konflikte-2022\/#breadcrumb\",\"itemListElement\":[{\"@type\":\"ListItem\",\"position\":1,\"name\":\"Home\",\"item\":\"https:\/\/www.one.org\/de\/\"},{\"@type\":\"ListItem\",\"position\":2,\"name\":\"Wie sich die multiplen Krisen von COVID-19, Klima und Konflikten auf afrikanische L\u00e4nder auswirken &#8211; und was die G7 dagegen tun sollten\"}]},{\"@type\":\"WebSite\",\"@id\":\"https:\/\/www.one.org\/de\/#website\",\"url\":\"https:\/\/www.one.org\/de\/\",\"name\":\"ONE.org\",\"description\":\"F\u00fcr mehr wirtschaftliche Chancen und ein starkes Gesundheitswesen in Afrika\",\"potentialAction\":[{\"@type\":\"SearchAction\",\"target\":{\"@type\":\"EntryPoint\",\"urlTemplate\":\"https:\/\/www.one.org\/de\/?s={search_term_string}\"},\"query-input\":{\"@type\":\"PropertyValueSpecification\",\"valueRequired\":true,\"valueName\":\"search_term_string\"}}],\"inLanguage\":\"de-DE\"},{\"@type\":\"Person\",\"@id\":\"https:\/\/www.one.org\/de\/#\/schema\/person\/236ef43a079c36667c3f1de2da8e0838\",\"name\":\"admin\",\"image\":{\"@type\":\"ImageObject\",\"inLanguage\":\"de-DE\",\"@id\":\"https:\/\/www.one.org\/de\/#\/schema\/person\/image\/\",\"url\":\"https:\/\/secure.gravatar.com\/avatar\/2b4204681b789d34ede86a735f8b6378df901f7f7ab7a9ca89af4670b2bb13b8?s=96&d=mm&r=g\",\"contentUrl\":\"https:\/\/secure.gravatar.com\/avatar\/2b4204681b789d34ede86a735f8b6378df901f7f7ab7a9ca89af4670b2bb13b8?s=96&d=mm&r=g\",\"caption\":\"admin\"},\"sameAs\":[\"http:\/\/www.one.org\"],\"url\":\"https:\/\/www.one.org\/de\/neuigkeiten\/author\/admin\/\"}]}<\/script>\n<!-- \/ Yoast SEO Premium plugin. -->","yoast_head_json":{"title":"Die G7 und multiple Krisen - ONE.org Deutschland","description":"Die Corona-Pandemie, die Klimakrise und bewaffnete Konflikte fordern die G7 heraus. Welche Ma\u00dfnahmen jetzt n\u00f6tig sind, zeigt unser Bericht.","robots":{"index":"index","follow":"follow","max-snippet":"max-snippet:-1","max-image-preview":"max-image-preview:large","max-video-preview":"max-video-preview:-1"},"canonical":"https:\/\/www.one.org\/de\/policy\/g7-covid-klima-konflikte-2022\/","og_locale":"de_DE","og_type":"article","og_title":"Multiple Krisen und die G7 - was jetzt getan werden muss","og_description":"Die Pandemie, die Klimakrise und bewaffnete Konflikte fordern die G7 heraus. Welche Ma\u00dfnahmen jetzt n\u00f6tig sind, zeigt unser Bericht.","og_url":"https:\/\/www.one.org\/de\/policy\/g7-covid-klima-konflikte-2022\/","og_site_name":"ONE.org Deutschland","article_publisher":"https:\/\/www.facebook.com\/ONEinNederland","og_image":[{"width":768,"height":402,"url":"https:\/\/www.one.org\/de\/wp-content\/uploads\/sites\/3\/2023\/09\/GA_share_1200x628-768x402-1.png","type":"image\/png"}],"twitter_card":"summary_large_image","twitter_title":"Multiple Krisen und die G7 - was jetzt getan werden muss","twitter_description":"Die Pandemie, die Klimakrise und bewaffnete Konflikte fordern die G7 heraus. Welche Ma\u00dfnahmen jetzt n\u00f6tig sind, zeigt unser Bericht.","twitter_site":"@ONENederland","twitter_misc":{"Est. reading time":"1 minute"},"schema":{"@context":"https:\/\/schema.org","@graph":[{"@type":["Article","Report"],"@id":"https:\/\/www.one.org\/de\/policy\/g7-covid-klima-konflikte-2022\/#article","isPartOf":{"@id":"https:\/\/www.one.org\/de\/policy\/g7-covid-klima-konflikte-2022\/"},"author":{"name":"admin","@id":"https:\/\/www.one.org\/de\/#\/schema\/person\/236ef43a079c36667c3f1de2da8e0838"},"headline":"Wie sich die multiplen Krisen von COVID-19, Klima und Konflikten auf afrikanische L\u00e4nder auswirken &#8211; und was die G7 dagegen tun sollten","datePublished":"2022-05-10T08:07:06+00:00","mainEntityOfPage":{"@id":"https:\/\/www.one.org\/de\/policy\/g7-covid-klima-konflikte-2022\/"},"wordCount":95,"image":{"@id":"https:\/\/www.one.org\/de\/policy\/g7-covid-klima-konflikte-2022\/#primaryimage"},"thumbnailUrl":"","inLanguage":"de-DE"},{"@type":"WebPage","@id":"https:\/\/www.one.org\/de\/policy\/g7-covid-klima-konflikte-2022\/","url":"https:\/\/www.one.org\/de\/policy\/g7-covid-klima-konflikte-2022\/","name":"Die G7 und multiple Krisen - ONE.org Deutschland","isPartOf":{"@id":"https:\/\/www.one.org\/de\/#website"},"primaryImageOfPage":{"@id":"https:\/\/www.one.org\/de\/policy\/g7-covid-klima-konflikte-2022\/#primaryimage"},"image":{"@id":"https:\/\/www.one.org\/de\/policy\/g7-covid-klima-konflikte-2022\/#primaryimage"},"thumbnailUrl":"","datePublished":"2022-05-10T08:07:06+00:00","description":"Die Corona-Pandemie, die Klimakrise und bewaffnete Konflikte fordern die G7 heraus. Welche Ma\u00dfnahmen jetzt n\u00f6tig sind, zeigt unser Bericht.","breadcrumb":{"@id":"https:\/\/www.one.org\/de\/policy\/g7-covid-klima-konflikte-2022\/#breadcrumb"},"inLanguage":"de-DE","potentialAction":[{"@type":"ReadAction","target":["https:\/\/www.one.org\/de\/policy\/g7-covid-klima-konflikte-2022\/"]}]},{"@type":"ImageObject","inLanguage":"de-DE","@id":"https:\/\/www.one.org\/de\/policy\/g7-covid-klima-konflikte-2022\/#primaryimage","url":"","contentUrl":""},{"@type":"BreadcrumbList","@id":"https:\/\/www.one.org\/de\/policy\/g7-covid-klima-konflikte-2022\/#breadcrumb","itemListElement":[{"@type":"ListItem","position":1,"name":"Home","item":"https:\/\/www.one.org\/de\/"},{"@type":"ListItem","position":2,"name":"Wie sich die multiplen Krisen von COVID-19, Klima und Konflikten auf afrikanische L\u00e4nder auswirken &#8211; und was die G7 dagegen tun sollten"}]},{"@type":"WebSite","@id":"https:\/\/www.one.org\/de\/#website","url":"https:\/\/www.one.org\/de\/","name":"ONE.org","description":"F\u00fcr mehr wirtschaftliche Chancen und ein starkes Gesundheitswesen in Afrika","potentialAction":[{"@type":"SearchAction","target":{"@type":"EntryPoint","urlTemplate":"https:\/\/www.one.org\/de\/?s={search_term_string}"},"query-input":{"@type":"PropertyValueSpecification","valueRequired":true,"valueName":"search_term_string"}}],"inLanguage":"de-DE"},{"@type":"Person","@id":"https:\/\/www.one.org\/de\/#\/schema\/person\/236ef43a079c36667c3f1de2da8e0838","name":"admin","image":{"@type":"ImageObject","inLanguage":"de-DE","@id":"https:\/\/www.one.org\/de\/#\/schema\/person\/image\/","url":"https:\/\/secure.gravatar.com\/avatar\/2b4204681b789d34ede86a735f8b6378df901f7f7ab7a9ca89af4670b2bb13b8?s=96&d=mm&r=g","contentUrl":"https:\/\/secure.gravatar.com\/avatar\/2b4204681b789d34ede86a735f8b6378df901f7f7ab7a9ca89af4670b2bb13b8?s=96&d=mm&r=g","caption":"admin"},"sameAs":["http:\/\/www.one.org"],"url":"https:\/\/www.one.org\/de\/neuigkeiten\/author\/admin\/"}]}},"distributor_meta":false,"distributor_terms":false,"distributor_media":false,"distributor_original_site_name":"ONE.org Deutschland","distributor_original_site_url":"https:\/\/www.one.org\/de","push-errors":false,"_links":{"self":[{"href":"https:\/\/www.one.org\/de\/wp-json\/wp\/v2\/one_policy\/159249","targetHints":{"allow":["GET"]}}],"collection":[{"href":"https:\/\/www.one.org\/de\/wp-json\/wp\/v2\/one_policy"}],"about":[{"href":"https:\/\/www.one.org\/de\/wp-json\/wp\/v2\/types\/one_policy"}],"author":[{"embeddable":true,"href":"https:\/\/www.one.org\/de\/wp-json\/wp\/v2\/users\/1"}],"version-history":[{"count":0,"href":"https:\/\/www.one.org\/de\/wp-json\/wp\/v2\/one_policy\/159249\/revisions"}],"wp:featuredmedia":[{"embeddable":true,"href":"https:\/\/www.one.org\/de\/wp-json\/"}],"wp:attachment":[{"href":"https:\/\/www.one.org\/de\/wp-json\/wp\/v2\/media?parent=159249"}],"curies":[{"name":"wp","href":"https:\/\/api.w.org\/{rel}","templated":true}]}}