{"id":152882,"date":"2020-08-12T13:37:48","date_gmt":"2020-08-12T13:37:48","guid":{"rendered":"https:\/\/www.one.org\/de\/?post_type=one_policy&#038;p=152882"},"modified":"2024-01-16T12:36:36","modified_gmt":"2024-01-16T12:36:36","slug":"one-world-unsere-forderungen-an-die-bundesregierung","status":"publish","type":"one_policy","link":"https:\/\/www.one.org\/de\/policy\/one-world-unsere-forderungen-an-die-bundesregierung\/","title":{"rendered":"ONE World: Unsere Forderungen an die Bundesregierung"},"content":{"rendered":"<p>Das Coronavirus f\u00fchrt zu tiefgreifenden Einschnitten in unser Leben, unsere Wirtschaft und Gesellschaft. Es zeigt uns wie nie zuvor, dass wir gemeinsam gegen globale Bedrohungen vorgehen m\u00fcssen. Viren achten nicht auf Grenzen, also k\u00f6nnen wir es auch nicht. Menschen \u00fcberall auf der Welt m\u00fcssen zusammenstehen, sich gegenseitig unterst\u00fctzen und unter der einfachen Pr\u00e4misse handeln, dass diese Pandemie gr\u00f6\u00dfer ist als wir alle. Wir werden sie nur besiegen, wenn wir solidarisch gemeinsam handeln.<\/p>\n<p>W\u00e4hrend das Virus alle betrifft, werden die Auswirkungen die Schw\u00e4chsten am h\u00e4rtesten treffen \u2013 egal, ob sie auf der anderen Stra\u00dfenseite oder auf der anderen Seite des Meeres leben. Wir m\u00fcssen schnell handeln, um sicherzustellen, dass diese Menschen besondere Unterst\u00fctzung erhalten und nicht zur\u00fcckgelassen werden. Das ist die einzig richtige Entscheidung! Aber es ist auch das Kl\u00fcgste, was wir tun k\u00f6nnen. Eine Reaktion, die die \u00c4rmsten, Gefl\u00fcchtete und Schwache ausschlie\u00dft, bedeutet, dass das Coronavirus weiterhin eine Bedrohung f\u00fcr uns alle darstellt.<\/p>\n<p>Deutschland hat in der internationalen Entwicklungszusammenarbeit seit vielen Jahren eine Vorreiterrolle. Die Bundesrepublik ist der zweitgr\u00f6\u00dfte Entwicklungsgeber der Welt. Die Bundesregierung und insbesondere Bundeskanzlerin Angela Merkel ist eine Vorreiterin in globaler Gesundheit. Diese Rolle hat sie beim verheerenden Ebola-Ausbrauch in Westafrika unter Beweis gestellt. Deutsche Unternehmen sind bereits jetzt weltweit f\u00fchrend an der Entwicklung eines Covid-19-Impfstoffs beteiligt. Deutschland spielt eine Schl\u00fcsselrolle, wenn es darum geht, die internationale Gemeinschaft zur Umsetzung eines dringend notwendigen Pandemie-Reaktionsplans zu f\u00fchren. Darum bitten wir die Bundesregierung, diese Vorreiterrolle auch in der globalen Covid-19-Epidemie einzunehmen.<\/p>\n<h3><strong>Unsere Forderungen an die Bundesregierung finden Sie\u00a0<a href=\"https:\/\/s3.amazonaws.com\/one.org\/pdfs\/ONE-World-Pandemie-Reaktionsplan_Forderungen-DEU.pdf\">hier.<\/a><\/strong><\/h3>\n<div class=\"buffer\"><\/div>","protected":false},"excerpt":{"rendered":"<p>Das Coronavirus f\u00fchrt zu tiefgreifenden Einschnitten in unser Leben, unsere Wirtschaft und Gesellschaft. Es zeigt uns wie nie zuvor, dass wir gemeinsam gegen globale Bedrohungen vorgehen m\u00fcssen. Viren achten nicht auf Grenzen, also k\u00f6nnen wir es auch nicht. Menschen \u00fcberall auf der Welt m\u00fcssen zusammenstehen, sich gegenseitig unterst\u00fctzen und unter der einfachen Pr\u00e4misse handeln, dass [&hellip;]<\/p>\n","protected":false},"author":3,"featured_media":149972,"template":"","meta":{"_acf_changed":false,"_relevanssi_hide_post":"","_relevanssi_hide_content":"","_relevanssi_pin_for_all":"","_relevanssi_pin_keywords":"","_relevanssi_unpin_keywords":"","_relevanssi_related_keywords":"","_relevanssi_related_include_ids":"","_relevanssi_related_exclude_ids":"","_relevanssi_related_no_append":"","_relevanssi_related_not_related":"","_relevanssi_related_posts":"170594,170584,170560,170417,170398,170330","_relevanssi_noindex_reason":"","footnotes":""},"class_list":["post-152882","one_policy","type-one_policy","status-publish","has-post-thumbnail","hentry"],"acf":[],"yoast_head":"<!-- This site is optimized with the Yoast SEO Premium plugin v27.1 (Yoast SEO v27.1.1) - https:\/\/yoast.com\/product\/yoast-seo-premium-wordpress\/ -->\n<title>ONE World: Unsere Forderungen an die Bundesregierung - ONE.org Deutschland<\/title>\n<meta name=\"description\" content=\"Die Covid-19-Pandemie fordert globales Handeln, das niemanden zur\u00fcckl\u00e4sst. Deutschland tr\u00e4gt in diesen Zeiten besondere Verantwortung.\" \/>\n<meta name=\"robots\" content=\"index, follow, max-snippet:-1, max-image-preview:large, max-video-preview:-1\" \/>\n<link rel=\"canonical\" href=\"https:\/\/www.one.org\/de\/policy\/one-world-unsere-forderungen-an-die-bundesregierung\/\" \/>\n<meta property=\"og:locale\" content=\"de_DE\" \/>\n<meta property=\"og:type\" content=\"article\" \/>\n<meta property=\"og:title\" content=\"ONE World: Unsere Forderungen an die Bundesregierung\" \/>\n<meta property=\"og:description\" content=\"Die Covid-19-Pandemie fordert globales Handeln, das niemanden zur\u00fcckl\u00e4sst. Deutschland tr\u00e4gt in diesen Zeiten besondere Verantwortung.\" \/>\n<meta property=\"og:url\" content=\"https:\/\/www.one.org\/de\/policy\/one-world-unsere-forderungen-an-die-bundesregierung\/\" \/>\n<meta property=\"og:site_name\" content=\"ONE.org Deutschland\" \/>\n<meta property=\"article:publisher\" content=\"https:\/\/www.facebook.com\/ONEinNederland\" \/>\n<meta property=\"article:modified_time\" content=\"2024-01-16T12:36:36+00:00\" \/>\n<meta property=\"og:image\" content=\"https:\/\/www.one.org\/de\/wp-content\/uploads\/sites\/3\/2023\/09\/GA_share_1200x628-768x402-1.png\" \/>\n\t<meta property=\"og:image:width\" content=\"768\" \/>\n\t<meta property=\"og:image:height\" content=\"402\" \/>\n\t<meta property=\"og:image:type\" content=\"image\/png\" \/>\n<meta name=\"twitter:card\" content=\"summary_large_image\" \/>\n<meta name=\"twitter:description\" content=\"Die Covid-19-Pandemie fordert globales Handeln, das niemanden zur\u00fcckl\u00e4sst. Deutschland tr\u00e4gt in diesen Zeiten besondere Verantwortung.\" \/>\n<meta name=\"twitter:site\" content=\"@ONENederland\" \/>\n<meta name=\"twitter:label1\" content=\"Est. reading time\" \/>\n\t<meta name=\"twitter:data1\" content=\"2 minutes\" \/>\n<script type=\"application\/ld+json\" class=\"yoast-schema-graph\">{\"@context\":\"https:\/\/schema.org\",\"@graph\":[{\"@type\":[\"Article\",\"Report\"],\"@id\":\"https:\/\/www.one.org\/de\/policy\/one-world-unsere-forderungen-an-die-bundesregierung\/#article\",\"isPartOf\":{\"@id\":\"https:\/\/www.one.org\/de\/policy\/one-world-unsere-forderungen-an-die-bundesregierung\/\"},\"author\":{\"name\":\"erinnspringer\",\"@id\":\"https:\/\/www.one.org\/de\/#\/schema\/person\/7b950055a781b0e06fe25a777fdafafc\"},\"headline\":\"ONE World: Unsere Forderungen an die Bundesregierung\",\"datePublished\":\"2020-08-12T13:37:48+00:00\",\"dateModified\":\"2024-01-16T12:36:36+00:00\",\"mainEntityOfPage\":{\"@id\":\"https:\/\/www.one.org\/de\/policy\/one-world-unsere-forderungen-an-die-bundesregierung\/\"},\"wordCount\":281,\"image\":{\"@id\":\"https:\/\/www.one.org\/de\/policy\/one-world-unsere-forderungen-an-die-bundesregierung\/#primaryimage\"},\"thumbnailUrl\":\"\",\"inLanguage\":\"de-DE\"},{\"@type\":\"WebPage\",\"@id\":\"https:\/\/www.one.org\/de\/policy\/one-world-unsere-forderungen-an-die-bundesregierung\/\",\"url\":\"https:\/\/www.one.org\/de\/policy\/one-world-unsere-forderungen-an-die-bundesregierung\/\",\"name\":\"ONE World: Unsere Forderungen an die Bundesregierung - ONE.org Deutschland\",\"isPartOf\":{\"@id\":\"https:\/\/www.one.org\/de\/#website\"},\"primaryImageOfPage\":{\"@id\":\"https:\/\/www.one.org\/de\/policy\/one-world-unsere-forderungen-an-die-bundesregierung\/#primaryimage\"},\"image\":{\"@id\":\"https:\/\/www.one.org\/de\/policy\/one-world-unsere-forderungen-an-die-bundesregierung\/#primaryimage\"},\"thumbnailUrl\":\"\",\"datePublished\":\"2020-08-12T13:37:48+00:00\",\"dateModified\":\"2024-01-16T12:36:36+00:00\",\"description\":\"Die Covid-19-Pandemie fordert globales Handeln, das niemanden zur\u00fcckl\u00e4sst. Deutschland tr\u00e4gt in diesen Zeiten besondere Verantwortung.\",\"breadcrumb\":{\"@id\":\"https:\/\/www.one.org\/de\/policy\/one-world-unsere-forderungen-an-die-bundesregierung\/#breadcrumb\"},\"inLanguage\":\"de-DE\",\"potentialAction\":[{\"@type\":\"ReadAction\",\"target\":[\"https:\/\/www.one.org\/de\/policy\/one-world-unsere-forderungen-an-die-bundesregierung\/\"]}]},{\"@type\":\"ImageObject\",\"inLanguage\":\"de-DE\",\"@id\":\"https:\/\/www.one.org\/de\/policy\/one-world-unsere-forderungen-an-die-bundesregierung\/#primaryimage\",\"url\":\"\",\"contentUrl\":\"\"},{\"@type\":\"BreadcrumbList\",\"@id\":\"https:\/\/www.one.org\/de\/policy\/one-world-unsere-forderungen-an-die-bundesregierung\/#breadcrumb\",\"itemListElement\":[{\"@type\":\"ListItem\",\"position\":1,\"name\":\"Home\",\"item\":\"https:\/\/www.one.org\/de\/\"},{\"@type\":\"ListItem\",\"position\":2,\"name\":\"ONE World: Unsere Forderungen an die Bundesregierung\"}]},{\"@type\":\"WebSite\",\"@id\":\"https:\/\/www.one.org\/de\/#website\",\"url\":\"https:\/\/www.one.org\/de\/\",\"name\":\"ONE.org\",\"description\":\"F\u00fcr mehr wirtschaftliche Chancen und ein starkes Gesundheitswesen in Afrika\",\"potentialAction\":[{\"@type\":\"SearchAction\",\"target\":{\"@type\":\"EntryPoint\",\"urlTemplate\":\"https:\/\/www.one.org\/de\/?s={search_term_string}\"},\"query-input\":{\"@type\":\"PropertyValueSpecification\",\"valueRequired\":true,\"valueName\":\"search_term_string\"}}],\"inLanguage\":\"de-DE\"},{\"@type\":\"Person\",\"@id\":\"https:\/\/www.one.org\/de\/#\/schema\/person\/7b950055a781b0e06fe25a777fdafafc\",\"name\":\"erinnspringer\",\"image\":{\"@type\":\"ImageObject\",\"inLanguage\":\"de-DE\",\"@id\":\"https:\/\/www.one.org\/de\/#\/schema\/person\/image\/\",\"url\":\"https:\/\/secure.gravatar.com\/avatar\/774427c3f289991652c1283028f950960142129d5f232dc90c78f5173b43d482?s=96&d=mm&r=g\",\"contentUrl\":\"https:\/\/secure.gravatar.com\/avatar\/774427c3f289991652c1283028f950960142129d5f232dc90c78f5173b43d482?s=96&d=mm&r=g\",\"caption\":\"erinnspringer\"},\"url\":\"https:\/\/www.one.org\/de\/neuigkeiten\/author\/erinnspringer\/\"}]}<\/script>\n<!-- \/ Yoast SEO Premium plugin. -->","yoast_head_json":{"title":"ONE World: Unsere Forderungen an die Bundesregierung - ONE.org Deutschland","description":"Die Covid-19-Pandemie fordert globales Handeln, das niemanden zur\u00fcckl\u00e4sst. Deutschland tr\u00e4gt in diesen Zeiten besondere Verantwortung.","robots":{"index":"index","follow":"follow","max-snippet":"max-snippet:-1","max-image-preview":"max-image-preview:large","max-video-preview":"max-video-preview:-1"},"canonical":"https:\/\/www.one.org\/de\/policy\/one-world-unsere-forderungen-an-die-bundesregierung\/","og_locale":"de_DE","og_type":"article","og_title":"ONE World: Unsere Forderungen an die Bundesregierung","og_description":"Die Covid-19-Pandemie fordert globales Handeln, das niemanden zur\u00fcckl\u00e4sst. Deutschland tr\u00e4gt in diesen Zeiten besondere Verantwortung.","og_url":"https:\/\/www.one.org\/de\/policy\/one-world-unsere-forderungen-an-die-bundesregierung\/","og_site_name":"ONE.org Deutschland","article_publisher":"https:\/\/www.facebook.com\/ONEinNederland","article_modified_time":"2024-01-16T12:36:36+00:00","og_image":[{"width":768,"height":402,"url":"https:\/\/www.one.org\/de\/wp-content\/uploads\/sites\/3\/2023\/09\/GA_share_1200x628-768x402-1.png","type":"image\/png"}],"twitter_card":"summary_large_image","twitter_description":"Die Covid-19-Pandemie fordert globales Handeln, das niemanden zur\u00fcckl\u00e4sst. Deutschland tr\u00e4gt in diesen Zeiten besondere Verantwortung.","twitter_site":"@ONENederland","twitter_misc":{"Est. reading time":"2 minutes"},"schema":{"@context":"https:\/\/schema.org","@graph":[{"@type":["Article","Report"],"@id":"https:\/\/www.one.org\/de\/policy\/one-world-unsere-forderungen-an-die-bundesregierung\/#article","isPartOf":{"@id":"https:\/\/www.one.org\/de\/policy\/one-world-unsere-forderungen-an-die-bundesregierung\/"},"author":{"name":"erinnspringer","@id":"https:\/\/www.one.org\/de\/#\/schema\/person\/7b950055a781b0e06fe25a777fdafafc"},"headline":"ONE World: Unsere Forderungen an die Bundesregierung","datePublished":"2020-08-12T13:37:48+00:00","dateModified":"2024-01-16T12:36:36+00:00","mainEntityOfPage":{"@id":"https:\/\/www.one.org\/de\/policy\/one-world-unsere-forderungen-an-die-bundesregierung\/"},"wordCount":281,"image":{"@id":"https:\/\/www.one.org\/de\/policy\/one-world-unsere-forderungen-an-die-bundesregierung\/#primaryimage"},"thumbnailUrl":"","inLanguage":"de-DE"},{"@type":"WebPage","@id":"https:\/\/www.one.org\/de\/policy\/one-world-unsere-forderungen-an-die-bundesregierung\/","url":"https:\/\/www.one.org\/de\/policy\/one-world-unsere-forderungen-an-die-bundesregierung\/","name":"ONE World: Unsere Forderungen an die Bundesregierung - ONE.org Deutschland","isPartOf":{"@id":"https:\/\/www.one.org\/de\/#website"},"primaryImageOfPage":{"@id":"https:\/\/www.one.org\/de\/policy\/one-world-unsere-forderungen-an-die-bundesregierung\/#primaryimage"},"image":{"@id":"https:\/\/www.one.org\/de\/policy\/one-world-unsere-forderungen-an-die-bundesregierung\/#primaryimage"},"thumbnailUrl":"","datePublished":"2020-08-12T13:37:48+00:00","dateModified":"2024-01-16T12:36:36+00:00","description":"Die Covid-19-Pandemie fordert globales Handeln, das niemanden zur\u00fcckl\u00e4sst. Deutschland tr\u00e4gt in diesen Zeiten besondere Verantwortung.","breadcrumb":{"@id":"https:\/\/www.one.org\/de\/policy\/one-world-unsere-forderungen-an-die-bundesregierung\/#breadcrumb"},"inLanguage":"de-DE","potentialAction":[{"@type":"ReadAction","target":["https:\/\/www.one.org\/de\/policy\/one-world-unsere-forderungen-an-die-bundesregierung\/"]}]},{"@type":"ImageObject","inLanguage":"de-DE","@id":"https:\/\/www.one.org\/de\/policy\/one-world-unsere-forderungen-an-die-bundesregierung\/#primaryimage","url":"","contentUrl":""},{"@type":"BreadcrumbList","@id":"https:\/\/www.one.org\/de\/policy\/one-world-unsere-forderungen-an-die-bundesregierung\/#breadcrumb","itemListElement":[{"@type":"ListItem","position":1,"name":"Home","item":"https:\/\/www.one.org\/de\/"},{"@type":"ListItem","position":2,"name":"ONE World: Unsere Forderungen an die Bundesregierung"}]},{"@type":"WebSite","@id":"https:\/\/www.one.org\/de\/#website","url":"https:\/\/www.one.org\/de\/","name":"ONE.org","description":"F\u00fcr mehr wirtschaftliche Chancen und ein starkes Gesundheitswesen in Afrika","potentialAction":[{"@type":"SearchAction","target":{"@type":"EntryPoint","urlTemplate":"https:\/\/www.one.org\/de\/?s={search_term_string}"},"query-input":{"@type":"PropertyValueSpecification","valueRequired":true,"valueName":"search_term_string"}}],"inLanguage":"de-DE"},{"@type":"Person","@id":"https:\/\/www.one.org\/de\/#\/schema\/person\/7b950055a781b0e06fe25a777fdafafc","name":"erinnspringer","image":{"@type":"ImageObject","inLanguage":"de-DE","@id":"https:\/\/www.one.org\/de\/#\/schema\/person\/image\/","url":"https:\/\/secure.gravatar.com\/avatar\/774427c3f289991652c1283028f950960142129d5f232dc90c78f5173b43d482?s=96&d=mm&r=g","contentUrl":"https:\/\/secure.gravatar.com\/avatar\/774427c3f289991652c1283028f950960142129d5f232dc90c78f5173b43d482?s=96&d=mm&r=g","caption":"erinnspringer"},"url":"https:\/\/www.one.org\/de\/neuigkeiten\/author\/erinnspringer\/"}]}},"distributor_meta":false,"distributor_terms":false,"distributor_media":false,"distributor_original_site_name":"ONE.org Deutschland","distributor_original_site_url":"https:\/\/www.one.org\/de","push-errors":false,"_links":{"self":[{"href":"https:\/\/www.one.org\/de\/wp-json\/wp\/v2\/one_policy\/152882","targetHints":{"allow":["GET"]}}],"collection":[{"href":"https:\/\/www.one.org\/de\/wp-json\/wp\/v2\/one_policy"}],"about":[{"href":"https:\/\/www.one.org\/de\/wp-json\/wp\/v2\/types\/one_policy"}],"author":[{"embeddable":true,"href":"https:\/\/www.one.org\/de\/wp-json\/wp\/v2\/users\/3"}],"version-history":[{"count":0,"href":"https:\/\/www.one.org\/de\/wp-json\/wp\/v2\/one_policy\/152882\/revisions"}],"wp:featuredmedia":[{"embeddable":true,"href":"https:\/\/www.one.org\/de\/wp-json\/"}],"wp:attachment":[{"href":"https:\/\/www.one.org\/de\/wp-json\/wp\/v2\/media?parent=152882"}],"curies":[{"name":"wp","href":"https:\/\/api.w.org\/{rel}","templated":true}]}}