{"id":162068,"date":"2023-08-16T09:37:08","date_gmt":"2023-08-16T09:37:08","guid":{"rendered":"https:\/\/www.one.org\/de\/?post_type=one_campaign&#038;p=162068"},"modified":"2025-05-20T12:01:12","modified_gmt":"2025-05-20T12:01:12","slug":"one-vote-kampagne-2021","status":"publish","type":"one_campaign","link":"https:\/\/www.one.org\/de\/was-wir-tun\/unsere-erfolge\/one-vote-kampagne-2021\/","title":{"rendered":"ONE Vote \u2013 Kampagne 2021"},"content":{"rendered":"\n<p>Im Vorfeld zur Bundestagswahl 2021 nahmen wir als Politikgewissen die Kandidat*innen in die Verantwortung. Gemeinsam mit unseren Unterst\u00fctzer*innen machten wir ihnen mit unserer ONE Vote \u2013 Kampagne deutlich, dass Einsatz f\u00fcr globale Gerechtigkeit und starke Partnerschaften f\u00fcr nachhaltige Entwicklung partei\u00fcbergreifend Priorit\u00e4t haben sollte und, dass die Ziele der Agenda 2030 nicht in Vergessenheit geraten d\u00fcrfen.<\/p>\n\n\n\n<p>Zu diesem Zweck haben wir keine Gelegenheit ungenutzt gelassen: ONEs Jugendbotschafter*innen sammelten Postkarten von W\u00e4hler*innen in Wahlkreisen von Spitzenpolitiker*innen ein, wir protestierten lautstark vor den Koalitionsverhandlungen und gemeinsam mit prominenten Unterst\u00fctzer*innen verwandelten wir sogar f\u00fcr kurze Zeit eine Berliner Bushaltestelle in einen Hub f\u00fcr politischen Aktivismus.<\/p>\n\n\n\n<p>Das Ergebnis ist ermutigend. Im Koalitionsvertrag sind zentrale Ziele f\u00fcr nachhaltige Entwicklung und das Erreichen der Agenda 2030 verankert. Schl\u00fcsselsektoren f\u00fcr globale Gerechtigkeit wie Geschlechtergerechtigkeit, Bildung und Gesundheit sollen in den kommenden vier Jahren im Zentrum deutscher Entwicklungszusammenarbeit stehen. Dennoch ist noch viel zu tun \u2013 wir behalten die Politiker*innen scharf im Auge.<\/p>\n\n\n\n<div class=\"wp-block-group has-background has-neon-background-color oneorg-block-group oneorg-block-group-impact oneorg-block-group-impact--2 has-dark-color has-text-color has-link-color wp-elements-861de53d66e930446f7f8c2f449ad5d6 is-layout-flow wp-block-group-is-layout-flow\">\n<div class=\"wp-block-group is-layout-flow wp-block-group-is-layout-flow\">\n<h2 class=\"wp-block-heading\" id=\"h-unsere-erfolge\">Unsere Erfolge<\/h2>\n\n\n\n<div class=\"wp-block-columns is-layout-flex wp-container-core-columns-is-layout-28f84493 wp-block-columns-is-layout-flex\">\n<div class=\"wp-block-column is-layout-flow wp-block-column-is-layout-flow\">\n<figure class=\"wp-block-image size-large\"><img loading=\"lazy\" decoding=\"async\" width=\"1024\" height=\"1024\" src=\"https:\/\/www.one.org\/de\/wp-content\/uploads\/sites\/3\/sites\/3\/2023\/07\/BetterLaws_Icon_300x300-1024x1024.png\" alt=\"\" class=\"wp-image-64\" srcset=\"https:\/\/www.one.org\/de\/wp-content\/uploads\/sites\/3\/sites\/3\/2023\/07\/BetterLaws_Icon_300x300-1024x1024.png 1024w, https:\/\/www.one.org\/de\/wp-content\/uploads\/sites\/3\/sites\/3\/2023\/07\/BetterLaws_Icon_300x300-300x300.png 300w, https:\/\/www.one.org\/de\/wp-content\/uploads\/sites\/3\/sites\/3\/2023\/07\/BetterLaws_Icon_300x300-150x150.png 150w, https:\/\/www.one.org\/de\/wp-content\/uploads\/sites\/3\/sites\/3\/2023\/07\/BetterLaws_Icon_300x300-768x768.png 768w, https:\/\/www.one.org\/de\/wp-content\/uploads\/sites\/3\/sites\/3\/2023\/07\/BetterLaws_Icon_300x300-16x16.png 16w, https:\/\/www.one.org\/de\/wp-content\/uploads\/sites\/3\/sites\/3\/2023\/07\/BetterLaws_Icon_300x300-320x320.png 320w, https:\/\/www.one.org\/de\/wp-content\/uploads\/sites\/3\/sites\/3\/2023\/07\/Schedq0y-BetterLaws_Icon_300x300-640x640.png 640w, https:\/\/www.one.org\/de\/wp-content\/uploads\/sites\/3\/sites\/3\/2023\/07\/BetterLaws_Icon_300x300-820x820.png 820w, https:\/\/www.one.org\/de\/wp-content\/uploads\/sites\/3\/sites\/3\/2023\/07\/BetterLaws_Icon_300x300-630x630.png 630w, https:\/\/www.one.org\/de\/wp-content\/uploads\/sites\/3\/sites\/3\/2023\/07\/BetterLaws_Icon_300x300.png 1251w\" sizes=\"auto, (max-width: 1024px) 100vw, 1024px\" \/><\/figure>\n\n\n\n<p>Wir haben den Preis f\u00fcr die \u201cBeste Politische Kampagne 2021\u201d beim&nbsp;<a href=\"https:\/\/www.onlinekommunikationspreis.de\/\">Deutschen Preis f\u00fcr Onlinekommunikation<\/a>&nbsp;und Silber in der Kategorie \u201cContent Campaign B2C\u201d beim&nbsp;<a href=\"https:\/\/www.bcm-award.com\/\">BCM-Award<\/a>&nbsp;gewonnen.<\/p>\n<\/div>\n\n\n\n<div class=\"wp-block-column is-layout-flow wp-block-column-is-layout-flow\">\n<figure class=\"wp-block-image size-large\"><img loading=\"lazy\" decoding=\"async\" width=\"1024\" height=\"1024\" src=\"https:\/\/www.one.org\/de\/wp-content\/uploads\/sites\/3\/sites\/3\/2023\/08\/Impact_Icon_300x300-1024x1024.png\" alt=\"\" class=\"wp-image-234\" srcset=\"https:\/\/www.one.org\/de\/wp-content\/uploads\/sites\/3\/sites\/3\/2023\/08\/Impact_Icon_300x300-1024x1024.png 1024w, https:\/\/www.one.org\/de\/wp-content\/uploads\/sites\/3\/sites\/3\/2023\/08\/Impact_Icon_300x300-300x300.png 300w, https:\/\/www.one.org\/de\/wp-content\/uploads\/sites\/3\/sites\/3\/2023\/08\/Impact_Icon_300x300-150x150.png 150w, https:\/\/www.one.org\/de\/wp-content\/uploads\/sites\/3\/sites\/3\/2023\/08\/Impact_Icon_300x300-768x768.png 768w, https:\/\/www.one.org\/de\/wp-content\/uploads\/sites\/3\/sites\/3\/2023\/08\/Impact_Icon_300x300-16x16.png 16w, https:\/\/www.one.org\/de\/wp-content\/uploads\/sites\/3\/sites\/3\/2023\/08\/Impact_Icon_300x300-320x320.png 320w, https:\/\/www.one.org\/de\/wp-content\/uploads\/sites\/3\/sites\/3\/2023\/08\/htdK83Cc-Impact_Icon_300x300-640x640.png 640w, https:\/\/www.one.org\/de\/wp-content\/uploads\/sites\/3\/sites\/3\/2023\/08\/Impact_Icon_300x300-820x820.png 820w, https:\/\/www.one.org\/de\/wp-content\/uploads\/sites\/3\/sites\/3\/2023\/08\/Impact_Icon_300x300-630x630.png 630w, https:\/\/www.one.org\/de\/wp-content\/uploads\/sites\/3\/sites\/3\/2023\/08\/Impact_Icon_300x300.png 1251w\" sizes=\"auto, (max-width: 1024px) 100vw, 1024px\" \/><\/figure>\n\n\n\n<p>Rund 80 Kandidat*innen haben sich im Lauf unserer ONE Vote Kampagne mit der Unterzeichnung des Artikel ONE zu starkem Einsatz f\u00fcr globale Gerechtigkeit in der neuen Legislaturperiode verpflichtet. Davon haben sich 50 Politiker*innen mit uns pers\u00f6nlich getroffen, darunter die drei Kanzlerkandidat*innen.<\/p>\n<\/div>\n<\/div>\n<\/div>\n<\/div>\n\n\n\n<h3 class=\"wp-block-heading no-border\" id=\"h-unser-beitrag\">Unser Beitrag<\/h3>\n\n\n\n<ul class=\"wp-block-list\">\n<li>Mehr als 12.000 Aktivist*innen haben unsere Aktionen mit ihrer Stimme unterst\u00fctzt und gefordert, dass die neue Bundesregierung globale Gerechtigkeit gro\u00df schreibt.<\/li>\n\n\n\n<li>Carolin Kebekus, Michael Mittermeier und Annette Frier haben sich in unserer&nbsp;<a href=\"https:\/\/www.youtube.com\/watch?v=AcLwFQnjkJs&amp;list=PLNNAOaKU_qHgNO26pWGVxhSZJWsXvq4xT\" target=\"_blank\" rel=\"noreferrer noopener\">Mini-Serie \u201cPolitikgewissen\u201d<\/a>&nbsp;als die personifizierten Gewissen der Kanzlerkandidat*innen f\u00fcr globale Gerechtigkeit stark gemacht.<\/li>\n\n\n\n<li>Am Nollendorfplatz in Berlin haben wir f\u00fcr eine Woche eine Bushaltestelle beansprucht und zusammen mit Comedienne Negah Amiri&nbsp;<a href=\"https:\/\/www.youtube.com\/watch?v=ocFxkT45K08\" target=\"_blank\" rel=\"noreferrer noopener\">Passant*innen zur anstehenden Bundestagswahl befragt<\/a>.<\/li>\n\n\n\n<li>Unsere Jugendbotschafter*innen haben einen Twitter Storm angezettelt und \u00fcber den Hashtag&nbsp;<a href=\"https:\/\/twitter.com\/search?q=%23politikgewissen&amp;src=typeahead_click\" target=\"_blank\" rel=\"noreferrer noopener\">#PolitikGewissen<\/a>&nbsp;Unterst\u00fctzer*innen mobilisiert und Politiker*innen erreicht.<\/li>\n\n\n\n<li>Ein von uns ins Leben gerufener&nbsp;<a href=\"https:\/\/twitter.com\/PolitikGewissen\" target=\"_blank\" rel=\"noreferrer noopener\">Twitterbot&nbsp;<\/a>hat das politische Berlin t\u00e4glich an die Agenda 2030 oder auch an ihren Wocheneinkauf erinnert.<\/li>\n\n\n\n<li>Unserer ONE-Aktivist*innen haben mit zahlreichen&nbsp;<a href=\"https:\/\/twitter.com\/ONEDeutschland\/status\/1440627670782394373\" target=\"_blank\" rel=\"noreferrer noopener\">Kreidespray-Aktionen<\/a>&nbsp;das Politikgewissen in St\u00e4dten in ganz Deutschland verewigt.<\/li>\n\n\n\n<li>Wir waren mit unsere&nbsp;Aktivist*innen in Aachen und Potsdam, wo sich die Wahlkreise der drei Kanzlerkandidat*innen befinden. Dort sowie in einem Email-Aufruf konnten wir von unseren Mitmenschen mehrere hundert Postkarten mit W\u00fcnschen an die n\u00e4chste Regierung einsammeln und an die Politiker*innen \u00fcbergeben.<\/li>\n\n\n\n<li>Wir haben mit Projektionen am Kanzleramt, fair gehandeltem Kaffee vor Parteizentralen und einer Demonstration vor dem Entwicklungsministerium&nbsp;zahlreiche Stunts&nbsp;organisiert, die globale Gerechtigkeit in den Mittelpunkt gestellt und von den Politiker*innen vor Ort geh\u00f6rt worden sind.<\/li>\n\n\n\n<li>\u00dcber 200 Mal wurden wir in&nbsp;<a href=\"https:\/\/www.merkur.de\/politik\/annalena-baerbock-annette-frier-gruene-bundestagswahl-one-youtube-90823359.html\" target=\"_blank\" rel=\"noreferrer noopener\">regionalen&nbsp;<\/a>und&nbsp;<a href=\"https:\/\/www.horizont.net\/marketing\/nachrichten\/kampagne-fuer-agenda-2030-carolin-kebekus-spielt-das-personifizierte-gewissen-von-olaf-scholz-192307?crefresh=1\" target=\"_blank\" rel=\"noreferrer noopener\">nationalen&nbsp;<\/a>Medien aufgegriffen, darunter 6 Mal im Fernsehen, und konnten so noch mehr Menschen mit unseren Anliegen erreichen.<\/li>\n<\/ul>\n\n\n\n<div class=\"wp-block-group oneorg-block-group oneorg-block-group-impact oneorg-block-group-impact--cta has-light-color has-dark-background-color has-text-color has-background has-global-padding is-layout-constrained wp-block-group-is-layout-constrained\">\n<div class=\"wp-block-group is-layout-flow wp-block-group-is-layout-flow\">\n<h2 class=\"wp-block-heading has-text-align-center has-neon-color has-text-color\">Inspiriert? Mach mit<\/h2>\n\n\n\n<p class=\"has-text-align-center\">Hier findest du unsere aktuellen Kampagnen und M\u00f6glichkeiten, wie du dich im Kampf f\u00fcr Gerechtigkeit und Chancengleichheit stark machen kannst.<\/p>\n\n\n\n<div class=\"wp-block-buttons is-content-justification-center is-layout-flex wp-container-core-buttons-is-layout-a89b3969 wp-block-buttons-is-layout-flex\">\n<div class=\"wp-block-button\"><a class=\"wp-block-button__link wp-element-button\" href=\"https:\/\/www.one.org\/de\/engagier-dich\/werde-aktiv\/\">Aktuelle Kampagnen anzeigen<\/a><\/div>\n<\/div>\n<\/div>\n<\/div>\n<div class=\"buffer\"><\/div>","protected":false},"author":3,"featured_media":162069,"template":"","meta":{"_acf_changed":false,"_relevanssi_hide_post":"","_relevanssi_hide_content":"","_relevanssi_pin_for_all":"","_relevanssi_pin_keywords":"","_relevanssi_unpin_keywords":"","_relevanssi_related_keywords":"","_relevanssi_related_include_ids":"","_relevanssi_related_exclude_ids":"","_relevanssi_related_no_append":"","_relevanssi_related_not_related":"","_relevanssi_related_posts":"167665,167694,167414,167156,167676,167735","_relevanssi_noindex_reason":""},"categories":[],"tags":[],"class_list":["post-162068","one_campaign","type-one_campaign","status-publish","has-post-thumbnail","hentry"],"acf":[],"yoast_head":"<!-- This site is optimized with the Yoast SEO Premium plugin v27.1 (Yoast SEO v27.1.1) - https:\/\/yoast.com\/product\/yoast-seo-premium-wordpress\/ -->\n<title>ONE Vote \u2013 Kampagne 2021 - ONE.org Deutschland<\/title>\n<meta name=\"description\" content=\"Im Vorfeld zur Bundestagswahl 2021 nahmen wir als Politikgewissen die Kandidat*innen in die Verantwortung.\" \/>\n<meta name=\"robots\" content=\"index, follow, max-snippet:-1, max-image-preview:large, max-video-preview:-1\" \/>\n<link rel=\"canonical\" href=\"https:\/\/www.one.org\/de\/was-wir-tun\/unsere-erfolge\/one-vote-kampagne-2021\/\" \/>\n<meta property=\"og:locale\" content=\"de_DE\" \/>\n<meta property=\"og:type\" content=\"article\" \/>\n<meta property=\"og:title\" content=\"ONE Vote \u2013 Kampagne 2021\" \/>\n<meta property=\"og:description\" content=\"Im Vorfeld zur Bundestagswahl 2021 nahmen wir als Politikgewissen die Kandidat*innen in die Verantwortung.\" \/>\n<meta property=\"og:url\" content=\"https:\/\/www.one.org\/de\/was-wir-tun\/unsere-erfolge\/one-vote-kampagne-2021\/\" \/>\n<meta property=\"og:site_name\" content=\"ONE.org Deutschland\" \/>\n<meta property=\"article:publisher\" content=\"https:\/\/www.facebook.com\/ONEinNederland\" \/>\n<meta property=\"article:modified_time\" content=\"2025-05-20T12:01:12+00:00\" \/>\n<meta property=\"og:image\" content=\"https:\/\/www.one.org\/de\/wp-content\/uploads\/sites\/3\/2023\/08\/ONE_Gewissen_Keyvisual_1440x460_blank.jpeg\" \/>\n\t<meta property=\"og:image:width\" content=\"1440\" \/>\n\t<meta property=\"og:image:height\" content=\"460\" \/>\n\t<meta property=\"og:image:type\" content=\"image\/jpeg\" \/>\n<meta name=\"twitter:card\" content=\"summary_large_image\" \/>\n<meta name=\"twitter:site\" content=\"@ONENederland\" \/>\n<meta name=\"twitter:label1\" content=\"Est. reading time\" \/>\n\t<meta name=\"twitter:data1\" content=\"3 minutes\" \/>\n<script type=\"application\/ld+json\" class=\"yoast-schema-graph\">{\"@context\":\"https:\/\/schema.org\",\"@graph\":[{\"@type\":\"WebPage\",\"@id\":\"https:\/\/www.one.org\/de\/was-wir-tun\/unsere-erfolge\/one-vote-kampagne-2021\/\",\"url\":\"https:\/\/www.one.org\/de\/was-wir-tun\/unsere-erfolge\/one-vote-kampagne-2021\/\",\"name\":\"ONE Vote \u2013 Kampagne 2021 - ONE.org Deutschland\",\"isPartOf\":{\"@id\":\"https:\/\/www.one.org\/de\/#website\"},\"primaryImageOfPage\":{\"@id\":\"https:\/\/www.one.org\/de\/was-wir-tun\/unsere-erfolge\/one-vote-kampagne-2021\/#primaryimage\"},\"image\":{\"@id\":\"https:\/\/www.one.org\/de\/was-wir-tun\/unsere-erfolge\/one-vote-kampagne-2021\/#primaryimage\"},\"thumbnailUrl\":\"https:\/\/www.one.org\/de\/wp-content\/uploads\/sites\/3\/2023\/08\/ONE_Gewissen_Keyvisual_1440x460_blank.jpeg\",\"datePublished\":\"2023-08-16T09:37:08+00:00\",\"dateModified\":\"2025-05-20T12:01:12+00:00\",\"description\":\"Im Vorfeld zur Bundestagswahl 2021 nahmen wir als Politikgewissen die Kandidat*innen in die Verantwortung.\",\"breadcrumb\":{\"@id\":\"https:\/\/www.one.org\/de\/was-wir-tun\/unsere-erfolge\/one-vote-kampagne-2021\/#breadcrumb\"},\"inLanguage\":\"de-DE\",\"potentialAction\":[{\"@type\":\"ReadAction\",\"target\":[\"https:\/\/www.one.org\/de\/was-wir-tun\/unsere-erfolge\/one-vote-kampagne-2021\/\"]}]},{\"@type\":\"ImageObject\",\"inLanguage\":\"de-DE\",\"@id\":\"https:\/\/www.one.org\/de\/was-wir-tun\/unsere-erfolge\/one-vote-kampagne-2021\/#primaryimage\",\"url\":\"https:\/\/www.one.org\/de\/wp-content\/uploads\/sites\/3\/2023\/08\/ONE_Gewissen_Keyvisual_1440x460_blank.jpeg\",\"contentUrl\":\"https:\/\/www.one.org\/de\/wp-content\/uploads\/sites\/3\/2023\/08\/ONE_Gewissen_Keyvisual_1440x460_blank.jpeg\",\"width\":1440,\"height\":460},{\"@type\":\"BreadcrumbList\",\"@id\":\"https:\/\/www.one.org\/de\/was-wir-tun\/unsere-erfolge\/one-vote-kampagne-2021\/#breadcrumb\",\"itemListElement\":[{\"@type\":\"ListItem\",\"position\":1,\"name\":\"Home\",\"item\":\"https:\/\/www.one.org\/de\/\"},{\"@type\":\"ListItem\",\"position\":2,\"name\":\"ONE Vote \u2013 Kampagne 2021\"}]},{\"@type\":\"WebSite\",\"@id\":\"https:\/\/www.one.org\/de\/#website\",\"url\":\"https:\/\/www.one.org\/de\/\",\"name\":\"ONE.org\",\"description\":\"F\u00fcr mehr wirtschaftliche Chancen und ein starkes Gesundheitswesen in Afrika\",\"potentialAction\":[{\"@type\":\"SearchAction\",\"target\":{\"@type\":\"EntryPoint\",\"urlTemplate\":\"https:\/\/www.one.org\/de\/?s={search_term_string}\"},\"query-input\":{\"@type\":\"PropertyValueSpecification\",\"valueRequired\":true,\"valueName\":\"search_term_string\"}}],\"inLanguage\":\"de-DE\"}]}<\/script>\n<!-- \/ Yoast SEO Premium plugin. -->","yoast_head_json":{"title":"ONE Vote \u2013 Kampagne 2021 - ONE.org Deutschland","description":"Im Vorfeld zur Bundestagswahl 2021 nahmen wir als Politikgewissen die Kandidat*innen in die Verantwortung.","robots":{"index":"index","follow":"follow","max-snippet":"max-snippet:-1","max-image-preview":"max-image-preview:large","max-video-preview":"max-video-preview:-1"},"canonical":"https:\/\/www.one.org\/de\/was-wir-tun\/unsere-erfolge\/one-vote-kampagne-2021\/","og_locale":"de_DE","og_type":"article","og_title":"ONE Vote \u2013 Kampagne 2021","og_description":"Im Vorfeld zur Bundestagswahl 2021 nahmen wir als Politikgewissen die Kandidat*innen in die Verantwortung.","og_url":"https:\/\/www.one.org\/de\/was-wir-tun\/unsere-erfolge\/one-vote-kampagne-2021\/","og_site_name":"ONE.org Deutschland","article_publisher":"https:\/\/www.facebook.com\/ONEinNederland","article_modified_time":"2025-05-20T12:01:12+00:00","og_image":[{"width":1440,"height":460,"url":"https:\/\/www.one.org\/de\/wp-content\/uploads\/sites\/3\/2023\/08\/ONE_Gewissen_Keyvisual_1440x460_blank.jpeg","type":"image\/jpeg"}],"twitter_card":"summary_large_image","twitter_site":"@ONENederland","twitter_misc":{"Est. reading time":"3 minutes"},"schema":{"@context":"https:\/\/schema.org","@graph":[{"@type":"WebPage","@id":"https:\/\/www.one.org\/de\/was-wir-tun\/unsere-erfolge\/one-vote-kampagne-2021\/","url":"https:\/\/www.one.org\/de\/was-wir-tun\/unsere-erfolge\/one-vote-kampagne-2021\/","name":"ONE Vote \u2013 Kampagne 2021 - ONE.org Deutschland","isPartOf":{"@id":"https:\/\/www.one.org\/de\/#website"},"primaryImageOfPage":{"@id":"https:\/\/www.one.org\/de\/was-wir-tun\/unsere-erfolge\/one-vote-kampagne-2021\/#primaryimage"},"image":{"@id":"https:\/\/www.one.org\/de\/was-wir-tun\/unsere-erfolge\/one-vote-kampagne-2021\/#primaryimage"},"thumbnailUrl":"https:\/\/www.one.org\/de\/wp-content\/uploads\/sites\/3\/2023\/08\/ONE_Gewissen_Keyvisual_1440x460_blank.jpeg","datePublished":"2023-08-16T09:37:08+00:00","dateModified":"2025-05-20T12:01:12+00:00","description":"Im Vorfeld zur Bundestagswahl 2021 nahmen wir als Politikgewissen die Kandidat*innen in die Verantwortung.","breadcrumb":{"@id":"https:\/\/www.one.org\/de\/was-wir-tun\/unsere-erfolge\/one-vote-kampagne-2021\/#breadcrumb"},"inLanguage":"de-DE","potentialAction":[{"@type":"ReadAction","target":["https:\/\/www.one.org\/de\/was-wir-tun\/unsere-erfolge\/one-vote-kampagne-2021\/"]}]},{"@type":"ImageObject","inLanguage":"de-DE","@id":"https:\/\/www.one.org\/de\/was-wir-tun\/unsere-erfolge\/one-vote-kampagne-2021\/#primaryimage","url":"https:\/\/www.one.org\/de\/wp-content\/uploads\/sites\/3\/2023\/08\/ONE_Gewissen_Keyvisual_1440x460_blank.jpeg","contentUrl":"https:\/\/www.one.org\/de\/wp-content\/uploads\/sites\/3\/2023\/08\/ONE_Gewissen_Keyvisual_1440x460_blank.jpeg","width":1440,"height":460},{"@type":"BreadcrumbList","@id":"https:\/\/www.one.org\/de\/was-wir-tun\/unsere-erfolge\/one-vote-kampagne-2021\/#breadcrumb","itemListElement":[{"@type":"ListItem","position":1,"name":"Home","item":"https:\/\/www.one.org\/de\/"},{"@type":"ListItem","position":2,"name":"ONE Vote \u2013 Kampagne 2021"}]},{"@type":"WebSite","@id":"https:\/\/www.one.org\/de\/#website","url":"https:\/\/www.one.org\/de\/","name":"ONE.org","description":"F\u00fcr mehr wirtschaftliche Chancen und ein starkes Gesundheitswesen in Afrika","potentialAction":[{"@type":"SearchAction","target":{"@type":"EntryPoint","urlTemplate":"https:\/\/www.one.org\/de\/?s={search_term_string}"},"query-input":{"@type":"PropertyValueSpecification","valueRequired":true,"valueName":"search_term_string"}}],"inLanguage":"de-DE"}]}},"distributor_meta":false,"distributor_terms":false,"distributor_media":false,"distributor_original_site_name":"ONE.org Deutschland","distributor_original_site_url":"https:\/\/www.one.org\/de","push-errors":false,"_links":{"self":[{"href":"https:\/\/www.one.org\/de\/wp-json\/wp\/v2\/one_campaign\/162068","targetHints":{"allow":["GET"]}}],"collection":[{"href":"https:\/\/www.one.org\/de\/wp-json\/wp\/v2\/one_campaign"}],"about":[{"href":"https:\/\/www.one.org\/de\/wp-json\/wp\/v2\/types\/one_campaign"}],"author":[{"embeddable":true,"href":"https:\/\/www.one.org\/de\/wp-json\/wp\/v2\/users\/3"}],"wp:featuredmedia":[{"embeddable":true,"href":"https:\/\/www.one.org\/de\/wp-json\/wp\/v2\/media\/162069"}],"wp:attachment":[{"href":"https:\/\/www.one.org\/de\/wp-json\/wp\/v2\/media?parent=162068"}],"wp:term":[{"taxonomy":"category","embeddable":true,"href":"https:\/\/www.one.org\/de\/wp-json\/wp\/v2\/categories?post=162068"},{"taxonomy":"post_tag","embeddable":true,"href":"https:\/\/www.one.org\/de\/wp-json\/wp\/v2\/tags?post=162068"}],"curies":[{"name":"wp","href":"https:\/\/api.w.org\/{rel}","templated":true}]}}