{"id":162058,"date":"2023-08-16T08:59:59","date_gmt":"2023-08-16T08:59:59","guid":{"rendered":"https:\/\/www.one.org\/de\/?post_type=one_campaign&#038;p=162058"},"modified":"2025-05-20T12:01:22","modified_gmt":"2025-05-20T12:01:22","slug":"one-world","status":"publish","type":"one_campaign","link":"https:\/\/www.one.org\/de\/was-wir-tun\/unsere-erfolge\/one-world\/","title":{"rendered":"ONE World"},"content":{"rendered":"\n<p>Die Corona-Pandemie hat uns eins gelehrt: Krankheiten kennen keine Grenzen. Niemand ist sicher, solange wir nicht alle sicher sind. Wir sind darauf angewiesen, dass Politiker*innen solidarisch und gemeinsam handeln.<\/p>\n\n\n\n<p>ONE-Unterst\u00fctzer*innen weltweit setzten deshalb alle Hebel in Bewegung, um der Politik die richtige Richtung zu weisen: Raus aus der Pandemie. Mit einer Vielzahl an Aktionen k\u00e4mpften wir daf\u00fcr, dass Impfstoffe weltweit gerecht verteilt werden und dass L\u00e4nder des Globalen S\u00fcdens durch den Internationalen W\u00e4hrungsfonds (IWF) mehr finanzielle Mittel zur Verf\u00fcgung haben, um die Auswirkungen der Corona-Pandemie zu bew\u00e4ltigen.<\/p>\n\n\n\n<div class=\"wp-block-group has-background has-neon-background-color oneorg-block-group oneorg-block-group-impact oneorg-block-group-impact--2 has-dark-color has-text-color has-link-color wp-elements-2f1c00268ac9b9f86179936dabdb557b is-layout-flow wp-block-group-is-layout-flow\">\n<div class=\"wp-block-group is-layout-flow wp-block-group-is-layout-flow\">\n<h2 class=\"wp-block-heading\" id=\"h-unsere-erfolge\">UNSERE ERFOLGE<\/h2>\n\n\n\n<div class=\"wp-block-columns is-layout-flex wp-container-core-columns-is-layout-28f84493 wp-block-columns-is-layout-flex\">\n<div class=\"wp-block-column is-layout-flow wp-block-column-is-layout-flow\">\n<figure class=\"wp-block-image size-large\"><img loading=\"lazy\" decoding=\"async\" width=\"1024\" height=\"1024\" src=\"https:\/\/www.one.org\/de\/wp-content\/uploads\/sites\/3\/2023\/08\/Care_Icon_300x300-1024x1024.png\" alt=\"\" class=\"wp-image-162059\" srcset=\"https:\/\/www.one.org\/de\/wp-content\/uploads\/sites\/3\/2023\/08\/Care_Icon_300x300-1024x1024.png 1024w, https:\/\/www.one.org\/de\/wp-content\/uploads\/sites\/3\/2023\/08\/Care_Icon_300x300-300x300.png 300w, https:\/\/www.one.org\/de\/wp-content\/uploads\/sites\/3\/2023\/08\/Care_Icon_300x300-150x150.png 150w, https:\/\/www.one.org\/de\/wp-content\/uploads\/sites\/3\/2023\/08\/Care_Icon_300x300-768x768.png 768w, https:\/\/www.one.org\/de\/wp-content\/uploads\/sites\/3\/2023\/08\/Care_Icon_300x300-16x16.png 16w, https:\/\/www.one.org\/de\/wp-content\/uploads\/sites\/3\/2023\/08\/Care_Icon_300x300-320x320.png 320w, https:\/\/www.one.org\/de\/wp-content\/uploads\/sites\/3\/2023\/08\/Care_Icon_300x300-640x640.png 640w, https:\/\/www.one.org\/de\/wp-content\/uploads\/sites\/3\/2023\/08\/Care_Icon_300x300-820x820.png 820w, https:\/\/www.one.org\/de\/wp-content\/uploads\/sites\/3\/2023\/08\/Care_Icon_300x300-630x630.png 630w, https:\/\/www.one.org\/de\/wp-content\/uploads\/sites\/3\/2023\/08\/Care_Icon_300x300.png 1251w\" sizes=\"auto, (max-width: 1024px) 100vw, 1024px\" \/><\/figure>\n\n\n\n<p>$97 Mrd. finanzielle Mittel des IWF, um die Pandemie weltweit abzufedern.<\/p>\n<\/div>\n<\/div>\n<\/div>\n<\/div>\n\n\n\n<h3 class=\"wp-block-heading no-border\" id=\"h-unser-beitrag\">Unser Beitrag<\/h3>\n\n\n\n<ul class=\"wp-block-list\">\n<li>Die Lockdowns waren isolierend und be\u00e4ngstigend. Wir wandten uns an ONE-Unterst\u00fctzer*innen, um ihre <a href=\"https:\/\/www.one.org\/de\/blog\/mutmacher-nachrichten-in-der-corona-krise\/\">Geschichten der Hoffnung<\/a> und des Handelns zu h\u00f6ren.<\/li>\n\n\n\n<li>Um Fehlinformationen entgegenzuwirken, brauchten wir Daten, Fakten und Wissenschaft. Also <a href=\"https:\/\/www.one.org\/de\/blog\/passthemic-internationale-stars-und-one-uebergeben-das-wort-an-covid-19-expertinnen\/\">baten wir mit unserer #PassTheMic Aktion Prominente<\/a>, ihre reichweitenstarken Social Media Kan\u00e4le f\u00fcr einen Tag an \u00c4rzt*innen, Wissenschaftler*innen und Expert*innen weiterzugeben. Damit erhielten L\u00f6sungsans\u00e4tze, um die Pandemie zu beenden, mehr Geh\u00f6r und Sichtbarkeit.&nbsp;<\/li>\n\n\n\n<li>Mit ONEs <a href=\"https:\/\/www.one.org\/de\/blog\/ein-fuenf-punkte-plan-zur-beendigung-der-pandemie\/\">F\u00fcnf-Punkte-Plan<\/a> zeigten wir der Politik den Weg raus aus der Pandemie.&nbsp;<\/li>\n\n\n\n<li>Um m\u00f6glichst viele Aktivist*innen zu mobilisieren, riefen wir Anfang 2022 <a href=\"https:\/\/www.one.org\/de\/blog\/global-week-of-action\/\">eine globale Aktionswoche<\/a> ins Leben, damit Corona und Covid-19 Geschichte werden.&nbsp;<\/li>\n\n\n\n<li>Mit prominenter Unterst\u00fctzung kreierten wir <a href=\"https:\/\/www.one.org\/de\/blog\/4-dinge-pandemica\/\"><em>Pandemica<\/em><\/a>. Die Zeichentrickserie zeichnet eine Welt des pandemischen Fegefeuers, die ohne gleichberechtigten Zugang zu Impfstoff droht.&nbsp;<\/li>\n\n\n\n<li>Als die Pandemiebeschr\u00e4nkungen aufgehoben wurden, gingen ONE-Aktivist*innen in ganz Europa auf die Stra\u00dfe. <a href=\"https:\/\/www.one.org\/de\/blog\/unsere-10-lieblingsmomente-der-generation-action-roadshow\/\">Als <em>Generation Action<\/em><\/a> forderten sie L\u00f6sungen f\u00fcr die gro\u00dfen Krisen der Gegenwart.<\/li>\n<\/ul>\n\n\n\n<div class=\"wp-block-group oneorg-block-group oneorg-block-group-impact oneorg-block-group-impact--cta has-light-color has-dark-background-color has-text-color has-background has-global-padding is-layout-constrained wp-block-group-is-layout-constrained\">\n<div class=\"wp-block-group is-layout-flow wp-block-group-is-layout-flow\">\n<h2 class=\"wp-block-heading has-text-align-center has-neon-color has-text-color\">Inspiriert? Mach mit<\/h2>\n\n\n\n<p class=\"has-text-align-center\">Hier findest du unsere aktuellen Kampagnen und M\u00f6glichkeiten, wie du dich im Kampf f\u00fcr Gerechtigkeit und Chancengleichheit stark machen kannst.<\/p>\n\n\n\n<div class=\"wp-block-buttons is-content-justification-center is-layout-flex wp-container-core-buttons-is-layout-a89b3969 wp-block-buttons-is-layout-flex\">\n<div class=\"wp-block-button\"><a class=\"wp-block-button__link wp-element-button\" href=\"https:\/\/www.one.org\/de\/engagier-dich\/werde-aktiv\/\">Aktuelle Kampagnen anzeigen<\/a><\/div>\n<\/div>\n<\/div>\n<\/div>\n<div class=\"buffer\"><\/div>","protected":false},"author":3,"featured_media":162060,"template":"","meta":{"_acf_changed":false,"_relevanssi_hide_post":"","_relevanssi_hide_content":"","_relevanssi_pin_for_all":"","_relevanssi_pin_keywords":"","_relevanssi_unpin_keywords":"","_relevanssi_related_keywords":"","_relevanssi_related_include_ids":"","_relevanssi_related_exclude_ids":"","_relevanssi_related_no_append":"","_relevanssi_related_not_related":"","_relevanssi_related_posts":"167706,167726,167112,167685,167671,167131","_relevanssi_noindex_reason":""},"categories":[],"tags":[],"class_list":["post-162058","one_campaign","type-one_campaign","status-publish","has-post-thumbnail","hentry"],"acf":[],"yoast_head":"<!-- This site is optimized with the Yoast SEO Premium plugin v27.1 (Yoast SEO v27.1.1) - https:\/\/yoast.com\/product\/yoast-seo-premium-wordpress\/ -->\n<title>ONE World - ONE.org Deutschland<\/title>\n<meta name=\"description\" content=\"Raus aus der Corona-Pandemie: ONE-Aktivist*innen fordern einen globalen Pandemie-Reaktionsplan.\" \/>\n<meta name=\"robots\" content=\"index, follow, max-snippet:-1, max-image-preview:large, max-video-preview:-1\" \/>\n<link rel=\"canonical\" href=\"https:\/\/www.one.org\/de\/was-wir-tun\/unsere-erfolge\/one-world\/\" \/>\n<meta property=\"og:locale\" content=\"de_DE\" \/>\n<meta property=\"og:type\" content=\"article\" \/>\n<meta property=\"og:title\" content=\"ONE World\" \/>\n<meta property=\"og:description\" content=\"Raus aus der Corona-Pandemie: ONE-Aktivist*innen fordern einen globalen Pandemie-Reaktionsplan.\" \/>\n<meta property=\"og:url\" content=\"https:\/\/www.one.org\/de\/was-wir-tun\/unsere-erfolge\/one-world\/\" \/>\n<meta property=\"og:site_name\" content=\"ONE.org Deutschland\" \/>\n<meta property=\"article:publisher\" content=\"https:\/\/www.facebook.com\/ONEinNederland\" \/>\n<meta property=\"article:modified_time\" content=\"2025-05-20T12:01:22+00:00\" \/>\n<meta property=\"og:image\" content=\"https:\/\/www.one.org\/de\/wp-content\/uploads\/sites\/3\/2023\/08\/OW_2020_stories_blog_1440x460-1.png\" \/>\n\t<meta property=\"og:image:width\" content=\"1440\" \/>\n\t<meta property=\"og:image:height\" content=\"460\" \/>\n\t<meta property=\"og:image:type\" content=\"image\/png\" \/>\n<meta name=\"twitter:card\" content=\"summary_large_image\" \/>\n<meta name=\"twitter:site\" content=\"@ONENederland\" \/>\n<meta name=\"twitter:label1\" content=\"Est. reading time\" \/>\n\t<meta name=\"twitter:data1\" content=\"2 minutes\" \/>\n<script type=\"application\/ld+json\" class=\"yoast-schema-graph\">{\"@context\":\"https:\/\/schema.org\",\"@graph\":[{\"@type\":\"WebPage\",\"@id\":\"https:\/\/www.one.org\/de\/was-wir-tun\/unsere-erfolge\/one-world\/\",\"url\":\"https:\/\/www.one.org\/de\/was-wir-tun\/unsere-erfolge\/one-world\/\",\"name\":\"ONE World - ONE.org Deutschland\",\"isPartOf\":{\"@id\":\"https:\/\/www.one.org\/de\/#website\"},\"primaryImageOfPage\":{\"@id\":\"https:\/\/www.one.org\/de\/was-wir-tun\/unsere-erfolge\/one-world\/#primaryimage\"},\"image\":{\"@id\":\"https:\/\/www.one.org\/de\/was-wir-tun\/unsere-erfolge\/one-world\/#primaryimage\"},\"thumbnailUrl\":\"https:\/\/www.one.org\/de\/wp-content\/uploads\/sites\/3\/2023\/08\/OW_2020_stories_blog_1440x460-1.png\",\"datePublished\":\"2023-08-16T08:59:59+00:00\",\"dateModified\":\"2025-05-20T12:01:22+00:00\",\"description\":\"Raus aus der Corona-Pandemie: ONE-Aktivist*innen fordern einen globalen Pandemie-Reaktionsplan.\",\"breadcrumb\":{\"@id\":\"https:\/\/www.one.org\/de\/was-wir-tun\/unsere-erfolge\/one-world\/#breadcrumb\"},\"inLanguage\":\"de-DE\",\"potentialAction\":[{\"@type\":\"ReadAction\",\"target\":[\"https:\/\/www.one.org\/de\/was-wir-tun\/unsere-erfolge\/one-world\/\"]}]},{\"@type\":\"ImageObject\",\"inLanguage\":\"de-DE\",\"@id\":\"https:\/\/www.one.org\/de\/was-wir-tun\/unsere-erfolge\/one-world\/#primaryimage\",\"url\":\"https:\/\/www.one.org\/de\/wp-content\/uploads\/sites\/3\/2023\/08\/OW_2020_stories_blog_1440x460-1.png\",\"contentUrl\":\"https:\/\/www.one.org\/de\/wp-content\/uploads\/sites\/3\/2023\/08\/OW_2020_stories_blog_1440x460-1.png\",\"width\":1440,\"height\":460},{\"@type\":\"BreadcrumbList\",\"@id\":\"https:\/\/www.one.org\/de\/was-wir-tun\/unsere-erfolge\/one-world\/#breadcrumb\",\"itemListElement\":[{\"@type\":\"ListItem\",\"position\":1,\"name\":\"Home\",\"item\":\"https:\/\/www.one.org\/de\/\"},{\"@type\":\"ListItem\",\"position\":2,\"name\":\"ONE World\"}]},{\"@type\":\"WebSite\",\"@id\":\"https:\/\/www.one.org\/de\/#website\",\"url\":\"https:\/\/www.one.org\/de\/\",\"name\":\"ONE.org\",\"description\":\"F\u00fcr mehr wirtschaftliche Chancen und ein starkes Gesundheitswesen in Afrika\",\"potentialAction\":[{\"@type\":\"SearchAction\",\"target\":{\"@type\":\"EntryPoint\",\"urlTemplate\":\"https:\/\/www.one.org\/de\/?s={search_term_string}\"},\"query-input\":{\"@type\":\"PropertyValueSpecification\",\"valueRequired\":true,\"valueName\":\"search_term_string\"}}],\"inLanguage\":\"de-DE\"}]}<\/script>\n<!-- \/ Yoast SEO Premium plugin. -->","yoast_head_json":{"title":"ONE World - ONE.org Deutschland","description":"Raus aus der Corona-Pandemie: ONE-Aktivist*innen fordern einen globalen Pandemie-Reaktionsplan.","robots":{"index":"index","follow":"follow","max-snippet":"max-snippet:-1","max-image-preview":"max-image-preview:large","max-video-preview":"max-video-preview:-1"},"canonical":"https:\/\/www.one.org\/de\/was-wir-tun\/unsere-erfolge\/one-world\/","og_locale":"de_DE","og_type":"article","og_title":"ONE World","og_description":"Raus aus der Corona-Pandemie: ONE-Aktivist*innen fordern einen globalen Pandemie-Reaktionsplan.","og_url":"https:\/\/www.one.org\/de\/was-wir-tun\/unsere-erfolge\/one-world\/","og_site_name":"ONE.org Deutschland","article_publisher":"https:\/\/www.facebook.com\/ONEinNederland","article_modified_time":"2025-05-20T12:01:22+00:00","og_image":[{"width":1440,"height":460,"url":"https:\/\/www.one.org\/de\/wp-content\/uploads\/sites\/3\/2023\/08\/OW_2020_stories_blog_1440x460-1.png","type":"image\/png"}],"twitter_card":"summary_large_image","twitter_site":"@ONENederland","twitter_misc":{"Est. reading time":"2 minutes"},"schema":{"@context":"https:\/\/schema.org","@graph":[{"@type":"WebPage","@id":"https:\/\/www.one.org\/de\/was-wir-tun\/unsere-erfolge\/one-world\/","url":"https:\/\/www.one.org\/de\/was-wir-tun\/unsere-erfolge\/one-world\/","name":"ONE World - ONE.org Deutschland","isPartOf":{"@id":"https:\/\/www.one.org\/de\/#website"},"primaryImageOfPage":{"@id":"https:\/\/www.one.org\/de\/was-wir-tun\/unsere-erfolge\/one-world\/#primaryimage"},"image":{"@id":"https:\/\/www.one.org\/de\/was-wir-tun\/unsere-erfolge\/one-world\/#primaryimage"},"thumbnailUrl":"https:\/\/www.one.org\/de\/wp-content\/uploads\/sites\/3\/2023\/08\/OW_2020_stories_blog_1440x460-1.png","datePublished":"2023-08-16T08:59:59+00:00","dateModified":"2025-05-20T12:01:22+00:00","description":"Raus aus der Corona-Pandemie: ONE-Aktivist*innen fordern einen globalen Pandemie-Reaktionsplan.","breadcrumb":{"@id":"https:\/\/www.one.org\/de\/was-wir-tun\/unsere-erfolge\/one-world\/#breadcrumb"},"inLanguage":"de-DE","potentialAction":[{"@type":"ReadAction","target":["https:\/\/www.one.org\/de\/was-wir-tun\/unsere-erfolge\/one-world\/"]}]},{"@type":"ImageObject","inLanguage":"de-DE","@id":"https:\/\/www.one.org\/de\/was-wir-tun\/unsere-erfolge\/one-world\/#primaryimage","url":"https:\/\/www.one.org\/de\/wp-content\/uploads\/sites\/3\/2023\/08\/OW_2020_stories_blog_1440x460-1.png","contentUrl":"https:\/\/www.one.org\/de\/wp-content\/uploads\/sites\/3\/2023\/08\/OW_2020_stories_blog_1440x460-1.png","width":1440,"height":460},{"@type":"BreadcrumbList","@id":"https:\/\/www.one.org\/de\/was-wir-tun\/unsere-erfolge\/one-world\/#breadcrumb","itemListElement":[{"@type":"ListItem","position":1,"name":"Home","item":"https:\/\/www.one.org\/de\/"},{"@type":"ListItem","position":2,"name":"ONE World"}]},{"@type":"WebSite","@id":"https:\/\/www.one.org\/de\/#website","url":"https:\/\/www.one.org\/de\/","name":"ONE.org","description":"F\u00fcr mehr wirtschaftliche Chancen und ein starkes Gesundheitswesen in Afrika","potentialAction":[{"@type":"SearchAction","target":{"@type":"EntryPoint","urlTemplate":"https:\/\/www.one.org\/de\/?s={search_term_string}"},"query-input":{"@type":"PropertyValueSpecification","valueRequired":true,"valueName":"search_term_string"}}],"inLanguage":"de-DE"}]}},"distributor_meta":false,"distributor_terms":false,"distributor_media":false,"distributor_original_site_name":"ONE.org Deutschland","distributor_original_site_url":"https:\/\/www.one.org\/de","push-errors":false,"_links":{"self":[{"href":"https:\/\/www.one.org\/de\/wp-json\/wp\/v2\/one_campaign\/162058","targetHints":{"allow":["GET"]}}],"collection":[{"href":"https:\/\/www.one.org\/de\/wp-json\/wp\/v2\/one_campaign"}],"about":[{"href":"https:\/\/www.one.org\/de\/wp-json\/wp\/v2\/types\/one_campaign"}],"author":[{"embeddable":true,"href":"https:\/\/www.one.org\/de\/wp-json\/wp\/v2\/users\/3"}],"wp:featuredmedia":[{"embeddable":true,"href":"https:\/\/www.one.org\/de\/wp-json\/wp\/v2\/media\/162060"}],"wp:attachment":[{"href":"https:\/\/www.one.org\/de\/wp-json\/wp\/v2\/media?parent=162058"}],"wp:term":[{"taxonomy":"category","embeddable":true,"href":"https:\/\/www.one.org\/de\/wp-json\/wp\/v2\/categories?post=162058"},{"taxonomy":"post_tag","embeddable":true,"href":"https:\/\/www.one.org\/de\/wp-json\/wp\/v2\/tags?post=162058"}],"curies":[{"name":"wp","href":"https:\/\/api.w.org\/{rel}","templated":true}]}}