{"id":164229,"date":"2024-04-18T08:24:44","date_gmt":"2024-04-18T08:24:44","guid":{"rendered":"https:\/\/www.one.org\/africa\/agir\/jobsnowafrica-campaign\/"},"modified":"2024-04-26T08:04:34","modified_gmt":"2024-04-26T08:04:34","slug":"jobsnowafrica-campaign","status":"publish","type":"page","link":"https:\/\/www.one.org\/africa\/fr\/agir\/jobsnowafrica-campaign\/","title":{"rendered":"JobsNowAfrica Campaign"},"content":{"rendered":"\n<div id=\"block_3176b7345f394180fbac7b33c4732a05\" class=\"oneorg-block oneorg-promo flush is-style-bottom  has-text-align-left  \">\n\n\t\t\t    \n\n\t\t\t<div class=\"oneorg-promo__wrapper\">\n\t\t\t\t<div class=\"oneorg-promo__inner\">   \n\n\t\t\t\t<div class=\"oneorg-promo__content\">\n\t\t\t\t\t<div class=\"acf-innerblocks-container\">\n\n<p class=\"oneorg-section-title\">Get Involved<\/p>\n\n\n\n<h2 class=\"wp-block-heading\" id=\"h-jobsnowafrica-campaign\">JobsNowAfrica Campaign<\/h2>\n\n\n\n<\/div>\n\t\t\t\t<\/div>\n\t\t\t\t\n\t\t\t\t<\/div>\n\t\t\t<\/div>\n\n<\/div>\n\n\n\n<div style=\"height:25px\" aria-hidden=\"true\" class=\"wp-block-spacer\"><\/div>\n\n\n\n<p>De nombreux jeunes de nos communaut\u00e9s sont \u00e0 la recherche d\u2019un emploi d\u00e9cent ! Pourtant, en 2019, selon l\u2019Organisation internationale du Travail,&nbsp;<strong>pr\u00e8s de la moiti\u00e9 des jeunes africains d\u2019\u00e2ge actifs \u00e9taient soit au ch\u00f4mage, soit travailleurs pauvres.<\/strong>&nbsp;La situation s\u2019est empir\u00e9e avec la pand\u00e9mie de Covid-19 : il n\u2019y a jamais eu autant de personnes sans emploi qu\u2019aujourd\u2019hui, les jeunes et les femmes \u00e9tant les plus touch\u00e9s.<\/p>\n\n\n\n<p>Pour faire face \u00e0 ce probl\u00e8me urgent du ch\u00f4mage, nous avons lanc\u00e9 la campagne JobsNowAfrica dans le but de cr\u00e9er 15 millions d\u2019emplois d\u00e9cents par an en Afrique d\u2019ici 2025.<\/p>\n\n\n\n<p>60 % de la population africaine est \u00e2g\u00e9e de moins de 25 ans et 67 % a moins de 30 ans. L\u2019Afrique a besoin d\u2019environ 15 millions de nouveaux emplois d\u00e9cents par an pour absorber cette population jeune en plein essor. Mais la jeunesse africaine ne dispose pas des opportunit\u00e9s dont elle a besoin pour r\u00e9aliser son potentiel et risque de faire face \u00e0 une crise si nous n\u2019agissons pas maintenant.<\/p>\n\n\n\n<p><strong>Le temps est venu de s\u2019attaquer au ch\u00f4mage en Afrique !<\/strong><\/p>\n\n\n\n<div class=\"wp-block-buttons is-layout-flex wp-block-buttons-is-layout-flex\">\n<div class=\"wp-block-button\"><a class=\"wp-block-button__link wp-element-button\" href=\"https:\/\/act.one.org\/sign\/jobsnowafrica-pledge-fr\/\">Rejoignez l\u2019APPEL \u00c0 L\u2019ACTION du peuple pour la cr\u00e9ation d\u2019emplois en Afrique<\/a><\/div>\n<\/div>\n\n\n\n<div style=\"height:50px\" aria-hidden=\"true\" class=\"wp-block-spacer\"><\/div>\n\n\n\n<div id=\"block_91caecf22514e70ae67de9654cd9f003\" class=\"oneorg-block oneorg-promo flush  has-text-align-left has-image  has-overlay \">\n\n\t\t\t  \n\t\t\t\t\t\t\t\t\t\t\t\t\t<style scoped>\n\t\t\t\t\t#block_91caecf22514e70ae67de9654cd9f003.oneorg-promo:before {\n\t\t\t\t\t\tdisplay: block;\n\t\t\t\t\t\tz-index: 2;\n\t\t\t\t\t\tcontent: '';\n\t\t\t\t\t\tposition: absolute;\n\t\t\t\t\t\ttop: 0;\n\t\t\t\t\t\tright: 0;\n\t\t\t\t\t\tbottom: 0;\n\t\t\t\t\t\tleft: 0;\n\t\t\t\t\t\tbackground: linear-gradient(0deg, rgba(0,0,0,0.2), rgba(0,0,0,0.2)), linear-gradient(90deg, #000000 0%, rgba(0,0,0, 0) 100%);\n\t\t\t\t\t}\n\t\t\t\t\t<\/style>\n\t\t\t\t\t\t\t\t\t<div class=\"block__background\">\n\t\t\t\t\t\t<figure>\n\t\t\t\t\t\t<picture>\n\t\t\t\t\t\t\t<source media=\"(min-width: 900px)\" srcset=\"https:\/\/www.one.org\/africa\/wp-content\/uploads\/sites\/5\/2024\/04\/AJN_2022_header_2_1536x491.jpg\">\n\t\t\t\t\t\t\t<img \n\t\t\t\t\t\t\tsrc=\"https:\/\/www.one.org\/africa\/wp-content\/uploads\/sites\/5\/2024\/04\/AJN_2022_header_2_1536x491-800x256.jpg\" \n\t\t\t\t\t\t\twidth=\"640\" \n\t\t\t\t\t\t\theight=\"205\" \n\t\t\t\t\t\t\talt=\"\" \n\t\t\t\t\t\t\tloading=\"lazy\" \n\t\t\t\t\t\t\tstyle=\"background-image: url(data:image\/jpeg;base64,\/9j\/4AAQSkZJRgABAQAAAQABAAD\/2wBDAAYEBAUEBAYFBQUGBgYHCQ4JCQgICRINDQoOFRIWFhUSFBQXGiEcFxgfGRQUHScdHyIjJSUlFhwpLCgkKyEkJST\/2wBDAQYGBgkICREJCREkGBQYJCQkJCQkJCQkJCQkJCQkJCQkJCQkJCQkJCQkJCQkJCQkJCQkJCQkJCQkJCQkJCQkJCT\/wAARCAAFABADAREAAhEBAxEB\/8QAFQABAQAAAAAAAAAAAAAAAAAAAQf\/xAAeEAACAQMFAAAAAAAAAAAAAAABAgMABDEREhMiYf\/EABcBAAMBAAAAAAAAAAAAAAAAAAECBAf\/xAAfEQABAwMFAAAAAAAAAAAAAAABAAIDBBExEyEiQaH\/2gAMAwEAAhEDEQA\/AIjZyEiafQbhn2tgpX3D5e1BWAcIhtfxKPwLbyKo75FFj9IRvAylkvM2SJxwv\/\/Z)\" \n\t\t\t\t\t\t\t\/>\n\t\t\t\t\t\t<\/picture>\n\t\t\t\t\t\t<\/figure>\n\t\t\t\t\t<\/div>\n\t\t\t    \n\n\t\t\t<div class=\"oneorg-promo__wrapper\">\n\t\t\t\t<div class=\"oneorg-promo__inner\">   \n\n\t\t\t\t<div class=\"oneorg-promo__content\">\n\t\t\t\t\t<div class=\"acf-innerblocks-container\">\n\n<p class=\"oneorg-section-title\"><\/p>\n\n\n\n<h2 class=\"wp-block-heading\" id=\"h-entreprises-partenaires-et-autres-acteurs-cles\"><strong>Entreprises partenaires et autres acteurs cl\u00e9s<\/strong><\/h2>\n\n\n\n<p>Cette initiative a \u00e9t\u00e9 lanc\u00e9e en collaboration avec des r\u00e9seaux de jeunes, des think tanks, des OSC, des entreprises et des experts du secteur afin de r\u00e9soudre les probl\u00e8mes d\u2019emploi en Afrique.&nbsp;<\/p>\n\n\n\n<p>Nos partenariats en pleine expansion couvrent diff\u00e9rentes r\u00e9gions d\u2019Afrique et ont pour but d\u2019aider les jeunes du continent \u00e0 r\u00e9aliser pleinement leur potentiel.<\/p>\n\n\n\n<div class=\"wp-block-button\"><a class=\"wp-block-button__link wp-element-button\" href=\"https:\/\/www.one.org\/africa\/fr\/agir\/jobsnowafrica-campaign\/partners\/\">Voir tous les partenaires<\/a><\/div>\n\n<\/div>\n\t\t\t\t<\/div>\n\t\t\t\t\n\t\t\t\t<\/div>\n\t\t\t<\/div>\n\n<\/div>\n\n\n\n<div style=\"height:15px\" aria-hidden=\"true\" class=\"wp-block-spacer\"><\/div>\n\n\n\n<div class=\"wp-block-group has-global-padding is-layout-constrained wp-block-group-is-layout-constrained\">\n<h2 class=\"wp-block-heading\" id=\"h-a-propos-de-la-campagne-jobsnowafrica\"><strong>\u00c0 propos de la campagne JobsNowAfrica<\/strong><\/h2>\n\n\n\n<p>Des millions de jeunes africains ont l\u2019ambition de devenir des citoyens responsables et productifs, capables de contribuer au d\u00e9veloppement de leurs communaut\u00e9s. Rejoignez notre combat pour que cela devienne une r\u00e9alit\u00e9 !<\/p>\n\n\n\n<p>La campagne JobsNowAfrica est une plateforme pour les organisations de la soci\u00e9t\u00e9 civile, les jeunes, les femmes, les hommes et les personnes de tous horizons en Afrique qui soutiennent un appel urgent \u00e0 l\u2019action pour cr\u00e9er des emplois d\u00e9cents en Afrique. Nous reconnaissons que la cr\u00e9ation d\u2019emplois est un effort conjoint des gouvernements, du secteur public, des secteurs priv\u00e9s et des individus.<\/p>\n\n\n\n<p>\u00c0 travers cette campagne, nous appelons \u00e0 la cr\u00e9ation de 15 millions d\u2019emplois d\u00e9cents par an en Afrique subsaharienne d\u2019ici 2025. Cet appel est un effort conjoint de r\u00e9seaux de jeunes, de think tanks, d\u2019OSC, d\u2019entreprises et d\u2019experts du secteur dans toute l\u2019Afrique pour rem\u00e9dier au manque d\u2019emplois de qualit\u00e9.<\/p>\n\n\n\n<p>Cette campagne refl\u00e8te le d\u00e9sir de la jeunesse africaine de s\u2019\u00e9panouir et de r\u00e9aliser pleinement son potentiel, ainsi que nos propres aspirations \u00e0 cr\u00e9er des emplois d\u00e9cents en supprimant les obstacles \u00e0 l\u2019emploi, en collaboration avec les gouvernements.<\/p>\n\n\n\n<div class=\"wp-block-buttons is-layout-flex wp-block-buttons-is-layout-flex\">\n<div class=\"wp-block-button\"><a class=\"wp-block-button__link wp-element-button\" href=\"https:\/\/cdn.one.org\/pdfs\/JobsNowAfrica_Charter_fr.pdf\">T\u00e9l\u00e9charger la Charte (PDF)<\/a><\/div>\n<\/div>\n<\/div>\n\n\n\n<div style=\"height:15px\" aria-hidden=\"true\" class=\"wp-block-spacer\"><\/div>\n<div class=\"buffer\"><\/div>","protected":false},"excerpt":{"rendered":"<p>De nombreux jeunes de nos communaut\u00e9s sont \u00e0 la recherche d\u2019un emploi d\u00e9cent ! Pourtant, en 2019, selon l\u2019Organisation internationale du Travail,&nbsp;pr\u00e8s de la moiti\u00e9 des jeunes africains d\u2019\u00e2ge actifs \u00e9taient soit au ch\u00f4mage, soit travailleurs pauvres.&nbsp;La situation s\u2019est empir\u00e9e avec la pand\u00e9mie de Covid-19 : il n\u2019y a jamais eu autant de personnes sans [&hellip;]<\/p>\n","protected":false},"author":3,"featured_media":0,"parent":160717,"menu_order":0,"comment_status":"closed","ping_status":"closed","template":"","meta":{"_acf_changed":false,"_relevanssi_hide_post":"","_relevanssi_hide_content":"","_relevanssi_pin_for_all":"","_relevanssi_pin_keywords":"","_relevanssi_unpin_keywords":"","_relevanssi_related_keywords":"","_relevanssi_related_include_ids":"","_relevanssi_related_exclude_ids":"","_relevanssi_related_no_append":"","_relevanssi_related_not_related":"","_relevanssi_related_posts":"161747,161712,161917,161701,162009,161845","_relevanssi_noindex_reason":"","footnotes":""},"class_list":["post-164229","page","type-page","status-publish","hentry"],"acf":[],"yoast_head":"<!-- This site is optimized with the Yoast SEO Premium plugin v27.1 (Yoast SEO v27.1.1) - https:\/\/yoast.com\/product\/yoast-seo-premium-wordpress\/ -->\n<title>JobsNowAfrica Campaign - ONE.org Africa<\/title>\n<meta name=\"robots\" content=\"index, follow, max-snippet:-1, max-image-preview:large, max-video-preview:-1\" \/>\n<link rel=\"canonical\" href=\"https:\/\/www.one.org\/africa\/fr\/agir\/jobsnowafrica-campaign\/\" \/>\n<meta property=\"og:locale\" content=\"fr_FR\" \/>\n<meta property=\"og:type\" content=\"article\" \/>\n<meta property=\"og:title\" content=\"JobsNowAfrica Campaign\" \/>\n<meta property=\"og:description\" content=\"De nombreux jeunes de nos communaut\u00e9s sont \u00e0 la recherche d\u2019un emploi d\u00e9cent ! Pourtant, en 2019, selon l\u2019Organisation internationale du Travail,&nbsp;pr\u00e8s de la moiti\u00e9 des jeunes africains d\u2019\u00e2ge actifs \u00e9taient soit au ch\u00f4mage, soit travailleurs pauvres.&nbsp;La situation s\u2019est empir\u00e9e avec la pand\u00e9mie de Covid-19 : il n\u2019y a jamais eu autant de personnes sans [&hellip;]\" \/>\n<meta property=\"og:url\" content=\"https:\/\/www.one.org\/africa\/fr\/agir\/jobsnowafrica-campaign\/\" \/>\n<meta property=\"og:site_name\" content=\"ONE.org Africa\" \/>\n<meta property=\"article:publisher\" content=\"https:\/\/www.facebook.com\/ONEinAfrica\" \/>\n<meta property=\"article:modified_time\" content=\"2024-04-26T08:04:34+00:00\" \/>\n<meta property=\"og:image\" content=\"https:\/\/www.one.org\/africa\/wp-content\/uploads\/sites\/5\/2023\/09\/GA_share_1200x628-768x402-1.png\" \/>\n\t<meta property=\"og:image:width\" content=\"768\" \/>\n\t<meta property=\"og:image:height\" content=\"402\" \/>\n\t<meta property=\"og:image:type\" content=\"image\/png\" \/>\n<meta name=\"twitter:card\" content=\"summary_large_image\" \/>\n<meta name=\"twitter:site\" content=\"@ONEinAfrica\" \/>\n<meta name=\"twitter:label1\" content=\"Est. reading time\" \/>\n\t<meta name=\"twitter:data1\" content=\"3 minutes\" \/>\n<script type=\"application\/ld+json\" class=\"yoast-schema-graph\">{\"@context\":\"https:\/\/schema.org\",\"@graph\":[{\"@type\":\"WebPage\",\"@id\":\"https:\/\/www.one.org\/africa\/fr\/agir\/jobsnowafrica-campaign\/\",\"url\":\"https:\/\/www.one.org\/africa\/fr\/agir\/jobsnowafrica-campaign\/\",\"name\":\"JobsNowAfrica Campaign - ONE.org Africa\",\"isPartOf\":{\"@id\":\"https:\/\/www.one.org\/africa\/fr\/#website\"},\"datePublished\":\"2024-04-18T08:24:44+00:00\",\"dateModified\":\"2024-04-26T08:04:34+00:00\",\"breadcrumb\":{\"@id\":\"https:\/\/www.one.org\/africa\/fr\/agir\/jobsnowafrica-campaign\/#breadcrumb\"},\"inLanguage\":\"fr-FR\",\"potentialAction\":[{\"@type\":\"ReadAction\",\"target\":[\"https:\/\/www.one.org\/africa\/fr\/agir\/jobsnowafrica-campaign\/\"]}]},{\"@type\":\"BreadcrumbList\",\"@id\":\"https:\/\/www.one.org\/africa\/fr\/agir\/jobsnowafrica-campaign\/#breadcrumb\",\"itemListElement\":[{\"@type\":\"ListItem\",\"position\":1,\"name\":\"Home\",\"item\":\"https:\/\/www.one.org\/africa\/fr\/\"},{\"@type\":\"ListItem\",\"position\":2,\"name\":\"Agir\",\"item\":\"https:\/\/www.one.org\/africa\/fr\/agir\/\"},{\"@type\":\"ListItem\",\"position\":3,\"name\":\"JobsNowAfrica Campaign\"}]},{\"@type\":\"WebSite\",\"@id\":\"https:\/\/www.one.org\/africa\/fr\/#website\",\"url\":\"https:\/\/www.one.org\/africa\/fr\/\",\"name\":\"ONE.org\",\"description\":\"Cr\u00e9er des opportunit\u00e9s \u00e9conomiques et am\u00e9liorer la sant\u00e9 en Afrique\",\"potentialAction\":[{\"@type\":\"SearchAction\",\"target\":{\"@type\":\"EntryPoint\",\"urlTemplate\":\"https:\/\/www.one.org\/africa\/fr\/?s={search_term_string}\"},\"query-input\":{\"@type\":\"PropertyValueSpecification\",\"valueRequired\":true,\"valueName\":\"search_term_string\"}}],\"inLanguage\":\"fr-FR\"}]}<\/script>\n<!-- \/ Yoast SEO Premium plugin. -->","yoast_head_json":{"title":"JobsNowAfrica Campaign - ONE.org Africa","robots":{"index":"index","follow":"follow","max-snippet":"max-snippet:-1","max-image-preview":"max-image-preview:large","max-video-preview":"max-video-preview:-1"},"canonical":"https:\/\/www.one.org\/africa\/fr\/agir\/jobsnowafrica-campaign\/","og_locale":"fr_FR","og_type":"article","og_title":"JobsNowAfrica Campaign","og_description":"De nombreux jeunes de nos communaut\u00e9s sont \u00e0 la recherche d\u2019un emploi d\u00e9cent ! Pourtant, en 2019, selon l\u2019Organisation internationale du Travail,&nbsp;pr\u00e8s de la moiti\u00e9 des jeunes africains d\u2019\u00e2ge actifs \u00e9taient soit au ch\u00f4mage, soit travailleurs pauvres.&nbsp;La situation s\u2019est empir\u00e9e avec la pand\u00e9mie de Covid-19 : il n\u2019y a jamais eu autant de personnes sans [&hellip;]","og_url":"https:\/\/www.one.org\/africa\/fr\/agir\/jobsnowafrica-campaign\/","og_site_name":"ONE.org Africa","article_publisher":"https:\/\/www.facebook.com\/ONEinAfrica","article_modified_time":"2024-04-26T08:04:34+00:00","og_image":[{"width":768,"height":402,"url":"https:\/\/www.one.org\/africa\/wp-content\/uploads\/sites\/5\/2023\/09\/GA_share_1200x628-768x402-1.png","type":"image\/png"}],"twitter_card":"summary_large_image","twitter_site":"@ONEinAfrica","twitter_misc":{"Est. reading time":"3 minutes"},"schema":{"@context":"https:\/\/schema.org","@graph":[{"@type":"WebPage","@id":"https:\/\/www.one.org\/africa\/fr\/agir\/jobsnowafrica-campaign\/","url":"https:\/\/www.one.org\/africa\/fr\/agir\/jobsnowafrica-campaign\/","name":"JobsNowAfrica Campaign - ONE.org Africa","isPartOf":{"@id":"https:\/\/www.one.org\/africa\/fr\/#website"},"datePublished":"2024-04-18T08:24:44+00:00","dateModified":"2024-04-26T08:04:34+00:00","breadcrumb":{"@id":"https:\/\/www.one.org\/africa\/fr\/agir\/jobsnowafrica-campaign\/#breadcrumb"},"inLanguage":"fr-FR","potentialAction":[{"@type":"ReadAction","target":["https:\/\/www.one.org\/africa\/fr\/agir\/jobsnowafrica-campaign\/"]}]},{"@type":"BreadcrumbList","@id":"https:\/\/www.one.org\/africa\/fr\/agir\/jobsnowafrica-campaign\/#breadcrumb","itemListElement":[{"@type":"ListItem","position":1,"name":"Home","item":"https:\/\/www.one.org\/africa\/fr\/"},{"@type":"ListItem","position":2,"name":"Agir","item":"https:\/\/www.one.org\/africa\/fr\/agir\/"},{"@type":"ListItem","position":3,"name":"JobsNowAfrica Campaign"}]},{"@type":"WebSite","@id":"https:\/\/www.one.org\/africa\/fr\/#website","url":"https:\/\/www.one.org\/africa\/fr\/","name":"ONE.org","description":"Cr\u00e9er des opportunit\u00e9s \u00e9conomiques et am\u00e9liorer la sant\u00e9 en Afrique","potentialAction":[{"@type":"SearchAction","target":{"@type":"EntryPoint","urlTemplate":"https:\/\/www.one.org\/africa\/fr\/?s={search_term_string}"},"query-input":{"@type":"PropertyValueSpecification","valueRequired":true,"valueName":"search_term_string"}}],"inLanguage":"fr-FR"}]}},"distributor_meta":false,"distributor_terms":false,"distributor_media":false,"distributor_original_site_name":"ONE.org Africa","distributor_original_site_url":"https:\/\/www.one.org\/africa\/fr\/","push-errors":false,"_links":{"self":[{"href":"https:\/\/www.one.org\/africa\/fr\/wp-json\/wp\/v2\/pages\/164229","targetHints":{"allow":["GET"]}}],"collection":[{"href":"https:\/\/www.one.org\/africa\/fr\/wp-json\/wp\/v2\/pages"}],"about":[{"href":"https:\/\/www.one.org\/africa\/fr\/wp-json\/wp\/v2\/types\/page"}],"author":[{"embeddable":true,"href":"https:\/\/www.one.org\/africa\/fr\/wp-json\/wp\/v2\/users\/3"}],"replies":[{"embeddable":true,"href":"https:\/\/www.one.org\/africa\/fr\/wp-json\/wp\/v2\/comments?post=164229"}],"version-history":[{"count":0,"href":"https:\/\/www.one.org\/africa\/fr\/wp-json\/wp\/v2\/pages\/164229\/revisions"}],"up":[{"embeddable":true,"href":"https:\/\/www.one.org\/africa\/fr\/wp-json\/wp\/v2\/pages\/160717"}],"wp:attachment":[{"href":"https:\/\/www.one.org\/africa\/fr\/wp-json\/wp\/v2\/media?parent=164229"}],"curies":[{"name":"wp","href":"https:\/\/api.w.org\/{rel}","templated":true}]}}